{"id":25863,"date":"2026-04-23T14:24:32","date_gmt":"2026-04-23T12:24:32","guid":{"rendered":"https:\/\/www.mounting-systems.com\/?page_id=25863"},"modified":"2026-04-29T09:35:04","modified_gmt":"2026-04-29T07:35:04","slug":"striesky-rozsah","status":"publish","type":"page","link":"https:\/\/www.mounting-systems.com\/sk\/dach-gewerbe\/pv-systeme\/canopies-range\/","title":{"rendered":"Strie\u0161ky sa pohybuj\u00fa"},"content":{"rendered":"<div class=\"wp-block-cover has-custom-content-position is-position-bottom-center a-innerblock\">\n    <img loading=\"lazy\" decoding=\"async\" width=\"1920\" height=\"1080\" src=\"https:\/\/www.mounting-systems.com\/wp-content\/uploads\/canopies-range-1.jpg\" class=\"hero-image-bg\" alt=\"\" style=\"filter: brightness(1)\" srcset=\"https:\/\/www.mounting-systems.com\/wp-content\/uploads\/canopies-range-1.jpg 1920w, https:\/\/www.mounting-systems.com\/wp-content\/uploads\/canopies-range-1-800x450.jpg 800w, https:\/\/www.mounting-systems.com\/wp-content\/uploads\/canopies-range-1-768x432.jpg 768w, https:\/\/www.mounting-systems.com\/wp-content\/uploads\/canopies-range-1-1536x864.jpg 1536w, https:\/\/www.mounting-systems.com\/wp-content\/uploads\/canopies-range-1-18x10.jpg 18w\" sizes=\"auto, (max-width: 1920px) 100vw, 1920px\" \/>    <div class=\"wp-block-cover__inner-container\">\n                   <h1 class=\"has-text-align-center arrow-animation\" style=\"color: #FFFFFF;\">Strie\u0161ky sa pohybuj\u00fa<\/h1>\n                <div class=\"arrow-down hero-arrow\"><img decoding=\"async\" src=\"https:\/\/www.mounting-systems.com\/wp-content\/themes\/mosys\/images\/hero-arrow.svg\" alt=\"Ikona posunu nadol\"><\/div>\n    <\/div>\n<\/div>\n<div class=\"print-only p-hero-image\">\n    <img loading=\"lazy\" decoding=\"async\" width=\"1920\" height=\"1080\" src=\"https:\/\/www.mounting-systems.com\/wp-content\/uploads\/canopies-range-1.jpg\" class=\"attachment-full size-full\" alt=\"\" style=\"filter: brightness(1)\" srcset=\"https:\/\/www.mounting-systems.com\/wp-content\/uploads\/canopies-range-1.jpg 1920w, https:\/\/www.mounting-systems.com\/wp-content\/uploads\/canopies-range-1-800x450.jpg 800w, https:\/\/www.mounting-systems.com\/wp-content\/uploads\/canopies-range-1-768x432.jpg 768w, https:\/\/www.mounting-systems.com\/wp-content\/uploads\/canopies-range-1-1536x864.jpg 1536w, https:\/\/www.mounting-systems.com\/wp-content\/uploads\/canopies-range-1-18x10.jpg 18w\" sizes=\"auto, (max-width: 1920px) 100vw, 1920px\" \/><\/div>\n\n\n<div class=\"wp-block-group section fullsize\"><div class=\"wp-block-group__inner-container is-layout-constrained wp-block-group-is-layout-constrained\">\n<div class=\"wp-block-group cols-2\"><div class=\"wp-block-group__inner-container is-layout-constrained wp-block-group-is-layout-constrained\">\n<div class=\"wp-block-columns is-layout-flex wp-container-core-columns-is-layout-9d6595d7 wp-block-columns-is-layout-flex\">\n<div class=\"wp-block-column is-layout-flow wp-block-column-is-layout-flow\">\n\n<div class=\"a-innerblock accordion-list accordion-reg-list block-accordion-wrapper\">\n    <div class=\"a-innerblock block-newsheader-wrapper\">\n        <div class=\"block-newsheader-inner\">\n            <div class=\"text-wrapper\">\n                                                                                                        <h2>S\u00e9ria pr\u00edstre\u0161kov pre aut\u00e1<\/h2>\n                                                                                                                                        <div class=\"teaser-text\"><p>Vyu\u017eite sol\u00e1rny potenci\u00e1l va\u0161ich parkov\u00edsk, skladovac\u00edch projektov alebo agrivoltaick\u00fdch zariaden\u00ed s fotovoltaick\u00fdmi pr\u00edstre\u0161kami.<br \/>\nSte ide\u00e1lnym rie\u0161en\u00edm na zhodnotenie va\u0161ich pl\u00f4ch \u2013 \u010di u\u017e ide o parkovacie plochy, v\u00fdrobn\u00e9 z\u00e1vody alebo po\u013enohospod\u00e1rske pozemky \u2013 a z\u00e1rove\u0148 pon\u00fakaj\u00fa lep\u0161iu pou\u017e\u00edvate\u013esk\u00fa sk\u00fasenos\u0165 a akt\u00edvne prispievaj\u00fa k energetickej transform\u00e1cii.<\/p>\n<p>Dome Solar sprev\u00e1dza profesion\u00e1lov pri v\u00fdvoji spo\u013eahliv\u00fdch a odoln\u00fdch rie\u0161en\u00ed, ktor\u00e9 s\u00fa navrhnut\u00e9 pre jednoduch\u00fa a r\u00fdchlu mont\u00e1\u017e fotovoltaick\u00fdch panelov na v\u0161etky typy pr\u00edstre\u0161kov.<\/p>\n<\/div>\n                                                <\/div>\n        <\/div>\n    <\/div>\n        <div class=\"block-accordion-wrapper-inner\">\n                    <ul class=\"level-1\">\n                                    <li class=\"accordion-wrapper border-b\">\n                                                    <h3 class=\"c-title accordion-btn font-l\">Zlep\u0161enie n\u00e1v\u0161tevn\u00edckej sk\u00fasenosti<\/h3>\n                                                <div class=\"accordion-txt\">\n                            <p>Fotovoltaick\u00e9 pr\u00edstre\u0161ky pre aut\u00e1 poskytuj\u00fa n\u00e1v\u0161tevn\u00edkom komfortn\u00e9 prostredie t\u00fdm, \u017ee chr\u00e1nia ich vozidl\u00e1 pred poveternostn\u00fdmi vplyvmi a slne\u010dn\u00fdm \u017eiaren\u00edm. Okrem toho m\u00f4\u017eu by\u0165 tieto zariadenia kombinovan\u00e9 s nab\u00edjac\u00edmi stanicami pre elektrick\u00e9 vozidl\u00e1, aby pril\u00e1kali a udr\u017eali pou\u017e\u00edvate\u013eov.<\/p>\n<p data-start=\"310\" data-end=\"469\" data-is-last-node=\"\" data-is-only-node=\"\">Okrem toho predstavuj\u00fa cenovo v\u00fdhodnej\u0161iu alternat\u00edvu k uzavret\u00fdm a podzemn\u00fdm parkovisk\u00e1m, ktor\u00e9 s\u00fa tie\u017e ob\u013e\u00faben\u00e9 u n\u00e1v\u0161tevn\u00edkov.<\/p>\n                        <\/div>\n                    <\/li>\n                                    <li class=\"accordion-wrapper border-b\">\n                                                    <h3 class=\"c-title accordion-btn font-l\">Zlep\u0161i\u0165 a posilni\u0165 imid\u017e zna\u010dky<\/h3>\n                                                <div class=\"accordion-txt\">\n                            <p>Fotovoltaick\u00e9 pr\u00edstre\u0161ky pre aut\u00e1 s\u00fa \u00fa\u010dinn\u00fdm sp\u00f4sobom, ako zv\u00fd\u0161i\u0165 imid\u017e a povedomie u z\u00e1kazn\u00edkov. Udr\u017eate\u013enos\u0165 je dnes v centre pozornosti viac ako kedyko\u013evek predt\u00fdm. Konkr\u00e9tnymi opatreniami v oblasti udr\u017eate\u013en\u00e9ho rozvoja firmy ukazuj\u00fa svoj z\u00e1v\u00e4zok k energetickej transform\u00e1cii a posil\u0148uj\u00fa svoju zna\u010dku na z\u00e1klade siln\u00fdch hodn\u00f4t.<\/p>\n                        <\/div>\n                    <\/li>\n                                    <li class=\"accordion-wrapper border-b\">\n                                                    <h3 class=\"c-title accordion-btn font-l\">Zn\u00ed\u017ete n\u00e1klady na strom a z\u00edskajte dodato\u010dn\u00e9 pr\u00edjmy<\/h3>\n                                                <div class=\"accordion-txt\">\n                            <p>V\u010faka princ\u00edpu vlastnej spotreby m\u00f4\u017eu firmy vyu\u017e\u00edva\u0165 vlastn\u00fa vyroben\u00fa energiu na zn\u00ed\u017eenie n\u00e1kladov na elektrinu a svojej uhl\u00edkovej stopy. Pod\u013ea spolo\u010dnosti Enedis m\u00f4\u017ee pr\u00edstre\u0161ok nad parkoviskom v z\u00e1vislosti od in\u0161talovan\u00e9ho v\u00fdkonu pokry\u0165 10 % a\u017e 40 % energetickej potreby supermarketu. Okrem toho existuje mo\u017enos\u0165 pred\u00e1va\u0165 vyroben\u00fd pr\u00fad a t\u00fdm generova\u0165 dodato\u010dn\u00e9 pr\u00edjmy, ktor\u00e9 sa daj\u00fa op\u00e4tovne investova\u0165 do podniku.<\/p>\n                        <\/div>\n                    <\/li>\n                            <\/ul>\n            <\/div>\n<\/div><\/div>\n\n\n\n<div class=\"wp-block-column is-vertically-aligned-center is-layout-flow wp-block-column-is-layout-flow\">\n<figure class=\"wp-block-image size-full is-resized is-style-default\"><img loading=\"lazy\" decoding=\"async\" width=\"2560\" height=\"1918\" src=\"https:\/\/www.mounting-systems.com\/wp-content\/uploads\/RC3-CA-EVREUX-TERRE-SOLAIRE-21-scaled.jpg\" alt=\"\" class=\"wp-image-25962\" style=\"width:503px;height:auto\" srcset=\"https:\/\/www.mounting-systems.com\/wp-content\/uploads\/RC3-CA-EVREUX-TERRE-SOLAIRE-21-scaled.jpg 2560w, https:\/\/www.mounting-systems.com\/wp-content\/uploads\/RC3-CA-EVREUX-TERRE-SOLAIRE-21-800x599.jpg 800w, https:\/\/www.mounting-systems.com\/wp-content\/uploads\/RC3-CA-EVREUX-TERRE-SOLAIRE-21-1441x1080.jpg 1441w, https:\/\/www.mounting-systems.com\/wp-content\/uploads\/RC3-CA-EVREUX-TERRE-SOLAIRE-21-768x575.jpg 768w, https:\/\/www.mounting-systems.com\/wp-content\/uploads\/RC3-CA-EVREUX-TERRE-SOLAIRE-21-1536x1151.jpg 1536w, https:\/\/www.mounting-systems.com\/wp-content\/uploads\/RC3-CA-EVREUX-TERRE-SOLAIRE-21-2048x1534.jpg 2048w, https:\/\/www.mounting-systems.com\/wp-content\/uploads\/RC3-CA-EVREUX-TERRE-SOLAIRE-21-16x12.jpg 16w\" sizes=\"auto, (max-width: 2560px) 100vw, 2560px\" \/><figcaption class=\"wp-element-caption\">predvolen\u00e9<\/figcaption><\/figure>\n<\/div>\n<\/div>\n<\/div><\/div>\n<\/div><\/div>\n\n\n\n\n<div class=\"wp-block-group section-headline a-innerblock\" >\n    <div class=\"wp-block-group__inner-container\">\n                        <h2>Integra\u010dn\u00fd syst\u00e9m pre fotovoltaick\u00e9 pr\u00edstre\u0161ky<\/h2>\n                <\/div>\n<\/div>\n\n\n<div id=\"speed\" class=\"wp-block-group section fullsize has-black-color has-very-light-gray-background-color has-text-color has-background has-link-color wp-elements-ef153ad76eb9a04840c2bd1917468e6f\"><div class=\"wp-block-group__inner-container is-layout-constrained wp-block-group-is-layout-constrained\">\n<div class=\"wp-block-group cols-2\"><div class=\"wp-block-group__inner-container is-layout-constrained wp-block-group-is-layout-constrained\">\n<div class=\"wp-block-columns is-layout-flex wp-container-core-columns-is-layout-9d6595d7 wp-block-columns-is-layout-flex\">\n<div class=\"wp-block-column is-layout-flow wp-block-column-is-layout-flow\">\n\n<div class=\"a-innerblock block-newsheader-wrapper green\">\n    <div class=\"block-newsheader-inner\">\n        <div class=\"text-wrapper\">\n                                <div class=\"section-title\">\n                        <span>Pr\u00edstre\u0161ky pre aut\u00e1<\/span>\n                    <\/div>\n                                                <h2>H\u00e9lios RC3<\/h2>\n                                    <\/div>\n    <\/div>\n<\/div>\n\n\n\n<div class=\"a-innerblock accordion-list accordion-reg-list block-accordion-wrapper\">\n    <div class=\"a-innerblock block-newsheader-wrapper\">\n        <div class=\"block-newsheader-inner\">\n            <div class=\"text-wrapper\">\n                                                                                                            <div class=\"teaser-text\"><p>H\u00e9lios RC3 je robustn\u00fd a prisp\u00f4sobiv\u00fd fotovoltaick\u00fd mont\u00e1\u017eny syst\u00e9m, \u0161peci\u00e1lne navrhnut\u00fd pre pr\u00edstre\u0161ky na parkovisk\u00e1ch. Je kompatibiln\u00fd s kovov\u00fdmi alebo dreven\u00fdmi kon\u0161trukciami a umo\u017e\u0148uje in\u0161tal\u00e1ciu panelov na v\u00fd\u0161ku aj na \u0161\u00edrku. Jeho integrovan\u00fd syst\u00e9m z ocele\/hlin\u00edka zaru\u010duje vynikaj\u00facu mechanick\u00fa stabilitu a tie\u017e \u010dist\u00fa estetiku v\u010faka okrajov\u00fdm obkladom a hlin\u00edkov\u00fdm up\u00ednac\u00edm li\u0161t\u00e1m.<\/p>\n<p>Pre zjednodu\u0161enie in\u0161tal\u00e1cie m\u00e1 uzemnenie cez klip, 100 % pr\u00edstupn\u00e9 podbe\u017en\u00e9 pripojenie pod \u00farove\u0148 ko\u013eajn\u00edc a univerz\u00e1lnu dr\u00e1\u017eku na stredn\u00e9 moduly. Ko\u013eajnice na mieru, pred\u013a\u017eite\u013en\u00e9 a\u017e do 40 m, umo\u017e\u0148uj\u00fa prisp\u00f4sobenie ve\u013ek\u00fdm rozp\u00e4tiam.<\/p>\n<p>Vyroben\u00e9 vo Franc\u00fazsku, je k dispoz\u00edcii aj vo verzii s n\u00edzkymi emisiami uhl\u00edka, \u010d\u00edm sp\u00e1ja technick\u00fd v\u00fdkon s ekologick\u00fdm z\u00e1v\u00e4zkom.<\/p>\n<p><!--StartFragment --><\/p>\n<p class=\"pf0\"><a href=\"https:\/\/dome-solar.com\/de\/befestigung-photovoltaikmodul\/helios-rc3\/\"><span class=\"cf0\">Objavte produkt <\/span><\/a><\/p>\n<\/div>\n                                                <\/div>\n        <\/div>\n    <\/div>\n        <div class=\"block-accordion-wrapper-inner first-opened\">\n            <\/div>\n<\/div><\/div>\n\n\n\n<div class=\"wp-block-column is-layout-flow wp-block-column-is-layout-flow\">\n\n<div class=\"swiper-container-wrapper a-innerblock\">\n    <div class=\"swiper-container gallery-top\">\n        <div class=\"swiper-wrapper\">\n                                                <div class=\"swiper-slide\">\n                                                    <figure class=\"scale-img swiper-slide-img\">\n                                <img loading=\"lazy\" decoding=\"async\" class=\"slide-img\" src=\"https:\/\/www.mounting-systems.com\/wp-content\/uploads\/b\u00b2-5.png\" alt=\"\" width=\"635\" height=\"730\">\n                                <figcaption><\/figcaption>\n                            <\/figure>\n                                            <\/div>\n                    <\/div>\n    <\/div>\n    <div class=\"swiper-container gallery-thumbs\">\n        <div class=\"swiper-wrapper\">\n                                                    <figure class=\"swiper-slide-img swiper-slide swiper-thumb\">\n                            <img decoding=\"async\" class=\"slide-img\" src=\"https:\/\/www.mounting-systems.com\/wp-content\/uploads\/b\u00b2-2-150x150.png\" alt=\"\">\n                        <\/figure>\n                                        <\/div>\n    <\/div>\n<\/div><\/div>\n<\/div>\n<\/div><\/div>\n<\/div><\/div>\n\n\n\n<div id=\"speed\" class=\"wp-block-group section fullsize has-black-color has-very-light-gray-background-color has-text-color has-background has-link-color wp-elements-186fe2163334cc06708b305fde6321ad\"><div class=\"wp-block-group__inner-container is-layout-constrained wp-block-group-is-layout-constrained\"><\/div><\/div>\n\n\n\n<div class=\"wp-block-group\"><div class=\"wp-block-group__inner-container is-layout-constrained wp-block-group-is-layout-constrained\">\n<div class=\"wp-block-columns is-style-col-3-9 is-layout-flex wp-container-core-columns-is-layout-9d6595d7 wp-block-columns-is-layout-flex\">\n<div class=\"wp-block-column is-layout-flow wp-block-column-is-layout-flow\" style=\"flex-basis:40%\">\n\n<div class=\"a-innerblock block-newsheader-wrapper green\">\n    <div class=\"block-newsheader-inner\">\n        <div class=\"text-wrapper\">\n                                <div class=\"section-title\">\n                        <span>\u010casto kladen\u00e9 ot\u00e1zky<\/span>\n                    <\/div>\n                                                <h2>Va\u0161e ot\u00e1zky t\u00fdkaj\u00face sa prevzatia<\/h2>\n                                    <\/div>\n    <\/div>\n<\/div><\/div>\n\n\n\n<div class=\"wp-block-column is-layout-flow wp-block-column-is-layout-flow\" style=\"flex-basis:66.66%\">\n\n<div class=\"a-innerblock accordion-list accordion-reg-list block-accordion-wrapper\">\n    <div class=\"a-innerblock block-newsheader-wrapper\">\n        <div class=\"block-newsheader-inner\">\n            <div class=\"text-wrapper\">\n                                                                            <\/div>\n        <\/div>\n    <\/div>\n        <div class=\"block-accordion-wrapper-inner\">\n                    <ul class=\"level-1\">\n                                    <li class=\"accordion-wrapper border-b\">\n                                                    <h4 class=\"c-title accordion-btn font-l\">Bud\u00fa LightX a FD3 na\u010falej dostupn\u00e9?<\/h4>\n                                                <div class=\"accordion-txt\">\n                            <p>Kontinuita produktov m\u00e1 najvy\u0161\u0161iu prioritu. LightX a FD3 zost\u00e1vaj\u00fa plne dostupn\u00e9 \u2013 teraz s podporou priemyseln\u00fdch kapac\u00edt a dod\u00e1vate\u013esk\u00e9ho re\u0165azca spolo\u010dnosti Dome Solar, aby sa zabezpe\u010dila spo\u013eahliv\u00e1 dostupnos\u0165 produktov v akomko\u013evek rozsahu.<\/p>\n                        <\/div>\n                    <\/li>\n                                    <li class=\"accordion-wrapper border-b\">\n                                                    <h4 class=\"c-title accordion-btn font-l\">Does &#8222;Made in Germany&#8220; still apply?<\/h4>\n                                                <div class=\"accordion-txt\">\n                            <p>\u00c1no. P\u00f4vodn\u00ed nemeck\u00ed dod\u00e1vatelia zost\u00e1vaj\u00fa. In\u017einierske normy, po\u017eiadavky na statick\u00e9 v\u00fdpo\u010dty a kontroly kvality zost\u00e1vaj\u00fa nezmenen\u00e9. Nemeck\u00e1 trad\u00edcia v\u00fdroby je k\u013e\u00fa\u010dovou s\u00fa\u010das\u0165ou identity zna\u010dky Mounting Systems.<\/p>\n                        <\/div>\n                    <\/li>\n                                    <li class=\"accordion-wrapper border-b\">\n                                                    <h4 class=\"c-title accordion-btn font-l\">Na koho sa m\u00f4\u017eem obr\u00e1ti\u0165 so \u017eiados\u0165ou o technick\u00fa podporu?<\/h4>\n                                                <div class=\"accordion-txt\">\n                            <p>Va\u0161i existuj\u00faci kontaktn\u00ed pracovn\u00edci zost\u00e1vaj\u00fa nezmenen\u00ed. Dome Solar posiln\u00ed miestne technick\u00e9 t\u00edmy na k\u013e\u00fa\u010dov\u00fdch trhoch \u2014 \u0160panielsko, Po\u013esko, Nemecko, Maroko a \u010fal\u0161ie \u2014 s cie\u013eom zabezpe\u010di\u0165 siln\u00fa podporu pre EPC a in\u0161talat\u00e9rov po\u010das prechodn\u00e9ho obdobia a potom.<\/p>\n                        <\/div>\n                    <\/li>\n                                    <li class=\"accordion-wrapper border-b\">\n                                                    <h4 class=\"c-title accordion-btn font-l\">Ak\u00e9 nov\u00e9 produkty s\u00fa teraz dostupn\u00e9?<\/h4>\n                                                <div class=\"accordion-txt\">\n                            <p>Prostredn\u00edctvom Dome Solar m\u00e1te teraz pr\u00edstup k roz\u0161\u00edren\u00e9mu portf\u00f3liu, ktor\u00e9 zah\u0155\u0148a syst\u00e9my pre \u0161ikm\u00e9 strechy (NPA, TOP, SIDE, Helios B2, Ital Solar, Fibro), rie\u0161enia pre pr\u00edstre\u0161ky pre aut\u00e1 RC3 a syst\u00e9my pre vo\u013en\u00e9 plochy.<\/p>\n                        <\/div>\n                    <\/li>\n                            <\/ul>\n            <\/div>\n<\/div><\/div>\n<\/div>\n<\/div><\/div>\n\n\n\n<div class=\"wp-block-cover\" style=\"min-height:400px;aspect-ratio:unset;\"><span aria-hidden=\"true\" class=\"wp-block-cover__background has-green-background-color has-background-dim-100 has-background-dim\"><\/span><div class=\"wp-block-cover__inner-container is-layout-constrained wp-block-cover-is-layout-constrained\">\n<div class=\"wp-block-group is-horizontal is-content-justification-space-between is-nowrap is-layout-flex wp-container-core-group-is-layout-34e62f51 wp-block-group-is-layout-flex\">\n<p class=\"has-text-align-left has-large-font-size\">Pripraven\u00fd za\u010da\u0165 svoj \u010fal\u0161\u00ed<br><mark style=\"background-color:rgba(0, 0, 0, 0)\" class=\"has-inline-color has-white-color\"><strong>projekt ploch\u00fdch striech?<\/strong><\/mark><\/p>\n\n\n\n<div class=\"wp-block-group\"><div class=\"wp-block-group__inner-container is-layout-constrained wp-block-group-is-layout-constrained\">\n<p class=\"has-text-align-right\"><a href=\"https:\/\/dome-solar.com\/de\/kontakt\/\">Po\u017eiadajte o cenov\u00fa ponuku<\/a><\/p>\n\n\n\n<p class=\"has-text-align-right\"><a href=\"https:\/\/dome-solar.com\/wp-content\/uploads\/dome-solar-catalogue-fr.pdf\" target=\"_blank\" rel=\"noreferrer noopener\">Stiahnite si katal\u00f3g Dome Solar<\/a><\/p>\n<\/div><\/div>\n<\/div>\n<\/div><\/div>","protected":false},"excerpt":{"rendered":"","protected":false},"author":20,"featured_media":0,"parent":9568,"menu_order":0,"comment_status":"closed","ping_status":"closed","template":"","meta":{"_acf_changed":false,"footnotes":""},"categories":[18],"tags":[],"class_list":["post-25863","page","type-page","status-publish","hentry","category-dach-gewerbe"],"acf":[],"yoast_head":"<!-- This site is optimized with the Yoast SEO plugin v27.5 - https:\/\/yoast.com\/product\/yoast-seo-wordpress\/ -->\n<title>Canopies range - Mounting Systems<\/title>\n<meta name=\"robots\" content=\"index, follow, max-snippet:-1, max-image-preview:large, max-video-preview:-1\" \/>\n<link rel=\"canonical\" href=\"https:\/\/www.mounting-systems.com\/sk\/obchod-so-strechami\/pv-systemy\/striesky-rozsah\/\" \/>\n<meta property=\"og:locale\" content=\"sk_SK\" \/>\n<meta property=\"og:type\" content=\"article\" \/>\n<meta property=\"og:title\" content=\"Canopies range - Mounting Systems\" \/>\n<meta property=\"og:url\" content=\"https:\/\/www.mounting-systems.com\/sk\/obchod-so-strechami\/pv-systemy\/striesky-rozsah\/\" \/>\n<meta property=\"og:site_name\" content=\"Mounting Systems\" \/>\n<meta property=\"article:modified_time\" content=\"2026-04-29T07:35:04+00:00\" \/>\n<meta property=\"og:image\" content=\"https:\/\/www.mounting-systems.com\/wp-content\/uploads\/RC3-CA-EVREUX-TERRE-SOLAIRE-21-scaled.jpg\" \/>\n<meta name=\"twitter:card\" content=\"summary_large_image\" \/>\n<meta name=\"twitter:label1\" content=\"Predpokladan\u00fd \u010das \u010d\u00edtania\" \/>\n\t<meta name=\"twitter:data1\" content=\"1 min\u00fata\" \/>\n<script type=\"application\/ld+json\" class=\"yoast-schema-graph\">{\"@context\":\"https:\\\/\\\/schema.org\",\"@graph\":[{\"@type\":\"WebPage\",\"@id\":\"https:\\\/\\\/www.mounting-systems.com\\\/dach-gewerbe\\\/pv-systeme\\\/canopies-range\\\/\",\"url\":\"https:\\\/\\\/www.mounting-systems.com\\\/dach-gewerbe\\\/pv-systeme\\\/canopies-range\\\/\",\"name\":\"Canopies range - Mounting Systems\",\"isPartOf\":{\"@id\":\"https:\\\/\\\/www.mounting-systems.com\\\/de\\\/#website\"},\"primaryImageOfPage\":{\"@id\":\"https:\\\/\\\/www.mounting-systems.com\\\/dach-gewerbe\\\/pv-systeme\\\/canopies-range\\\/#primaryimage\"},\"image\":{\"@id\":\"https:\\\/\\\/www.mounting-systems.com\\\/dach-gewerbe\\\/pv-systeme\\\/canopies-range\\\/#primaryimage\"},\"thumbnailUrl\":\"https:\\\/\\\/www.mounting-systems.com\\\/wp-content\\\/uploads\\\/RC3-CA-EVREUX-TERRE-SOLAIRE-21-scaled.jpg\",\"datePublished\":\"2026-04-23T12:24:32+00:00\",\"dateModified\":\"2026-04-29T07:35:04+00:00\",\"breadcrumb\":{\"@id\":\"https:\\\/\\\/www.mounting-systems.com\\\/dach-gewerbe\\\/pv-systeme\\\/canopies-range\\\/#breadcrumb\"},\"inLanguage\":\"sk-SK\",\"potentialAction\":[{\"@type\":\"ReadAction\",\"target\":[\"https:\\\/\\\/www.mounting-systems.com\\\/dach-gewerbe\\\/pv-systeme\\\/canopies-range\\\/\"]}]},{\"@type\":\"ImageObject\",\"inLanguage\":\"sk-SK\",\"@id\":\"https:\\\/\\\/www.mounting-systems.com\\\/dach-gewerbe\\\/pv-systeme\\\/canopies-range\\\/#primaryimage\",\"url\":\"https:\\\/\\\/www.mounting-systems.com\\\/wp-content\\\/uploads\\\/RC3-CA-EVREUX-TERRE-SOLAIRE-21-scaled.jpg\",\"contentUrl\":\"https:\\\/\\\/www.mounting-systems.com\\\/wp-content\\\/uploads\\\/RC3-CA-EVREUX-TERRE-SOLAIRE-21-scaled.jpg\"},{\"@type\":\"BreadcrumbList\",\"@id\":\"https:\\\/\\\/www.mounting-systems.com\\\/dach-gewerbe\\\/pv-systeme\\\/canopies-range\\\/#breadcrumb\",\"itemListElement\":[{\"@type\":\"ListItem\",\"position\":1,\"name\":\"Startseite\",\"item\":\"https:\\\/\\\/www.mounting-systems.com\\\/\"},{\"@type\":\"ListItem\",\"position\":2,\"name\":\"Dach &#038; Gewerbe\",\"item\":\"https:\\\/\\\/www.mounting-systems.com\\\/dach-gewerbe\\\/\"},{\"@type\":\"ListItem\",\"position\":3,\"name\":\"PV-Systeme\",\"item\":\"https:\\\/\\\/www.mounting-systems.com\\\/dach-gewerbe\\\/pv-systeme\\\/\"},{\"@type\":\"ListItem\",\"position\":4,\"name\":\"Canopies range\"}]},{\"@type\":\"WebSite\",\"@id\":\"https:\\\/\\\/www.mounting-systems.com\\\/de\\\/#website\",\"url\":\"https:\\\/\\\/www.mounting-systems.com\\\/de\\\/\",\"name\":\"Mounting Systems\",\"description\":\"\",\"publisher\":{\"@id\":\"https:\\\/\\\/www.mounting-systems.com\\\/de\\\/#organization\"},\"potentialAction\":[{\"@type\":\"SearchAction\",\"target\":{\"@type\":\"EntryPoint\",\"urlTemplate\":\"https:\\\/\\\/www.mounting-systems.com\\\/de\\\/?s={search_term_string}\"},\"query-input\":{\"@type\":\"PropertyValueSpecification\",\"valueRequired\":true,\"valueName\":\"search_term_string\"}}],\"inLanguage\":\"sk-SK\"},{\"@type\":\"Organization\",\"@id\":\"https:\\\/\\\/www.mounting-systems.com\\\/de\\\/#organization\",\"name\":\"Mounting Systems\",\"url\":\"https:\\\/\\\/www.mounting-systems.com\\\/de\\\/\",\"logo\":{\"@type\":\"ImageObject\",\"inLanguage\":\"sk-SK\",\"@id\":\"https:\\\/\\\/www.mounting-systems.com\\\/de\\\/#\\\/schema\\\/logo\\\/image\\\/\",\"url\":\"https:\\\/\\\/www.mounting-systems.com\\\/wp-content\\\/uploads\\\/2021\\\/01\\\/MSG-Signet-white.png\",\"contentUrl\":\"https:\\\/\\\/www.mounting-systems.com\\\/wp-content\\\/uploads\\\/2021\\\/01\\\/MSG-Signet-white.png\",\"width\":432,\"height\":552,\"caption\":\"Mounting Systems\"},\"image\":{\"@id\":\"https:\\\/\\\/www.mounting-systems.com\\\/de\\\/#\\\/schema\\\/logo\\\/image\\\/\"}}]}<\/script>\n<!-- \/ Yoast SEO plugin. -->","yoast_head_json":{"title":"Rozsah strie\u0161ok \u2013 Mont\u00e1\u017ene syst\u00e9my","robots":{"index":"index","follow":"follow","max-snippet":"max-snippet:-1","max-image-preview":"max-image-preview:large","max-video-preview":"max-video-preview:-1"},"canonical":"https:\/\/www.mounting-systems.com\/sk\/obchod-so-strechami\/pv-systemy\/striesky-rozsah\/","og_locale":"sk_SK","og_type":"article","og_title":"Canopies range - Mounting Systems","og_url":"https:\/\/www.mounting-systems.com\/sk\/obchod-so-strechami\/pv-systemy\/striesky-rozsah\/","og_site_name":"Mounting Systems","article_modified_time":"2026-04-29T07:35:04+00:00","og_image":[{"url":"https:\/\/www.mounting-systems.com\/wp-content\/uploads\/RC3-CA-EVREUX-TERRE-SOLAIRE-21-scaled.jpg","type":"","width":"","height":""}],"twitter_card":"summary_large_image","twitter_misc":{"Predpokladan\u00fd \u010das \u010d\u00edtania":"1 min\u00fata"},"schema":{"@context":"https:\/\/schema.org","@graph":[{"@type":"WebPage","@id":"https:\/\/www.mounting-systems.com\/dach-gewerbe\/pv-systeme\/canopies-range\/","url":"https:\/\/www.mounting-systems.com\/dach-gewerbe\/pv-systeme\/canopies-range\/","name":"Rozsah strie\u0161ok \u2013 Mont\u00e1\u017ene syst\u00e9my","isPartOf":{"@id":"https:\/\/www.mounting-systems.com\/de\/#website"},"primaryImageOfPage":{"@id":"https:\/\/www.mounting-systems.com\/dach-gewerbe\/pv-systeme\/canopies-range\/#primaryimage"},"image":{"@id":"https:\/\/www.mounting-systems.com\/dach-gewerbe\/pv-systeme\/canopies-range\/#primaryimage"},"thumbnailUrl":"https:\/\/www.mounting-systems.com\/wp-content\/uploads\/RC3-CA-EVREUX-TERRE-SOLAIRE-21-scaled.jpg","datePublished":"2026-04-23T12:24:32+00:00","dateModified":"2026-04-29T07:35:04+00:00","breadcrumb":{"@id":"https:\/\/www.mounting-systems.com\/dach-gewerbe\/pv-systeme\/canopies-range\/#breadcrumb"},"inLanguage":"sk-SK","potentialAction":[{"@type":"ReadAction","target":["https:\/\/www.mounting-systems.com\/dach-gewerbe\/pv-systeme\/canopies-range\/"]}]},{"@type":"ImageObject","inLanguage":"sk-SK","@id":"https:\/\/www.mounting-systems.com\/dach-gewerbe\/pv-systeme\/canopies-range\/#primaryimage","url":"https:\/\/www.mounting-systems.com\/wp-content\/uploads\/RC3-CA-EVREUX-TERRE-SOLAIRE-21-scaled.jpg","contentUrl":"https:\/\/www.mounting-systems.com\/wp-content\/uploads\/RC3-CA-EVREUX-TERRE-SOLAIRE-21-scaled.jpg"},{"@type":"BreadcrumbList","@id":"https:\/\/www.mounting-systems.com\/dach-gewerbe\/pv-systeme\/canopies-range\/#breadcrumb","itemListElement":[{"@type":"ListItem","position":1,"name":"Startseite","item":"https:\/\/www.mounting-systems.com\/"},{"@type":"ListItem","position":2,"name":"Dach &#038; Gewerbe","item":"https:\/\/www.mounting-systems.com\/dach-gewerbe\/"},{"@type":"ListItem","position":3,"name":"PV-Systeme","item":"https:\/\/www.mounting-systems.com\/dach-gewerbe\/pv-systeme\/"},{"@type":"ListItem","position":4,"name":"Canopies range"}]},{"@type":"WebSite","@id":"https:\/\/www.mounting-systems.com\/de\/#website","url":"https:\/\/www.mounting-systems.com\/de\/","name":"Mont\u00e1\u017ene syst\u00e9my","description":"","publisher":{"@id":"https:\/\/www.mounting-systems.com\/de\/#organization"},"potentialAction":[{"@type":"SearchAction","target":{"@type":"EntryPoint","urlTemplate":"https:\/\/www.mounting-systems.com\/de\/?s={search_term_string}"},"query-input":{"@type":"PropertyValueSpecification","valueRequired":true,"valueName":"search_term_string"}}],"inLanguage":"sk-SK"},{"@type":"Organization","@id":"https:\/\/www.mounting-systems.com\/de\/#organization","name":"Mont\u00e1\u017ene syst\u00e9my","url":"https:\/\/www.mounting-systems.com\/de\/","logo":{"@type":"ImageObject","inLanguage":"sk-SK","@id":"https:\/\/www.mounting-systems.com\/de\/#\/schema\/logo\/image\/","url":"https:\/\/www.mounting-systems.com\/wp-content\/uploads\/2021\/01\/MSG-Signet-white.png","contentUrl":"https:\/\/www.mounting-systems.com\/wp-content\/uploads\/2021\/01\/MSG-Signet-white.png","width":432,"height":552,"caption":"Mounting Systems"},"image":{"@id":"https:\/\/www.mounting-systems.com\/de\/#\/schema\/logo\/image\/"}}]}},"_links":{"self":[{"href":"https:\/\/www.mounting-systems.com\/sk\/wp-json\/wp\/v2\/pages\/25863","targetHints":{"allow":["GET"]}}],"collection":[{"href":"https:\/\/www.mounting-systems.com\/sk\/wp-json\/wp\/v2\/pages"}],"about":[{"href":"https:\/\/www.mounting-systems.com\/sk\/wp-json\/wp\/v2\/types\/page"}],"author":[{"embeddable":true,"href":"https:\/\/www.mounting-systems.com\/sk\/wp-json\/wp\/v2\/users\/20"}],"replies":[{"embeddable":true,"href":"https:\/\/www.mounting-systems.com\/sk\/wp-json\/wp\/v2\/comments?post=25863"}],"version-history":[{"count":12,"href":"https:\/\/www.mounting-systems.com\/sk\/wp-json\/wp\/v2\/pages\/25863\/revisions"}],"predecessor-version":[{"id":26110,"href":"https:\/\/www.mounting-systems.com\/sk\/wp-json\/wp\/v2\/pages\/25863\/revisions\/26110"}],"up":[{"embeddable":true,"href":"https:\/\/www.mounting-systems.com\/sk\/wp-json\/wp\/v2\/pages\/9568"}],"wp:attachment":[{"href":"https:\/\/www.mounting-systems.com\/sk\/wp-json\/wp\/v2\/media?parent=25863"}],"wp:term":[{"taxonomy":"category","embeddable":true,"href":"https:\/\/www.mounting-systems.com\/sk\/wp-json\/wp\/v2\/categories?post=25863"},{"taxonomy":"post_tag","embeddable":true,"href":"https:\/\/www.mounting-systems.com\/sk\/wp-json\/wp\/v2\/tags?post=25863"}],"curies":[{"name":"wp","href":"https:\/\/api.w.org\/{rel}","templated":true}]}}