{"id":25861,"date":"2026-04-23T14:24:12","date_gmt":"2026-04-23T12:24:12","guid":{"rendered":"https:\/\/www.mounting-systems.com\/?page_id=25861"},"modified":"2026-04-24T15:42:55","modified_gmt":"2026-04-24T13:42:55","slug":"sikma-strecha-serie","status":"publish","type":"page","link":"https:\/\/www.mounting-systems.com\/sk\/dach-gewerbe\/pv-systeme\/schraegdach-serie\/","title":{"rendered":"\u0160ikm\u00e1 stre\u0161n\u00e1 s\u00e9ria"},"content":{"rendered":"<div class=\"wp-block-cover has-custom-content-position is-position-bottom-center a-innerblock\">\n    <img loading=\"lazy\" decoding=\"async\" width=\"1920\" height=\"1080\" src=\"https:\/\/www.mounting-systems.com\/wp-content\/uploads\/toiture-inclinee-header-1.jpg\" class=\"hero-image-bg\" alt=\"\u0160ikm\u00e1 strecha s fotovoltaick\u00fdmi panelmi\" style=\"filter: brightness(1)\" srcset=\"https:\/\/www.mounting-systems.com\/wp-content\/uploads\/toiture-inclinee-header-1.jpg 1920w, https:\/\/www.mounting-systems.com\/wp-content\/uploads\/toiture-inclinee-header-1-800x450.jpg 800w, https:\/\/www.mounting-systems.com\/wp-content\/uploads\/toiture-inclinee-header-1-768x432.jpg 768w, https:\/\/www.mounting-systems.com\/wp-content\/uploads\/toiture-inclinee-header-1-1536x864.jpg 1536w, https:\/\/www.mounting-systems.com\/wp-content\/uploads\/toiture-inclinee-header-1-18x10.jpg 18w\" sizes=\"auto, (max-width: 1920px) 100vw, 1920px\" \/>    <div class=\"wp-block-cover__inner-container\">\n                   <h1 class=\"has-text-align-center arrow-animation\" style=\"color: #FFFFFF;\">Syst\u00e9m so \u0161ikmou strechou<\/h1>\n                <div class=\"arrow-down hero-arrow\"><img decoding=\"async\" src=\"https:\/\/www.mounting-systems.com\/wp-content\/themes\/mosys\/images\/hero-arrow.svg\" alt=\"Ikona posunu nadol\"><\/div>\n    <\/div>\n<\/div>\n<div class=\"print-only p-hero-image\">\n    <img loading=\"lazy\" decoding=\"async\" width=\"1920\" height=\"1080\" src=\"https:\/\/www.mounting-systems.com\/wp-content\/uploads\/toiture-inclinee-header-1.jpg\" class=\"attachment-full size-full\" alt=\"\u0160ikm\u00e1 strecha s fotovoltaick\u00fdmi panelmi\" style=\"filter: brightness(1)\" srcset=\"https:\/\/www.mounting-systems.com\/wp-content\/uploads\/toiture-inclinee-header-1.jpg 1920w, https:\/\/www.mounting-systems.com\/wp-content\/uploads\/toiture-inclinee-header-1-800x450.jpg 800w, https:\/\/www.mounting-systems.com\/wp-content\/uploads\/toiture-inclinee-header-1-768x432.jpg 768w, https:\/\/www.mounting-systems.com\/wp-content\/uploads\/toiture-inclinee-header-1-1536x864.jpg 1536w, https:\/\/www.mounting-systems.com\/wp-content\/uploads\/toiture-inclinee-header-1-18x10.jpg 18w\" sizes=\"auto, (max-width: 1920px) 100vw, 1920px\" \/><\/div>\n\n\n<div class=\"wp-block-group section fullsize\"><div class=\"wp-block-group__inner-container is-layout-constrained wp-block-group-is-layout-constrained\">\n<div class=\"wp-block-group cols-2\"><div class=\"wp-block-group__inner-container is-layout-constrained wp-block-group-is-layout-constrained\">\n<div class=\"wp-block-columns is-layout-flex wp-container-core-columns-is-layout-9d6595d7 wp-block-columns-is-layout-flex\">\n<div class=\"wp-block-column is-layout-flow wp-block-column-is-layout-flow\">\n\n<div class=\"a-innerblock accordion-list accordion-reg-list block-accordion-wrapper\">\n    <div class=\"a-innerblock block-newsheader-wrapper\">\n        <div class=\"block-newsheader-inner\">\n            <div class=\"text-wrapper\">\n                                        <div class=\"section-title\">\n                            <span>\u0160ikm\u00e1 stre\u0161n\u00e1 s\u00e9ria<\/span>\n                        <\/div>\n                                                                                                                <div class=\"teaser-text\"><p data-start=\"25\" data-end=\"197\">Sklonen\u00e9 strechy s\u00fa be\u017en\u00fdm z\u00e1kladom pre fotovoltaick\u00e9 elektr\u00e1rne, \u010di u\u017e s\u00fa zalo\u017een\u00e9 na krokvovom syst\u00e9me alebo na trap\u00e9zov\u00fdch plechov\u00fdch strech\u00e1ch.<\/p>\n<p data-start=\"199\" data-end=\"426\">Aby bolo mo\u017en\u00e9 splni\u0165 tieto r\u00f4znorod\u00e9 po\u017eiadavky, \u0161pecifick\u00e9 mont\u00e1\u017ene syst\u00e9my umo\u017e\u0148uj\u00fa spo\u013eahliv\u00fa, r\u00fdchlu a trvanliv\u00fa in\u0161tal\u00e1ciu s oh\u013eadom na technick\u00e9 \u0161pecifik\u00e1cie a hydroizol\u00e1ciu strechy.<\/p>\n<\/div>\n                                                <\/div>\n        <\/div>\n    <\/div>\n        <div class=\"block-accordion-wrapper-inner\">\n                    <ul class=\"level-1\">\n                                    <li class=\"accordion-wrapper border-b\">\n                                                    <h3 class=\"c-title accordion-btn font-l\">R\u00fdchla a jednoduch\u00e1 in\u0161tal\u00e1cia<\/h3>\n                                                <div class=\"accordion-txt\">\n                            <p>Syst\u00e9my s\u00fa navrhnut\u00e9 tak, aby umo\u017e\u0148ovali efekt\u00edvne nasadenie na stavenisku a v\u00fdrazne zni\u017eovali n\u00e1roky na mont\u00e1\u017e.<\/p>\n                        <\/div>\n                    <\/li>\n                                    <li class=\"accordion-wrapper border-b\">\n                                                    <h3 class=\"c-title accordion-btn font-l\">Prisp\u00f4sobenie r\u00f4znym typom striech<\/h3>\n                                                <div class=\"accordion-txt\">\n                            <p>Syst\u00e9my s\u00fa kompatibiln\u00e9 s krokvov\u00fdmi kon\u0161trukciami a trap\u00e9zov\u00fdmi plechov\u00fdmi strechami a pon\u00fakaj\u00fa vysok\u00fa flexibilitu pre r\u00f4zne stavebn\u00e9 kon\u0161trukcie.<\/p>\n                        <\/div>\n                    <\/li>\n                                    <li class=\"accordion-wrapper border-b\">\n                                                    <h3 class=\"c-title accordion-btn font-l\">Spo\u013eahlivos\u0165 a dlh\u00e1 \u017eivotnos\u0165<\/h3>\n                                                <div class=\"accordion-txt\">\n                            <p>Mont\u00e1\u017ene syst\u00e9my zabezpe\u010duj\u00fa vysok\u00fa mechanick\u00fa pevnos\u0165 a trval\u00fa integr\u00e1ciu fotovoltaick\u00e9ho syst\u00e9mu.<\/p>\n                        <\/div>\n                    <\/li>\n                            <\/ul>\n            <\/div>\n<\/div><\/div>\n\n\n\n<div class=\"wp-block-column is-vertically-aligned-center is-layout-flow wp-block-column-is-layout-flow\">\n<figure class=\"wp-block-image size-full is-resized\"><img loading=\"lazy\" decoding=\"async\" width=\"800\" height=\"600\" src=\"https:\/\/www.mounting-systems.com\/wp-content\/uploads\/800x600-site-web-5-1-1.png\" alt=\"\" class=\"wp-image-25723\" style=\"width:503px;height:auto\" srcset=\"https:\/\/www.mounting-systems.com\/wp-content\/uploads\/800x600-site-web-5-1-1.png 800w, https:\/\/www.mounting-systems.com\/wp-content\/uploads\/800x600-site-web-5-1-1-768x576.png 768w, https:\/\/www.mounting-systems.com\/wp-content\/uploads\/800x600-site-web-5-1-1-16x12.png 16w\" sizes=\"auto, (max-width: 800px) 100vw, 800px\" \/><\/figure>\n<\/div>\n<\/div>\n<\/div><\/div>\n<\/div><\/div>\n\n\n\n\n<div class=\"wp-block-group section-headline a-innerblock\" >\n    <div class=\"wp-block-group__inner-container\">\n                        <h2>Na\u0161e produkty<\/h2>\n                <\/div>\n<\/div>\n\n\n<div id=\"speed\" class=\"wp-block-group section fullsize has-black-color has-very-light-gray-background-color has-text-color has-background has-link-color wp-elements-66febb8f5102159b65f38b67b512f136\"><div class=\"wp-block-group__inner-container is-layout-constrained wp-block-group-is-layout-constrained\">\n<div class=\"wp-block-group cols-2\"><div class=\"wp-block-group__inner-container is-layout-constrained wp-block-group-is-layout-constrained\">\n<div class=\"wp-block-columns is-layout-flex wp-container-core-columns-is-layout-9d6595d7 wp-block-columns-is-layout-flex\">\n<div class=\"wp-block-column is-layout-flow wp-block-column-is-layout-flow\">\n\n<div class=\"a-innerblock block-newsheader-wrapper green\">\n    <div class=\"block-newsheader-inner\">\n        <div class=\"text-wrapper\">\n                                <div class=\"section-title\">\n                        <span>Mont\u00e1\u017ene syst\u00e9my so z\u00e1kladov\u00fdmi doskami<\/span>\n                    <\/div>\n                                                <h2>NPA+ Top<\/h2>\n                                    <\/div>\n    <\/div>\n<\/div>\n\n\n\n<div class=\"a-innerblock accordion-list accordion-reg-list block-accordion-wrapper\">\n    <div class=\"a-innerblock block-newsheader-wrapper\">\n        <div class=\"block-newsheader-inner\">\n            <div class=\"text-wrapper\">\n                                                                                                            <div class=\"teaser-text\"><p data-start=\"76\" data-end=\"175\"><strong data-start=\"76\" data-end=\"175\">\u010eal\u0161\u00ed v\u00fdvoj NPA s horn\u00fdm upevnen\u00edm \u0161peci\u00e1lne pre such\u00e9 stre\u0161n\u00e9 krytiny<\/strong><\/p>\n<p data-start=\"177\" data-end=\"463\" data-is-last-node=\"\" data-is-only-node=\"\">Mont\u00e1\u017eny syst\u00e9m fotovoltaick\u00fdch panelov NPA+ Top je ur\u010den\u00fd na in\u0161tal\u00e1ciu sol\u00e1rnych panelov na \u0161ikm\u00e9 strechy. Je obzvl\u00e1\u0161\u0165 vhodn\u00fd pre budovy so suchou stre\u0161nou krytinou (trap\u00e9zov\u00e9 plechy) ako aj sendvi\u010dov\u00e9 strechy. Upevnenie sa realizuje do plechu na hornej strane v\u013an.<\/p>\n<p data-start=\"177\" data-end=\"463\" data-is-last-node=\"\" data-is-only-node=\"\"><!--StartFragment --><\/p>\n<p class=\"pf0\"><a href=\"https:\/\/dome-solar.com\/de\/befestigung-photovoltaikmodul\/npa-top\/\"><span class=\"cf0\">Objavte produkt <\/span><\/a><\/p>\n<p data-start=\"177\" data-end=\"463\" data-is-last-node=\"\" data-is-only-node=\"\"><!--EndFragment --><\/p>\n<\/div>\n                                                <\/div>\n        <\/div>\n    <\/div>\n        <div class=\"block-accordion-wrapper-inner first-opened\">\n            <\/div>\n<\/div><\/div>\n\n\n\n<div class=\"wp-block-column is-layout-flow wp-block-column-is-layout-flow\">\n\n<div class=\"swiper-container-wrapper a-innerblock\">\n    <div class=\"swiper-container gallery-top\">\n        <div class=\"swiper-wrapper\">\n                                                <div class=\"swiper-slide\">\n                                                    <figure class=\"scale-img swiper-slide-img\">\n                                <img loading=\"lazy\" decoding=\"async\" class=\"slide-img\" src=\"https:\/\/www.mounting-systems.com\/wp-content\/uploads\/Design-sans-titre-54.png\" alt=\"\" width=\"635\" height=\"730\">\n                                <figcaption><\/figcaption>\n                            <\/figure>\n                                            <\/div>\n                    <\/div>\n    <\/div>\n    <div class=\"swiper-container gallery-thumbs\">\n        <div class=\"swiper-wrapper\">\n                                                    <figure class=\"swiper-slide-img swiper-slide swiper-thumb\">\n                            <img decoding=\"async\" class=\"slide-img\" src=\"https:\/\/www.mounting-systems.com\/wp-content\/uploads\/Design-sans-titre-54-150x150.png\" alt=\"\">\n                        <\/figure>\n                                        <\/div>\n    <\/div>\n<\/div><\/div>\n<\/div>\n<\/div><\/div>\n\n\n\n<p><\/p>\n<\/div><\/div>\n\n\n\n<div id=\"speed\" class=\"wp-block-group section fullsize has-black-color has-very-light-gray-background-color has-text-color has-background has-link-color wp-elements-b5cde5a5357f8b99cf2da1c9489e4ff4\"><div class=\"wp-block-group__inner-container is-layout-constrained wp-block-group-is-layout-constrained\">\n<div class=\"wp-block-group cols-2\"><div class=\"wp-block-group__inner-container is-layout-constrained wp-block-group-is-layout-constrained\">\n<div class=\"wp-block-columns is-layout-flex wp-container-core-columns-is-layout-9d6595d7 wp-block-columns-is-layout-flex\">\n<div class=\"wp-block-column is-layout-flow wp-block-column-is-layout-flow\">\n\n<div class=\"swiper-container-wrapper a-innerblock\">\n    <div class=\"swiper-container gallery-top\">\n        <div class=\"swiper-wrapper\">\n                                                <div class=\"swiper-slide\">\n                                                    <figure class=\"scale-img swiper-slide-img\">\n                                <img loading=\"lazy\" decoding=\"async\" class=\"slide-img\" src=\"https:\/\/www.mounting-systems.com\/wp-content\/uploads\/Design-sans-titre-55.png\" alt=\"\" width=\"635\" height=\"730\">\n                                <figcaption><\/figcaption>\n                            <\/figure>\n                                            <\/div>\n                    <\/div>\n    <\/div>\n    <div class=\"swiper-container gallery-thumbs\">\n        <div class=\"swiper-wrapper\">\n                                                    <figure class=\"swiper-slide-img swiper-slide swiper-thumb\">\n                            <img decoding=\"async\" class=\"slide-img\" src=\"https:\/\/www.mounting-systems.com\/wp-content\/uploads\/Design-sans-titre-55-150x150.png\" alt=\"\">\n                        <\/figure>\n                                        <\/div>\n    <\/div>\n<\/div><\/div>\n\n\n\n<div class=\"wp-block-column is-layout-flow wp-block-column-is-layout-flow\">\n\n<div class=\"a-innerblock block-newsheader-wrapper green\">\n    <div class=\"block-newsheader-inner\">\n        <div class=\"text-wrapper\">\n                                <div class=\"section-title\">\n                        <span>Mont\u00e1\u017ene syst\u00e9my so z\u00e1kladov\u00fdmi doskami<\/span>\n                    <\/div>\n                                                <h2>NPA+ Strana<\/h2>\n                                    <\/div>\n    <\/div>\n<\/div>\n\n\n\n<div class=\"a-innerblock accordion-list accordion-reg-list block-accordion-wrapper\">\n    <div class=\"a-innerblock block-newsheader-wrapper\">\n        <div class=\"block-newsheader-inner\">\n            <div class=\"text-wrapper\">\n                                                                                                            <div class=\"teaser-text\"><p>NPA+ Side je fotovoltaick\u00fd mont\u00e1\u017eny syst\u00e9m \u0161peci\u00e1lne navrhnut\u00fd pre ve\u013ek\u00e9 \u0161ikm\u00e9 stre\u0161n\u00e9 plochy. Je obzvl\u00e1\u0161\u0165 vhodn\u00fd pre budovy so such\u00fdmi stre\u0161n\u00fdmi krytinami (trap\u00e9zov\u00e9 plechy) ako aj sendvi\u010dov\u00e9 strechy.<\/p>\n<p><!--StartFragment --><\/p>\n<p class=\"pf0\"><a href=\"https:\/\/dome-solar.com\/de\/befestigung-photovoltaikmodul\/npa-side\/\"><span class=\"cf0\">Objavte produkt <\/span><\/a><\/p>\n<\/div>\n                                                <\/div>\n        <\/div>\n    <\/div>\n        <div class=\"block-accordion-wrapper-inner first-opened\">\n            <\/div>\n<\/div><\/div>\n<\/div>\n<\/div><\/div>\n<\/div><\/div>\n\n\n\n<div class=\"wp-block-group cols-2\"><div class=\"wp-block-group__inner-container is-layout-constrained wp-block-group-is-layout-constrained\">\n<div class=\"wp-block-columns is-layout-flex wp-container-core-columns-is-layout-9d6595d7 wp-block-columns-is-layout-flex\">\n<div class=\"wp-block-column is-layout-flow wp-block-column-is-layout-flow\">\n\n<div class=\"a-innerblock block-newsheader-wrapper green\">\n    <div class=\"block-newsheader-inner\">\n        <div class=\"text-wrapper\">\n                                <div class=\"section-title\">\n                        <span>Mont\u00e1\u017ene syst\u00e9my so z\u00e1kladov\u00fdmi doskami<\/span>\n                    <\/div>\n                                                <h2>EPO +<\/h2>\n                                    <\/div>\n    <\/div>\n<\/div>\n\n\n\n<div class=\"a-innerblock accordion-list accordion-reg-list block-accordion-wrapper\">\n    <div class=\"a-innerblock block-newsheader-wrapper\">\n        <div class=\"block-newsheader-inner\">\n            <div class=\"text-wrapper\">\n                                                                                                            <div class=\"teaser-text\"><p data-start=\"76\" data-end=\"175\">NPO+ je fotovoltaick\u00fd mont\u00e1\u017eny syst\u00e9m \u0161peci\u00e1lne navrhnut\u00fd pre vertik\u00e1lnu in\u0161tal\u00e1ciu na such\u00e9 stre\u0161n\u00e9 krytiny (trap\u00e9zov\u00e9 plechy). V\u010faka svojmu univerz\u00e1lnemu a klipovaciemu syst\u00e9mu umo\u017e\u0148uje r\u00fdchlu in\u0161tal\u00e1ciu, u\u013eah\u010duje \u00fadr\u017ebu a pon\u00faka vysok\u00fa odolnos\u0165 vo\u010di klimatick\u00fdm vplyvom. Je kompatibiln\u00fd s r\u00f4znymi geometrick\u00fdmi tvarmi plechov a je vhodn\u00fd pre \u0161irok\u00e9 spektrum aplik\u00e1ci\u00ed.<\/p>\n<p data-start=\"76\" data-end=\"175\"><!--StartFragment --><\/p>\n<p data-start=\"76\" data-end=\"175\"><!--EndFragment --><\/p>\n<\/div>\n                                                <\/div>\n        <\/div>\n    <\/div>\n        <div class=\"block-accordion-wrapper-inner first-opened\">\n            <\/div>\n<\/div><\/div>\n\n\n\n<div class=\"wp-block-column is-layout-flow wp-block-column-is-layout-flow\">\n\n<div class=\"swiper-container-wrapper a-innerblock\">\n    <div class=\"swiper-container gallery-top\">\n        <div class=\"swiper-wrapper\">\n                                                <div class=\"swiper-slide\">\n                                                    <figure class=\"scale-img swiper-slide-img\">\n                                <img loading=\"lazy\" decoding=\"async\" class=\"slide-img\" src=\"https:\/\/www.mounting-systems.com\/wp-content\/uploads\/Design-sans-titre-56.png\" alt=\"\" width=\"635\" height=\"730\">\n                                <figcaption><\/figcaption>\n                            <\/figure>\n                                            <\/div>\n                    <\/div>\n    <\/div>\n    <div class=\"swiper-container gallery-thumbs\">\n        <div class=\"swiper-wrapper\">\n                                                    <figure class=\"swiper-slide-img swiper-slide swiper-thumb\">\n                            <img decoding=\"async\" class=\"slide-img\" src=\"https:\/\/www.mounting-systems.com\/wp-content\/uploads\/Design-sans-titre-56-150x150.png\" alt=\"\">\n                        <\/figure>\n                                        <\/div>\n    <\/div>\n<\/div><\/div>\n<\/div>\n<\/div><\/div>\n\n\n\n<div class=\"wp-block-group cols-2\"><div class=\"wp-block-group__inner-container is-layout-constrained wp-block-group-is-layout-constrained\">\n<div class=\"wp-block-columns is-layout-flex wp-container-core-columns-is-layout-9d6595d7 wp-block-columns-is-layout-flex\">\n<div class=\"wp-block-column is-layout-flow wp-block-column-is-layout-flow\">\n\n<div class=\"swiper-container-wrapper a-innerblock\">\n    <div class=\"swiper-container gallery-top\">\n        <div class=\"swiper-wrapper\">\n                                                <div class=\"swiper-slide\">\n                                                    <figure class=\"scale-img swiper-slide-img\">\n                                <img loading=\"lazy\" decoding=\"async\" class=\"slide-img\" src=\"https:\/\/www.mounting-systems.com\/wp-content\/uploads\/b\u00b2-1.png\" alt=\"\" width=\"635\" height=\"730\">\n                                <figcaption><\/figcaption>\n                            <\/figure>\n                                            <\/div>\n                    <\/div>\n    <\/div>\n    <div class=\"swiper-container gallery-thumbs\">\n        <div class=\"swiper-wrapper\">\n                                                    <figure class=\"swiper-slide-img swiper-slide swiper-thumb\">\n                            <img decoding=\"async\" class=\"slide-img\" src=\"https:\/\/www.mounting-systems.com\/wp-content\/uploads\/b\u00b2-1-150x150.png\" alt=\"\">\n                        <\/figure>\n                                        <\/div>\n    <\/div>\n<\/div><\/div>\n\n\n\n<div class=\"wp-block-column is-layout-flow wp-block-column-is-layout-flow\">\n\n<div class=\"a-innerblock block-newsheader-wrapper green\">\n    <div class=\"block-newsheader-inner\">\n        <div class=\"text-wrapper\">\n                                <div class=\"section-title\">\n                        <span>Upevnenie v krokve<\/span>\n                    <\/div>\n                                                <h2>Ital-Solar<\/h2>\n                                    <\/div>\n    <\/div>\n<\/div>\n\n\n\n<div class=\"a-innerblock accordion-list accordion-reg-list block-accordion-wrapper\">\n    <div class=\"a-innerblock block-newsheader-wrapper\">\n        <div class=\"block-newsheader-inner\">\n            <div class=\"text-wrapper\">\n                                                                                                            <div class=\"teaser-text\"><p>Ital-Solar je fotovoltaick\u00fd mont\u00e1\u017eny syst\u00e9m pre \u0161ikm\u00e9 strechy. Je vhodn\u00fd pre krytiny z trap\u00e9zov\u00e9ho plechu aj pre sendvi\u010dov\u00e9 panely a umo\u017e\u0148uje spo\u013eahliv\u00fa a bezpe\u010dn\u00fa mont\u00e1\u017e modulov naprie\u010d.<\/p>\n<p><!--StartFragment --><\/p>\n<p class=\"pf0\"><a href=\"https:\/\/dome-solar.com\/de\/befestigung-photovoltaikmodul\/ital-solar\/\"><span class=\"cf0\">Objavte produkt <\/span><\/a><\/p>\n<p><!--EndFragment --><\/p>\n<\/div>\n                                                <\/div>\n        <\/div>\n    <\/div>\n        <div class=\"block-accordion-wrapper-inner first-opened\">\n            <\/div>\n<\/div><\/div>\n<\/div>\n<\/div><\/div>\n\n\n\n<div class=\"wp-block-group cols-2\"><div class=\"wp-block-group__inner-container is-layout-constrained wp-block-group-is-layout-constrained\">\n<div class=\"wp-block-columns is-layout-flex wp-container-core-columns-is-layout-9d6595d7 wp-block-columns-is-layout-flex\">\n<div class=\"wp-block-column is-layout-flow wp-block-column-is-layout-flow\">\n\n<div class=\"a-innerblock block-newsheader-wrapper green\">\n    <div class=\"block-newsheader-inner\">\n        <div class=\"text-wrapper\">\n                                <div class=\"section-title\">\n                        <span>Upevnenie v krokve<\/span>\n                    <\/div>\n                                                <h2>Helios B\u00b2<\/h2>\n                                    <\/div>\n    <\/div>\n<\/div>\n\n\n\n<div class=\"a-innerblock accordion-list accordion-reg-list block-accordion-wrapper\">\n    <div class=\"a-innerblock block-newsheader-wrapper\">\n        <div class=\"block-newsheader-inner\">\n            <div class=\"text-wrapper\">\n                                                                                                            <div class=\"teaser-text\"><p data-start=\"76\" data-end=\"175\">Ide o fotovoltaick\u00fd upev\u0148ovac\u00ed syst\u00e9m certifikovan\u00fd spolo\u010dnos\u0165ou ATec, ur\u010den\u00fd pre \u0161ikm\u00e9 strechy z trap\u00e9zov\u00e9ho oce\u013eov\u00e9ho plechu. Je univerz\u00e1lny a vhodn\u00fd aj pre sendvi\u010dov\u00e9 panely, \u010do umo\u017e\u0148uje spo\u013eahliv\u00fa integr\u00e1ciu sol\u00e1rnych modulov v horizont\u00e1lnom form\u00e1te. Tento syst\u00e9m je k dispoz\u00edcii aj vo verzii z n\u00edzkouhl\u00edkovej ocele, ktor\u00e1 sp\u00e1ja v\u00fdkon s men\u0161ou environment\u00e1lnou stopou.<\/p>\n<p data-start=\"76\" data-end=\"175\"><!--StartFragment --><\/p>\n<p class=\"pf0\"><a href=\"https:\/\/dome-solar.com\/de\/befestigung-photovoltaikmodul\/helios-b%c2%b2\/\"><span class=\"cf0\">Objavte produkt <\/span><\/a><\/p>\n<p data-start=\"76\" data-end=\"175\"><!--EndFragment --><\/p>\n<\/div>\n                                                <\/div>\n        <\/div>\n    <\/div>\n        <div class=\"block-accordion-wrapper-inner first-opened\">\n            <\/div>\n<\/div><\/div>\n\n\n\n<div class=\"wp-block-column is-layout-flow wp-block-column-is-layout-flow\">\n\n<div class=\"swiper-container-wrapper a-innerblock\">\n    <div class=\"swiper-container gallery-top\">\n        <div class=\"swiper-wrapper\">\n                                                <div class=\"swiper-slide\">\n                                                    <figure class=\"scale-img swiper-slide-img\">\n                                <img loading=\"lazy\" decoding=\"async\" class=\"slide-img\" src=\"https:\/\/www.mounting-systems.com\/wp-content\/uploads\/b\u00b2-2.png\" alt=\"\" width=\"635\" height=\"730\">\n                                <figcaption><\/figcaption>\n                            <\/figure>\n                                            <\/div>\n                    <\/div>\n    <\/div>\n    <div class=\"swiper-container gallery-thumbs\">\n        <div class=\"swiper-wrapper\">\n                                                    <figure class=\"swiper-slide-img swiper-slide swiper-thumb\">\n                            <img decoding=\"async\" class=\"slide-img\" src=\"https:\/\/www.mounting-systems.com\/wp-content\/uploads\/b\u00b2-2-150x150.png\" alt=\"\">\n                        <\/figure>\n                                        <\/div>\n    <\/div>\n<\/div><\/div>\n<\/div>\n<\/div><\/div>\n\n\n\n<div class=\"wp-block-group cols-2\"><div class=\"wp-block-group__inner-container is-layout-constrained wp-block-group-is-layout-constrained\">\n<div class=\"wp-block-columns is-layout-flex wp-container-core-columns-is-layout-9d6595d7 wp-block-columns-is-layout-flex\">\n<div class=\"wp-block-column is-layout-flow wp-block-column-is-layout-flow\">\n\n<div class=\"swiper-container-wrapper a-innerblock\">\n    <div class=\"swiper-container gallery-top\">\n        <div class=\"swiper-wrapper\">\n                                                <div class=\"swiper-slide\">\n                                                    <figure class=\"scale-img swiper-slide-img\">\n                                <img loading=\"lazy\" decoding=\"async\" class=\"slide-img\" src=\"https:\/\/www.mounting-systems.com\/wp-content\/uploads\/Design-sans-titre-57.png\" alt=\"\" width=\"635\" height=\"730\">\n                                <figcaption><\/figcaption>\n                            <\/figure>\n                                            <\/div>\n                    <\/div>\n    <\/div>\n    <div class=\"swiper-container gallery-thumbs\">\n        <div class=\"swiper-wrapper\">\n                                                    <figure class=\"swiper-slide-img swiper-slide swiper-thumb\">\n                            <img decoding=\"async\" class=\"slide-img\" src=\"https:\/\/www.mounting-systems.com\/wp-content\/uploads\/Design-sans-titre-57-150x150.png\" alt=\"\">\n                        <\/figure>\n                                        <\/div>\n    <\/div>\n<\/div><\/div>\n\n\n\n<div class=\"wp-block-column is-layout-flow wp-block-column-is-layout-flow\">\n\n<div class=\"a-innerblock block-newsheader-wrapper green\">\n    <div class=\"block-newsheader-inner\">\n        <div class=\"text-wrapper\">\n                                <div class=\"section-title\">\n                        <span>Mont\u00e1\u017ene syst\u00e9my so z\u00e1kladov\u00fdmi doskami<\/span>\n                    <\/div>\n                                                <h2>RB Sol\u00e1rny n\u00e1klon<\/h2>\n                                    <\/div>\n    <\/div>\n<\/div>\n\n\n\n<div class=\"a-innerblock accordion-list accordion-reg-list block-accordion-wrapper\">\n    <div class=\"a-innerblock block-newsheader-wrapper\">\n        <div class=\"block-newsheader-inner\">\n            <div class=\"text-wrapper\">\n                                                                                                            <div class=\"teaser-text\"><p data-start=\"77\" data-end=\"157\"><strong data-start=\"77\" data-end=\"157\">Naklonen\u00fd fotovoltaick\u00fd mont\u00e1\u017eny syst\u00e9m pre ploch\u00e9 \u0161ikm\u00e9 trap\u00e9zov\u00e9 plechov\u00e9 strechy<\/strong><\/p>\n<p data-start=\"159\" data-end=\"433\">Syst\u00e9m RB Solar Tilt bol vyvinut\u00fd ako priama reakcia na rast\u00facu realitu na stavenisku: mont\u00e1\u017enici pracuj\u00fa na trap\u00e9zov\u00fdch strech\u00e1ch s ve\u013emi mal\u00fdm sklonom (bl\u00edzko 0\u00b0), kde konven\u010dn\u00e9, stre\u0161ne paraleln\u00e9 mont\u00e1\u017ene syst\u00e9my obmedzuj\u00fa energetick\u00fd v\u00fdnos.<\/p>\n<p data-start=\"435\" data-end=\"652\">Tieto strechy s\u00fa kon\u0161truk\u010dne \u0161ikm\u00e9, ale v praxi sa spr\u00e1vaj\u00fa takmer ako ploch\u00e9 strechy. Odvodnenie je zabezpe\u010den\u00e9, ale sklon nie je dostato\u010dn\u00fd na optimaliz\u00e1ciu v\u00fdroby fotovoltaickej energie.<\/p>\n<p data-start=\"654\" data-end=\"699\">RB Solar Tilt vyp\u013a\u0148a t\u00fato medzeru t\u00fdm, \u017ee:<\/p>\n<ul data-start=\"701\" data-end=\"849\">\n<li data-section-id=\"1j76w2e\" data-start=\"701\" data-end=\"776\">osved\u010den\u00e1 technol\u00f3gia upevnenia RB Solar pre trap\u00e9zov\u00e9 plechov\u00e9 strechy<\/li>\n<li data-section-id=\"1p43m69\" data-start=\"777\" data-end=\"849\">s integrovan\u00fdm rie\u0161en\u00edm na zvisl\u00e9 usporiadanie na optimaliz\u00e1ciu v\u00fdkonu<\/li>\n<\/ul>\n<p data-start=\"851\" data-end=\"862\">kombinovan\u00fd.<\/p>\n<p data-start=\"864\" data-end=\"1012\" data-is-last-node=\"\" data-is-only-node=\"\">V\u00fdsledkom je jednoduch\u00fd a r\u00fdchlo in\u0161talovate\u013en\u00fd syst\u00e9m, ktor\u00fd premie\u0148a ploch\u00e9 priemyseln\u00e9 strechy na v\u00fdkonn\u00e9 sol\u00e1rne plochy.<\/p>\n<\/div>\n                                                <\/div>\n        <\/div>\n    <\/div>\n        <div class=\"block-accordion-wrapper-inner first-opened\">\n            <\/div>\n<\/div><\/div>\n<\/div>\n<\/div><\/div>\n\n\n\n<div class=\"wp-block-group cols-2\"><div class=\"wp-block-group__inner-container is-layout-constrained wp-block-group-is-layout-constrained\">\n<div class=\"wp-block-columns is-layout-flex wp-container-core-columns-is-layout-9d6595d7 wp-block-columns-is-layout-flex\">\n<div class=\"wp-block-column is-layout-flow wp-block-column-is-layout-flow\">\n\n<div class=\"a-innerblock block-newsheader-wrapper green\">\n    <div class=\"block-newsheader-inner\">\n        <div class=\"text-wrapper\">\n                                <div class=\"section-title\">\n                        <span>Upevnenie v krokve<\/span>\n                    <\/div>\n                                                <h2>Fibro-Solar<\/h2>\n                                    <\/div>\n    <\/div>\n<\/div>\n\n\n\n<div class=\"a-innerblock accordion-list accordion-reg-list block-accordion-wrapper\">\n    <div class=\"a-innerblock block-newsheader-wrapper\">\n        <div class=\"block-newsheader-inner\">\n            <div class=\"text-wrapper\">\n                                                                                                            <div class=\"teaser-text\"><p>Fibro-Solar je fotovoltick\u00fd upev\u0148ovac\u00ed syst\u00e9m \u0161peci\u00e1lne navrhnut\u00fd pre \u0161ikm\u00e9 strechy s vlnit\u00fdmi vl\u00e1knocementov\u00fdmi krytinami. Je certifikovan\u00fd v r\u00e1mci ETN a umo\u017e\u0148uje spo\u013eahliv\u00fa in\u0161tal\u00e1ciu na \u0161\u00edrku, prisp\u00f4soben\u00fa tomuto typu stre\u0161nej krytiny.<\/p>\n<p><!--StartFragment --><\/p>\n<p class=\"pf0\"><a href=\"https:\/\/dome-solar.com\/de\/befestigung-photovoltaikmodul\/fibro-solar\/\"><span class=\"cf0\">Objavte produkt <\/span><\/a><\/p>\n<p><!--EndFragment --><\/p>\n<\/div>\n                                                <\/div>\n        <\/div>\n    <\/div>\n        <div class=\"block-accordion-wrapper-inner first-opened\">\n            <\/div>\n<\/div><\/div>\n\n\n\n<div class=\"wp-block-column is-layout-flow wp-block-column-is-layout-flow\">\n\n<div class=\"swiper-container-wrapper a-innerblock\">\n    <div class=\"swiper-container gallery-top\">\n        <div class=\"swiper-wrapper\">\n                                                <div class=\"swiper-slide\">\n                                                    <figure class=\"scale-img swiper-slide-img\">\n                                <img loading=\"lazy\" decoding=\"async\" class=\"slide-img\" src=\"https:\/\/www.mounting-systems.com\/wp-content\/uploads\/b\u00b2-3.png\" alt=\"\" width=\"635\" height=\"730\">\n                                <figcaption><\/figcaption>\n                            <\/figure>\n                                            <\/div>\n                    <\/div>\n    <\/div>\n    <div class=\"swiper-container gallery-thumbs\">\n        <div class=\"swiper-wrapper\">\n                                                    <figure class=\"swiper-slide-img swiper-slide swiper-thumb\">\n                            <img decoding=\"async\" class=\"slide-img\" src=\"https:\/\/www.mounting-systems.com\/wp-content\/uploads\/b\u00b2-3-150x150.png\" alt=\"\">\n                        <\/figure>\n                                        <\/div>\n    <\/div>\n<\/div><\/div>\n<\/div>\n<\/div><\/div>\n\n\n\n<div class=\"wp-block-group\"><div class=\"wp-block-group__inner-container is-layout-constrained wp-block-group-is-layout-constrained\">\n<div class=\"wp-block-columns is-style-col-3-9 is-layout-flex wp-container-core-columns-is-layout-9d6595d7 wp-block-columns-is-layout-flex\">\n<div class=\"wp-block-column is-layout-flow wp-block-column-is-layout-flow\" style=\"flex-basis:40%\">\n\n<div class=\"a-innerblock block-newsheader-wrapper green\">\n    <div class=\"block-newsheader-inner\">\n        <div class=\"text-wrapper\">\n                                <div class=\"section-title\">\n                        <span>\u010casto kladen\u00e9 ot\u00e1zky<\/span>\n                    <\/div>\n                                                <h2>Va\u0161e ot\u00e1zky t\u00fdkaj\u00face sa prevzatia<\/h2>\n                                    <\/div>\n    <\/div>\n<\/div><\/div>\n\n\n\n<div class=\"wp-block-column is-layout-flow wp-block-column-is-layout-flow\" style=\"flex-basis:66.66%\">\n\n<div class=\"a-innerblock accordion-list accordion-reg-list block-accordion-wrapper\">\n    <div class=\"a-innerblock block-newsheader-wrapper\">\n        <div class=\"block-newsheader-inner\">\n            <div class=\"text-wrapper\">\n                                                                            <\/div>\n        <\/div>\n    <\/div>\n        <div class=\"block-accordion-wrapper-inner\">\n                    <ul class=\"level-1\">\n                                    <li class=\"accordion-wrapper border-b\">\n                                                    <h4 class=\"c-title accordion-btn font-l\">Bud\u00fa LightX a FD3 na\u010falej dostupn\u00e9?<\/h4>\n                                                <div class=\"accordion-txt\">\n                            <p>Kontinuita produktov m\u00e1 najvy\u0161\u0161iu prioritu. LightX a FD3 zost\u00e1vaj\u00fa plne dostupn\u00e9 \u2013 teraz s podporou priemyseln\u00fdch kapac\u00edt a dod\u00e1vate\u013esk\u00e9ho re\u0165azca spolo\u010dnosti Dome Solar, aby sa zabezpe\u010dila spo\u013eahliv\u00e1 dostupnos\u0165 produktov v akomko\u013evek rozsahu.<\/p>\n                        <\/div>\n                    <\/li>\n                                    <li class=\"accordion-wrapper border-b\">\n                                                    <h4 class=\"c-title accordion-btn font-l\">Gilt &#8222;Made in Germany&#8220; weiterhin?<\/h4>\n                                                <div class=\"accordion-txt\">\n                            <p>\u00c1no. P\u00f4vodn\u00ed nemeck\u00ed dod\u00e1vatelia zost\u00e1vaj\u00fa. In\u017einierske normy, po\u017eiadavky na statick\u00e9 v\u00fdpo\u010dty a kontroly kvality zost\u00e1vaj\u00fa nezmenen\u00e9. Nemeck\u00e1 trad\u00edcia v\u00fdroby je k\u013e\u00fa\u010dovou s\u00fa\u010das\u0165ou identity zna\u010dky Mounting Systems.<\/p>\n                        <\/div>\n                    <\/li>\n                                    <li class=\"accordion-wrapper border-b\">\n                                                    <h4 class=\"c-title accordion-btn font-l\">Na koho sa m\u00f4\u017eem obr\u00e1ti\u0165 so \u017eiados\u0165ou o technick\u00fa podporu?<\/h4>\n                                                <div class=\"accordion-txt\">\n                            <p>Va\u0161i existuj\u00faci kontaktn\u00ed pracovn\u00edci zost\u00e1vaj\u00fa nezmenen\u00ed. Dome Solar posiln\u00ed miestne technick\u00e9 t\u00edmy na k\u013e\u00fa\u010dov\u00fdch trhoch \u2014 \u0160panielsko, Po\u013esko, Nemecko, Maroko a \u010fal\u0161ie \u2014 s cie\u013eom zabezpe\u010di\u0165 siln\u00fa podporu pre EPC a in\u0161talat\u00e9rov po\u010das prechodn\u00e9ho obdobia a potom.<\/p>\n                        <\/div>\n                    <\/li>\n                                    <li class=\"accordion-wrapper border-b\">\n                                                    <h4 class=\"c-title accordion-btn font-l\">Ak\u00e9 nov\u00e9 produkty s\u00fa teraz dostupn\u00e9?<\/h4>\n                                                <div class=\"accordion-txt\">\n                            <p>Prostredn\u00edctvom Dome Solar m\u00e1te teraz pr\u00edstup k roz\u0161\u00edren\u00e9mu portf\u00f3liu, ktor\u00e9 zah\u0155\u0148a syst\u00e9my pre \u0161ikm\u00e9 strechy (NPA, TOP, SIDE, Helios B2, Ital Solar, Fibro), rie\u0161enia pre pr\u00edstre\u0161ky pre aut\u00e1 RC3 a syst\u00e9my pre vo\u013en\u00e9 plochy.<\/p>\n                        <\/div>\n                    <\/li>\n                            <\/ul>\n            <\/div>\n<\/div><\/div>\n<\/div>\n<\/div><\/div>\n\n\n\n<div class=\"wp-block-cover\" style=\"min-height:400px;aspect-ratio:unset;\"><span aria-hidden=\"true\" class=\"wp-block-cover__background has-green-background-color has-background-dim-100 has-background-dim\"><\/span><div class=\"wp-block-cover__inner-container is-layout-constrained wp-block-cover-is-layout-constrained\">\n<div class=\"wp-block-group is-horizontal is-content-justification-space-between is-nowrap is-layout-flex wp-container-core-group-is-layout-34e62f51 wp-block-group-is-layout-flex\">\n<p class=\"has-text-align-left has-large-font-size\">Pripraven\u00fd za\u010da\u0165 svoj \u010fal\u0161\u00ed<br><mark style=\"background-color:rgba(0, 0, 0, 0)\" class=\"has-inline-color has-white-color\"><strong>projekt ploch\u00fdch striech?<\/strong><\/mark><\/p>\n\n\n\n<div class=\"wp-block-group\"><div class=\"wp-block-group__inner-container is-layout-constrained wp-block-group-is-layout-constrained\">\n<p class=\"has-text-align-right\"><a href=\"https:\/\/dome-solar.com\/de\/kontakt\/\">Po\u017eiadajte o cenov\u00fa ponuku<\/a><\/p>\n\n\n\n<p class=\"has-text-align-right\"><a href=\"https:\/\/dome-solar.com\/wp-content\/uploads\/dome-solar-catalogue-fr.pdf\" target=\"_blank\" rel=\"noreferrer noopener\">Stiahnite si katal\u00f3g Dome Solar<\/a><\/p>\n<\/div><\/div>\n<\/div>\n<\/div><\/div>","protected":false},"excerpt":{"rendered":"","protected":false},"author":20,"featured_media":0,"parent":9568,"menu_order":0,"comment_status":"closed","ping_status":"closed","template":"","meta":{"_acf_changed":false,"footnotes":""},"categories":[18],"tags":[],"class_list":["post-25861","page","type-page","status-publish","hentry","category-dach-gewerbe"],"acf":[],"yoast_head":"<!-- This site is optimized with the Yoast SEO plugin v27.5 - https:\/\/yoast.com\/product\/yoast-seo-wordpress\/ -->\n<title>Schr\u00e4gdach-Serie - Mounting Systems<\/title>\n<meta name=\"robots\" content=\"index, follow, max-snippet:-1, max-image-preview:large, max-video-preview:-1\" \/>\n<link rel=\"canonical\" href=\"https:\/\/www.mounting-systems.com\/sk\/obchod-so-strechami\/pv-systemy\/sikma-strecha-serie\/\" \/>\n<meta property=\"og:locale\" content=\"sk_SK\" \/>\n<meta property=\"og:type\" content=\"article\" \/>\n<meta property=\"og:title\" content=\"Schr\u00e4gdach-Serie - Mounting Systems\" \/>\n<meta property=\"og:url\" content=\"https:\/\/www.mounting-systems.com\/sk\/obchod-so-strechami\/pv-systemy\/sikma-strecha-serie\/\" \/>\n<meta property=\"og:site_name\" content=\"Mounting Systems\" \/>\n<meta property=\"article:modified_time\" content=\"2026-04-24T13:42:55+00:00\" \/>\n<meta property=\"og:image\" content=\"https:\/\/www.mounting-systems.com\/wp-content\/uploads\/800x600-site-web-5-1-1.png\" \/>\n<meta name=\"twitter:card\" content=\"summary_large_image\" \/>\n<meta name=\"twitter:label1\" content=\"Predpokladan\u00fd \u010das \u010d\u00edtania\" \/>\n\t<meta name=\"twitter:data1\" content=\"1 min\u00fata\" \/>\n<script type=\"application\/ld+json\" class=\"yoast-schema-graph\">{\"@context\":\"https:\\\/\\\/schema.org\",\"@graph\":[{\"@type\":\"WebPage\",\"@id\":\"https:\\\/\\\/www.mounting-systems.com\\\/dach-gewerbe\\\/pv-systeme\\\/schraegdach-serie\\\/\",\"url\":\"https:\\\/\\\/www.mounting-systems.com\\\/dach-gewerbe\\\/pv-systeme\\\/schraegdach-serie\\\/\",\"name\":\"Schr\u00e4gdach-Serie - Mounting Systems\",\"isPartOf\":{\"@id\":\"https:\\\/\\\/www.mounting-systems.com\\\/de\\\/#website\"},\"primaryImageOfPage\":{\"@id\":\"https:\\\/\\\/www.mounting-systems.com\\\/dach-gewerbe\\\/pv-systeme\\\/schraegdach-serie\\\/#primaryimage\"},\"image\":{\"@id\":\"https:\\\/\\\/www.mounting-systems.com\\\/dach-gewerbe\\\/pv-systeme\\\/schraegdach-serie\\\/#primaryimage\"},\"thumbnailUrl\":\"https:\\\/\\\/www.mounting-systems.com\\\/wp-content\\\/uploads\\\/800x600-site-web-5-1-1.png\",\"datePublished\":\"2026-04-23T12:24:12+00:00\",\"dateModified\":\"2026-04-24T13:42:55+00:00\",\"breadcrumb\":{\"@id\":\"https:\\\/\\\/www.mounting-systems.com\\\/dach-gewerbe\\\/pv-systeme\\\/schraegdach-serie\\\/#breadcrumb\"},\"inLanguage\":\"sk-SK\",\"potentialAction\":[{\"@type\":\"ReadAction\",\"target\":[\"https:\\\/\\\/www.mounting-systems.com\\\/dach-gewerbe\\\/pv-systeme\\\/schraegdach-serie\\\/\"]}]},{\"@type\":\"ImageObject\",\"inLanguage\":\"sk-SK\",\"@id\":\"https:\\\/\\\/www.mounting-systems.com\\\/dach-gewerbe\\\/pv-systeme\\\/schraegdach-serie\\\/#primaryimage\",\"url\":\"https:\\\/\\\/www.mounting-systems.com\\\/wp-content\\\/uploads\\\/800x600-site-web-5-1-1.png\",\"contentUrl\":\"https:\\\/\\\/www.mounting-systems.com\\\/wp-content\\\/uploads\\\/800x600-site-web-5-1-1.png\"},{\"@type\":\"BreadcrumbList\",\"@id\":\"https:\\\/\\\/www.mounting-systems.com\\\/dach-gewerbe\\\/pv-systeme\\\/schraegdach-serie\\\/#breadcrumb\",\"itemListElement\":[{\"@type\":\"ListItem\",\"position\":1,\"name\":\"Startseite\",\"item\":\"https:\\\/\\\/www.mounting-systems.com\\\/\"},{\"@type\":\"ListItem\",\"position\":2,\"name\":\"Dach &#038; Gewerbe\",\"item\":\"https:\\\/\\\/www.mounting-systems.com\\\/dach-gewerbe\\\/\"},{\"@type\":\"ListItem\",\"position\":3,\"name\":\"PV-Systeme\",\"item\":\"https:\\\/\\\/www.mounting-systems.com\\\/dach-gewerbe\\\/pv-systeme\\\/\"},{\"@type\":\"ListItem\",\"position\":4,\"name\":\"Schr\u00e4gdach-Serie\"}]},{\"@type\":\"WebSite\",\"@id\":\"https:\\\/\\\/www.mounting-systems.com\\\/de\\\/#website\",\"url\":\"https:\\\/\\\/www.mounting-systems.com\\\/de\\\/\",\"name\":\"Mounting Systems\",\"description\":\"\",\"publisher\":{\"@id\":\"https:\\\/\\\/www.mounting-systems.com\\\/de\\\/#organization\"},\"potentialAction\":[{\"@type\":\"SearchAction\",\"target\":{\"@type\":\"EntryPoint\",\"urlTemplate\":\"https:\\\/\\\/www.mounting-systems.com\\\/de\\\/?s={search_term_string}\"},\"query-input\":{\"@type\":\"PropertyValueSpecification\",\"valueRequired\":true,\"valueName\":\"search_term_string\"}}],\"inLanguage\":\"sk-SK\"},{\"@type\":\"Organization\",\"@id\":\"https:\\\/\\\/www.mounting-systems.com\\\/de\\\/#organization\",\"name\":\"Mounting Systems\",\"url\":\"https:\\\/\\\/www.mounting-systems.com\\\/de\\\/\",\"logo\":{\"@type\":\"ImageObject\",\"inLanguage\":\"sk-SK\",\"@id\":\"https:\\\/\\\/www.mounting-systems.com\\\/de\\\/#\\\/schema\\\/logo\\\/image\\\/\",\"url\":\"https:\\\/\\\/www.mounting-systems.com\\\/wp-content\\\/uploads\\\/2021\\\/01\\\/MSG-Signet-white.png\",\"contentUrl\":\"https:\\\/\\\/www.mounting-systems.com\\\/wp-content\\\/uploads\\\/2021\\\/01\\\/MSG-Signet-white.png\",\"width\":432,\"height\":552,\"caption\":\"Mounting Systems\"},\"image\":{\"@id\":\"https:\\\/\\\/www.mounting-systems.com\\\/de\\\/#\\\/schema\\\/logo\\\/image\\\/\"}}]}<\/script>\n<!-- \/ Yoast SEO plugin. -->","yoast_head_json":{"title":"\u0160ikm\u00e1 strecha - Mont\u00e1\u017ene syst\u00e9my","robots":{"index":"index","follow":"follow","max-snippet":"max-snippet:-1","max-image-preview":"max-image-preview:large","max-video-preview":"max-video-preview:-1"},"canonical":"https:\/\/www.mounting-systems.com\/sk\/obchod-so-strechami\/pv-systemy\/sikma-strecha-serie\/","og_locale":"sk_SK","og_type":"article","og_title":"Schr\u00e4gdach-Serie - Mounting Systems","og_url":"https:\/\/www.mounting-systems.com\/sk\/obchod-so-strechami\/pv-systemy\/sikma-strecha-serie\/","og_site_name":"Mounting Systems","article_modified_time":"2026-04-24T13:42:55+00:00","og_image":[{"url":"https:\/\/www.mounting-systems.com\/wp-content\/uploads\/800x600-site-web-5-1-1.png","type":"","width":"","height":""}],"twitter_card":"summary_large_image","twitter_misc":{"Predpokladan\u00fd \u010das \u010d\u00edtania":"1 min\u00fata"},"schema":{"@context":"https:\/\/schema.org","@graph":[{"@type":"WebPage","@id":"https:\/\/www.mounting-systems.com\/dach-gewerbe\/pv-systeme\/schraegdach-serie\/","url":"https:\/\/www.mounting-systems.com\/dach-gewerbe\/pv-systeme\/schraegdach-serie\/","name":"\u0160ikm\u00e1 strecha - Mont\u00e1\u017ene syst\u00e9my","isPartOf":{"@id":"https:\/\/www.mounting-systems.com\/de\/#website"},"primaryImageOfPage":{"@id":"https:\/\/www.mounting-systems.com\/dach-gewerbe\/pv-systeme\/schraegdach-serie\/#primaryimage"},"image":{"@id":"https:\/\/www.mounting-systems.com\/dach-gewerbe\/pv-systeme\/schraegdach-serie\/#primaryimage"},"thumbnailUrl":"https:\/\/www.mounting-systems.com\/wp-content\/uploads\/800x600-site-web-5-1-1.png","datePublished":"2026-04-23T12:24:12+00:00","dateModified":"2026-04-24T13:42:55+00:00","breadcrumb":{"@id":"https:\/\/www.mounting-systems.com\/dach-gewerbe\/pv-systeme\/schraegdach-serie\/#breadcrumb"},"inLanguage":"sk-SK","potentialAction":[{"@type":"ReadAction","target":["https:\/\/www.mounting-systems.com\/dach-gewerbe\/pv-systeme\/schraegdach-serie\/"]}]},{"@type":"ImageObject","inLanguage":"sk-SK","@id":"https:\/\/www.mounting-systems.com\/dach-gewerbe\/pv-systeme\/schraegdach-serie\/#primaryimage","url":"https:\/\/www.mounting-systems.com\/wp-content\/uploads\/800x600-site-web-5-1-1.png","contentUrl":"https:\/\/www.mounting-systems.com\/wp-content\/uploads\/800x600-site-web-5-1-1.png"},{"@type":"BreadcrumbList","@id":"https:\/\/www.mounting-systems.com\/dach-gewerbe\/pv-systeme\/schraegdach-serie\/#breadcrumb","itemListElement":[{"@type":"ListItem","position":1,"name":"Startseite","item":"https:\/\/www.mounting-systems.com\/"},{"@type":"ListItem","position":2,"name":"Dach &#038; Gewerbe","item":"https:\/\/www.mounting-systems.com\/dach-gewerbe\/"},{"@type":"ListItem","position":3,"name":"PV-Systeme","item":"https:\/\/www.mounting-systems.com\/dach-gewerbe\/pv-systeme\/"},{"@type":"ListItem","position":4,"name":"Schr\u00e4gdach-Serie"}]},{"@type":"WebSite","@id":"https:\/\/www.mounting-systems.com\/de\/#website","url":"https:\/\/www.mounting-systems.com\/de\/","name":"Mont\u00e1\u017ene syst\u00e9my","description":"","publisher":{"@id":"https:\/\/www.mounting-systems.com\/de\/#organization"},"potentialAction":[{"@type":"SearchAction","target":{"@type":"EntryPoint","urlTemplate":"https:\/\/www.mounting-systems.com\/de\/?s={search_term_string}"},"query-input":{"@type":"PropertyValueSpecification","valueRequired":true,"valueName":"search_term_string"}}],"inLanguage":"sk-SK"},{"@type":"Organization","@id":"https:\/\/www.mounting-systems.com\/de\/#organization","name":"Mont\u00e1\u017ene syst\u00e9my","url":"https:\/\/www.mounting-systems.com\/de\/","logo":{"@type":"ImageObject","inLanguage":"sk-SK","@id":"https:\/\/www.mounting-systems.com\/de\/#\/schema\/logo\/image\/","url":"https:\/\/www.mounting-systems.com\/wp-content\/uploads\/2021\/01\/MSG-Signet-white.png","contentUrl":"https:\/\/www.mounting-systems.com\/wp-content\/uploads\/2021\/01\/MSG-Signet-white.png","width":432,"height":552,"caption":"Mounting Systems"},"image":{"@id":"https:\/\/www.mounting-systems.com\/de\/#\/schema\/logo\/image\/"}}]}},"_links":{"self":[{"href":"https:\/\/www.mounting-systems.com\/sk\/wp-json\/wp\/v2\/pages\/25861","targetHints":{"allow":["GET"]}}],"collection":[{"href":"https:\/\/www.mounting-systems.com\/sk\/wp-json\/wp\/v2\/pages"}],"about":[{"href":"https:\/\/www.mounting-systems.com\/sk\/wp-json\/wp\/v2\/types\/page"}],"author":[{"embeddable":true,"href":"https:\/\/www.mounting-systems.com\/sk\/wp-json\/wp\/v2\/users\/20"}],"replies":[{"embeddable":true,"href":"https:\/\/www.mounting-systems.com\/sk\/wp-json\/wp\/v2\/comments?post=25861"}],"version-history":[{"count":33,"href":"https:\/\/www.mounting-systems.com\/sk\/wp-json\/wp\/v2\/pages\/25861\/revisions"}],"predecessor-version":[{"id":26095,"href":"https:\/\/www.mounting-systems.com\/sk\/wp-json\/wp\/v2\/pages\/25861\/revisions\/26095"}],"up":[{"embeddable":true,"href":"https:\/\/www.mounting-systems.com\/sk\/wp-json\/wp\/v2\/pages\/9568"}],"wp:attachment":[{"href":"https:\/\/www.mounting-systems.com\/sk\/wp-json\/wp\/v2\/media?parent=25861"}],"wp:term":[{"taxonomy":"category","embeddable":true,"href":"https:\/\/www.mounting-systems.com\/sk\/wp-json\/wp\/v2\/categories?post=25861"},{"taxonomy":"post_tag","embeddable":true,"href":"https:\/\/www.mounting-systems.com\/sk\/wp-json\/wp\/v2\/tags?post=25861"}],"curies":[{"name":"wp","href":"https:\/\/api.w.org\/{rel}","templated":true}]}}