{"id":25818,"date":"2026-04-23T14:23:53","date_gmt":"2026-04-23T12:23:53","guid":{"rendered":"https:\/\/www.mounting-systems.com\/?page_id=25818"},"modified":"2026-04-24T10:29:13","modified_gmt":"2026-04-24T08:29:13","slug":"plocha-strecha-balastovana","status":"publish","type":"page","link":"https:\/\/www.mounting-systems.com\/sk\/dach-gewerbe\/pv-systeme\/flachdachsysteme\/flachdachsystem-ballastiert\/","title":{"rendered":"Ploch\u00e1 strecha s prehraden\u00e1"},"content":{"rendered":"<div class=\"wp-block-cover has-custom-content-position is-position-bottom-center a-innerblock\">\n    <img loading=\"lazy\" decoding=\"async\" width=\"1920\" height=\"1080\" src=\"https:\/\/www.mounting-systems.com\/wp-content\/uploads\/flat-roof-header-2.jpg\" class=\"hero-image-bg\" alt=\"\" style=\"filter: brightness(1)\" srcset=\"https:\/\/www.mounting-systems.com\/wp-content\/uploads\/flat-roof-header-2.jpg 1920w, https:\/\/www.mounting-systems.com\/wp-content\/uploads\/flat-roof-header-2-800x450.jpg 800w, https:\/\/www.mounting-systems.com\/wp-content\/uploads\/flat-roof-header-2-768x432.jpg 768w, https:\/\/www.mounting-systems.com\/wp-content\/uploads\/flat-roof-header-2-1536x864.jpg 1536w, https:\/\/www.mounting-systems.com\/wp-content\/uploads\/flat-roof-header-2-18x10.jpg 18w\" sizes=\"auto, (max-width: 1920px) 100vw, 1920px\" \/>    <div class=\"wp-block-cover__inner-container\">\n                   <h1 class=\"has-text-align-center arrow-animation\" style=\"color: #FFFFFF;\">Syst\u00e9m ploch\u00fdch striech<\/h1>\n                <div class=\"arrow-down hero-arrow\"><img decoding=\"async\" src=\"https:\/\/www.mounting-systems.com\/wp-content\/themes\/mosys\/images\/hero-arrow.svg\" alt=\"Ikona posunu nadol\"><\/div>\n    <\/div>\n<\/div>\n<div class=\"print-only p-hero-image\">\n    <img loading=\"lazy\" decoding=\"async\" width=\"1920\" height=\"1080\" src=\"https:\/\/www.mounting-systems.com\/wp-content\/uploads\/flat-roof-header-2.jpg\" class=\"attachment-full size-full\" alt=\"\" style=\"filter: brightness(1)\" srcset=\"https:\/\/www.mounting-systems.com\/wp-content\/uploads\/flat-roof-header-2.jpg 1920w, https:\/\/www.mounting-systems.com\/wp-content\/uploads\/flat-roof-header-2-800x450.jpg 800w, https:\/\/www.mounting-systems.com\/wp-content\/uploads\/flat-roof-header-2-768x432.jpg 768w, https:\/\/www.mounting-systems.com\/wp-content\/uploads\/flat-roof-header-2-1536x864.jpg 1536w, https:\/\/www.mounting-systems.com\/wp-content\/uploads\/flat-roof-header-2-18x10.jpg 18w\" sizes=\"auto, (max-width: 1920px) 100vw, 1920px\" \/><\/div>\n\n\n<div class=\"wp-block-group section fullsize\"><div class=\"wp-block-group__inner-container is-layout-constrained wp-block-group-is-layout-constrained\">\n<div class=\"wp-block-group cols-2\"><div class=\"wp-block-group__inner-container is-layout-constrained wp-block-group-is-layout-constrained\">\n<div class=\"wp-block-columns is-layout-flex wp-container-core-columns-is-layout-9d6595d7 wp-block-columns-is-layout-flex\">\n<div class=\"wp-block-column is-layout-flow wp-block-column-is-layout-flow\">\n\n<div class=\"a-innerblock accordion-list accordion-reg-list block-accordion-wrapper\">\n    <div class=\"a-innerblock block-newsheader-wrapper\">\n        <div class=\"block-newsheader-inner\">\n            <div class=\"text-wrapper\">\n                                        <div class=\"section-title\">\n                            <span>Ploch\u00e1 strecha<\/span>\n                        <\/div>\n                                                                                                            <h2>Balastovan\u00fd<\/h2>\n                                                                                                                                        <div class=\"teaser-text\"><p>Nain\u0161talujte svoje fotovoltaick\u00e9 panely na ploch\u00e9 strechy bez preru\u0161enia hydroizol\u00e1cie strechy, v\u010faka balastn\u00fdm mont\u00e1\u017enym syst\u00e9mom navrhnut\u00fdm pre r\u00fdchlu in\u0161tal\u00e1ciu, vysok\u00fa bezpe\u010dnos\u0165 a ochranu hydroizol\u00e1cie strechy.<\/p>\n<p>Tieto rie\u0161enia s\u00fa dostupn\u00e9 v r\u00f4znych konfigur\u00e1ci\u00e1ch a m\u00f4\u017eu by\u0165 prisp\u00f4soben\u00e9 r\u00f4znym po\u017eiadavk\u00e1m na stavenisku:<br \/>\nKonfigur\u00e1cia vo v\u00fdchodo-z\u00e1padnej alebo ju\u017enej orient\u00e1cii,<br \/>\n\u013eahk\u00e9 a predmontovan\u00e9 kon\u0161trukcie,<br \/>\nSovie syst\u00e9my s optimalizovanou aerodynamikou pre v\u00fdrazn\u00e9 zn\u00ed\u017eenie potreby balastu.<\/p>\n<p>Navrhnut\u00e9 pre strechy s n\u00edzkym sklonom (\u2264 5\u00b0), tieto syst\u00e9my s\u00fa kompatibiln\u00e9 s v\u00e4\u010d\u0161inou stre\u0161n\u00fdch kon\u0161trukci\u00ed a umo\u017e\u0148uj\u00fa r\u00fdchlu realiz\u00e1ciu pri s\u00fa\u010dasnom zn\u00ed\u017een\u00ed statick\u00e9ho za\u0165a\u017eenia budovy.<\/p>\n<\/div>\n                                                <\/div>\n        <\/div>\n    <\/div>\n        <div class=\"block-accordion-wrapper-inner\">\n                    <ul class=\"level-1\">\n                                    <li class=\"accordion-wrapper border-b\">\n                                                    <h3 class=\"c-title accordion-btn font-l\">R\u00fdchla a jednoduch\u00e1 mont\u00e1\u017e<\/h3>\n                                                <div class=\"accordion-txt\">\n                            <div>Vopred zmontovan\u00e9 komponenty a inteligentn\u00e9 spojovacie syst\u00e9my umo\u017e\u0148uj\u00fa r\u00fdchlu in\u0161tal\u00e1ciu na stavenisku a v\u00fdrazne zni\u017euj\u00fa n\u00e1roky na mont\u00e1\u017e.<\/div>\n<div class=\"scriptor-paragraph\"><!--ScriptorEndFragment--><\/div>\n                        <\/div>\n                    <\/li>\n                                    <li class=\"accordion-wrapper border-b\">\n                                                    <h3 class=\"c-title accordion-btn font-l\">Optimalizovan\u00e9 balastn\u00e9 za\u0165a\u017eenie a zn\u00ed\u017een\u00e1 z\u00e1\u0165a\u017e strechy<\/h3>\n                                                <div class=\"accordion-txt\">\n                            <div class=\"scriptor-paragraph\">V\u010faka aerodynamicky optimalizovanej kon\u0161trukcii sa zni\u017euje potreba z\u00e1va\u017eia, \u010d\u00edm sa minimalizuje za\u0165a\u017eenie stre\u0161nej kon\u0161trukcie.<\/div>\n                        <\/div>\n                    <\/li>\n                                    <li class=\"accordion-wrapper border-b\">\n                                                    <h3 class=\"c-title accordion-btn font-l\">Flexibilita pre r\u00f4zne projekty<\/h3>\n                                                <div class=\"accordion-txt\">\n                            <p><strong>Z\u00e1\u0165a\u017eov\u00fd mont\u00e1\u017eny syst\u00e9m pre ploch\u00e9 strechy \u2013 V\u00fdchodo-z\u00e1padn\u00e1 orient\u00e1cia<\/strong><\/p>\n<p>R\u00f4zne konfigur\u00e1cie (v\u00fdchod-z\u00e1pad alebo juh) ako aj modul\u00e1rne syst\u00e9my umo\u017e\u0148uj\u00fa prisp\u00f4sobenie r\u00f4znym typom striech a po\u017eiadavk\u00e1m projektu.<\/p>\n                        <\/div>\n                    <\/li>\n                            <\/ul>\n            <\/div>\n<\/div><\/div>\n\n\n\n<div class=\"wp-block-column is-vertically-aligned-center is-layout-flow wp-block-column-is-layout-flow\">\n<figure class=\"wp-block-image size-full is-resized\"><img loading=\"lazy\" decoding=\"async\" width=\"800\" height=\"600\" src=\"https:\/\/www.mounting-systems.com\/wp-content\/uploads\/800x600-site-web-5-1-1.png\" alt=\"\" class=\"wp-image-25723\" style=\"width:503px;height:auto\" srcset=\"https:\/\/www.mounting-systems.com\/wp-content\/uploads\/800x600-site-web-5-1-1.png 800w, https:\/\/www.mounting-systems.com\/wp-content\/uploads\/800x600-site-web-5-1-1-768x576.png 768w, https:\/\/www.mounting-systems.com\/wp-content\/uploads\/800x600-site-web-5-1-1-16x12.png 16w\" sizes=\"auto, (max-width: 800px) 100vw, 800px\" \/><\/figure>\n<\/div>\n<\/div>\n<\/div><\/div>\n<\/div><\/div>\n\n\n\n\n<div class=\"wp-block-group section-headline a-innerblock\" >\n    <div class=\"wp-block-group__inner-container\">\n                        <h2>Na\u0161e produkty<\/h2>\n                <\/div>\n<\/div>\n\n\n<div id=\"speed\" class=\"wp-block-group section fullsize has-black-color has-very-light-gray-background-color has-text-color has-background has-link-color wp-elements-09e1ccbe281b1a4093e016b848656d6f\"><div class=\"wp-block-group__inner-container is-layout-constrained wp-block-group-is-layout-constrained\">\n<div class=\"wp-block-group cols-2\"><div class=\"wp-block-group__inner-container is-layout-constrained wp-block-group-is-layout-constrained\">\n<div class=\"wp-block-columns is-layout-flex wp-container-core-columns-is-layout-9d6595d7 wp-block-columns-is-layout-flex\">\n<div class=\"wp-block-column is-layout-flow wp-block-column-is-layout-flow\">\n\n<div class=\"a-innerblock block-newsheader-wrapper green\">\n    <div class=\"block-newsheader-inner\">\n        <div class=\"text-wrapper\">\n                                <div class=\"section-title\">\n                        <span>V\u0161etky stre\u0161n\u00e9 izol\u00e1cie<\/span>\n                    <\/div>\n                                                <h2>LightX<\/h2>\n                                    <\/div>\n    <\/div>\n<\/div>\n\n\n\n<div class=\"a-innerblock accordion-list accordion-reg-list block-accordion-wrapper\">\n    <div class=\"a-innerblock block-newsheader-wrapper\">\n        <div class=\"block-newsheader-inner\">\n            <div class=\"text-wrapper\">\n                                                                                                            <div class=\"teaser-text\"><p data-start=\"111\" data-end=\"277\"><strong>Z\u00e1\u0165a\u017eov\u00fd mont\u00e1\u017eny syst\u00e9m pre ploch\u00e9 strechy \u2013 V\u00fdchodo-z\u00e1padn\u00e1 orient\u00e1cia<\/strong><\/p>\n<p data-start=\"111\" data-end=\"277\">LightX Speed je \u013eahk\u00fd a predmontovan\u00fd fotovoltaick\u00fd mont\u00e1\u017eny syst\u00e9m navrhnut\u00fd pre r\u00fdchlu in\u0161tal\u00e1ciu bez presakovania stre\u0161nej krytiny.<\/p>\n<p data-start=\"279\" data-end=\"419\">V\u00fdchodo-z\u00e1padn\u00e1 orient\u00e1cia umo\u017e\u0148uje optim\u00e1lne vyu\u017eitie dostupnej stre\u0161nej plochy pri s\u00fa\u010dasne vysokej stabilite vo\u010di za\u0165a\u017eeniu vetrom.<\/p>\n<p data-start=\"421\" data-end=\"511\" data-is-last-node=\"\" data-is-only-node=\"\">Vhodn\u00e9 pre projekty, ktor\u00e9 vy\u017eaduj\u00fa r\u00fdchlu realiz\u00e1ciu a zn\u00ed\u017een\u00e9 za\u0165a\u017eenie strechy.<\/p>\n<\/div>\n                                                <\/div>\n        <\/div>\n    <\/div>\n        <div class=\"block-accordion-wrapper-inner first-opened\">\n            <\/div>\n<\/div><\/div>\n\n\n\n<div class=\"wp-block-column is-layout-flow wp-block-column-is-layout-flow\">\n\n<div class=\"swiper-container-wrapper a-innerblock\">\n    <div class=\"swiper-container gallery-top\">\n        <div class=\"swiper-wrapper\">\n                                                <div class=\"swiper-slide\">\n                                                    <figure class=\"scale-img swiper-slide-img\">\n                                <img loading=\"lazy\" decoding=\"async\" class=\"slide-img\" src=\"https:\/\/www.mounting-systems.com\/wp-content\/uploads\/Design-sans-titre-52.png\" alt=\"\" width=\"635\" height=\"730\">\n                                <figcaption><\/figcaption>\n                            <\/figure>\n                                            <\/div>\n                    <\/div>\n    <\/div>\n    <div class=\"swiper-container gallery-thumbs\">\n        <div class=\"swiper-wrapper\">\n                                                    <figure class=\"swiper-slide-img swiper-slide swiper-thumb\">\n                            <img decoding=\"async\" class=\"slide-img\" src=\"https:\/\/www.mounting-systems.com\/wp-content\/uploads\/Design-sans-titre-52-150x150.png\" alt=\"\">\n                        <\/figure>\n                                        <\/div>\n    <\/div>\n<\/div><\/div>\n<\/div>\n<\/div><\/div>\n<\/div><\/div>\n\n\n\n<div id=\"speed\" class=\"wp-block-group section fullsize has-black-color has-very-light-gray-background-color has-text-color has-background has-link-color wp-elements-95cdc9ca214c2e65c070902e36b99fa2\"><div class=\"wp-block-group__inner-container is-layout-constrained wp-block-group-is-layout-constrained\">\n<div class=\"wp-block-group cols-2\"><div class=\"wp-block-group__inner-container is-layout-constrained wp-block-group-is-layout-constrained\">\n<div class=\"wp-block-columns is-layout-flex wp-container-core-columns-is-layout-9d6595d7 wp-block-columns-is-layout-flex\">\n<div class=\"wp-block-column is-layout-flow wp-block-column-is-layout-flow\">\n\n<div class=\"swiper-container-wrapper a-innerblock\">\n    <div class=\"swiper-container gallery-top\">\n        <div class=\"swiper-wrapper\">\n                                                <div class=\"swiper-slide\">\n                                                    <figure class=\"scale-img swiper-slide-img\">\n                                <img loading=\"lazy\" decoding=\"async\" class=\"slide-img\" src=\"https:\/\/www.mounting-systems.com\/wp-content\/uploads\/Design-sans-titre-53.png\" alt=\"\" width=\"635\" height=\"730\">\n                                <figcaption><\/figcaption>\n                            <\/figure>\n                                            <\/div>\n                    <\/div>\n    <\/div>\n    <div class=\"swiper-container gallery-thumbs\">\n        <div class=\"swiper-wrapper\">\n                                                    <figure class=\"swiper-slide-img swiper-slide swiper-thumb\">\n                            <img decoding=\"async\" class=\"slide-img\" src=\"https:\/\/www.mounting-systems.com\/wp-content\/uploads\/Design-sans-titre-53-150x150.png\" alt=\"\">\n                        <\/figure>\n                                        <\/div>\n    <\/div>\n<\/div><\/div>\n\n\n\n<div class=\"wp-block-column is-layout-flow wp-block-column-is-layout-flow\">\n\n<div class=\"a-innerblock block-newsheader-wrapper green\">\n    <div class=\"block-newsheader-inner\">\n        <div class=\"text-wrapper\">\n                                <div class=\"section-title\">\n                        <span>FD3<\/span>\n                    <\/div>\n                                                <h2>FD3<\/h2>\n                                    <\/div>\n    <\/div>\n<\/div>\n\n\n\n<div class=\"a-innerblock accordion-list accordion-reg-list block-accordion-wrapper\">\n    <div class=\"a-innerblock block-newsheader-wrapper\">\n        <div class=\"block-newsheader-inner\">\n            <div class=\"text-wrapper\">\n                                                                                                            <div class=\"teaser-text\"><p data-start=\"26\" data-end=\"106\"><strong>Z\u00e1vesn\u00fd mont\u00e1\u017eny syst\u00e9m pre ploch\u00e9 strechy \u2013 ju\u017en\u00e1 alebo v\u00fdchodo-z\u00e1padn\u00e1 orient\u00e1cia<\/strong><\/p>\n<p data-start=\"108\" data-end=\"282\">FD3 Premium Line je fotovoltaick\u00fd mont\u00e1\u017eny syst\u00e9m pre ploch\u00e9 strechy, ktor\u00fd pon\u00faka optim\u00e1lnu rovnov\u00e1hu medzi v\u00fdkonom, r\u00fdchlou in\u0161tal\u00e1ciou a zn\u00ed\u017een\u00fdm balastom.<\/p>\n<p data-start=\"284\" data-end=\"543\">Aerodynamicky optimalizovan\u00e1 kon\u0161trukcia umo\u017e\u0148uje v\u00fdrazne zn\u00ed\u017ei\u0165 potrebu z\u00e1\u0165a\u017ee a t\u00fdm zni\u017euje za\u0165a\u017eenie stre\u0161nej kon\u0161trukcie. Zjednodu\u0161en\u00fd mont\u00e1\u017eny syst\u00e9m s r\u00fdchlymi z\u00e1suvn\u00fdmi konektormi u\u013eah\u010duje in\u0161tal\u00e1ciu na stavenisku.<\/p>\n<p data-start=\"545\" data-end=\"658\" data-is-last-node=\"\" data-is-only-node=\"\">Vhodn\u00e9 pre r\u00f4zne konfigur\u00e1cie a projekty, ktor\u00e9 si vy\u017eaduj\u00fa flexibilitu, efektivitu a robustnos\u0165.<\/p>\n<\/div>\n                                                <\/div>\n        <\/div>\n    <\/div>\n        <div class=\"block-accordion-wrapper-inner first-opened\">\n                    <ul class=\"level-1\">\n                                    <li class=\"accordion-wrapper border-b\">\n                                                    <h4 class=\"c-title accordion-btn font-l\">FD3 \u2013 S<\/h4>\n                                                <div class=\"accordion-txt\">\n                            <p data-start=\"794\" data-end=\"954\">FD3-S Premium Line je fotovoltaick\u00fd mont\u00e1\u017eny syst\u00e9m pre ploch\u00e9 strechy s ju\u017enou orient\u00e1ciou, ktor\u00fd zais\u0165uje optimalizovan\u00fa v\u00fdrobu energie a vysok\u00fa stabilitu.<\/p>\n<p data-start=\"956\" data-end=\"1304\">Syst\u00e9m je kompatibiln\u00fd s v\u00e4\u010d\u0161inou stre\u0161n\u00fdch kryt\u00edn a umo\u017e\u0148uje r\u00fdchlu in\u0161tal\u00e1ciu bez preniknutia do stre\u0161n\u00e9ho pl\u00e1\u0161\u0165a. V\u010faka svojej robustnej kon\u0161trukcii a dostupn\u00fdm uhlom sklonu (10\u00b0 alebo 15\u00b0) je ide\u00e1lny pre projekty s vysok\u00fdmi n\u00e1rokmi na v\u00fdkon a spo\u013eahlivos\u0165.<\/p>\n                        <\/div>\n                    <\/li>\n                                    <li class=\"accordion-wrapper border-b\">\n                                                    <h4 class=\"c-title accordion-btn font-l\">FD3 \u2013 EW<\/h4>\n                                                <div class=\"accordion-txt\">\n                            <p data-start=\"752\" data-end=\"822\"><strong data-start=\"752\" data-end=\"822\">Z\u00e1\u0165a\u017eov\u00fd mont\u00e1\u017eny syst\u00e9m pre ploch\u00e9 strechy \u2013 V\u00fdchodo-z\u00e1padn\u00e1 orient\u00e1cia<\/strong><\/p>\n<p data-start=\"824\" data-end=\"1011\">FD3-EW Premium Line je fotovoltaick\u00fd mont\u00e1\u017eny syst\u00e9m pre ploch\u00e9 strechy vo v\u00fdchodo-z\u00e1padnej orient\u00e1cii, ktor\u00fd umo\u017e\u0148uje optim\u00e1lne vyu\u017eitie stre\u0161nej plochy ako aj efekt\u00edvnu v\u00fdrobu energie.<\/p>\n<p data-start=\"1013\" data-end=\"1334\">Z\u00e1\u0165a\u017eov\u00fd syst\u00e9m umo\u017e\u0148uje r\u00fdchlu in\u0161tal\u00e1ciu bez naru\u0161enia hydroizola\u010dnej vrstvy strechy a poskytuje vysok\u00fa stabilitu vo\u010di poveternostn\u00fdm vplyvom. Robustn\u00e1 kon\u0161trukcia a sklon 10\u00b0 z neho robia vhodn\u00e9 rie\u0161enie pre projekty zameran\u00e9 na v\u00fdkon.<\/p>\n                        <\/div>\n                    <\/li>\n                                    <li class=\"accordion-wrapper border-b\">\n                                                    <h4 class=\"c-title accordion-btn font-l\">FD3 \u2013 SolarFix<\/h4>\n                                                <div class=\"accordion-txt\">\n                            <p data-start=\"844\" data-end=\"915\"><strong data-start=\"844\" data-end=\"915\">Hybridn\u00fd mont\u00e1\u017eny syst\u00e9m pre ploch\u00e9 strechy \u2013 z\u00e1\u0165a\u017eov\u00fd alebo kotven\u00fd<\/strong><\/p>\n<p data-start=\"917\" data-end=\"1110\">FD3 Premium Line \u2013 SolarFix je fotovoltaick\u00fd mont\u00e1\u017eny syst\u00e9m pre ploch\u00e9 strechy, ktor\u00fd umo\u017e\u0148uje in\u0161tal\u00e1ciu <strong data-start=\"1019\" data-end=\"1044\">s ballastom alebo bez<\/strong> prostredn\u00edctvom priameho ukotvenia v kon\u0161trukcii budovy.<\/p>\n<p data-start=\"1112\" data-end=\"1444\">Syst\u00e9m pon\u00faka vysok\u00fa flexibilitu a umo\u017e\u0148uje <strong data-start=\"1173\" data-end=\"1232\">Zn\u00ed\u017eenie alebo \u00fapln\u00e9 odstr\u00e1nenie predradn\u00edka<\/strong>, \u010d\u00edm sa minimalizuje z\u00e1\u0165a\u017e strechy. Je kompatibiln\u00fd s r\u00f4znymi podkladmi (bet\u00f3n, trap\u00e9zov\u00fd plech, drevo at\u010f.) a hod\u00ed sa pre r\u00f4zne projektov\u00e9 po\u017eiadavky.<\/p>\n                        <\/div>\n                    <\/li>\n                            <\/ul>\n            <\/div>\n<\/div><\/div>\n<\/div>\n<\/div><\/div>\n<\/div><\/div>\n\n\n\n<div class=\"wp-block-group\"><div class=\"wp-block-group__inner-container is-layout-constrained wp-block-group-is-layout-constrained\">\n<div class=\"wp-block-columns is-style-col-3-9 is-layout-flex wp-container-core-columns-is-layout-9d6595d7 wp-block-columns-is-layout-flex\">\n<div class=\"wp-block-column is-layout-flow wp-block-column-is-layout-flow\" style=\"flex-basis:40%\">\n\n<div class=\"a-innerblock block-newsheader-wrapper green\">\n    <div class=\"block-newsheader-inner\">\n        <div class=\"text-wrapper\">\n                                <div class=\"section-title\">\n                        <span>\u010casto kladen\u00e9 ot\u00e1zky<\/span>\n                    <\/div>\n                                                <h2>Va\u0161e ot\u00e1zky t\u00fdkaj\u00face sa prevzatia<\/h2>\n                                    <\/div>\n    <\/div>\n<\/div><\/div>\n\n\n\n<div class=\"wp-block-column is-layout-flow wp-block-column-is-layout-flow\" style=\"flex-basis:66.66%\">\n\n<div class=\"a-innerblock accordion-list accordion-reg-list block-accordion-wrapper\">\n    <div class=\"a-innerblock block-newsheader-wrapper\">\n        <div class=\"block-newsheader-inner\">\n            <div class=\"text-wrapper\">\n                                                                            <\/div>\n        <\/div>\n    <\/div>\n        <div class=\"block-accordion-wrapper-inner\">\n                    <ul class=\"level-1\">\n                                    <li class=\"accordion-wrapper border-b\">\n                                                    <h4 class=\"c-title accordion-btn font-l\">Bud\u00fa LightX a FD3 na\u010falej dostupn\u00e9?<\/h4>\n                                                <div class=\"accordion-txt\">\n                            <p>Kontinuita produktov m\u00e1 najvy\u0161\u0161iu prioritu. LightX a FD3 zost\u00e1vaj\u00fa plne dostupn\u00e9 \u2013 teraz s podporou priemyseln\u00fdch kapac\u00edt a dod\u00e1vate\u013esk\u00e9ho re\u0165azca spolo\u010dnosti Dome Solar, aby sa zabezpe\u010dila spo\u013eahliv\u00e1 dostupnos\u0165 produktov v akomko\u013evek rozsahu.<\/p>\n                        <\/div>\n                    <\/li>\n                                    <li class=\"accordion-wrapper border-b\">\n                                                    <h4 class=\"c-title accordion-btn font-l\">Plat\u00ed \u201eVyroben\u00e9 v Nemecku\u201c st\u00e1le?<\/h4>\n                                                <div class=\"accordion-txt\">\n                            <p>\u00c1no. P\u00f4vodn\u00ed nemeck\u00ed dod\u00e1vatelia zost\u00e1vaj\u00fa. In\u017einierske normy, po\u017eiadavky na statick\u00e9 v\u00fdpo\u010dty a kontroly kvality zost\u00e1vaj\u00fa nezmenen\u00e9. Nemeck\u00e1 trad\u00edcia v\u00fdroby je k\u013e\u00fa\u010dovou s\u00fa\u010das\u0165ou identity zna\u010dky Mounting Systems.<\/p>\n                        <\/div>\n                    <\/li>\n                                    <li class=\"accordion-wrapper border-b\">\n                                                    <h4 class=\"c-title accordion-btn font-l\">Na koho sa m\u00f4\u017eem obr\u00e1ti\u0165 so \u017eiados\u0165ou o technick\u00fa podporu?<\/h4>\n                                                <div class=\"accordion-txt\">\n                            <p>Va\u0161i existuj\u00faci kontaktn\u00ed pracovn\u00edci zost\u00e1vaj\u00fa nezmenen\u00ed. Dome Solar posiln\u00ed miestne technick\u00e9 t\u00edmy na k\u013e\u00fa\u010dov\u00fdch trhoch \u2014 \u0160panielsko, Po\u013esko, Nemecko, Maroko a \u010fal\u0161ie \u2014 s cie\u013eom zabezpe\u010di\u0165 siln\u00fa podporu pre EPC a in\u0161talat\u00e9rov po\u010das prechodn\u00e9ho obdobia a potom.<\/p>\n                        <\/div>\n                    <\/li>\n                                    <li class=\"accordion-wrapper border-b\">\n                                                    <h4 class=\"c-title accordion-btn font-l\">Ak\u00e9 nov\u00e9 produkty s\u00fa teraz dostupn\u00e9?<\/h4>\n                                                <div class=\"accordion-txt\">\n                            <p>Prostredn\u00edctvom Dome Solar m\u00e1te teraz pr\u00edstup k roz\u0161\u00edren\u00e9mu portf\u00f3liu, ktor\u00e9 zah\u0155\u0148a syst\u00e9my pre \u0161ikm\u00e9 strechy (NPA, TOP, SIDE, Helios B2, Ital Solar, Fibro), rie\u0161enia pre pr\u00edstre\u0161ky pre aut\u00e1 RC3 a syst\u00e9my pre vo\u013en\u00e9 plochy.<\/p>\n                        <\/div>\n                    <\/li>\n                            <\/ul>\n            <\/div>\n<\/div><\/div>\n<\/div>\n<\/div><\/div>\n\n\n\n<div class=\"wp-block-cover\" style=\"min-height:400px;aspect-ratio:unset;\"><span aria-hidden=\"true\" class=\"wp-block-cover__background has-green-background-color has-background-dim-100 has-background-dim\"><\/span><div class=\"wp-block-cover__inner-container is-layout-constrained wp-block-cover-is-layout-constrained\">\n<div class=\"wp-block-group is-horizontal is-content-justification-space-between is-nowrap is-layout-flex wp-container-core-group-is-layout-34e62f51 wp-block-group-is-layout-flex\">\n<p class=\"has-text-align-left has-large-font-size\">Pripraven\u00fd za\u010da\u0165 svoj \u010fal\u0161\u00ed<br><mark style=\"background-color:rgba(0, 0, 0, 0)\" class=\"has-inline-color has-white-color\"><strong>projekt ploch\u00fdch striech?<\/strong><\/mark><\/p>\n\n\n\n<div class=\"wp-block-group\"><div class=\"wp-block-group__inner-container is-layout-constrained wp-block-group-is-layout-constrained\">\n<p class=\"has-text-align-right\"><a href=\"https:\/\/dome-solar.com\/de\/kontakt\/\">Po\u017eiadajte o cenov\u00fa ponuku<\/a><\/p>\n\n\n\n<p class=\"has-text-align-right\"><a href=\"https:\/\/dome-solar.com\/wp-content\/uploads\/dome-solar-catalogue-fr.pdf\" target=\"_blank\" rel=\"noreferrer noopener\">Stiahnite si katal\u00f3g Dome Solar<\/a><\/p>\n<\/div><\/div>\n<\/div>\n<\/div><\/div>","protected":false},"excerpt":{"rendered":"","protected":false},"author":20,"featured_media":0,"parent":605,"menu_order":0,"comment_status":"closed","ping_status":"closed","template":"","meta":{"_acf_changed":false,"footnotes":""},"categories":[18],"tags":[],"class_list":["post-25818","page","type-page","status-publish","hentry","category-dach-gewerbe"],"acf":[],"yoast_head":"<!-- This site is optimized with the Yoast SEO plugin v27.5 - https:\/\/yoast.com\/product\/yoast-seo-wordpress\/ -->\n<title>Flachdachsystem ballastiert - Mounting Systems<\/title>\n<meta name=\"robots\" content=\"index, follow, max-snippet:-1, max-image-preview:large, max-video-preview:-1\" \/>\n<link rel=\"canonical\" href=\"https:\/\/www.mounting-systems.com\/sk\/obchod-so-strechami\/pv-systemy\/systemy-plochych-striech\/plocha-strecha-balastovana\/\" \/>\n<meta property=\"og:locale\" content=\"sk_SK\" \/>\n<meta property=\"og:type\" content=\"article\" \/>\n<meta property=\"og:title\" content=\"Flachdachsystem ballastiert - Mounting Systems\" \/>\n<meta property=\"og:url\" content=\"https:\/\/www.mounting-systems.com\/sk\/obchod-so-strechami\/pv-systemy\/systemy-plochych-striech\/plocha-strecha-balastovana\/\" \/>\n<meta property=\"og:site_name\" content=\"Mounting Systems\" \/>\n<meta property=\"article:modified_time\" content=\"2026-04-24T08:29:13+00:00\" \/>\n<meta property=\"og:image\" content=\"https:\/\/www.mounting-systems.com\/wp-content\/uploads\/800x600-site-web-5-1-1.png\" \/>\n<meta name=\"twitter:card\" content=\"summary_large_image\" \/>\n<meta name=\"twitter:label1\" content=\"Predpokladan\u00fd \u010das \u010d\u00edtania\" \/>\n\t<meta name=\"twitter:data1\" content=\"1 min\u00fata\" \/>\n<script type=\"application\/ld+json\" class=\"yoast-schema-graph\">{\"@context\":\"https:\\\/\\\/schema.org\",\"@graph\":[{\"@type\":\"WebPage\",\"@id\":\"https:\\\/\\\/www.mounting-systems.com\\\/dach-gewerbe\\\/pv-systeme\\\/flachdachsysteme\\\/flachdachsystem-ballastiert\\\/\",\"url\":\"https:\\\/\\\/www.mounting-systems.com\\\/dach-gewerbe\\\/pv-systeme\\\/flachdachsysteme\\\/flachdachsystem-ballastiert\\\/\",\"name\":\"Flachdachsystem ballastiert - Mounting Systems\",\"isPartOf\":{\"@id\":\"https:\\\/\\\/www.mounting-systems.com\\\/de\\\/#website\"},\"primaryImageOfPage\":{\"@id\":\"https:\\\/\\\/www.mounting-systems.com\\\/dach-gewerbe\\\/pv-systeme\\\/flachdachsysteme\\\/flachdachsystem-ballastiert\\\/#primaryimage\"},\"image\":{\"@id\":\"https:\\\/\\\/www.mounting-systems.com\\\/dach-gewerbe\\\/pv-systeme\\\/flachdachsysteme\\\/flachdachsystem-ballastiert\\\/#primaryimage\"},\"thumbnailUrl\":\"https:\\\/\\\/www.mounting-systems.com\\\/wp-content\\\/uploads\\\/800x600-site-web-5-1-1.png\",\"datePublished\":\"2026-04-23T12:23:53+00:00\",\"dateModified\":\"2026-04-24T08:29:13+00:00\",\"breadcrumb\":{\"@id\":\"https:\\\/\\\/www.mounting-systems.com\\\/dach-gewerbe\\\/pv-systeme\\\/flachdachsysteme\\\/flachdachsystem-ballastiert\\\/#breadcrumb\"},\"inLanguage\":\"sk-SK\",\"potentialAction\":[{\"@type\":\"ReadAction\",\"target\":[\"https:\\\/\\\/www.mounting-systems.com\\\/dach-gewerbe\\\/pv-systeme\\\/flachdachsysteme\\\/flachdachsystem-ballastiert\\\/\"]}]},{\"@type\":\"ImageObject\",\"inLanguage\":\"sk-SK\",\"@id\":\"https:\\\/\\\/www.mounting-systems.com\\\/dach-gewerbe\\\/pv-systeme\\\/flachdachsysteme\\\/flachdachsystem-ballastiert\\\/#primaryimage\",\"url\":\"https:\\\/\\\/www.mounting-systems.com\\\/wp-content\\\/uploads\\\/800x600-site-web-5-1-1.png\",\"contentUrl\":\"https:\\\/\\\/www.mounting-systems.com\\\/wp-content\\\/uploads\\\/800x600-site-web-5-1-1.png\"},{\"@type\":\"BreadcrumbList\",\"@id\":\"https:\\\/\\\/www.mounting-systems.com\\\/dach-gewerbe\\\/pv-systeme\\\/flachdachsysteme\\\/flachdachsystem-ballastiert\\\/#breadcrumb\",\"itemListElement\":[{\"@type\":\"ListItem\",\"position\":1,\"name\":\"Startseite\",\"item\":\"https:\\\/\\\/www.mounting-systems.com\\\/\"},{\"@type\":\"ListItem\",\"position\":2,\"name\":\"Dach &#038; Gewerbe\",\"item\":\"https:\\\/\\\/www.mounting-systems.com\\\/dach-gewerbe\\\/\"},{\"@type\":\"ListItem\",\"position\":3,\"name\":\"PV-Systeme\",\"item\":\"https:\\\/\\\/www.mounting-systems.com\\\/dach-gewerbe\\\/pv-systeme\\\/\"},{\"@type\":\"ListItem\",\"position\":4,\"name\":\"Flachdach\",\"item\":\"https:\\\/\\\/www.mounting-systems.com\\\/dach-gewerbe\\\/pv-systeme\\\/flachdachsysteme\\\/\"},{\"@type\":\"ListItem\",\"position\":5,\"name\":\"Flachdachsystem ballastiert\"}]},{\"@type\":\"WebSite\",\"@id\":\"https:\\\/\\\/www.mounting-systems.com\\\/de\\\/#website\",\"url\":\"https:\\\/\\\/www.mounting-systems.com\\\/de\\\/\",\"name\":\"Mounting Systems\",\"description\":\"\",\"publisher\":{\"@id\":\"https:\\\/\\\/www.mounting-systems.com\\\/de\\\/#organization\"},\"potentialAction\":[{\"@type\":\"SearchAction\",\"target\":{\"@type\":\"EntryPoint\",\"urlTemplate\":\"https:\\\/\\\/www.mounting-systems.com\\\/de\\\/?s={search_term_string}\"},\"query-input\":{\"@type\":\"PropertyValueSpecification\",\"valueRequired\":true,\"valueName\":\"search_term_string\"}}],\"inLanguage\":\"sk-SK\"},{\"@type\":\"Organization\",\"@id\":\"https:\\\/\\\/www.mounting-systems.com\\\/de\\\/#organization\",\"name\":\"Mounting Systems\",\"url\":\"https:\\\/\\\/www.mounting-systems.com\\\/de\\\/\",\"logo\":{\"@type\":\"ImageObject\",\"inLanguage\":\"sk-SK\",\"@id\":\"https:\\\/\\\/www.mounting-systems.com\\\/de\\\/#\\\/schema\\\/logo\\\/image\\\/\",\"url\":\"https:\\\/\\\/www.mounting-systems.com\\\/wp-content\\\/uploads\\\/2021\\\/01\\\/MSG-Signet-white.png\",\"contentUrl\":\"https:\\\/\\\/www.mounting-systems.com\\\/wp-content\\\/uploads\\\/2021\\\/01\\\/MSG-Signet-white.png\",\"width\":432,\"height\":552,\"caption\":\"Mounting Systems\"},\"image\":{\"@id\":\"https:\\\/\\\/www.mounting-systems.com\\\/de\\\/#\\\/schema\\\/logo\\\/image\\\/\"}}]}<\/script>\n<!-- \/ Yoast SEO plugin. -->","yoast_head_json":{"title":"Syst\u00e9m plochej strechy s balastom \u2013 Mont\u00e1\u017ene syst\u00e9my","robots":{"index":"index","follow":"follow","max-snippet":"max-snippet:-1","max-image-preview":"max-image-preview:large","max-video-preview":"max-video-preview:-1"},"canonical":"https:\/\/www.mounting-systems.com\/sk\/obchod-so-strechami\/pv-systemy\/systemy-plochych-striech\/plocha-strecha-balastovana\/","og_locale":"sk_SK","og_type":"article","og_title":"Flachdachsystem ballastiert - Mounting Systems","og_url":"https:\/\/www.mounting-systems.com\/sk\/obchod-so-strechami\/pv-systemy\/systemy-plochych-striech\/plocha-strecha-balastovana\/","og_site_name":"Mounting Systems","article_modified_time":"2026-04-24T08:29:13+00:00","og_image":[{"url":"https:\/\/www.mounting-systems.com\/wp-content\/uploads\/800x600-site-web-5-1-1.png","type":"","width":"","height":""}],"twitter_card":"summary_large_image","twitter_misc":{"Predpokladan\u00fd \u010das \u010d\u00edtania":"1 min\u00fata"},"schema":{"@context":"https:\/\/schema.org","@graph":[{"@type":"WebPage","@id":"https:\/\/www.mounting-systems.com\/dach-gewerbe\/pv-systeme\/flachdachsysteme\/flachdachsystem-ballastiert\/","url":"https:\/\/www.mounting-systems.com\/dach-gewerbe\/pv-systeme\/flachdachsysteme\/flachdachsystem-ballastiert\/","name":"Syst\u00e9m plochej strechy s balastom \u2013 Mont\u00e1\u017ene syst\u00e9my","isPartOf":{"@id":"https:\/\/www.mounting-systems.com\/de\/#website"},"primaryImageOfPage":{"@id":"https:\/\/www.mounting-systems.com\/dach-gewerbe\/pv-systeme\/flachdachsysteme\/flachdachsystem-ballastiert\/#primaryimage"},"image":{"@id":"https:\/\/www.mounting-systems.com\/dach-gewerbe\/pv-systeme\/flachdachsysteme\/flachdachsystem-ballastiert\/#primaryimage"},"thumbnailUrl":"https:\/\/www.mounting-systems.com\/wp-content\/uploads\/800x600-site-web-5-1-1.png","datePublished":"2026-04-23T12:23:53+00:00","dateModified":"2026-04-24T08:29:13+00:00","breadcrumb":{"@id":"https:\/\/www.mounting-systems.com\/dach-gewerbe\/pv-systeme\/flachdachsysteme\/flachdachsystem-ballastiert\/#breadcrumb"},"inLanguage":"sk-SK","potentialAction":[{"@type":"ReadAction","target":["https:\/\/www.mounting-systems.com\/dach-gewerbe\/pv-systeme\/flachdachsysteme\/flachdachsystem-ballastiert\/"]}]},{"@type":"ImageObject","inLanguage":"sk-SK","@id":"https:\/\/www.mounting-systems.com\/dach-gewerbe\/pv-systeme\/flachdachsysteme\/flachdachsystem-ballastiert\/#primaryimage","url":"https:\/\/www.mounting-systems.com\/wp-content\/uploads\/800x600-site-web-5-1-1.png","contentUrl":"https:\/\/www.mounting-systems.com\/wp-content\/uploads\/800x600-site-web-5-1-1.png"},{"@type":"BreadcrumbList","@id":"https:\/\/www.mounting-systems.com\/dach-gewerbe\/pv-systeme\/flachdachsysteme\/flachdachsystem-ballastiert\/#breadcrumb","itemListElement":[{"@type":"ListItem","position":1,"name":"Startseite","item":"https:\/\/www.mounting-systems.com\/"},{"@type":"ListItem","position":2,"name":"Dach &#038; Gewerbe","item":"https:\/\/www.mounting-systems.com\/dach-gewerbe\/"},{"@type":"ListItem","position":3,"name":"PV-Systeme","item":"https:\/\/www.mounting-systems.com\/dach-gewerbe\/pv-systeme\/"},{"@type":"ListItem","position":4,"name":"Flachdach","item":"https:\/\/www.mounting-systems.com\/dach-gewerbe\/pv-systeme\/flachdachsysteme\/"},{"@type":"ListItem","position":5,"name":"Flachdachsystem ballastiert"}]},{"@type":"WebSite","@id":"https:\/\/www.mounting-systems.com\/de\/#website","url":"https:\/\/www.mounting-systems.com\/de\/","name":"Mont\u00e1\u017ene syst\u00e9my","description":"","publisher":{"@id":"https:\/\/www.mounting-systems.com\/de\/#organization"},"potentialAction":[{"@type":"SearchAction","target":{"@type":"EntryPoint","urlTemplate":"https:\/\/www.mounting-systems.com\/de\/?s={search_term_string}"},"query-input":{"@type":"PropertyValueSpecification","valueRequired":true,"valueName":"search_term_string"}}],"inLanguage":"sk-SK"},{"@type":"Organization","@id":"https:\/\/www.mounting-systems.com\/de\/#organization","name":"Mont\u00e1\u017ene syst\u00e9my","url":"https:\/\/www.mounting-systems.com\/de\/","logo":{"@type":"ImageObject","inLanguage":"sk-SK","@id":"https:\/\/www.mounting-systems.com\/de\/#\/schema\/logo\/image\/","url":"https:\/\/www.mounting-systems.com\/wp-content\/uploads\/2021\/01\/MSG-Signet-white.png","contentUrl":"https:\/\/www.mounting-systems.com\/wp-content\/uploads\/2021\/01\/MSG-Signet-white.png","width":432,"height":552,"caption":"Mounting Systems"},"image":{"@id":"https:\/\/www.mounting-systems.com\/de\/#\/schema\/logo\/image\/"}}]}},"_links":{"self":[{"href":"https:\/\/www.mounting-systems.com\/sk\/wp-json\/wp\/v2\/pages\/25818","targetHints":{"allow":["GET"]}}],"collection":[{"href":"https:\/\/www.mounting-systems.com\/sk\/wp-json\/wp\/v2\/pages"}],"about":[{"href":"https:\/\/www.mounting-systems.com\/sk\/wp-json\/wp\/v2\/types\/page"}],"author":[{"embeddable":true,"href":"https:\/\/www.mounting-systems.com\/sk\/wp-json\/wp\/v2\/users\/20"}],"replies":[{"embeddable":true,"href":"https:\/\/www.mounting-systems.com\/sk\/wp-json\/wp\/v2\/comments?post=25818"}],"version-history":[{"count":12,"href":"https:\/\/www.mounting-systems.com\/sk\/wp-json\/wp\/v2\/pages\/25818\/revisions"}],"predecessor-version":[{"id":25915,"href":"https:\/\/www.mounting-systems.com\/sk\/wp-json\/wp\/v2\/pages\/25818\/revisions\/25915"}],"up":[{"embeddable":true,"href":"https:\/\/www.mounting-systems.com\/sk\/wp-json\/wp\/v2\/pages\/605"}],"wp:attachment":[{"href":"https:\/\/www.mounting-systems.com\/sk\/wp-json\/wp\/v2\/media?parent=25818"}],"wp:term":[{"taxonomy":"category","embeddable":true,"href":"https:\/\/www.mounting-systems.com\/sk\/wp-json\/wp\/v2\/categories?post=25818"},{"taxonomy":"post_tag","embeddable":true,"href":"https:\/\/www.mounting-systems.com\/sk\/wp-json\/wp\/v2\/tags?post=25818"}],"curies":[{"name":"wp","href":"https:\/\/api.w.org\/{rel}","templated":true}]}}