{"id":25750,"date":"2026-04-23T14:26:26","date_gmt":"2026-04-23T12:26:26","guid":{"rendered":"https:\/\/www.mounting-systems.com\/?page_id=25750"},"modified":"2026-04-24T10:29:16","modified_gmt":"2026-04-24T08:29:16","slug":"o-nas","status":"publish","type":"page","link":"https:\/\/www.mounting-systems.com\/sk\/ueber-uns\/","title":{"rendered":"O n\u00e1s"},"content":{"rendered":"<div class=\"wp-block-cover has-custom-content-position is-position-bottom-center a-innerblock\">\n    <img loading=\"lazy\" decoding=\"async\" width=\"1920\" height=\"1278\" src=\"https:\/\/www.mounting-systems.com\/wp-content\/uploads\/2021\/10\/Pitched-Roof-Mounting-Systems.jpg\" class=\"hero-image-bg\" alt=\"Obr\u00e1zok v\u00fdrobku, 3D vykres\u013eovanie\" style=\"filter: brightness(1)\" srcset=\"https:\/\/www.mounting-systems.com\/wp-content\/uploads\/2021\/10\/Pitched-Roof-Mounting-Systems.jpg 1920w, https:\/\/www.mounting-systems.com\/wp-content\/uploads\/2021\/10\/Pitched-Roof-Mounting-Systems-800x533.jpg 800w, https:\/\/www.mounting-systems.com\/wp-content\/uploads\/2021\/10\/Pitched-Roof-Mounting-Systems-1623x1080.jpg 1623w, https:\/\/www.mounting-systems.com\/wp-content\/uploads\/2021\/10\/Pitched-Roof-Mounting-Systems-768x511.jpg 768w, https:\/\/www.mounting-systems.com\/wp-content\/uploads\/2021\/10\/Pitched-Roof-Mounting-Systems-1536x1022.jpg 1536w, https:\/\/www.mounting-systems.com\/wp-content\/uploads\/2021\/10\/Pitched-Roof-Mounting-Systems-18x12.jpg 18w\" sizes=\"auto, (max-width: 1920px) 100vw, 1920px\" \/>    <div class=\"wp-block-cover__inner-container\">\n                   <h1 class=\"has-text-align-center arrow-animation\" style=\"color: #FFFFFF;\">Mont\u00e1\u017ene syst\u00e9my, <br \/>\r\nteraz zna\u010dka Dome Solar<\/h1>\n                <div class=\"arrow-down hero-arrow\"><img decoding=\"async\" src=\"https:\/\/www.mounting-systems.com\/wp-content\/themes\/mosys\/images\/hero-arrow.svg\" alt=\"Ikona posunu nadol\"><\/div>\n    <\/div>\n<\/div>\n<div class=\"print-only p-hero-image\">\n    <img loading=\"lazy\" decoding=\"async\" width=\"1920\" height=\"1278\" src=\"https:\/\/www.mounting-systems.com\/wp-content\/uploads\/2021\/10\/Pitched-Roof-Mounting-Systems.jpg\" class=\"attachment-full size-full\" alt=\"Obr\u00e1zok v\u00fdrobku, 3D vykres\u013eovanie\" style=\"filter: brightness(1)\" srcset=\"https:\/\/www.mounting-systems.com\/wp-content\/uploads\/2021\/10\/Pitched-Roof-Mounting-Systems.jpg 1920w, https:\/\/www.mounting-systems.com\/wp-content\/uploads\/2021\/10\/Pitched-Roof-Mounting-Systems-800x533.jpg 800w, https:\/\/www.mounting-systems.com\/wp-content\/uploads\/2021\/10\/Pitched-Roof-Mounting-Systems-1623x1080.jpg 1623w, https:\/\/www.mounting-systems.com\/wp-content\/uploads\/2021\/10\/Pitched-Roof-Mounting-Systems-768x511.jpg 768w, https:\/\/www.mounting-systems.com\/wp-content\/uploads\/2021\/10\/Pitched-Roof-Mounting-Systems-1536x1022.jpg 1536w, https:\/\/www.mounting-systems.com\/wp-content\/uploads\/2021\/10\/Pitched-Roof-Mounting-Systems-18x12.jpg 18w\" sizes=\"auto, (max-width: 1920px) 100vw, 1920px\" \/><\/div>\n\n\n<div class=\"wp-block-group\"><div class=\"wp-block-group__inner-container is-layout-constrained wp-block-group-is-layout-constrained\">\n<div class=\"wp-block-group is-content-justification-space-between is-nowrap is-layout-flex wp-container-core-group-is-layout-0dfbf163 wp-block-group-is-layout-flex\">\n<div class=\"wp-block-group is-vertical is-layout-flex wp-container-core-group-is-layout-8cf370e7 wp-block-group-is-layout-flex\">\n<p class=\"has-large-font-size\">1993<\/p>\n\n\n\n<p class=\"has-small-font-size\">Zalo\u017een\u00e9 v Nemecku<\/p>\n<\/div>\n\n\n\n<div class=\"wp-block-group is-vertical is-layout-flex wp-container-core-group-is-layout-8cf370e7 wp-block-group-is-layout-flex\">\n<p class=\"has-large-font-size\">8000+<\/p>\n\n\n\n<p class=\"has-small-font-size\">Ukon\u010den\u00e9 projekty<\/p>\n<\/div>\n\n\n\n<div class=\"wp-block-group is-vertical is-layout-flex wp-container-core-group-is-layout-8cf370e7 wp-block-group-is-layout-flex\">\n<p class=\"has-large-font-size\">13 GW<\/p>\n\n\n\n<p class=\"has-small-font-size\">In\u0161talovan\u00fd v\u00fdkon<\/p>\n<\/div>\n\n\n\n<div class=\"wp-block-group is-vertical is-layout-flex wp-container-core-group-is-layout-8cf370e7 wp-block-group-is-layout-flex\">\n<p class=\"has-large-font-size\">70+<\/p>\n\n\n\n<p class=\"has-small-font-size\">Krajiny<\/p>\n<\/div>\n<\/div>\n<\/div><\/div>\n\n\n\n<div id=\"pv-systeme\" class=\"wp-block-group cols-2\"><div class=\"wp-block-group__inner-container is-layout-flow wp-block-group-is-layout-flow\">\n<div class=\"wp-block-columns is-layout-flex wp-container-core-columns-is-layout-9d6595d7 wp-block-columns-is-layout-flex\">\n<div class=\"wp-block-column is-vertically-aligned-center is-layout-flow wp-block-column-is-layout-flow\">\n<figure class=\"wp-block-image size-full\"><img loading=\"lazy\" decoding=\"async\" width=\"832\" height=\"1056\" src=\"https:\/\/www.mounting-systems.com\/wp-content\/uploads\/2021\/04\/Rangsdorf-Kontakt-2.jpg\" alt=\"Fas\u00e1da centr\u00e1ly s logom Mounting Systems, fotografia\" class=\"wp-image-4170\" srcset=\"https:\/\/www.mounting-systems.com\/wp-content\/uploads\/2021\/04\/Rangsdorf-Kontakt-2.jpg 832w, https:\/\/www.mounting-systems.com\/wp-content\/uploads\/2021\/04\/Rangsdorf-Kontakt-2-630x800.jpg 630w, https:\/\/www.mounting-systems.com\/wp-content\/uploads\/2021\/04\/Rangsdorf-Kontakt-2-768x975.jpg 768w\" sizes=\"auto, (max-width: 832px) 100vw, 832px\" \/><\/figure>\n<\/div>\n\n\n\n<div class=\"wp-block-column is-layout-flow wp-block-column-is-layout-flow\">\n\n<div class=\"a-innerblock block-newsheader-wrapper green\">\n    <div class=\"block-newsheader-inner\">\n        <div class=\"text-wrapper\">\n                                <div class=\"section-title\">\n                        <span>Uzn\u00e1van\u00fd herec u\u017e 30 rokov<\/span>\n                    <\/div>\n                                                <h2>Nad <br \/>\r\nMont\u00e1\u017ene syst\u00e9my<\/h2>\n                                    <\/div>\n    <\/div>\n<\/div>\n\n\n<p>Mounting Systems je nemeck\u00e1 spolo\u010dnos\u0165, ktor\u00e1 sa \u0161pecializuje na v\u00fdvoj a v\u00fdrobu mont\u00e1\u017enych syst\u00e9mov pre fotovoltaick\u00e9 elektr\u00e1rne.<\/p>\n\n\n\n<p>Ako uzn\u00e1van\u00fd hr\u00e1\u010d v odbore vyv\u00edja spolo\u010dnos\u0165 u\u017e takmer 30 rokov rie\u0161enia pre r\u00f4zne typy sol\u00e1rnych projektov, najm\u00e4 pre \u0161ikm\u00e9 a ploch\u00e9 strechy, vo\u013en\u00e9 plochy, pr\u00edstre\u0161ky pre aut\u00e1, ako aj ve\u013ek\u00e9 fotovoltaick\u00e9 elektr\u00e1rne.<\/p>\n\n\n\n<p>Spolo\u010dnos\u0165 sa vyzna\u010duje komplexnou ponukou, ktor\u00e1 integruje produkty, slu\u017eby a logistiku, s jasn\u00fdm zameran\u00edm na kvalitu, spo\u013eahlivos\u0165 a jednoduch\u00fa in\u0161tal\u00e1ciu svojich syst\u00e9mov.<\/p>\n\n\n\n<p>T\u00fdmto sa spolo\u010dnos\u0165 Mounting Systems profiluje ako v\u00fdznamn\u00fd hr\u00e1\u010d v sol\u00e1rnom dod\u00e1vate\u013eskom re\u0165azci, prispieva k optimaliz\u00e1cii v\u00fdkonu a \u017eivotnosti syst\u00e9mov a z\u00e1rove\u0148 podporuje energetick\u00fa transform\u00e1ciu.<\/p>\n\n\n\n<div style=\"height:30px\" aria-hidden=\"true\" class=\"wp-block-spacer\"><\/div>\n<\/div>\n<\/div>\n<\/div><\/div>\n\n\n\n<div id=\"pv-systeme\" class=\"wp-block-group cols-2\"><div class=\"wp-block-group__inner-container is-layout-flow wp-block-group-is-layout-flow\">\n<div class=\"wp-block-columns is-layout-flex wp-container-core-columns-is-layout-9d6595d7 wp-block-columns-is-layout-flex\">\n<div class=\"wp-block-column is-layout-flow wp-block-column-is-layout-flow\">\n\n<div class=\"a-innerblock block-newsheader-wrapper green\">\n    <div class=\"block-newsheader-inner\">\n        <div class=\"text-wrapper\">\n                                <div class=\"section-title\">\n                        <span>Prevzatie \u00b7 marec 2026<\/span>\n                    <\/div>\n                                                <h2>Dome Solar preber\u00e1 Mounting Systems<\/h2>\n                                    <\/div>\n    <\/div>\n<\/div>\n\n\n<p>Dome Solar, franc\u00fazsky l\u00edder v oblasti mont\u00e1\u017enych syst\u00e9mov fotovoltaick\u00fdch panelov na ve\u013ek\u00e9 komer\u010dn\u00e9 a priemyseln\u00e9 strechy, ozn\u00e1mil v marci 2026 akviz\u00edciu vybran\u00fdch strategick\u00fdch akt\u00edv spolo\u010dnosti Mounting Systems \u2013 vr\u00e1tane zna\u010dky, k\u013e\u00fa\u010dov\u00fdch du\u0161evn\u00fdch vlastn\u00edctiev a technol\u00f3gi\u00ed za rie\u0161eniami pre ploch\u00e9 strechy, konkr\u00e9tne <strong>LightX<\/strong> a <strong>FD3<\/strong>.<\/p>\n\n\n\n<p>T\u00e1to transakcia umo\u017e\u0148uje spolo\u010dnosti Dome Solar skombinova\u0165 jedno z najrozsiahlej\u0161\u00edch portf\u00f3li\u00ed mont\u00e1\u017enych syst\u00e9mov na franc\u00fazskom trhu s osved\u010den\u00fdm nemeck\u00fdm in\u017einierstvom v oblasti balastovan\u00fdch syst\u00e9mov, a tak poskytn\u00fa\u0165 spo\u013eahliv\u00e9, vysoko v\u00fdkonn\u00e9 fotovoltaick\u00e9 rie\u0161enia prisp\u00f4soben\u00e9 re\u00e1lnym prev\u00e1dzkov\u00fdm podmienkam.<\/p>\n\n\n\n<p>Cie\u013e je jasn\u00fd: vyu\u017ei\u0165 t\u00fato in\u017einiersku trad\u00edciu a integrova\u0165 ju do robustn\u00e9ho priemyseln\u00e9ho pr\u00edstupu, aby sme e\u0161te lep\u0161ie obsl\u00fa\u017eili rastovo siln\u00e9 trhy v Eur\u00f3pe, severnej Afrike a inde.<\/p>\n\n\n\n<div style=\"height:30px\" aria-hidden=\"true\" class=\"wp-block-spacer\"><\/div>\n\n\n\n<div class=\"wp-block-columns is-layout-flex wp-container-core-columns-is-layout-9d6595d7 wp-block-columns-is-layout-flex\">\n<div class=\"wp-block-column is-layout-flow wp-block-column-is-layout-flow\" style=\"flex-basis:45%\">\n<p><strong>MONT\u00c1\u017dNE SYST\u00c9MY<\/strong><\/p>\n\n\n\n<p class=\"has-text-align-left has-light-gray-color has-text-color has-link-color wp-elements-1273a5ca310e2cd573aa5a6fa2abc2f6\">Zalo\u017een\u00e9 1993 \u00b7 Nemecko<\/p>\n<\/div>\n\n\n\n<div class=\"wp-block-column is-layout-flow wp-block-column-is-layout-flow\" style=\"flex-basis:10%\">\n<p class=\"has-text-align-left has-green-color has-text-color has-link-color has-medium-font-size wp-elements-40abdc14edd8a4e622e158cfe00d339d\"><strong>+<\/strong><\/p>\n<\/div>\n\n\n\n<div class=\"wp-block-column is-layout-flow wp-block-column-is-layout-flow\" style=\"flex-basis:45%\">\n<p><strong>DOME SOLAR<\/strong><\/p>\n\n\n\n<p class=\"has-text-align-left has-light-gray-color has-text-color has-link-color wp-elements-cd5b9eb0f8bd4f14aa65a4f11992ca42\">Zalo\u017een\u00e9 v roku 2008 \u00b7 Franc\u00fazsko \u00b7 Kingspan Group<\/p>\n<\/div>\n<\/div>\n<\/div>\n\n\n\n<div class=\"wp-block-column is-vertically-aligned-center has-black-background-color has-background is-layout-flow wp-block-column-is-layout-flow\">\n<div style=\"height:40px\" aria-hidden=\"true\" class=\"wp-block-spacer\"><\/div>\n\n\n\n<p class=\"has-white-color has-black-background-color has-text-color has-background has-link-color has-medium-font-size wp-elements-7ce1da0cdfe32549a3b74d6383695cea\"><strong>&#8222;<\/strong> \u201cT\u00e1to integr\u00e1cia n\u00e1m umo\u017e\u0148uje spoji\u0165 osved\u010den\u00fa nemeck\u00fa prec\u00edznos\u0165 s na\u0161imi priemyseln\u00fdmi odborn\u00fdmi znalos\u0165ami, aby sme pon\u00fakli spo\u013eahliv\u00e9 a konkurencieschopn\u00e9 rie\u0161enia pre ploch\u00e9 stre\u0161n\u00e9 projekty v Eur\u00f3pe aj mimo nej. Na\u0161ou prioritou je jednoduch\u00e1: pom\u00f4c\u0165 in\u0161talat\u00e9rom a EPC spolo\u010dnostiam stava\u0165 r\u00fdchlej\u0161ie, zn\u00ed\u017ei\u0165 zlo\u017eitosti na stavenisku a zabezpe\u010di\u0165 ich projekty.\u201d<\/p>\n\n\n\n<p class=\"has-text-align-right has-white-color has-black-background-color has-text-color has-background has-link-color wp-elements-3bd861c6ce9ffff153aa103f37971a43\"><strong><mark style=\"background-color:rgba(0, 0, 0, 0);color:#f9c301\" class=\"has-inline-color\">Josselin Noire<\/mark><\/strong> <br>Riadite\u013e spolo\u010dnosti, Dome Solar<\/p>\n\n\n\n<div style=\"height:40px\" aria-hidden=\"true\" class=\"wp-block-spacer\"><\/div>\n<\/div>\n<\/div>\n<\/div><\/div>\n\n\n\n<div id=\"speed\" class=\"wp-block-group section fullsize has-black-color has-very-light-gray-background-color has-text-color has-background has-link-color wp-elements-aca6ee88c59c992fda1105302b552e88\"><div class=\"wp-block-group__inner-container is-layout-constrained wp-block-group-is-layout-constrained\">\n<div class=\"wp-block-group cols-2\"><div class=\"wp-block-group__inner-container is-layout-constrained wp-block-group-is-layout-constrained\">\n\n<div class=\"a-innerblock block-newsheader-wrapper green\">\n    <div class=\"block-newsheader-inner\">\n        <div class=\"text-wrapper\">\n                                <div class=\"section-title\">\n                        <span>Prechod<\/span>\n                    <\/div>\n                                                <h2>\u010co zost\u00e1va.<br \/>\r\n\u010co silnie.<\/h2>\n                                    <\/div>\n    <\/div>\n<\/div>\n\n\n<div class=\"wp-block-columns is-layout-flex wp-container-core-columns-is-layout-9d6595d7 wp-block-columns-is-layout-flex\">\n<div class=\"wp-block-column has-green-background-color has-background is-layout-flow wp-block-column-is-layout-flow\">\n<div class=\"wp-block-group\"><div class=\"wp-block-group__inner-container is-layout-constrained wp-block-group-is-layout-constrained\">\n<div style=\"height:60px\" aria-hidden=\"true\" class=\"wp-block-spacer\"><\/div>\n\n\n\n<p class=\"has-text-align-left has-white-color has-text-color has-link-color has-medium-font-size wp-elements-9becb5374b15d7f3371db8fa459f97ad\"><strong>\u010cO ZOST\u00c1VA NEMENN\u00c9<\/strong><\/p>\n\n\n\n<ul class=\"wp-block-list has-white-color has-text-color has-link-color wp-elements-7a35c944fa1fc3cb76559f8efd3059a9\">\n<li class=\"has-white-color has-text-color has-link-color wp-elements-deba75f2fc9334e6f40a89d83d9fb0c3\"><strong>Nemeck\u00e9 technick\u00e9 normy<\/strong><br>Pr\u00edsne statick\u00e9 v\u00fdpo\u010dty a overen\u00e1 dlh\u00e1 \u017eivotnos\u0165<br><\/li>\n\n\n\n<li><strong>P\u00f4vodn\u00ed nemeck\u00ed dod\u00e1vatelia zost\u00e1vaj\u00fa zachovan\u00ed<\/strong><br>Pre LightX a FD3<br><\/li>\n\n\n\n<li><strong>Zna\u010dka Mounting Systems<\/strong><br>Va\u0161a existuj\u00faca referen\u010dn\u00e1 sie\u0165 vo viac ako 70 krajin\u00e1ch<br><\/li>\n\n\n\n<li><strong>Technick\u00e1 podpora<\/strong><br>Pre in\u0161talat\u00e9rov a EPC spolo\u010dnosti<br><\/li>\n\n\n\n<li><strong>Pln\u00e1 kontinuita produktu<\/strong><br>LightX a FD3 zost\u00e1vaj\u00fa k dispoz\u00edcii<\/li>\n<\/ul>\n\n\n\n<div style=\"height:60px\" aria-hidden=\"true\" class=\"wp-block-spacer\"><\/div>\n<\/div><\/div>\n<\/div>\n\n\n\n<div class=\"wp-block-column has-white-color has-black-background-color has-text-color has-background has-link-color wp-elements-f265ef8a8b4254f4887f82ff58922ba5 is-layout-flow wp-block-column-is-layout-flow\">\n<div style=\"height:60px\" aria-hidden=\"true\" class=\"wp-block-spacer\"><\/div>\n\n\n\n<div class=\"wp-block-group\"><div class=\"wp-block-group__inner-container is-layout-constrained wp-block-group-is-layout-constrained\">\n<p class=\"has-text-align-left has-text-color has-link-color has-medium-font-size wp-elements-705b3a79d1f894f045d4ff0270129ad4\" style=\"color:#f9c301\"><strong>\u010cO SILNIE<\/strong><\/p>\n\n\n\n<ul class=\"wp-block-list\">\n<li><strong>Priemyseln\u00e1 kapacita <\/strong><br>3 v\u00fdrobn\u00e9 z\u00e1vody Dome Solar zabezpe\u010duj\u00fa dod\u00e1vky vo ve\u013ekom meradle<\/li>\n\n\n\n<li><strong>Medzin\u00e1rodn\u00fd dosah<\/strong><br>Strukturalizovan\u00fd predaj v \u0160panielsku, Po\u013esku, Nemecku, Maroku a inde<\/li>\n\n\n\n<li><strong>Roz\u0161\u00edren\u00e9 produktov\u00e9 portf\u00f3lio<\/strong><br>Syst\u00e9my pre \u0161ikm\u00e9 strechy, pr\u00edstre\u0161ky pre aut\u00e1 a vo\u013en\u00e9 plochy s\u00fa teraz k dispoz\u00edcii<\/li>\n\n\n\n<li><strong>Zdroje v oblasti v\u00fdskumu a v\u00fdvoja<\/strong><br>Sol\u00e1rna technol\u00f3gia Dome Labor a \u0161pecializovan\u00e9 testovacie zariadenia<\/li>\n\n\n\n<li><strong>Lok\u00e1lne prisp\u00f4sobenie<\/strong><br>Rie\u0161enia prisp\u00f4soben\u00e9 miestnym norm\u00e1m a predpisom<\/li>\n<\/ul>\n\n\n\n<div style=\"height:60px\" aria-hidden=\"true\" class=\"wp-block-spacer\"><\/div>\n<\/div><\/div>\n<\/div>\n<\/div>\n<\/div><\/div>\n<\/div><\/div>\n\n\n\n\n\n\n\n\n<div class=\"wp-block-group\"><div class=\"wp-block-group__inner-container is-layout-constrained wp-block-group-is-layout-constrained\">\n<div id=\"arbeitshilfen\" class=\"wp-block-group cols-2\"><div class=\"wp-block-group__inner-container is-layout-flow wp-block-group-is-layout-flow\">\n<div class=\"wp-block-columns is-style-default is-layout-flex wp-container-core-columns-is-layout-9d6595d7 wp-block-columns-is-layout-flex\">\n<div class=\"wp-block-column is-vertically-aligned-center is-layout-flow wp-block-column-is-layout-flow\"><div class=\"wp-block-image\">\n<figure class=\"aligncenter size-full\"><img loading=\"lazy\" decoding=\"async\" width=\"635\" height=\"730\" src=\"https:\/\/www.mounting-systems.com\/wp-content\/uploads\/dome-solar-reze.jpg\" alt=\"\" class=\"wp-image-25876\" srcset=\"https:\/\/www.mounting-systems.com\/wp-content\/uploads\/dome-solar-reze.jpg 635w, https:\/\/www.mounting-systems.com\/wp-content\/uploads\/dome-solar-reze-10x12.jpg 10w\" sizes=\"auto, (max-width: 635px) 100vw, 635px\" \/><\/figure>\n<\/div><\/div>\n\n\n\n<div class=\"wp-block-column is-layout-flow wp-block-column-is-layout-flow\">\n\n<div class=\"a-innerblock block-newsheader-wrapper green\">\n    <div class=\"block-newsheader-inner\">\n        <div class=\"text-wrapper\">\n                                <div class=\"section-title\">\n                        <span>Na\u0161a nov\u00e1 matersk\u00e1 spolo\u010dnos\u0165<\/span>\n                    <\/div>\n                                                <h2>Dome Solar \u2014 franc\u00fazsky l\u00edder v oblasti fotovoltaick\u00fdch mont\u00e1\u017enych syst\u00e9mov<\/h2>\n                                    <\/div>\n    <\/div>\n<\/div>\n\n\n<p>Dome Solar vyv\u00edja, vyr\u00e1ba a pred\u00e1va mont\u00e1\u017ene syst\u00e9my pre fotovoltick\u00e9 elektr\u00e1rne na ve\u013ek\u00fdch komer\u010dn\u00fdch a priemyseln\u00fdch strech\u00e1ch, pr\u00edstre\u0161koch a projektoch na vo\u013en\u00fdch ploch\u00e1ch.<\/p>\n\n\n\n<p>Spolo\u010dnos\u0165, ktor\u00fa v roku 2008 spoluzalo\u017eil Jean-Philippe Leray a ktor\u00e1 je dnes s\u00fa\u010das\u0165ou <strong>Kingspan Group<\/strong> sa etabloval ako popredn\u00fd hr\u00e1\u010d a pon\u00faka jeden z najkomplexnej\u0161\u00edch produktov\u00fdch portf\u00f3li\u00ed v odvetv\u00ed \u2013 s viac ako <strong>5 GW in\u0161talovan\u00fd<\/strong> svojimi rie\u0161eniami v Eur\u00f3pe aj mimo nej.<\/p>\n\n\n\n<p>Spolo\u010dnos\u0165 zamestn\u00e1va pribli\u017ene <strong>100 zamestnancov<\/strong> na troch priemyseln\u00fdch miestach a m\u00e1 integrovan\u00e9 laborat\u00f3rium v\u00fdskumu a v\u00fdvoja a vlastn\u00e9 testovacie zariadenia \u2014 priemyseln\u00fa z\u00e1klad\u0148u, ktor\u00e1 teraz podporuje cel\u00fd sortiment spolo\u010dnosti Mounting Systems.<\/p>\n\n\n\n<p><a href=\"https:\/\/dome-solar.com\/de\/\" type=\"link\" id=\"https:\/\/dome-solar.com\/de\/\" class=\"more-btn\">Nav\u0161t\u00edvte dome-solar.com<\/a><\/p>\n<\/div>\n<\/div>\n<\/div><\/div>\n<\/div><\/div>\n\n\n\n<div class=\"wp-block-group section fullsize has-very-light-gray-background-color has-background\"><div class=\"wp-block-group__inner-container is-layout-constrained wp-block-group-is-layout-constrained\">\n<div class=\"wp-block-group cols-2\"><div class=\"wp-block-group__inner-container is-layout-constrained wp-block-group-is-layout-constrained\">\n<div class=\"wp-block-columns is-layout-flex wp-container-core-columns-is-layout-9d6595d7 wp-block-columns-is-layout-flex\">\n<div class=\"wp-block-column is-layout-flow wp-block-column-is-layout-flow\" style=\"flex-basis:45%\">\n\n<div class=\"a-innerblock block-newsheader-wrapper pv-system green\">\n    <div class=\"block-newsheader-inner\">\n        <div class=\"text-wrapper\">\n                                <div class=\"section-title\">\n                        <span>Na\u0161a hist\u00f3ria<\/span>\n                    <\/div>\n                                                <h2>Vy\u0161e 30 rokov in\u017einierskej trad\u00edcie, nov\u00e1 kapitola<br \/>\r\n<br \/>\r\n<\/h2>\n                                    <\/div>\n    <\/div>\n<\/div><\/div>\n\n\n\n<div class=\"wp-block-column is-layout-flow wp-block-column-is-layout-flow\" style=\"flex-basis:55%\">\n<div class=\"wp-block-cp-timeline-content-timeline-block Cool-Content-Timeline no-left-side\"><div class=\"cool-timeline-block-1e1ae766-231b-4834-afe3-9d56d06543c3\"><style>.cool-timeline-block-1e1ae766-231b-4834-afe3-9d56d06543c3 .cool-vertical-timeline-body{--ctlb-content-alignment: left;--ctlb-sub-head-font-family: Arial;--ctlb-line-color: #e5e5e5;--ctlb-icon-bg: #00b0a1;--ctlb-story-border-color: #00b0a1;--ctlb-icon-box-size: 20px;--ctlb-middle-line-size: 2px;}<\/style><div class=\"cool-vertical-timeline-body ctlb-wrapper one-sided left\"><div class=\"cool-timeline-block-list\">\n<div class=\"wp-block-cp-timeline-content-timeline-block-child swiper-slide\"><div class=\"timeline-content icon-false\"><div class=\"timeline-block-timeline ctl-row  position-right\"><div class=\"ctl-6 timeline-block-time\"><\/div><div class=\"timeline-block-icon\"><svg stroke=\"currentColor\" fill=\"currentColor\" stroke-width=\"0\" viewbox=\"0 0 512 512\" height=\"1em\" width=\"1em\" xmlns=\"http:\/\/www.w3.org\/2000\/svg\"><path d=\"M256 8C119 8 8 119 8 256s111 248 248 248 248-111 248-248S393 8 256 8z\"><\/path><\/svg><\/div><div class=\"ctl-6 timeline-block-detail\"><div class=\"story-details\"><div class=\"story-content\">\n<h3 class=\"wp-block-heading ctlb-block-title has-green-color has-text-color has-link-color wp-elements-9383cddae3ebe38acbd9010db1dce79f\" style=\"padding-top:0px;padding-right:0px;padding-bottom:0px;padding-left:0px\"><strong><mark style=\"background-color:rgba(0, 0, 0, 0)\" class=\"has-inline-color has-green-color\">1993<\/mark><\/strong><\/h3>\n\n\n\n<h3 class=\"wp-block-heading ctlb-block-title\" style=\"padding-top:0px;padding-right:0px;padding-bottom:0px;padding-left:0px\"><strong>Mont\u00e1\u017ene syst\u00e9my zalo\u017een\u00e9 v Nemecku<\/strong><\/h3>\n\n\n\n<p class=\"ctlb-block-desc\" style=\"padding-top:0px;padding-right:0px;padding-bottom:0px;padding-left:0px\">In\u017einiersky pr\u00edstup k sol\u00e1rnym fotovoltaick\u00fdm mont\u00e1\u017enym syst\u00e9mom. Pr\u00edsne statick\u00e9 v\u00fdpo\u010dty, overen\u00e1 \u017eivotnos\u0165 \u2014 reput\u00e1cia budovan\u00e1 projekt za projektom.<\/p>\n<\/div><\/div><\/div><\/div><\/div><\/div>\n\n\n\n<div class=\"wp-block-cp-timeline-content-timeline-block-child swiper-slide\"><div class=\"timeline-content icon-false\"><div class=\"timeline-block-timeline ctl-row  position-right\"><div class=\"ctl-6 timeline-block-time\"><\/div><div class=\"timeline-block-icon\"><svg stroke=\"currentColor\" fill=\"currentColor\" stroke-width=\"0\" viewbox=\"0 0 512 512\" height=\"1em\" width=\"1em\" xmlns=\"http:\/\/www.w3.org\/2000\/svg\"><path d=\"M256 8C119 8 8 119 8 256s111 248 248 248 248-111 248-248S393 8 256 8z\"><\/path><\/svg><\/div><div class=\"ctl-6 timeline-block-detail\"><div class=\"story-details\"><div class=\"story-content\">\n<h3 class=\"wp-block-heading ctlb-block-title has-green-color has-text-color has-link-color wp-elements-46432ede92991c1b472e0ce54eca1fc0\" style=\"padding-top:0px;padding-right:0px;padding-bottom:0px;padding-left:0px\"><strong><mark style=\"background-color:rgba(0, 0, 0, 0)\" class=\"has-inline-color has-green-color\">Dvetis\u00edcky<\/mark><\/strong><\/h3>\n\n\n\n<h3 class=\"wp-block-heading ctlb-block-title\" style=\"padding-top:0px;padding-right:0px;padding-bottom:0px;padding-left:0px\"><strong><strong>Medzin\u00e1rodn\u00e1 expanzia<\/strong><\/strong><\/h3>\n\n\n\n<p class=\"ctlb-block-desc\" style=\"padding-top:0px;padding-right:0px;padding-bottom:0px;padding-left:0px\">Rie\u0161enia nasaden\u00e9 vo viac ako 70 krajin\u00e1ch. LightX a FD3 sa etabluj\u00fa ako popredn\u00e9 z\u00e1\u0165a\u017eov\u00e9 ploch\u00e9 stre\u0161n\u00e9 syst\u00e9my.<\/p>\n<\/div><\/div><\/div><\/div><\/div><\/div>\n\n\n\n<div class=\"wp-block-cp-timeline-content-timeline-block-child swiper-slide\"><div class=\"timeline-content icon-false\"><div class=\"timeline-block-timeline ctl-row  position-right\"><div class=\"ctl-6 timeline-block-time\"><\/div><div class=\"timeline-block-icon\"><svg stroke=\"currentColor\" fill=\"currentColor\" stroke-width=\"0\" viewbox=\"0 0 512 512\" height=\"1em\" width=\"1em\" xmlns=\"http:\/\/www.w3.org\/2000\/svg\"><path d=\"M256 8C119 8 8 119 8 256s111 248 248 248 248-111 248-248S393 8 256 8z\"><\/path><\/svg><\/div><div class=\"ctl-6 timeline-block-detail\"><div class=\"story-details\"><div class=\"story-content\">\n<h3 class=\"wp-block-heading ctlb-block-title has-green-color has-text-color has-link-color wp-elements-c27f32d5132c14175912c9f7befb670b\" style=\"padding-top:0px;padding-right:0px;padding-bottom:0px;padding-left:0px\"><strong><mark style=\"background-color:rgba(0, 0, 0, 0)\" class=\"has-inline-color has-green-color\">2008<\/mark><\/strong><\/h3>\n\n\n\n<h3 class=\"wp-block-heading ctlb-block-title\" style=\"padding-top:0px;padding-right:0px;padding-bottom:0px;padding-left:0px\"><strong><strong><strong>Dome Solar, zalo\u017een\u00e1 v Nantes, Franc\u00fazsko<\/strong><\/strong><\/strong><\/h3>\n\n\n\n<p class=\"ctlb-block-desc\" style=\"padding-top:0px;padding-right:0px;padding-bottom:0px;padding-left:0px\">Spoluzalo\u017een\u00e9 spolo\u010dnos\u0165ou Jean-Philippe Leray. Dome Solar sa r\u00fdchlo st\u00e1va franc\u00fazskym l\u00eddrom v oblasti fotovoltaick\u00fdch rie\u0161en\u00ed pre ve\u013ek\u00e9 komer\u010dn\u00e9 a priemyseln\u00e9 strechy.<\/p>\n<\/div><\/div><\/div><\/div><\/div><\/div>\n\n\n\n<div class=\"wp-block-cp-timeline-content-timeline-block-child swiper-slide\"><div class=\"timeline-content icon-false\"><div class=\"timeline-block-timeline ctl-row  position-right\"><div class=\"ctl-6 timeline-block-time\"><\/div><div class=\"timeline-block-icon\"><svg stroke=\"currentColor\" fill=\"currentColor\" stroke-width=\"0\" viewbox=\"0 0 512 512\" height=\"1em\" width=\"1em\" xmlns=\"http:\/\/www.w3.org\/2000\/svg\"><path d=\"M256 8C119 8 8 119 8 256s111 248 248 248 248-111 248-248S393 8 256 8z\"><\/path><\/svg><\/div><div class=\"ctl-6 timeline-block-detail\"><div class=\"story-details\"><div class=\"story-content\">\n<h3 class=\"wp-block-heading ctlb-block-title has-green-color has-text-color has-link-color wp-elements-ccae8faa5df44c2a6573e8844082acf3\" style=\"padding-top:0px;padding-right:0px;padding-bottom:0px;padding-left:0px\"><strong><mark style=\"background-color:rgba(0, 0, 0, 0)\" class=\"has-inline-color has-green-color\">2020<\/mark><\/strong><\/h3>\n\n\n\n<h3 class=\"wp-block-heading ctlb-block-title\" style=\"padding-top:0px;padding-right:0px;padding-bottom:0px;padding-left:0px\"><strong><strong><strong><strong>Dome Solar sa prip\u00e1ja ku Kingspan Group<\/strong><\/strong><\/strong><\/strong><\/h3>\n\n\n\n<p class=\"ctlb-block-desc\" style=\"padding-top:0px;padding-right:0px;padding-bottom:0px;padding-left:0px\">Medzin\u00e1rodn\u00fd rast sa zr\u00fdch\u013euje. Priemyseln\u00e1 kapacita sa roz\u0161iruje s cie\u013eom podpori\u0165 eur\u00f3pske a glob\u00e1lne trhy.<\/p>\n<\/div><\/div><\/div><\/div><\/div><\/div>\n\n\n\n<div class=\"wp-block-cp-timeline-content-timeline-block-child swiper-slide\"><div class=\"timeline-content icon-false\"><div class=\"timeline-block-timeline ctl-row  position-right\"><div class=\"ctl-6 timeline-block-time\"><\/div><div class=\"timeline-block-icon\"><svg stroke=\"currentColor\" fill=\"currentColor\" stroke-width=\"0\" viewbox=\"0 0 512 512\" height=\"1em\" width=\"1em\" xmlns=\"http:\/\/www.w3.org\/2000\/svg\"><path d=\"M256 8C119 8 8 119 8 256s111 248 248 248 248-111 248-248S393 8 256 8z\"><\/path><\/svg><\/div><div class=\"ctl-6 timeline-block-detail\"><div class=\"story-details\"><div class=\"story-content\">\n<h3 class=\"wp-block-heading ctlb-block-title has-text-color has-link-color wp-elements-6408e6ceb56266e8bfe0968d9a31c6e4\" style=\"color:#f9c301;padding-top:0px;padding-right:0px;padding-bottom:0px;padding-left:0px\"><strong>Marec 2026<\/strong><\/h3>\n\n\n\n<h3 class=\"wp-block-heading ctlb-block-title\" style=\"padding-top:0px;padding-right:0px;padding-bottom:0px;padding-left:0px\"><strong>Dome Solar preber\u00e1 Mounting Systems<\/strong><\/h3>\n\n\n\n<p class=\"ctlb-block-desc\" style=\"padding-top:0px;padding-right:0px;padding-bottom:0px;padding-left:0px\">Nemeck\u00e1 in\u017einierska trad\u00edcia sa stret\u00e1va s franc\u00fazskymi priemyseln\u00fdmi kompetenciami. Za\u010d\u00edna sa nov\u00e1 kapitola \u2014 pre obe spolo\u010dnosti aj pre odborn\u00edkov, ktor\u00ed ich sprev\u00e1dzaj\u00fa.<\/p>\n<\/div><\/div><\/div><\/div><\/div><\/div>\n<\/div><\/div><\/div><\/div>\n<\/div>\n<\/div>\n<\/div><\/div>\n<\/div><\/div>\n\n\n\n<div class=\"wp-block-group\"><div class=\"wp-block-group__inner-container is-layout-constrained wp-block-group-is-layout-constrained\">\n<div class=\"wp-block-columns is-style-col-3-9 is-layout-flex wp-container-core-columns-is-layout-9d6595d7 wp-block-columns-is-layout-flex\">\n<div class=\"wp-block-column is-layout-flow wp-block-column-is-layout-flow\" style=\"flex-basis:40%\">\n\n<div class=\"a-innerblock block-newsheader-wrapper green\">\n    <div class=\"block-newsheader-inner\">\n        <div class=\"text-wrapper\">\n                                <div class=\"section-title\">\n                        <span>\u010casto kladen\u00e9 ot\u00e1zky<\/span>\n                    <\/div>\n                                                <h2>Va\u0161e ot\u00e1zky t\u00fdkaj\u00face sa prevzatia<br \/>\r\n<\/h2>\n                                    <\/div>\n    <\/div>\n<\/div><\/div>\n\n\n\n<div class=\"wp-block-column is-layout-flow wp-block-column-is-layout-flow\" style=\"flex-basis:66.66%\">\n\n<div class=\"a-innerblock accordion-list accordion-reg-list block-accordion-wrapper\">\n    <div class=\"a-innerblock block-newsheader-wrapper\">\n        <div class=\"block-newsheader-inner\">\n            <div class=\"text-wrapper\">\n                                                                            <\/div>\n        <\/div>\n    <\/div>\n        <div class=\"block-accordion-wrapper-inner\">\n                    <ul class=\"level-1\">\n                                    <li class=\"accordion-wrapper border-b\">\n                                                    <h4 class=\"c-title accordion-btn font-l\">Bud\u00fa LightX a FD3 na\u010falej dostupn\u00e9?<\/h4>\n                                                <div class=\"accordion-txt\">\n                            <p>Kontinuita produktov m\u00e1 najvy\u0161\u0161iu prioritu. LightX a FD3 zost\u00e1vaj\u00fa plne dostupn\u00e9 \u2013 teraz s podporou priemyseln\u00fdch kapac\u00edt a dod\u00e1vate\u013esk\u00e9ho re\u0165azca spolo\u010dnosti Dome Solar, aby sa zabezpe\u010dila spo\u013eahliv\u00e1 dostupnos\u0165 produktov v akomko\u013evek rozsahu.<\/p>\n                        <\/div>\n                    <\/li>\n                                    <li class=\"accordion-wrapper border-b\">\n                                                    <h4 class=\"c-title accordion-btn font-l\">Plat\u00ed \u201eVyroben\u00e9 v Nemecku\u201c st\u00e1le?<\/h4>\n                                                <div class=\"accordion-txt\">\n                            <p>\u00c1no. P\u00f4vodn\u00ed nemeck\u00ed dod\u00e1vatelia zost\u00e1vaj\u00fa. In\u017einierske normy, po\u017eiadavky na statick\u00e9 v\u00fdpo\u010dty a kontroly kvality zost\u00e1vaj\u00fa nezmenen\u00e9. Nemeck\u00e1 trad\u00edcia v\u00fdroby je k\u013e\u00fa\u010dovou s\u00fa\u010das\u0165ou identity zna\u010dky Mounting Systems.<\/p>\n                        <\/div>\n                    <\/li>\n                                    <li class=\"accordion-wrapper border-b\">\n                                                    <h4 class=\"c-title accordion-btn font-l\">Na koho sa m\u00f4\u017eem obr\u00e1ti\u0165 so \u017eiados\u0165ou o technick\u00fa podporu?<\/h4>\n                                                <div class=\"accordion-txt\">\n                            <p>Va\u0161i existuj\u00faci kontaktn\u00ed pracovn\u00edci zost\u00e1vaj\u00fa nezmenen\u00ed. Dome Solar posiln\u00ed miestne technick\u00e9 t\u00edmy na k\u013e\u00fa\u010dov\u00fdch trhoch \u2014 \u0160panielsko, Po\u013esko, Nemecko, Maroko a \u010fal\u0161ie \u2014 s cie\u013eom zabezpe\u010di\u0165 siln\u00fa podporu pre EPC a in\u0161talat\u00e9rov po\u010das prechodn\u00e9ho obdobia a potom.<\/p>\n                        <\/div>\n                    <\/li>\n                                    <li class=\"accordion-wrapper border-b\">\n                                                    <h4 class=\"c-title accordion-btn font-l\">Ak\u00e9 nov\u00e9 produkty s\u00fa teraz dostupn\u00e9?<\/h4>\n                                                <div class=\"accordion-txt\">\n                            <p>Prostredn\u00edctvom Dome Solar m\u00e1te teraz pr\u00edstup k roz\u0161\u00edren\u00e9mu portf\u00f3liu, ktor\u00e9 zah\u0155\u0148a syst\u00e9my pre \u0161ikm\u00e9 strechy (NPA, TOP, SIDE, Helios B2, Ital Solar, Fibro), rie\u0161enia pre pr\u00edstre\u0161ky pre aut\u00e1 RC3 a syst\u00e9my pre vo\u013en\u00e9 plochy.<\/p>\n                        <\/div>\n                    <\/li>\n                            <\/ul>\n            <\/div>\n<\/div><\/div>\n<\/div>\n<\/div><\/div>\n\n\n\n<div class=\"wp-block-cover\" style=\"min-height:400px;aspect-ratio:unset;\"><span aria-hidden=\"true\" class=\"wp-block-cover__background has-green-background-color has-background-dim-100 has-background-dim\"><\/span><div class=\"wp-block-cover__inner-container is-layout-constrained wp-block-cover-is-layout-constrained\">\n<div class=\"wp-block-group is-horizontal is-content-justification-space-between is-nowrap is-layout-flex wp-container-core-group-is-layout-34e62f51 wp-block-group-is-layout-flex\">\n<p class=\"has-text-align-left has-large-font-size\">Pripraven\u00fd za\u010da\u0165 svoj \u010fal\u0161\u00ed<br><mark style=\"background-color:rgba(0, 0, 0, 0)\" class=\"has-inline-color has-white-color\"><strong>projekt ploch\u00fdch striech?<\/strong><\/mark><\/p>\n\n\n\n<div class=\"wp-block-group\"><div class=\"wp-block-group__inner-container is-layout-constrained wp-block-group-is-layout-constrained\">\n<p class=\"has-text-align-right\"><a href=\"https:\/\/dome-solar.com\/de\/kontakt\/\">Po\u017eiadajte o cenov\u00fa ponuku<\/a><\/p>\n\n\n\n<p class=\"has-text-align-right\"><a href=\"https:\/\/dome-solar.com\/wp-content\/uploads\/dome-solar-catalogue-fr.pdf\" target=\"_blank\" rel=\"noreferrer noopener\">Stiahnite si katal\u00f3g Dome Solar<\/a><\/p>\n<\/div><\/div>\n<\/div>\n<\/div><\/div>\n\n\n\n<p><\/p>","protected":false},"excerpt":{"rendered":"<p>1993 Gegr\u00fcndet in Deutschland 8000+ Abgeschlossene Projekte 13 GW Installierte Leistung 70+ L\u00e4nder Mounting Systems ist ein deutsches Unternehmen, das auf die Entwicklung und Herstellung von Montagesystemen f\u00fcr Photovoltaikanlagen spezialisiert ist. Als anerkannter Akteur der Branche entwickelt das Unternehmen seit fast 30 Jahren L\u00f6sungen f\u00fcr verschiedene Arten von Solarprojekten, insbesondere f\u00fcr Schr\u00e4g- und Flachd\u00e4cher, Freifl\u00e4chenanlagen, [&hellip;]<\/p>\n","protected":false},"author":20,"featured_media":0,"parent":0,"menu_order":10,"comment_status":"closed","ping_status":"closed","template":"","meta":{"_acf_changed":false,"footnotes":""},"categories":[18],"tags":[],"class_list":["post-25750","page","type-page","status-publish","hentry","category-dach-gewerbe"],"acf":[],"yoast_head":"<!-- This site is optimized with the Yoast SEO plugin v27.5 - https:\/\/yoast.com\/product\/yoast-seo-wordpress\/ -->\n<title>\u00dcber uns - Mounting Systems<\/title>\n<meta name=\"description\" content=\"Profitieren Sie von unserer hauseigenen Entwicklungsabteilung, die \u00fcber langj\u00e4hrige Engineering-Erfahrung verf\u00fcgt.\" \/>\n<meta name=\"robots\" content=\"index, follow, max-snippet:-1, max-image-preview:large, max-video-preview:-1\" \/>\n<link rel=\"canonical\" href=\"https:\/\/www.mounting-systems.com\/sk\/o-nas\/\" \/>\n<meta property=\"og:locale\" content=\"sk_SK\" \/>\n<meta property=\"og:type\" content=\"article\" \/>\n<meta property=\"og:title\" content=\"\u00dcber uns - Mounting Systems\" \/>\n<meta property=\"og:description\" content=\"Profitieren Sie von unserer hauseigenen Entwicklungsabteilung, die \u00fcber langj\u00e4hrige Engineering-Erfahrung verf\u00fcgt.\" \/>\n<meta property=\"og:url\" content=\"https:\/\/www.mounting-systems.com\/sk\/o-nas\/\" \/>\n<meta property=\"og:site_name\" content=\"Mounting Systems\" \/>\n<meta property=\"article:modified_time\" content=\"2026-04-24T08:29:16+00:00\" \/>\n<meta property=\"og:image\" content=\"https:\/\/www.mounting-systems.com\/wp-content\/uploads\/2021\/04\/Rangsdorf-Kontakt-2.jpg\" \/>\n<meta name=\"twitter:card\" content=\"summary_large_image\" \/>\n<meta name=\"twitter:label1\" content=\"Predpokladan\u00fd \u010das \u010d\u00edtania\" \/>\n\t<meta name=\"twitter:data1\" content=\"4 min\u00faty\" \/>\n<script type=\"application\/ld+json\" class=\"yoast-schema-graph\">{\"@context\":\"https:\\\/\\\/schema.org\",\"@graph\":[{\"@type\":\"WebPage\",\"@id\":\"https:\\\/\\\/www.mounting-systems.com\\\/ueber-uns\\\/\",\"url\":\"https:\\\/\\\/www.mounting-systems.com\\\/ueber-uns\\\/\",\"name\":\"\u00dcber uns - Mounting Systems\",\"isPartOf\":{\"@id\":\"https:\\\/\\\/www.mounting-systems.com\\\/de\\\/#website\"},\"primaryImageOfPage\":{\"@id\":\"https:\\\/\\\/www.mounting-systems.com\\\/ueber-uns\\\/#primaryimage\"},\"image\":{\"@id\":\"https:\\\/\\\/www.mounting-systems.com\\\/ueber-uns\\\/#primaryimage\"},\"thumbnailUrl\":\"https:\\\/\\\/www.mounting-systems.com\\\/wp-content\\\/uploads\\\/2021\\\/04\\\/Rangsdorf-Kontakt-2.jpg\",\"datePublished\":\"2026-04-23T12:26:26+00:00\",\"dateModified\":\"2026-04-24T08:29:16+00:00\",\"description\":\"Profitieren Sie von unserer hauseigenen Entwicklungsabteilung, die \u00fcber langj\u00e4hrige Engineering-Erfahrung verf\u00fcgt.\",\"breadcrumb\":{\"@id\":\"https:\\\/\\\/www.mounting-systems.com\\\/ueber-uns\\\/#breadcrumb\"},\"inLanguage\":\"sk-SK\",\"potentialAction\":[{\"@type\":\"ReadAction\",\"target\":[\"https:\\\/\\\/www.mounting-systems.com\\\/ueber-uns\\\/\"]}]},{\"@type\":\"ImageObject\",\"inLanguage\":\"sk-SK\",\"@id\":\"https:\\\/\\\/www.mounting-systems.com\\\/ueber-uns\\\/#primaryimage\",\"url\":\"https:\\\/\\\/www.mounting-systems.com\\\/wp-content\\\/uploads\\\/2021\\\/04\\\/Rangsdorf-Kontakt-2.jpg\",\"contentUrl\":\"https:\\\/\\\/www.mounting-systems.com\\\/wp-content\\\/uploads\\\/2021\\\/04\\\/Rangsdorf-Kontakt-2.jpg\"},{\"@type\":\"BreadcrumbList\",\"@id\":\"https:\\\/\\\/www.mounting-systems.com\\\/ueber-uns\\\/#breadcrumb\",\"itemListElement\":[{\"@type\":\"ListItem\",\"position\":1,\"name\":\"Startseite\",\"item\":\"https:\\\/\\\/www.mounting-systems.com\\\/\"},{\"@type\":\"ListItem\",\"position\":2,\"name\":\"\u00dcber uns\"}]},{\"@type\":\"WebSite\",\"@id\":\"https:\\\/\\\/www.mounting-systems.com\\\/de\\\/#website\",\"url\":\"https:\\\/\\\/www.mounting-systems.com\\\/de\\\/\",\"name\":\"Mounting Systems\",\"description\":\"\",\"publisher\":{\"@id\":\"https:\\\/\\\/www.mounting-systems.com\\\/de\\\/#organization\"},\"potentialAction\":[{\"@type\":\"SearchAction\",\"target\":{\"@type\":\"EntryPoint\",\"urlTemplate\":\"https:\\\/\\\/www.mounting-systems.com\\\/de\\\/?s={search_term_string}\"},\"query-input\":{\"@type\":\"PropertyValueSpecification\",\"valueRequired\":true,\"valueName\":\"search_term_string\"}}],\"inLanguage\":\"sk-SK\"},{\"@type\":\"Organization\",\"@id\":\"https:\\\/\\\/www.mounting-systems.com\\\/de\\\/#organization\",\"name\":\"Mounting Systems\",\"url\":\"https:\\\/\\\/www.mounting-systems.com\\\/de\\\/\",\"logo\":{\"@type\":\"ImageObject\",\"inLanguage\":\"sk-SK\",\"@id\":\"https:\\\/\\\/www.mounting-systems.com\\\/de\\\/#\\\/schema\\\/logo\\\/image\\\/\",\"url\":\"https:\\\/\\\/www.mounting-systems.com\\\/wp-content\\\/uploads\\\/2021\\\/01\\\/MSG-Signet-white.png\",\"contentUrl\":\"https:\\\/\\\/www.mounting-systems.com\\\/wp-content\\\/uploads\\\/2021\\\/01\\\/MSG-Signet-white.png\",\"width\":432,\"height\":552,\"caption\":\"Mounting Systems\"},\"image\":{\"@id\":\"https:\\\/\\\/www.mounting-systems.com\\\/de\\\/#\\\/schema\\\/logo\\\/image\\\/\"}}]}<\/script>\n<!-- \/ Yoast SEO plugin. -->","yoast_head_json":{"title":"O n\u00e1s - Mont\u00e1\u017ene syst\u00e9my","description":"Vyu\u017eite v\u00fdhody n\u00e1\u0161ho vlastn\u00e9ho v\u00fdvojov\u00e9ho oddelenia, ktor\u00e9 m\u00e1 dlhoro\u010dn\u00e9 sk\u00fasenosti s in\u017einierstvom.","robots":{"index":"index","follow":"follow","max-snippet":"max-snippet:-1","max-image-preview":"max-image-preview:large","max-video-preview":"max-video-preview:-1"},"canonical":"https:\/\/www.mounting-systems.com\/sk\/o-nas\/","og_locale":"sk_SK","og_type":"article","og_title":"\u00dcber uns - Mounting Systems","og_description":"Profitieren Sie von unserer hauseigenen Entwicklungsabteilung, die \u00fcber langj\u00e4hrige Engineering-Erfahrung verf\u00fcgt.","og_url":"https:\/\/www.mounting-systems.com\/sk\/o-nas\/","og_site_name":"Mounting Systems","article_modified_time":"2026-04-24T08:29:16+00:00","og_image":[{"url":"https:\/\/www.mounting-systems.com\/wp-content\/uploads\/2021\/04\/Rangsdorf-Kontakt-2.jpg","type":"","width":"","height":""}],"twitter_card":"summary_large_image","twitter_misc":{"Predpokladan\u00fd \u010das \u010d\u00edtania":"4 min\u00faty"},"schema":{"@context":"https:\/\/schema.org","@graph":[{"@type":"WebPage","@id":"https:\/\/www.mounting-systems.com\/ueber-uns\/","url":"https:\/\/www.mounting-systems.com\/ueber-uns\/","name":"O n\u00e1s - Mont\u00e1\u017ene syst\u00e9my","isPartOf":{"@id":"https:\/\/www.mounting-systems.com\/de\/#website"},"primaryImageOfPage":{"@id":"https:\/\/www.mounting-systems.com\/ueber-uns\/#primaryimage"},"image":{"@id":"https:\/\/www.mounting-systems.com\/ueber-uns\/#primaryimage"},"thumbnailUrl":"https:\/\/www.mounting-systems.com\/wp-content\/uploads\/2021\/04\/Rangsdorf-Kontakt-2.jpg","datePublished":"2026-04-23T12:26:26+00:00","dateModified":"2026-04-24T08:29:16+00:00","description":"Vyu\u017eite v\u00fdhody n\u00e1\u0161ho vlastn\u00e9ho v\u00fdvojov\u00e9ho oddelenia, ktor\u00e9 m\u00e1 dlhoro\u010dn\u00e9 sk\u00fasenosti s in\u017einierstvom.","breadcrumb":{"@id":"https:\/\/www.mounting-systems.com\/ueber-uns\/#breadcrumb"},"inLanguage":"sk-SK","potentialAction":[{"@type":"ReadAction","target":["https:\/\/www.mounting-systems.com\/ueber-uns\/"]}]},{"@type":"ImageObject","inLanguage":"sk-SK","@id":"https:\/\/www.mounting-systems.com\/ueber-uns\/#primaryimage","url":"https:\/\/www.mounting-systems.com\/wp-content\/uploads\/2021\/04\/Rangsdorf-Kontakt-2.jpg","contentUrl":"https:\/\/www.mounting-systems.com\/wp-content\/uploads\/2021\/04\/Rangsdorf-Kontakt-2.jpg"},{"@type":"BreadcrumbList","@id":"https:\/\/www.mounting-systems.com\/ueber-uns\/#breadcrumb","itemListElement":[{"@type":"ListItem","position":1,"name":"Startseite","item":"https:\/\/www.mounting-systems.com\/"},{"@type":"ListItem","position":2,"name":"\u00dcber uns"}]},{"@type":"WebSite","@id":"https:\/\/www.mounting-systems.com\/de\/#website","url":"https:\/\/www.mounting-systems.com\/de\/","name":"Mont\u00e1\u017ene syst\u00e9my","description":"","publisher":{"@id":"https:\/\/www.mounting-systems.com\/de\/#organization"},"potentialAction":[{"@type":"SearchAction","target":{"@type":"EntryPoint","urlTemplate":"https:\/\/www.mounting-systems.com\/de\/?s={search_term_string}"},"query-input":{"@type":"PropertyValueSpecification","valueRequired":true,"valueName":"search_term_string"}}],"inLanguage":"sk-SK"},{"@type":"Organization","@id":"https:\/\/www.mounting-systems.com\/de\/#organization","name":"Mont\u00e1\u017ene syst\u00e9my","url":"https:\/\/www.mounting-systems.com\/de\/","logo":{"@type":"ImageObject","inLanguage":"sk-SK","@id":"https:\/\/www.mounting-systems.com\/de\/#\/schema\/logo\/image\/","url":"https:\/\/www.mounting-systems.com\/wp-content\/uploads\/2021\/01\/MSG-Signet-white.png","contentUrl":"https:\/\/www.mounting-systems.com\/wp-content\/uploads\/2021\/01\/MSG-Signet-white.png","width":432,"height":552,"caption":"Mounting Systems"},"image":{"@id":"https:\/\/www.mounting-systems.com\/de\/#\/schema\/logo\/image\/"}}]}},"_links":{"self":[{"href":"https:\/\/www.mounting-systems.com\/sk\/wp-json\/wp\/v2\/pages\/25750","targetHints":{"allow":["GET"]}}],"collection":[{"href":"https:\/\/www.mounting-systems.com\/sk\/wp-json\/wp\/v2\/pages"}],"about":[{"href":"https:\/\/www.mounting-systems.com\/sk\/wp-json\/wp\/v2\/types\/page"}],"author":[{"embeddable":true,"href":"https:\/\/www.mounting-systems.com\/sk\/wp-json\/wp\/v2\/users\/20"}],"replies":[{"embeddable":true,"href":"https:\/\/www.mounting-systems.com\/sk\/wp-json\/wp\/v2\/comments?post=25750"}],"version-history":[{"count":106,"href":"https:\/\/www.mounting-systems.com\/sk\/wp-json\/wp\/v2\/pages\/25750\/revisions"}],"predecessor-version":[{"id":26059,"href":"https:\/\/www.mounting-systems.com\/sk\/wp-json\/wp\/v2\/pages\/25750\/revisions\/26059"}],"wp:attachment":[{"href":"https:\/\/www.mounting-systems.com\/sk\/wp-json\/wp\/v2\/media?parent=25750"}],"wp:term":[{"taxonomy":"category","embeddable":true,"href":"https:\/\/www.mounting-systems.com\/sk\/wp-json\/wp\/v2\/categories?post=25750"},{"taxonomy":"post_tag","embeddable":true,"href":"https:\/\/www.mounting-systems.com\/sk\/wp-json\/wp\/v2\/tags?post=25750"}],"curies":[{"name":"wp","href":"https:\/\/api.w.org\/{rel}","templated":true}]}}