{"id":25718,"date":"2026-04-23T14:23:40","date_gmt":"2026-04-23T12:23:40","guid":{"rendered":"https:\/\/www.mounting-systems.com\/?page_id=25718"},"modified":"2026-04-24T15:44:41","modified_gmt":"2026-04-24T13:44:41","slug":"plocha-strecha","status":"publish","type":"page","link":"https:\/\/www.mounting-systems.com\/sk\/dach-gewerbe\/pv-systeme\/flachdachsysteme\/flachdachsystem\/","title":{"rendered":"Ploch\u00e1 strecha"},"content":{"rendered":"<div class=\"wp-block-cover has-custom-content-position is-position-bottom-center a-innerblock\">\n    <img loading=\"lazy\" decoding=\"async\" width=\"1920\" height=\"1080\" src=\"https:\/\/www.mounting-systems.com\/wp-content\/uploads\/flat-roof-header-3.jpg\" class=\"hero-image-bg\" alt=\"\" style=\"filter: brightness(1)\" srcset=\"https:\/\/www.mounting-systems.com\/wp-content\/uploads\/flat-roof-header-3.jpg 1920w, https:\/\/www.mounting-systems.com\/wp-content\/uploads\/flat-roof-header-3-800x450.jpg 800w, https:\/\/www.mounting-systems.com\/wp-content\/uploads\/flat-roof-header-3-768x432.jpg 768w, https:\/\/www.mounting-systems.com\/wp-content\/uploads\/flat-roof-header-3-1536x864.jpg 1536w, https:\/\/www.mounting-systems.com\/wp-content\/uploads\/flat-roof-header-3-18x10.jpg 18w\" sizes=\"auto, (max-width: 1920px) 100vw, 1920px\" \/>    <div class=\"wp-block-cover__inner-container\">\n                   <h1 class=\"has-text-align-center arrow-animation\" style=\"color: #FFFFFF;\">Syst\u00e9m ploch\u00fdch striech<\/h1>\n                <div class=\"arrow-down hero-arrow\"><img decoding=\"async\" src=\"https:\/\/www.mounting-systems.com\/wp-content\/themes\/mosys\/images\/hero-arrow.svg\" alt=\"Ikona posunu nadol\"><\/div>\n    <\/div>\n<\/div>\n<div class=\"print-only p-hero-image\">\n    <img loading=\"lazy\" decoding=\"async\" width=\"1920\" height=\"1080\" src=\"https:\/\/www.mounting-systems.com\/wp-content\/uploads\/flat-roof-header-3.jpg\" class=\"attachment-full size-full\" alt=\"\" style=\"filter: brightness(1)\" srcset=\"https:\/\/www.mounting-systems.com\/wp-content\/uploads\/flat-roof-header-3.jpg 1920w, https:\/\/www.mounting-systems.com\/wp-content\/uploads\/flat-roof-header-3-800x450.jpg 800w, https:\/\/www.mounting-systems.com\/wp-content\/uploads\/flat-roof-header-3-768x432.jpg 768w, https:\/\/www.mounting-systems.com\/wp-content\/uploads\/flat-roof-header-3-1536x864.jpg 1536w, https:\/\/www.mounting-systems.com\/wp-content\/uploads\/flat-roof-header-3-18x10.jpg 18w\" sizes=\"auto, (max-width: 1920px) 100vw, 1920px\" \/><\/div>\n\n\n<div class=\"wp-block-group section fullsize\"><div class=\"wp-block-group__inner-container is-layout-constrained wp-block-group-is-layout-constrained\">\n<div class=\"wp-block-group cols-2\"><div class=\"wp-block-group__inner-container is-layout-constrained wp-block-group-is-layout-constrained\">\n<div class=\"wp-block-columns is-layout-flex wp-container-core-columns-is-layout-9d6595d7 wp-block-columns-is-layout-flex\">\n<div class=\"wp-block-column is-layout-flow wp-block-column-is-layout-flow\">\n\n<div class=\"a-innerblock accordion-list accordion-reg-list block-accordion-wrapper\">\n    <div class=\"a-innerblock block-newsheader-wrapper\">\n        <div class=\"block-newsheader-inner\">\n            <div class=\"text-wrapper\">\n                                        <div class=\"section-title\">\n                            <span>Roz\u0161\u00edren\u00e1 ponuka mont\u00e1\u017enych syst\u00e9mov s rie\u0161eniami od Dome Solar<\/span>\n                        <\/div>\n                                                                                                            <h2>Syst\u00e9my ploch\u00fdch striech<\/h2>\n                                                                                                                                        <div class=\"teaser-text\"><p>Nain\u0161talujte svoje fotovoltaick\u00e9 panely na ploch\u00e9 strechy r\u00fdchlo a spo\u013eahlivo s na\u0161\u00edm komplexn\u00fdm sortimentom mont\u00e1\u017enych syst\u00e9mov pre stre\u0161n\u00e9 terasy.<\/p>\n<p>\u0160peci\u00e1lne vyvinut\u00e9 pre strechy so sklonom do 10 %, bez oh\u013eadu na to, \u010di s\u00fa vybaven\u00e9 bit\u00famenov\u00fdmi, PVC, TPO alebo EPDM membr\u00e1nami.<\/p>\n<p>Pre strechy EVALON m\u00f4\u017eu by\u0165 na\u0161e syst\u00e9my pou\u017eit\u00e9 pri sklone strechy a\u017e do 37 %.<\/p>\n<\/div>\n                                                <\/div>\n        <\/div>\n    <\/div>\n        <div class=\"block-accordion-wrapper-inner\">\n                    <ul class=\"level-1\">\n                                    <li class=\"accordion-wrapper border-b\">\n                                                    <h3 class=\"c-title accordion-btn font-l\">R\u00fdchla a jednoduch\u00e1 in\u0161tal\u00e1cia<\/h3>\n                                                <div class=\"accordion-txt\">\n                            <p>Mont\u00e1\u017ene syst\u00e9my Dome Solar s\u00fa navrhnut\u00e9 pre r\u00fdchlu, jednoduch\u00fa in\u0161tal\u00e1ciu bez nutnosti v\u0155tania. Ich inteligentn\u00fd dizajn zais\u0165uje efekt\u00edvnu mont\u00e1\u017e bez naru\u0161enia tesnosti hydroizola\u010dn\u00fdch f\u00f3li\u00ed.<\/p>\n                        <\/div>\n                    <\/li>\n                                    <li class=\"accordion-wrapper border-b\">\n                                                    <h3 class=\"c-title accordion-btn font-l\">Overen\u00e9 rie\u0161enia<\/h3>\n                                                <div class=\"accordion-txt\">\n                            <p>Cel\u00fd n\u00e1\u0161 sortiment je overovan\u00fd technick\u00fdm pos\u00faden\u00edm (ATec), hodnoten\u00edm nov\u00fdch techn\u00edk (ETN) alebo technick\u00fdm pos\u00faden\u00edm sk\u00fa\u0161obnej prev\u00e1dzky (ATEx), ktor\u00e9 zaru\u010duj\u00fa robustnos\u0165 a spo\u013eahlivos\u0165 na\u0161ich mont\u00e1\u017enych syst\u00e9mov.<\/p>\n                        <\/div>\n                    <\/li>\n                                    <li class=\"accordion-wrapper border-b\">\n                                                    <h3 class=\"c-title accordion-btn font-l\">Kvalitn\u00e9 kovov\u00e9 spojovacie prvky<\/h3>\n                                                <div class=\"accordion-txt\">\n                            <p>Nain\u0161talujte svoje fotovoltaick\u00e9 moduly na ploch\u00e9 strechy r\u00fdchlo a spo\u013eahlivo s na\u0161\u00edm komplexn\u00fdm sortimentom mont\u00e1\u017enych syst\u00e9mov pre ploch\u00e9 strechy.<\/p>\n<p>\u0160peci\u00e1lne vyvinut\u00e9 pre strechy so sklonom do 10 %, bez oh\u013eadu na to, \u010di s\u00fa vybaven\u00e9 bit\u00famenov\u00fdmi, PVC, TPO alebo EPDM izol\u00e1ciami.<\/p>\n<p>Pre strechy EVALON m\u00f4\u017eu by\u0165 na\u0161e syst\u00e9my pou\u017eit\u00e9 pri sklone strechy a\u017e do 37 %.<\/p>\n                        <\/div>\n                    <\/li>\n                            <\/ul>\n            <\/div>\n<\/div><\/div>\n\n\n\n<div class=\"wp-block-column is-vertically-aligned-center is-layout-flow wp-block-column-is-layout-flow\">\n<figure class=\"wp-block-image size-full is-resized\"><img loading=\"lazy\" decoding=\"async\" width=\"800\" height=\"600\" src=\"https:\/\/www.mounting-systems.com\/wp-content\/uploads\/800x600-site-web-5-1-1.png\" alt=\"\" class=\"wp-image-25723\" style=\"width:503px;height:auto\" srcset=\"https:\/\/www.mounting-systems.com\/wp-content\/uploads\/800x600-site-web-5-1-1.png 800w, https:\/\/www.mounting-systems.com\/wp-content\/uploads\/800x600-site-web-5-1-1-768x576.png 768w, https:\/\/www.mounting-systems.com\/wp-content\/uploads\/800x600-site-web-5-1-1-16x12.png 16w\" sizes=\"auto, (max-width: 800px) 100vw, 800px\" \/><\/figure>\n<\/div>\n<\/div>\n<\/div><\/div>\n<\/div><\/div>\n\n\n\n\n<div class=\"wp-block-group section-headline a-innerblock\" >\n    <div class=\"wp-block-group__inner-container\">\n                        <h2>Na\u0161e produkty<\/h2>\n                <\/div>\n<\/div>\n\n\n<div id=\"speed\" class=\"wp-block-group section fullsize has-black-color has-very-light-gray-background-color has-text-color has-background has-link-color wp-elements-778ca9ae8f3cf6f9b568feffdb8ecbaf\"><div class=\"wp-block-group__inner-container is-layout-constrained wp-block-group-is-layout-constrained\">\n<div class=\"wp-block-group cols-2\"><div class=\"wp-block-group__inner-container is-layout-constrained wp-block-group-is-layout-constrained\">\n<div class=\"wp-block-columns is-layout-flex wp-container-core-columns-is-layout-9d6595d7 wp-block-columns-is-layout-flex\">\n<div class=\"wp-block-column is-layout-flow wp-block-column-is-layout-flow\">\n\n<div class=\"a-innerblock block-newsheader-wrapper green\">\n    <div class=\"block-newsheader-inner\">\n        <div class=\"text-wrapper\">\n                                <div class=\"section-title\">\n                        <span>Ploch\u00e1 strecha<\/span>\n                    <\/div>\n                                                <h2>Sol\u00e1rny stre\u0161n\u00fd bit\u00famen<\/h2>\n                                    <\/div>\n    <\/div>\n<\/div>\n\n\n\n<div class=\"a-innerblock accordion-list accordion-reg-list block-accordion-wrapper\">\n    <div class=\"a-innerblock block-newsheader-wrapper\">\n        <div class=\"block-newsheader-inner\">\n            <div class=\"text-wrapper\">\n                                                                                                            <div class=\"teaser-text\"><p><a href=\"https:\/\/dome-solar.com\/de\/befestigung-photovoltaikmodul\/roof-solar-bitumen\/\">Sol\u00e1rny stre\u0161n\u00fd bit\u00famen<\/a> Stre\u0161n\u00fd sol\u00e1rny bitum\u00e9n je ide\u00e1lnym rie\u0161en\u00edm na in\u0161tal\u00e1ciu fotovoltaick\u00fdch panelov na bit\u00famenov\u00e9 ploch\u00e9 strechy bez z\u00e1va\u017eia alebo prepichovania. Dostupn\u00fd aj v 10\u00b0 sklonenej verzii, kombinuje v\u00fdkon s ochranou hydroizol\u00e1cie.<\/p>\n<\/div>\n                                                <\/div>\n        <\/div>\n    <\/div>\n        <div class=\"block-accordion-wrapper-inner\">\n                    <ul class=\"level-1\">\n                                    <li class=\"accordion-wrapper border-b\">\n                                                    <h4 class=\"c-title accordion-btn font-l\">Stre\u0161n\u00e9 sol\u00e1rne bit\u00famenov\u00e9 \u0161ikm\u00e9<\/h4>\n                                                <div class=\"accordion-txt\">\n                            <p><a href=\"https:\/\/dome-solar.com\/de\/befestigung-photovoltaikmodul\/roof-solar-bitumen-geneigt\/\">Sol\u00e1rna stre\u0161n\u00e1 krytina Bit\u00famenov\u00e1 \u0161ikm\u00e1<\/a> Stre\u0161n\u00fd sol\u00e1rny bit\u00famen \u0161ikm\u00fd je fotovoltaick\u00fd mont\u00e1\u017eny syst\u00e9m na in\u0161tal\u00e1ciu sol\u00e1rnych panelov na ploch\u00e9 strechy. Je \u0161peci\u00e1lne navrhnut\u00fd pre budovy, ktor\u00fdch strecha je vybaven\u00e1 bit\u00famenovou hydroizol\u00e1ciou. In\u0161tal\u00e1cia fotovoltaick\u00fdch panelov je zjednodu\u0161en\u00e1 bez nutnosti za\u0165a\u017eenia alebo prenikania do hydroizola\u010dnej vrstvy.<\/p>\n<p>Pou\u017eitie 60 cm dlh\u00fdch <a href=\"https:\/\/dome-solar.com\/de\/befestigung-photovoltaikmodul\/roof-solar-bitumen-geneigt\/\">Sol\u00e1rna stre\u0161n\u00e1 krytina Bit\u00famenov\u00e1 \u0161ikm\u00e1<\/a>-Ko\u013eajnice umo\u017e\u0148uj\u00fa line\u00e1rne (nie bodov\u00e9) rozlo\u017eenie za\u0165a\u017eenia, \u010d\u00edm sa zni\u017euje riziko pretla\u010denia.<\/p>\n<p><a href=\"https:\/\/dome-solar.com\/de\/befestigung-photovoltaikmodul\/roof-solar-bitumen-geneigt\/\">Objavte produkt<\/a><\/p>\n                        <\/div>\n                    <\/li>\n                                    <li class=\"accordion-wrapper border-b\">\n                                                    <h4 class=\"c-title accordion-btn font-l\">Stre\u0161n\u00fd sol\u00e1rny bitumen ploch\u00fd<\/h4>\n                                                <div class=\"accordion-txt\">\n                            <p><a href=\"https:\/\/dome-solar.com\/de\/befestigung-photovoltaikmodul\/roof-solar-bitumen\/\">Sol\u00e1rny stre\u0161n\u00fd bit\u00famen<\/a> Roof-Solar Bitumen je upev\u0148ovac\u00ed syst\u00e9m na in\u0161tal\u00e1ciu fotovoltaick\u00fdch panelov na ploch\u00e9 strechy. Je \u0161peci\u00e1lne navrhnut\u00fd pre budovy, ktor\u00fdch strecha je pokryt\u00e1 asfaltov\u00fdm hydroizola\u010dn\u00fdm p\u00e1som. Umo\u017e\u0148uje jednoduch\u00fa in\u0161tal\u00e1ciu fotovoltaick\u00fdch panelov bez nutnosti dodato\u010dn\u00e9ho za\u0165a\u017eenia alebo prer\u00e1\u017eania hydroizol\u00e1cie, \u010d\u00edm je plne zachovan\u00e1 integrita budovy.<\/p>\n<p>Pou\u017eitie 60 cm dlh\u00fdch stre\u0161n\u00fdch sol\u00e1rnych bitumenov\u00fdch ko\u013eajn\u00edc umo\u017e\u0148uje line\u00e1rne (nie bodov\u00e9) rozlo\u017eenie z\u00e1\u0165a\u017ee, \u010d\u00edm sa zni\u017euje riziko pretla\u010denia.<\/p>\n<p><a tabindex=\"0\" href=\"https:\/\/dome-solar.com\/de\/befestigung-photovoltaikmodul\/roof-solar-bitumen\/\">Objavte produkt<\/a><\/p>\n                        <\/div>\n                    <\/li>\n                            <\/ul>\n            <\/div>\n<\/div><\/div>\n\n\n\n<div class=\"wp-block-column is-layout-flow wp-block-column-is-layout-flow\">\n\n<div class=\"swiper-container-wrapper a-innerblock\">\n    <div class=\"swiper-container gallery-top\">\n        <div class=\"swiper-wrapper\">\n                                                <div class=\"swiper-slide\">\n                                                    <figure class=\"scale-img swiper-slide-img\">\n                                <img loading=\"lazy\" decoding=\"async\" class=\"slide-img\" src=\"https:\/\/www.mounting-systems.com\/wp-content\/uploads\/Domesolar-RSB600-BITUMEFIXATION-HAUTEFIXATION-BASSECOLLIERCTR-Assemblage-Visuel3D-1-fond-clair-670x800.png\" alt=\"Obr\u00e1zok stre\u0161n\u00e9ho sol\u00e1rneho produktu\" width=\"670\" height=\"800\">\n                                <figcaption>Stre\u0161n\u00e1 sol\u00e1rna Bitumen<\/figcaption>\n                            <\/figure>\n                                            <\/div>\n                    <\/div>\n    <\/div>\n    <div class=\"swiper-container gallery-thumbs\">\n        <div class=\"swiper-wrapper\">\n                                                    <figure class=\"swiper-slide-img swiper-slide swiper-thumb\">\n                            <img decoding=\"async\" class=\"slide-img\" src=\"https:\/\/www.mounting-systems.com\/wp-content\/uploads\/Domesolar-RSB600-BITUMEFIXATION-HAUTEFIXATION-BASSECOLLIERCTR-Assemblage-Visuel3D-1-fond-clair-150x150.png\" alt=\"Obr\u00e1zok stre\u0161n\u00e9ho sol\u00e1rneho produktu\">\n                        <\/figure>\n                                        <\/div>\n    <\/div>\n<\/div><\/div>\n<\/div>\n<\/div><\/div>\n<\/div><\/div>\n\n\n\n<div id=\"speed\" class=\"wp-block-group section fullsize has-black-color has-very-light-gray-background-color has-text-color has-background has-link-color wp-elements-e282cde3abb24afabd06cffbe18d4844\"><div class=\"wp-block-group__inner-container is-layout-constrained wp-block-group-is-layout-constrained\">\n<div class=\"wp-block-group cols-2\"><div class=\"wp-block-group__inner-container is-layout-constrained wp-block-group-is-layout-constrained\">\n<div class=\"wp-block-columns is-layout-flex wp-container-core-columns-is-layout-9d6595d7 wp-block-columns-is-layout-flex\">\n<div class=\"wp-block-column is-layout-flow wp-block-column-is-layout-flow\">\n\n<div class=\"swiper-container-wrapper a-innerblock\">\n    <div class=\"swiper-container gallery-top\">\n        <div class=\"swiper-wrapper\">\n                                                <div class=\"swiper-slide\">\n                                                    <figure class=\"scale-img swiper-slide-img\">\n                                <img loading=\"lazy\" decoding=\"async\" class=\"slide-img\" src=\"https:\/\/www.mounting-systems.com\/wp-content\/uploads\/roof-solar-pvc.jpg\" alt=\"\" width=\"635\" height=\"730\">\n                                <figcaption><\/figcaption>\n                            <\/figure>\n                                            <\/div>\n                    <\/div>\n    <\/div>\n    <div class=\"swiper-container gallery-thumbs\">\n        <div class=\"swiper-wrapper\">\n                                                    <figure class=\"swiper-slide-img swiper-slide swiper-thumb\">\n                            <img decoding=\"async\" class=\"slide-img\" src=\"https:\/\/www.mounting-systems.com\/wp-content\/uploads\/roof-solar-pvc-150x150.jpg\" alt=\"\">\n                        <\/figure>\n                                        <\/div>\n    <\/div>\n<\/div><\/div>\n\n\n\n<div class=\"wp-block-column is-layout-flow wp-block-column-is-layout-flow\">\n\n<div class=\"a-innerblock block-newsheader-wrapper green\">\n    <div class=\"block-newsheader-inner\">\n        <div class=\"text-wrapper\">\n                                <div class=\"section-title\">\n                        <span>Ploch\u00e1 strecha<\/span>\n                    <\/div>\n                                                <h2>Stre\u0161n\u00fd fotovoltick\u00fd PVC<\/h2>\n                                    <\/div>\n    <\/div>\n<\/div>\n\n\n\n<div class=\"a-innerblock accordion-list accordion-reg-list block-accordion-wrapper\">\n    <div class=\"a-innerblock block-newsheader-wrapper\">\n        <div class=\"block-newsheader-inner\">\n            <div class=\"text-wrapper\">\n                                                                                                            <div class=\"teaser-text\"><p>Roof-Solar PVC je fotovoltaick\u00fd upev\u0148ovac\u00ed syst\u00e9m vyvinut\u00fd pre ploch\u00e9 strechy s PVC hydroizola\u010dn\u00fdmi f\u00f3liami. Bez za\u0165a\u017eenia alebo prer\u00e1\u017eania u\u013eah\u010duje in\u0161tal\u00e1ciu a rovnomerne rozklad\u00e1 za\u0165a\u017eenie, \u010d\u00edm zni\u017euje riziko prelomenia.<\/p>\n<\/div>\n                                                <\/div>\n        <\/div>\n    <\/div>\n        <div class=\"block-accordion-wrapper-inner first-opened\">\n                    <ul class=\"level-1\">\n                                    <li class=\"accordion-wrapper border-b\">\n                                                    <h4 class=\"c-title accordion-btn font-l\">Stre\u0161n\u00fd sol\u00e1rny syst\u00e9m PVC \u0161ikm\u00fd<\/h4>\n                                                <div class=\"accordion-txt\">\n                            <p><a href=\"https:\/\/dome-solar.com\/de\/befestigung-photovoltaikmodul\/roof-solar-pvc-geneigt\/\">Stre\u0161n\u00e1 fotovoltika z PVC so \u0161ikmou strechou<\/a> Roof-Solar PVC Geneigt je fotovoltaick\u00fd mont\u00e1\u017eny syst\u00e9m na in\u0161tal\u00e1ciu sol\u00e1rnych panelov na ploch\u00e9 strechy. Je \u0161peci\u00e1lne navrhnut\u00fd pre budovy so syntetickou PVC hydroizola\u010dnou vrstvou. Mont\u00e1\u017e fotovoltaick\u00fdch panelov je u\u013eah\u010den\u00e1 bez z\u00e1\u0165a\u017eenia alebo prieniku do hydroizola\u010dnej vrstvy.<\/p>\n<p>Pou\u017eitie 60 cm dlh\u00fdch naklonen\u00fdch stre\u0161n\u00fdch PVC ko\u013eajn\u00edc umo\u017e\u0148uje line\u00e1rne (a nie bodov\u00e9) rozlo\u017eenie za\u0165a\u017eenia, \u010d\u00edm sa zni\u017euje riziko pretla\u010denia.<\/p>\n<p><!--StartFragment --><\/p>\n<p class=\"pf0\"><a href=\"https:\/\/dome-solar.com\/de\/befestigung-photovoltaikmodul\/roof-solar-pvc-geneigt\/\"><span class=\"cf0\">Objavte produkt <\/span><\/a><\/p>\n<p><!--EndFragment --><\/p>\n                        <\/div>\n                    <\/li>\n                                    <li class=\"accordion-wrapper border-b\">\n                                                    <h4 class=\"c-title accordion-btn font-l\">Strecha-Sol\u00e1rne PVC Ploch\u00e9<\/h4>\n                                                <div class=\"accordion-txt\">\n                            <p><a href=\"https:\/\/dome-solar.com\/de\/befestigung-photovoltaikmodul\/roof-solar-pvc\/\">Stre\u0161n\u00fd fotovoltick\u00fd PVC<\/a> Roof-Solar PVC Geneigt je fotovoltaick\u00fd mont\u00e1\u017eny syst\u00e9m na in\u0161tal\u00e1ciu sol\u00e1rnych panelov na ploch\u00e9 strechy. Je \u0161peci\u00e1lne navrhnut\u00fd pre budovy so syntetickou PVC hydroizola\u010dnou vrstvou. Mont\u00e1\u017e fotovoltaick\u00fdch panelov je u\u013eah\u010den\u00e1 bez z\u00e1\u0165a\u017eenia alebo prieniku do hydroizola\u010dnej vrstvy.<\/p>\n<p>Pou\u017eitie 60 cm dlh\u00fdch stre\u0161n\u00fdch sol\u00e1rnych PVC ko\u013eajn\u00edc umo\u017e\u0148uje line\u00e1rne (nie bodov\u00e9) rozlo\u017eenie z\u00e1\u0165a\u017ee, \u010d\u00edm sa zni\u017euje riziko pretl\u00e1\u010dania.<\/p>\n<p><!--StartFragment --><\/p>\n<p class=\"pf0\"><a href=\"https:\/\/dome-solar.com\/de\/befestigung-photovoltaikmodul\/roof-solar-pvc\/\"><span class=\"cf0\">Objavte produkt <\/span><\/a><\/p>\n<p><!--EndFragment --><\/p>\n                        <\/div>\n                    <\/li>\n                            <\/ul>\n            <\/div>\n<\/div><\/div>\n<\/div>\n<\/div><\/div>\n<\/div><\/div>\n\n\n\n<div id=\"speed\" class=\"wp-block-group section fullsize has-black-color has-very-light-gray-background-color has-text-color has-background has-link-color wp-elements-57eb68a84783871296857a42c5f81ff2\"><div class=\"wp-block-group__inner-container is-layout-constrained wp-block-group-is-layout-constrained\">\n<div class=\"wp-block-group cols-2\"><div class=\"wp-block-group__inner-container is-layout-constrained wp-block-group-is-layout-constrained\">\n<div class=\"wp-block-columns is-layout-flex wp-container-core-columns-is-layout-9d6595d7 wp-block-columns-is-layout-flex\">\n<div class=\"wp-block-column is-layout-flow wp-block-column-is-layout-flow\">\n\n<div class=\"a-innerblock block-newsheader-wrapper green\">\n    <div class=\"block-newsheader-inner\">\n        <div class=\"text-wrapper\">\n                                <div class=\"section-title\">\n                        <span>Ploch\u00e1 strecha<\/span>\n                    <\/div>\n                                                <h2>Stre\u0161n\u00e1 f\u00f3lia TPO<\/h2>\n                                    <\/div>\n    <\/div>\n<\/div>\n\n\n\n<div class=\"a-innerblock accordion-list accordion-reg-list block-accordion-wrapper\">\n    <div class=\"a-innerblock block-newsheader-wrapper\">\n        <div class=\"block-newsheader-inner\">\n            <div class=\"text-wrapper\">\n                                                                                                            <div class=\"teaser-text\"><p>Roof-Solar TPO je fotovoltaick\u00fd upev\u0148ovac\u00ed syst\u00e9m ur\u010den\u00fd pre ploch\u00e9 strechy s hydroizola\u010dn\u00fdmi p\u00e1smi TPO. Bez z\u00e1\u0165a\u017eenia alebo prieniku u\u013eah\u010duje in\u0161tal\u00e1ciu sol\u00e1rnych panelov a z\u00e1rove\u0148 zachov\u00e1va tesnos\u0165. Li\u0161ty s d\u013a\u017ekou 60 cm zais\u0165uj\u00fa line\u00e1rne rozlo\u017eenie za\u0165a\u017eenia a zni\u017euj\u00fa riziko pretla\u010denia.<\/p>\n<\/div>\n                                                <\/div>\n        <\/div>\n    <\/div>\n        <div class=\"block-accordion-wrapper-inner first-opened\">\n                    <ul class=\"level-1\">\n                                    <li class=\"accordion-wrapper border-b\">\n                                                    <h4 class=\"c-title accordion-btn font-l\">Stre\u0161n\u00e1 f\u00f3lia TPO pre \u0161ikm\u00e9 strechy<\/h4>\n                                                <div class=\"accordion-txt\">\n                            <p><a href=\"https:\/\/dome-solar.com\/de\/befestigung-photovoltaikmodul\/roof-solar-tpo-geneigt\/\">Stre\u0161n\u00e9 Sol\u00e1rne TPO \u0160ikm\u00e9<\/a> Roof-Solar TPO Geneigt je fotovoltaick\u00fd upev\u0148ovac\u00ed syst\u00e9m na in\u0161tal\u00e1ciu sol\u00e1rnych panelov na syntetick\u00e9 ploch\u00e9 strechy. Je \u0161peci\u00e1lne navrhnut\u00fd pre budovy, ktor\u00fdch strecha je pokryt\u00e1 hydroizola\u010dnou membr\u00e1nou TPO. In\u0161tal\u00e1cia fotovoltaick\u00fdch modulov je zjednodu\u0161en\u00e1 bez potreby za\u0165a\u017eenia alebo prerazenia hydroizola\u010dnej membr\u00e1ny.<\/p>\n<p>Pou\u017eitie 60 alebo 120 cm dlh\u00fdch \u0161ikm\u00fdch stre\u0161n\u00fdch TPO ko\u013eajn\u00edc umo\u017e\u0148uje line\u00e1rne (nie bodov\u00e9) rozlo\u017eenie za\u0165a\u017eenia, \u010d\u00edm sa zni\u017euje riziko prelia\u010denia.<\/p>\n<p><!--StartFragment --><\/p>\n<p class=\"pf0\"><a href=\"https:\/\/dome-solar.com\/de\/befestigung-photovoltaikmodul\/roof-solar-tpo-geneigt\/\"><span class=\"cf0\">Objavte produkt <\/span><\/a><\/p>\n<p><!--EndFragment --><\/p>\n                        <\/div>\n                    <\/li>\n                                    <li class=\"accordion-wrapper border-b\">\n                                                    <h4 class=\"c-title accordion-btn font-l\">Stre\u0161n\u00e9 sol\u00e1rne TPO ploch\u00e9<\/h4>\n                                                <div class=\"accordion-txt\">\n                            <p><a href=\"https:\/\/dome-solar.com\/de\/befestigung-photovoltaikmodul\/roof-solar-tpo\/\">Stre\u0161n\u00e1 f\u00f3lia TPO<\/a> Roof-Solar TPO Geneigt je fotovoltaick\u00fd upev\u0148ovac\u00ed syst\u00e9m na in\u0161tal\u00e1ciu sol\u00e1rnych panelov na syntetick\u00e9 ploch\u00e9 strechy. Je \u0161peci\u00e1lne navrhnut\u00fd pre budovy, ktor\u00fdch strecha je pokryt\u00e1 hydroizola\u010dnou membr\u00e1nou TPO. In\u0161tal\u00e1cia fotovoltaick\u00fdch modulov je zjednodu\u0161en\u00e1 bez potreby za\u0165a\u017eenia alebo prerazenia hydroizola\u010dnej membr\u00e1ny.<\/p>\n<p>Pou\u017eitie 60 cm dlh\u00fdch stre\u0161n\u00fdch sol\u00e1rnych ko\u013eajn\u00edc TPO umo\u017e\u0148uje line\u00e1rne (nie bodov\u00e9) rozlo\u017eenie za\u0165a\u017eenia, \u010d\u00edm sa zni\u017euje riziko prieniku.<\/p>\n<p><!--StartFragment --><\/p>\n<p class=\"pf0\"><a href=\"https:\/\/dome-solar.com\/de\/befestigung-photovoltaikmodul\/roof-solar-tpo\/\"><span class=\"cf0\">Objavte produkt <\/span><\/a><\/p>\n<p><!--EndFragment --><\/p>\n                        <\/div>\n                    <\/li>\n                            <\/ul>\n            <\/div>\n<\/div><\/div>\n\n\n\n<div class=\"wp-block-column is-layout-flow wp-block-column-is-layout-flow\">\n\n<div class=\"swiper-container-wrapper a-innerblock\">\n    <div class=\"swiper-container gallery-top\">\n        <div class=\"swiper-wrapper\">\n                                                <div class=\"swiper-slide\">\n                                                    <figure class=\"scale-img swiper-slide-img\">\n                                <img loading=\"lazy\" decoding=\"async\" class=\"slide-img\" src=\"https:\/\/www.mounting-systems.com\/wp-content\/uploads\/roof-solar-TPO.jpg\" alt=\"\" width=\"635\" height=\"730\">\n                                <figcaption><\/figcaption>\n                            <\/figure>\n                                            <\/div>\n                    <\/div>\n    <\/div>\n    <div class=\"swiper-container gallery-thumbs\">\n        <div class=\"swiper-wrapper\">\n                                                    <figure class=\"swiper-slide-img swiper-slide swiper-thumb\">\n                            <img decoding=\"async\" class=\"slide-img\" src=\"https:\/\/www.mounting-systems.com\/wp-content\/uploads\/roof-solar-TPO-150x150.jpg\" alt=\"\">\n                        <\/figure>\n                                        <\/div>\n    <\/div>\n<\/div><\/div>\n<\/div>\n<\/div><\/div>\n<\/div><\/div>\n\n\n\n<div id=\"speed\" class=\"wp-block-group section fullsize has-black-color has-very-light-gray-background-color has-text-color has-background has-link-color wp-elements-5aa0b633e7b8c64e9b1b47a511d6e1cc\"><div class=\"wp-block-group__inner-container is-layout-constrained wp-block-group-is-layout-constrained\">\n<div class=\"wp-block-group cols-2\"><div class=\"wp-block-group__inner-container is-layout-constrained wp-block-group-is-layout-constrained\">\n<div class=\"wp-block-columns is-layout-flex wp-container-core-columns-is-layout-9d6595d7 wp-block-columns-is-layout-flex\">\n<div class=\"wp-block-column is-layout-flow wp-block-column-is-layout-flow\">\n\n<div class=\"swiper-container-wrapper a-innerblock\">\n    <div class=\"swiper-container gallery-top\">\n        <div class=\"swiper-wrapper\">\n                                                <div class=\"swiper-slide\">\n                                                    <figure class=\"scale-img swiper-slide-img\">\n                                <img loading=\"lazy\" decoding=\"async\" class=\"slide-img\" src=\"https:\/\/www.mounting-systems.com\/wp-content\/uploads\/roof-solar-pvc.jpg\" alt=\"\" width=\"635\" height=\"730\">\n                                <figcaption><\/figcaption>\n                            <\/figure>\n                                            <\/div>\n                    <\/div>\n    <\/div>\n    <div class=\"swiper-container gallery-thumbs\">\n        <div class=\"swiper-wrapper\">\n                                                    <figure class=\"swiper-slide-img swiper-slide swiper-thumb\">\n                            <img decoding=\"async\" class=\"slide-img\" src=\"https:\/\/www.mounting-systems.com\/wp-content\/uploads\/roof-solar-pvc-150x150.jpg\" alt=\"\">\n                        <\/figure>\n                                        <\/div>\n    <\/div>\n<\/div><\/div>\n\n\n\n<div class=\"wp-block-column is-layout-flow wp-block-column-is-layout-flow\">\n\n<div class=\"a-innerblock block-newsheader-wrapper green\">\n    <div class=\"block-newsheader-inner\">\n        <div class=\"text-wrapper\">\n                                <div class=\"section-title\">\n                        <span>Ploch\u00e1 strecha<\/span>\n                    <\/div>\n                                                <h2>Stre\u0161n\u00e1 f\u00f3lia Evalon\u00ae<\/h2>\n                                    <\/div>\n    <\/div>\n<\/div>\n\n\n\n<div class=\"a-innerblock accordion-list accordion-reg-list block-accordion-wrapper\">\n    <div class=\"a-innerblock block-newsheader-wrapper\">\n        <div class=\"block-newsheader-inner\">\n            <div class=\"text-wrapper\">\n                                                                                                            <div class=\"teaser-text\"><p>Stre\u0161n\u00fd syst\u00e9m EVALON je fotovoltaick\u00fd upev\u0148ovac\u00ed syst\u00e9m pre ploch\u00e9 strechy s hydroizola\u010dn\u00fdmi p\u00e1smi EVALON. Bez z\u00e1\u0165a\u017eenia alebo prienikov umo\u017e\u0148uje r\u00fdchlu a tesn\u00fa in\u0161tal\u00e1ciu. Jedine\u010dn\u00fd vo svojej kateg\u00f3rii, m\u00f4\u017ee by\u0165 in\u0161talovan\u00fd na strech\u00e1ch so sklonom a\u017e do 37 % a v\u010faka 60 cm dlh\u00fdm li\u0161t\u00e1m zni\u017euje riziko prerazenia.<\/p>\n<\/div>\n                                                <\/div>\n        <\/div>\n    <\/div>\n        <div class=\"block-accordion-wrapper-inner first-opened\">\n                    <ul class=\"level-1\">\n                                    <li class=\"accordion-wrapper border-b\">\n                                                    <h4 class=\"c-title accordion-btn font-l\">Stre\u0161n\u00fd sol\u00e1rny naklonen\u00fd Evalon\u00ae<\/h4>\n                                                <div class=\"accordion-txt\">\n                            <p><a href=\"https:\/\/dome-solar.com\/de\/befestigung-photovoltaikmodul\/roof-solar-evalon-geneigt\/\">Stre\u0161n\u00e1 sol\u00e1rna f\u00f3lia EVALON sklonen\u00e1<\/a> Stre\u0161n\u00fd sol\u00e1rny syst\u00e9m EVALON Geneigt je fotovoltaick\u00fd mont\u00e1\u017eny syst\u00e9m na in\u0161tal\u00e1ciu sol\u00e1rnych panelov na ploch\u00e9 strechy. Je navrhnut\u00fd \u0161peci\u00e1lne pre budovy, ktor\u00fdch strecha je vybaven\u00e1 syntetickou tesniacou f\u00f3liou EVALON. In\u0161tal\u00e1cia fotovoltaick\u00fdch panelov je u\u013eah\u010den\u00e1 v\u010faka absencii za\u0165a\u017eenia alebo prerazenia tesniacej f\u00f3lie.<\/p>\n<p>Pou\u017eitie 60 cm dlh\u00fdch ko\u013eajn\u00edc Roof-Solar EVALON umo\u017e\u0148uje line\u00e1rne (a nie bodov\u00e9) rozlo\u017eenie za\u0165a\u017eenia, \u010d\u00edm sa zni\u017euje riziko prepadnutia.<\/p>\n<p><!--StartFragment --><\/p>\n<p class=\"pf0\"><a href=\"https:\/\/dome-solar.com\/de\/befestigung-photovoltaikmodul\/roof-solar-evalon-geneigt\/\"><span class=\"cf0\">Objavte produkt <\/span><\/a><\/p>\n                        <\/div>\n                    <\/li>\n                                    <li class=\"accordion-wrapper border-b\">\n                                                    <h4 class=\"c-title accordion-btn font-l\">Ploch\u00e9 strechy Evalon\u00ae<\/h4>\n                                                <div class=\"accordion-txt\">\n                            <p><a href=\"https:\/\/dome-solar.com\/de\/befestigung-photovoltaikmodul\/roof-solar-evalon\/\">Stre\u0161n\u00e9 sol\u00e1rne EVALON<\/a> Roof-Solar EVALON je upev\u0148ovac\u00ed syst\u00e9m na in\u0161tal\u00e1ciu fotovoltick\u00fdch panelov na ploch\u00e9 strechy. Je \u0161peci\u00e1lne navrhnut\u00fd pre budovy, ktor\u00fdch strecha je vybaven\u00e1 syntetickou hydroizola\u010dnou f\u00f3liou EVALON. In\u0161tal\u00e1cia fotovoltick\u00fdch panelov je zjednodu\u0161en\u00e1 a celistvos\u0165 budovy je \u00faplne zachovan\u00e1, a to bez potreby z\u00e1va\u017eia alebo preru\u0161enia hydroizola\u010dnej f\u00f3lie.<\/p>\n<p>Pou\u017eitie 60 cm dlh\u00fdch ko\u013eajn\u00edc Roof-Solar EVALON umo\u017e\u0148uje line\u00e1rne (a nie bodov\u00e9) rozlo\u017eenie za\u0165a\u017eenia, \u010d\u00edm sa zni\u017euje riziko prepadnutia.<\/p>\n<p><!--StartFragment --><\/p>\n<p class=\"pf0\"><a href=\"https:\/\/dome-solar.com\/de\/befestigung-photovoltaikmodul\/roof-solar-evalon\/\"><span class=\"cf0\">Objavte produkt <\/span><\/a><\/p>\n<p><!--EndFragment --><\/p>\n                        <\/div>\n                    <\/li>\n                            <\/ul>\n            <\/div>\n<\/div><\/div>\n<\/div>\n<\/div><\/div>\n<\/div><\/div>\n\n\n\n<div id=\"speed\" class=\"wp-block-group section fullsize has-black-color has-very-light-gray-background-color has-text-color has-background has-link-color wp-elements-81f902acce533f7406f90b1d3836b725\"><div class=\"wp-block-group__inner-container is-layout-constrained wp-block-group-is-layout-constrained\">\n<div class=\"wp-block-group cols-2\"><div class=\"wp-block-group__inner-container is-layout-constrained wp-block-group-is-layout-constrained\">\n<div class=\"wp-block-columns is-layout-flex wp-container-core-columns-is-layout-9d6595d7 wp-block-columns-is-layout-flex\">\n<div class=\"wp-block-column is-layout-flow wp-block-column-is-layout-flow\">\n\n<div class=\"a-innerblock block-newsheader-wrapper green\">\n    <div class=\"block-newsheader-inner\">\n        <div class=\"text-wrapper\">\n                                <div class=\"section-title\">\n                        <span>Ploch\u00e1 strecha<\/span>\n                    <\/div>\n                                                <h2>Strecha-Sol\u00e1rna zelen\u00e1 fotovoltaick\u00e1 strecha\t\t\t\t\t\t\t<\/h2>\n                                    <\/div>\n    <\/div>\n<\/div>\n\n\n\n<div class=\"a-innerblock accordion-list accordion-reg-list block-accordion-wrapper\">\n    <div class=\"a-innerblock block-newsheader-wrapper\">\n        <div class=\"block-newsheader-inner\">\n            <div class=\"text-wrapper\">\n                                                                                                            <div class=\"teaser-text\"><p>GREEN PV ROOF je fotovoltaick\u00fd mont\u00e1\u017eny syst\u00e9m pre zelen\u00e9 ploch\u00e9 strechy. Je \u0161peci\u00e1lne navrhnut\u00fd pre budovy, ktor\u00fdch strecha je vybaven\u00e1 bit\u00famenov\u00fdm tesniacim p\u00e1som. V\u010faka tomu u\u013eah\u010duje in\u0161tal\u00e1ciu fotovoltaick\u00fdch panelov bez z\u00e1\u0165a\u017ee alebo prerazenia tesniaceho p\u00e1su.<\/p>\n<p>Pou\u017eitie 60 cm dlh\u00fdch stre\u0161n\u00fdch sol\u00e1rnych bit\u00famenov\u00fdch ko\u013eajn\u00edc umo\u017e\u0148uje line\u00e1rne (nie bodov\u00e9) rozlo\u017eenie za\u0165a\u017eenia, \u010d\u00edm sa zni\u017euje riziko prieniku.<\/p>\n<\/div>\n                                                <\/div>\n        <\/div>\n    <\/div>\n        <div class=\"block-accordion-wrapper-inner first-opened\">\n            <\/div>\n<\/div><\/div>\n\n\n\n<div class=\"wp-block-column is-layout-flow wp-block-column-is-layout-flow\">\n\n<div class=\"swiper-container-wrapper a-innerblock\">\n    <div class=\"swiper-container gallery-top\">\n        <div class=\"swiper-wrapper\">\n                                                <div class=\"swiper-slide\">\n                                                    <figure class=\"scale-img swiper-slide-img\">\n                                <img loading=\"lazy\" decoding=\"async\" class=\"slide-img\" src=\"https:\/\/www.mounting-systems.com\/wp-content\/uploads\/Rectangle-4.jpg\" alt=\"\" width=\"635\" height=\"730\">\n                                <figcaption><\/figcaption>\n                            <\/figure>\n                                            <\/div>\n                    <\/div>\n    <\/div>\n    <div class=\"swiper-container gallery-thumbs\">\n        <div class=\"swiper-wrapper\">\n                                                    <figure class=\"swiper-slide-img swiper-slide swiper-thumb\">\n                            <img decoding=\"async\" class=\"slide-img\" src=\"https:\/\/www.mounting-systems.com\/wp-content\/uploads\/Rectangle-4-150x150.jpg\" alt=\"\">\n                        <\/figure>\n                                        <\/div>\n    <\/div>\n<\/div><\/div>\n<\/div>\n<\/div><\/div>\n<\/div><\/div>\n\n\n\n<div class=\"wp-block-group cols-2\"><div class=\"wp-block-group__inner-container is-layout-constrained wp-block-group-is-layout-constrained\">\n<div class=\"wp-block-columns is-layout-flex wp-container-core-columns-is-layout-9d6595d7 wp-block-columns-is-layout-flex\">\n<div class=\"wp-block-column is-layout-flow wp-block-column-is-layout-flow\">\n\n<div class=\"swiper-container-wrapper a-innerblock\">\n    <div class=\"swiper-container gallery-top\">\n        <div class=\"swiper-wrapper\">\n                                                <div class=\"swiper-slide\">\n                                                    <figure class=\"scale-img swiper-slide-img\">\n                                <img loading=\"lazy\" decoding=\"async\" class=\"slide-img\" src=\"https:\/\/www.mounting-systems.com\/wp-content\/uploads\/b\u00b2-6.png\" alt=\"\" width=\"635\" height=\"730\">\n                                <figcaption><\/figcaption>\n                            <\/figure>\n                                            <\/div>\n                    <\/div>\n    <\/div>\n    <div class=\"swiper-container gallery-thumbs\">\n        <div class=\"swiper-wrapper\">\n                                                    <figure class=\"swiper-slide-img swiper-slide swiper-thumb\">\n                            <img decoding=\"async\" class=\"slide-img\" src=\"https:\/\/www.mounting-systems.com\/wp-content\/uploads\/b\u00b2-2-150x150.png\" alt=\"\">\n                        <\/figure>\n                                        <\/div>\n    <\/div>\n<\/div><\/div>\n\n\n\n<div class=\"wp-block-column is-layout-flow wp-block-column-is-layout-flow\">\n\n<div class=\"a-innerblock block-newsheader-wrapper green\">\n    <div class=\"block-newsheader-inner\">\n        <div class=\"text-wrapper\">\n                                <div class=\"section-title\">\n                        <span>Ploch\u00e1 strecha<\/span>\n                    <\/div>\n                                                <h2>Stre\u0161n\u00e1 Sol\u00e1rna M-Fix<\/h2>\n                                    <\/div>\n    <\/div>\n<\/div>\n\n\n\n<div class=\"a-innerblock accordion-list accordion-reg-list block-accordion-wrapper\">\n    <div class=\"a-innerblock block-newsheader-wrapper\">\n        <div class=\"block-newsheader-inner\">\n            <div class=\"text-wrapper\">\n                                                                                                            <div class=\"teaser-text\"><p>Roof-Solar M-Fix je komplexn\u00e9 rie\u0161enie, ktor\u00e9 sp\u00e1ja mechanick\u00e9 upevnenie, zosilnen\u00fa hydroizol\u00e1ciu a kontrolovan\u00e9 za\u0165a\u017eenie v jednom v\u00fdkonnom syst\u00e9me.<\/p>\n<p>Ka\u017ed\u00fd upev\u0148ovac\u00ed bod je bezpe\u010dne ukotven\u00fd v kon\u0161trukcii budovy a chr\u00e1nen\u00fd dvojvrstvov\u00fdm tesniacim postupom, ktor\u00fd zais\u0165uje dlhodob\u00fa spo\u013eahlivos\u0165. V\u010faka rozsiahlej z\u00e1kladovej doske sa za\u0165a\u017eenia efekt\u00edvne rozkladaj\u00fa, \u010d\u00edm sa zni\u017euje nam\u00e1hanie stre\u0161nej kon\u0161trukcie a zvy\u0161uje odolnos\u0165 vo\u010di poveternostn\u00fdm vplyvom.<\/p>\n<p>Syst\u00e9m je navrhnut\u00fd tak, aby udr\u017eal integritu bit\u00famenovej izol\u00e1cie pomocou \u0161trukt\u00farovan\u00e9ho, praktick\u00e9ho postupu, \u010d\u00edm zais\u0165uje trval\u00fa tesnos\u0165, kontrolovan\u00e9 prevedenie priechodov a ni\u017e\u0161ie riziko netesnost\u00ed \u2013 pre v\u00e4\u010d\u0161iu bezpe\u010dnos\u0165 a dlhodob\u00fa funk\u010dnos\u0165 in\u0161tal\u00e1cie.<\/p>\n<\/div>\n                                                <\/div>\n        <\/div>\n    <\/div>\n        <div class=\"block-accordion-wrapper-inner first-opened\">\n            <\/div>\n<\/div><\/div>\n<\/div>\n<\/div><\/div>\n\n\n\n<div class=\"wp-block-group\"><div class=\"wp-block-group__inner-container is-layout-constrained wp-block-group-is-layout-constrained\">\n<div class=\"wp-block-columns is-style-col-3-9 is-layout-flex wp-container-core-columns-is-layout-9d6595d7 wp-block-columns-is-layout-flex\">\n<div class=\"wp-block-column is-layout-flow wp-block-column-is-layout-flow\" style=\"flex-basis:40%\">\n\n<div class=\"a-innerblock block-newsheader-wrapper green\">\n    <div class=\"block-newsheader-inner\">\n        <div class=\"text-wrapper\">\n                                <div class=\"section-title\">\n                        <span>\u010casto kladen\u00e9 ot\u00e1zky<\/span>\n                    <\/div>\n                                                <h2>Va\u0161e ot\u00e1zky t\u00fdkaj\u00face sa prevzatia<br \/>\r\n<\/h2>\n                                    <\/div>\n    <\/div>\n<\/div><\/div>\n\n\n\n<div class=\"wp-block-column is-layout-flow wp-block-column-is-layout-flow\" style=\"flex-basis:66.66%\">\n\n<div class=\"a-innerblock accordion-list accordion-reg-list block-accordion-wrapper\">\n    <div class=\"a-innerblock block-newsheader-wrapper\">\n        <div class=\"block-newsheader-inner\">\n            <div class=\"text-wrapper\">\n                                                                            <\/div>\n        <\/div>\n    <\/div>\n        <div class=\"block-accordion-wrapper-inner\">\n                    <ul class=\"level-1\">\n                                    <li class=\"accordion-wrapper border-b\">\n                                                    <h4 class=\"c-title accordion-btn font-l\">Bud\u00fa LightX a FD3 na\u010falej dostupn\u00e9?<\/h4>\n                                                <div class=\"accordion-txt\">\n                            <p>Kontinuita produktov m\u00e1 najvy\u0161\u0161iu prioritu. LightX a FD3 zost\u00e1vaj\u00fa plne dostupn\u00e9 \u2013 teraz s podporou priemyseln\u00fdch kapac\u00edt a dod\u00e1vate\u013esk\u00e9ho re\u0165azca spolo\u010dnosti Dome Solar, aby sa zabezpe\u010dila spo\u013eahliv\u00e1 dostupnos\u0165 produktov v akomko\u013evek rozsahu.<\/p>\n                        <\/div>\n                    <\/li>\n                                    <li class=\"accordion-wrapper border-b\">\n                                                    <h4 class=\"c-title accordion-btn font-l\">Plat\u00ed \u201eVyroben\u00e9 v Nemecku\u201c st\u00e1le?<\/h4>\n                                                <div class=\"accordion-txt\">\n                            <p>\u00c1no. P\u00f4vodn\u00ed nemeck\u00ed dod\u00e1vatelia zost\u00e1vaj\u00fa. In\u017einierske normy, po\u017eiadavky na statick\u00e9 v\u00fdpo\u010dty a kontroly kvality zost\u00e1vaj\u00fa nezmenen\u00e9. Nemeck\u00e1 trad\u00edcia v\u00fdroby je k\u013e\u00fa\u010dovou s\u00fa\u010das\u0165ou identity zna\u010dky Mounting Systems.<\/p>\n                        <\/div>\n                    <\/li>\n                                    <li class=\"accordion-wrapper border-b\">\n                                                    <h4 class=\"c-title accordion-btn font-l\">Na koho sa m\u00f4\u017eem obr\u00e1ti\u0165 so \u017eiados\u0165ou o technick\u00fa podporu?<\/h4>\n                                                <div class=\"accordion-txt\">\n                            <p>Va\u0161i existuj\u00faci kontaktn\u00ed pracovn\u00edci zost\u00e1vaj\u00fa nezmenen\u00ed. Dome Solar posiln\u00ed miestne technick\u00e9 t\u00edmy na k\u013e\u00fa\u010dov\u00fdch trhoch \u2014 \u0160panielsko, Po\u013esko, Nemecko, Maroko a \u010fal\u0161ie \u2014 s cie\u013eom zabezpe\u010di\u0165 siln\u00fa podporu pre EPC a in\u0161talat\u00e9rov po\u010das prechodn\u00e9ho obdobia a potom.<\/p>\n                        <\/div>\n                    <\/li>\n                                    <li class=\"accordion-wrapper border-b\">\n                                                    <h4 class=\"c-title accordion-btn font-l\">Ak\u00e9 nov\u00e9 produkty s\u00fa teraz dostupn\u00e9?<\/h4>\n                                                <div class=\"accordion-txt\">\n                            <p>Prostredn\u00edctvom Dome Solar m\u00e1te teraz pr\u00edstup k roz\u0161\u00edren\u00e9mu portf\u00f3liu, ktor\u00e9 zah\u0155\u0148a syst\u00e9my pre \u0161ikm\u00e9 strechy (NPA, TOP, SIDE, Helios B2, Ital Solar, Fibro), rie\u0161enia pre pr\u00edstre\u0161ky pre aut\u00e1 RC3 a syst\u00e9my pre vo\u013en\u00e9 plochy.<\/p>\n                        <\/div>\n                    <\/li>\n                            <\/ul>\n            <\/div>\n<\/div><\/div>\n<\/div>\n<\/div><\/div>\n\n\n\n<div class=\"wp-block-cover\" style=\"min-height:400px;aspect-ratio:unset;\"><span aria-hidden=\"true\" class=\"wp-block-cover__background has-green-background-color has-background-dim-100 has-background-dim\"><\/span><div class=\"wp-block-cover__inner-container is-layout-constrained wp-block-cover-is-layout-constrained\">\n<div class=\"wp-block-group is-horizontal is-content-justification-space-between is-nowrap is-layout-flex wp-container-core-group-is-layout-34e62f51 wp-block-group-is-layout-flex\">\n<p class=\"has-text-align-left has-large-font-size\">Pripraven\u00fd za\u010da\u0165 svoj \u010fal\u0161\u00ed<br><mark style=\"background-color:rgba(0, 0, 0, 0)\" class=\"has-inline-color has-white-color\"><strong>projekt ploch\u00fdch striech?<\/strong><\/mark><\/p>\n\n\n\n<div class=\"wp-block-group\"><div class=\"wp-block-group__inner-container is-layout-constrained wp-block-group-is-layout-constrained\">\n<p class=\"has-text-align-right\"><a href=\"https:\/\/dome-solar.com\/de\/kontakt\/\">Po\u017eiadajte o cenov\u00fa ponuku<\/a><\/p>\n\n\n\n<p class=\"has-text-align-right\"><a href=\"https:\/\/dome-solar.com\/wp-content\/uploads\/dome-solar-catalogue-fr.pdf\" target=\"_blank\" rel=\"noreferrer noopener\">Stiahnite si katal\u00f3g Dome Solar<\/a><\/p>\n<\/div><\/div>\n<\/div>\n<\/div><\/div>","protected":false},"excerpt":{"rendered":"","protected":false},"author":20,"featured_media":0,"parent":605,"menu_order":0,"comment_status":"closed","ping_status":"closed","template":"","meta":{"_acf_changed":false,"footnotes":""},"categories":[18],"tags":[],"class_list":["post-25718","page","type-page","status-publish","hentry","category-dach-gewerbe"],"acf":[],"yoast_head":"<!-- This site is optimized with the Yoast SEO plugin v27.5 - https:\/\/yoast.com\/product\/yoast-seo-wordpress\/ -->\n<title>Flachdachsystem - Mounting Systems<\/title>\n<meta name=\"robots\" content=\"index, follow, max-snippet:-1, max-image-preview:large, max-video-preview:-1\" \/>\n<link rel=\"canonical\" href=\"https:\/\/www.mounting-systems.com\/sk\/obchod-so-strechami\/pv-systemy\/systemy-plochych-striech\/plocha-strecha\/\" \/>\n<meta property=\"og:locale\" content=\"sk_SK\" \/>\n<meta property=\"og:type\" content=\"article\" \/>\n<meta property=\"og:title\" content=\"Flachdachsystem - Mounting Systems\" \/>\n<meta property=\"og:url\" content=\"https:\/\/www.mounting-systems.com\/sk\/obchod-so-strechami\/pv-systemy\/systemy-plochych-striech\/plocha-strecha\/\" \/>\n<meta property=\"og:site_name\" content=\"Mounting Systems\" \/>\n<meta property=\"article:modified_time\" content=\"2026-04-24T13:44:41+00:00\" \/>\n<meta property=\"og:image\" content=\"https:\/\/www.mounting-systems.com\/wp-content\/uploads\/800x600-site-web-5-1-1.png\" \/>\n<meta name=\"twitter:card\" content=\"summary_large_image\" \/>\n<meta name=\"twitter:label1\" content=\"Predpokladan\u00fd \u010das \u010d\u00edtania\" \/>\n\t<meta name=\"twitter:data1\" content=\"1 min\u00fata\" \/>\n<script type=\"application\/ld+json\" class=\"yoast-schema-graph\">{\"@context\":\"https:\\\/\\\/schema.org\",\"@graph\":[{\"@type\":\"WebPage\",\"@id\":\"https:\\\/\\\/www.mounting-systems.com\\\/dach-gewerbe\\\/pv-systeme\\\/flachdachsysteme\\\/flachdachsystem\\\/\",\"url\":\"https:\\\/\\\/www.mounting-systems.com\\\/dach-gewerbe\\\/pv-systeme\\\/flachdachsysteme\\\/flachdachsystem\\\/\",\"name\":\"Flachdachsystem - Mounting Systems\",\"isPartOf\":{\"@id\":\"https:\\\/\\\/www.mounting-systems.com\\\/de\\\/#website\"},\"primaryImageOfPage\":{\"@id\":\"https:\\\/\\\/www.mounting-systems.com\\\/dach-gewerbe\\\/pv-systeme\\\/flachdachsysteme\\\/flachdachsystem\\\/#primaryimage\"},\"image\":{\"@id\":\"https:\\\/\\\/www.mounting-systems.com\\\/dach-gewerbe\\\/pv-systeme\\\/flachdachsysteme\\\/flachdachsystem\\\/#primaryimage\"},\"thumbnailUrl\":\"https:\\\/\\\/www.mounting-systems.com\\\/wp-content\\\/uploads\\\/800x600-site-web-5-1-1.png\",\"datePublished\":\"2026-04-23T12:23:40+00:00\",\"dateModified\":\"2026-04-24T13:44:41+00:00\",\"breadcrumb\":{\"@id\":\"https:\\\/\\\/www.mounting-systems.com\\\/dach-gewerbe\\\/pv-systeme\\\/flachdachsysteme\\\/flachdachsystem\\\/#breadcrumb\"},\"inLanguage\":\"sk-SK\",\"potentialAction\":[{\"@type\":\"ReadAction\",\"target\":[\"https:\\\/\\\/www.mounting-systems.com\\\/dach-gewerbe\\\/pv-systeme\\\/flachdachsysteme\\\/flachdachsystem\\\/\"]}]},{\"@type\":\"ImageObject\",\"inLanguage\":\"sk-SK\",\"@id\":\"https:\\\/\\\/www.mounting-systems.com\\\/dach-gewerbe\\\/pv-systeme\\\/flachdachsysteme\\\/flachdachsystem\\\/#primaryimage\",\"url\":\"https:\\\/\\\/www.mounting-systems.com\\\/wp-content\\\/uploads\\\/800x600-site-web-5-1-1.png\",\"contentUrl\":\"https:\\\/\\\/www.mounting-systems.com\\\/wp-content\\\/uploads\\\/800x600-site-web-5-1-1.png\"},{\"@type\":\"BreadcrumbList\",\"@id\":\"https:\\\/\\\/www.mounting-systems.com\\\/dach-gewerbe\\\/pv-systeme\\\/flachdachsysteme\\\/flachdachsystem\\\/#breadcrumb\",\"itemListElement\":[{\"@type\":\"ListItem\",\"position\":1,\"name\":\"Startseite\",\"item\":\"https:\\\/\\\/www.mounting-systems.com\\\/\"},{\"@type\":\"ListItem\",\"position\":2,\"name\":\"Dach &#038; Gewerbe\",\"item\":\"https:\\\/\\\/www.mounting-systems.com\\\/dach-gewerbe\\\/\"},{\"@type\":\"ListItem\",\"position\":3,\"name\":\"PV-Systeme\",\"item\":\"https:\\\/\\\/www.mounting-systems.com\\\/dach-gewerbe\\\/pv-systeme\\\/\"},{\"@type\":\"ListItem\",\"position\":4,\"name\":\"Flachdach\",\"item\":\"https:\\\/\\\/www.mounting-systems.com\\\/dach-gewerbe\\\/pv-systeme\\\/flachdachsysteme\\\/\"},{\"@type\":\"ListItem\",\"position\":5,\"name\":\"Flachdachsystem\"}]},{\"@type\":\"WebSite\",\"@id\":\"https:\\\/\\\/www.mounting-systems.com\\\/de\\\/#website\",\"url\":\"https:\\\/\\\/www.mounting-systems.com\\\/de\\\/\",\"name\":\"Mounting Systems\",\"description\":\"\",\"publisher\":{\"@id\":\"https:\\\/\\\/www.mounting-systems.com\\\/de\\\/#organization\"},\"potentialAction\":[{\"@type\":\"SearchAction\",\"target\":{\"@type\":\"EntryPoint\",\"urlTemplate\":\"https:\\\/\\\/www.mounting-systems.com\\\/de\\\/?s={search_term_string}\"},\"query-input\":{\"@type\":\"PropertyValueSpecification\",\"valueRequired\":true,\"valueName\":\"search_term_string\"}}],\"inLanguage\":\"sk-SK\"},{\"@type\":\"Organization\",\"@id\":\"https:\\\/\\\/www.mounting-systems.com\\\/de\\\/#organization\",\"name\":\"Mounting Systems\",\"url\":\"https:\\\/\\\/www.mounting-systems.com\\\/de\\\/\",\"logo\":{\"@type\":\"ImageObject\",\"inLanguage\":\"sk-SK\",\"@id\":\"https:\\\/\\\/www.mounting-systems.com\\\/de\\\/#\\\/schema\\\/logo\\\/image\\\/\",\"url\":\"https:\\\/\\\/www.mounting-systems.com\\\/wp-content\\\/uploads\\\/2021\\\/01\\\/MSG-Signet-white.png\",\"contentUrl\":\"https:\\\/\\\/www.mounting-systems.com\\\/wp-content\\\/uploads\\\/2021\\\/01\\\/MSG-Signet-white.png\",\"width\":432,\"height\":552,\"caption\":\"Mounting Systems\"},\"image\":{\"@id\":\"https:\\\/\\\/www.mounting-systems.com\\\/de\\\/#\\\/schema\\\/logo\\\/image\\\/\"}}]}<\/script>\n<!-- \/ Yoast SEO plugin. -->","yoast_head_json":{"title":"Ploch\u00e1 strecha - Mont\u00e1\u017ene syst\u00e9my","robots":{"index":"index","follow":"follow","max-snippet":"max-snippet:-1","max-image-preview":"max-image-preview:large","max-video-preview":"max-video-preview:-1"},"canonical":"https:\/\/www.mounting-systems.com\/sk\/obchod-so-strechami\/pv-systemy\/systemy-plochych-striech\/plocha-strecha\/","og_locale":"sk_SK","og_type":"article","og_title":"Flachdachsystem - Mounting Systems","og_url":"https:\/\/www.mounting-systems.com\/sk\/obchod-so-strechami\/pv-systemy\/systemy-plochych-striech\/plocha-strecha\/","og_site_name":"Mounting Systems","article_modified_time":"2026-04-24T13:44:41+00:00","og_image":[{"url":"https:\/\/www.mounting-systems.com\/wp-content\/uploads\/800x600-site-web-5-1-1.png","type":"","width":"","height":""}],"twitter_card":"summary_large_image","twitter_misc":{"Predpokladan\u00fd \u010das \u010d\u00edtania":"1 min\u00fata"},"schema":{"@context":"https:\/\/schema.org","@graph":[{"@type":"WebPage","@id":"https:\/\/www.mounting-systems.com\/dach-gewerbe\/pv-systeme\/flachdachsysteme\/flachdachsystem\/","url":"https:\/\/www.mounting-systems.com\/dach-gewerbe\/pv-systeme\/flachdachsysteme\/flachdachsystem\/","name":"Ploch\u00e1 strecha - Mont\u00e1\u017ene syst\u00e9my","isPartOf":{"@id":"https:\/\/www.mounting-systems.com\/de\/#website"},"primaryImageOfPage":{"@id":"https:\/\/www.mounting-systems.com\/dach-gewerbe\/pv-systeme\/flachdachsysteme\/flachdachsystem\/#primaryimage"},"image":{"@id":"https:\/\/www.mounting-systems.com\/dach-gewerbe\/pv-systeme\/flachdachsysteme\/flachdachsystem\/#primaryimage"},"thumbnailUrl":"https:\/\/www.mounting-systems.com\/wp-content\/uploads\/800x600-site-web-5-1-1.png","datePublished":"2026-04-23T12:23:40+00:00","dateModified":"2026-04-24T13:44:41+00:00","breadcrumb":{"@id":"https:\/\/www.mounting-systems.com\/dach-gewerbe\/pv-systeme\/flachdachsysteme\/flachdachsystem\/#breadcrumb"},"inLanguage":"sk-SK","potentialAction":[{"@type":"ReadAction","target":["https:\/\/www.mounting-systems.com\/dach-gewerbe\/pv-systeme\/flachdachsysteme\/flachdachsystem\/"]}]},{"@type":"ImageObject","inLanguage":"sk-SK","@id":"https:\/\/www.mounting-systems.com\/dach-gewerbe\/pv-systeme\/flachdachsysteme\/flachdachsystem\/#primaryimage","url":"https:\/\/www.mounting-systems.com\/wp-content\/uploads\/800x600-site-web-5-1-1.png","contentUrl":"https:\/\/www.mounting-systems.com\/wp-content\/uploads\/800x600-site-web-5-1-1.png"},{"@type":"BreadcrumbList","@id":"https:\/\/www.mounting-systems.com\/dach-gewerbe\/pv-systeme\/flachdachsysteme\/flachdachsystem\/#breadcrumb","itemListElement":[{"@type":"ListItem","position":1,"name":"Startseite","item":"https:\/\/www.mounting-systems.com\/"},{"@type":"ListItem","position":2,"name":"Dach &#038; Gewerbe","item":"https:\/\/www.mounting-systems.com\/dach-gewerbe\/"},{"@type":"ListItem","position":3,"name":"PV-Systeme","item":"https:\/\/www.mounting-systems.com\/dach-gewerbe\/pv-systeme\/"},{"@type":"ListItem","position":4,"name":"Flachdach","item":"https:\/\/www.mounting-systems.com\/dach-gewerbe\/pv-systeme\/flachdachsysteme\/"},{"@type":"ListItem","position":5,"name":"Flachdachsystem"}]},{"@type":"WebSite","@id":"https:\/\/www.mounting-systems.com\/de\/#website","url":"https:\/\/www.mounting-systems.com\/de\/","name":"Mont\u00e1\u017ene syst\u00e9my","description":"","publisher":{"@id":"https:\/\/www.mounting-systems.com\/de\/#organization"},"potentialAction":[{"@type":"SearchAction","target":{"@type":"EntryPoint","urlTemplate":"https:\/\/www.mounting-systems.com\/de\/?s={search_term_string}"},"query-input":{"@type":"PropertyValueSpecification","valueRequired":true,"valueName":"search_term_string"}}],"inLanguage":"sk-SK"},{"@type":"Organization","@id":"https:\/\/www.mounting-systems.com\/de\/#organization","name":"Mont\u00e1\u017ene syst\u00e9my","url":"https:\/\/www.mounting-systems.com\/de\/","logo":{"@type":"ImageObject","inLanguage":"sk-SK","@id":"https:\/\/www.mounting-systems.com\/de\/#\/schema\/logo\/image\/","url":"https:\/\/www.mounting-systems.com\/wp-content\/uploads\/2021\/01\/MSG-Signet-white.png","contentUrl":"https:\/\/www.mounting-systems.com\/wp-content\/uploads\/2021\/01\/MSG-Signet-white.png","width":432,"height":552,"caption":"Mounting Systems"},"image":{"@id":"https:\/\/www.mounting-systems.com\/de\/#\/schema\/logo\/image\/"}}]}},"_links":{"self":[{"href":"https:\/\/www.mounting-systems.com\/sk\/wp-json\/wp\/v2\/pages\/25718","targetHints":{"allow":["GET"]}}],"collection":[{"href":"https:\/\/www.mounting-systems.com\/sk\/wp-json\/wp\/v2\/pages"}],"about":[{"href":"https:\/\/www.mounting-systems.com\/sk\/wp-json\/wp\/v2\/types\/page"}],"author":[{"embeddable":true,"href":"https:\/\/www.mounting-systems.com\/sk\/wp-json\/wp\/v2\/users\/20"}],"replies":[{"embeddable":true,"href":"https:\/\/www.mounting-systems.com\/sk\/wp-json\/wp\/v2\/comments?post=25718"}],"version-history":[{"count":52,"href":"https:\/\/www.mounting-systems.com\/sk\/wp-json\/wp\/v2\/pages\/25718\/revisions"}],"predecessor-version":[{"id":26097,"href":"https:\/\/www.mounting-systems.com\/sk\/wp-json\/wp\/v2\/pages\/25718\/revisions\/26097"}],"up":[{"embeddable":true,"href":"https:\/\/www.mounting-systems.com\/sk\/wp-json\/wp\/v2\/pages\/605"}],"wp:attachment":[{"href":"https:\/\/www.mounting-systems.com\/sk\/wp-json\/wp\/v2\/media?parent=25718"}],"wp:term":[{"taxonomy":"category","embeddable":true,"href":"https:\/\/www.mounting-systems.com\/sk\/wp-json\/wp\/v2\/categories?post=25718"},{"taxonomy":"post_tag","embeddable":true,"href":"https:\/\/www.mounting-systems.com\/sk\/wp-json\/wp\/v2\/tags?post=25718"}],"curies":[{"name":"wp","href":"https:\/\/api.w.org\/{rel}","templated":true}]}}