{"id":25861,"date":"2026-04-23T14:24:12","date_gmt":"2026-04-23T12:24:12","guid":{"rendered":"https:\/\/www.mounting-systems.com\/?page_id=25861"},"modified":"2026-04-24T15:42:55","modified_gmt":"2026-04-24T13:42:55","slug":"dach-skosny-seria","status":"publish","type":"page","link":"https:\/\/www.mounting-systems.com\/pl\/dach-gewerbe\/pv-systeme\/schraegdach-serie\/","title":{"rendered":"Seria dach\u00f3w sko\u015bnych"},"content":{"rendered":"<div class=\"wp-block-cover has-custom-content-position is-position-bottom-center a-innerblock\">\n    <img loading=\"lazy\" decoding=\"async\" width=\"1920\" height=\"1080\" src=\"https:\/\/www.mounting-systems.com\/wp-content\/uploads\/toiture-inclinee-header-1.jpg\" class=\"hero-image-bg\" alt=\"Dach sko\u015bny z panelami fotowoltaicznymi\" style=\"filter: brightness(1)\" srcset=\"https:\/\/www.mounting-systems.com\/wp-content\/uploads\/toiture-inclinee-header-1.jpg 1920w, https:\/\/www.mounting-systems.com\/wp-content\/uploads\/toiture-inclinee-header-1-800x450.jpg 800w, https:\/\/www.mounting-systems.com\/wp-content\/uploads\/toiture-inclinee-header-1-768x432.jpg 768w, https:\/\/www.mounting-systems.com\/wp-content\/uploads\/toiture-inclinee-header-1-1536x864.jpg 1536w, https:\/\/www.mounting-systems.com\/wp-content\/uploads\/toiture-inclinee-header-1-18x10.jpg 18w\" sizes=\"auto, (max-width: 1920px) 100vw, 1920px\" \/>    <div class=\"wp-block-cover__inner-container\">\n                   <h1 class=\"has-text-align-center arrow-animation\" style=\"color: #FFFFFF;\">System dwuspadowy<\/h1>\n                <div class=\"arrow-down hero-arrow\"><img decoding=\"async\" src=\"https:\/\/www.mounting-systems.com\/wp-content\/themes\/mosys\/images\/hero-arrow.svg\" alt=\"Ikona przewijania w d\u00f3\u0142\"><\/div>\n    <\/div>\n<\/div>\n<div class=\"print-only p-hero-image\">\n    <img loading=\"lazy\" decoding=\"async\" width=\"1920\" height=\"1080\" src=\"https:\/\/www.mounting-systems.com\/wp-content\/uploads\/toiture-inclinee-header-1.jpg\" class=\"attachment-full size-full\" alt=\"Dach sko\u015bny z panelami fotowoltaicznymi\" style=\"filter: brightness(1)\" srcset=\"https:\/\/www.mounting-systems.com\/wp-content\/uploads\/toiture-inclinee-header-1.jpg 1920w, https:\/\/www.mounting-systems.com\/wp-content\/uploads\/toiture-inclinee-header-1-800x450.jpg 800w, https:\/\/www.mounting-systems.com\/wp-content\/uploads\/toiture-inclinee-header-1-768x432.jpg 768w, https:\/\/www.mounting-systems.com\/wp-content\/uploads\/toiture-inclinee-header-1-1536x864.jpg 1536w, https:\/\/www.mounting-systems.com\/wp-content\/uploads\/toiture-inclinee-header-1-18x10.jpg 18w\" sizes=\"auto, (max-width: 1920px) 100vw, 1920px\" \/><\/div>\n\n\n<div class=\"wp-block-group section fullsize\"><div class=\"wp-block-group__inner-container is-layout-constrained wp-block-group-is-layout-constrained\">\n<div class=\"wp-block-group cols-2\"><div class=\"wp-block-group__inner-container is-layout-constrained wp-block-group-is-layout-constrained\">\n<div class=\"wp-block-columns is-layout-flex wp-container-core-columns-is-layout-9d6595d7 wp-block-columns-is-layout-flex\">\n<div class=\"wp-block-column is-layout-flow wp-block-column-is-layout-flow\">\n\n<div class=\"a-innerblock accordion-list accordion-reg-list block-accordion-wrapper\">\n    <div class=\"a-innerblock block-newsheader-wrapper\">\n        <div class=\"block-newsheader-inner\">\n            <div class=\"text-wrapper\">\n                                        <div class=\"section-title\">\n                            <span>Seria dach\u00f3w sko\u015bnych<\/span>\n                        <\/div>\n                                                                                                                <div class=\"teaser-text\"><p data-start=\"25\" data-end=\"197\">Nachylone dachy stanowi\u0105 powszechn\u0105 podstaw\u0119 dla instalacji fotowoltaicznych, niezale\u017cnie od tego, czy opieraj\u0105 si\u0119 na konstrukcji j\u0119tkrowej, czy na dachu z blachy trapezowej.<\/p>\n<p data-start=\"199\" data-end=\"426\">Aby sprosta\u0107 tym r\u00f3\u017cnorodnym wymaganiom, specyficzne systemy monta\u017cowe umo\u017cliwiaj\u0105 niezawodn\u0105, szybk\u0105 i trwa\u0142\u0105 instalacj\u0119, uwzgl\u0119dniaj\u0105c specyfikacje techniczne i izolacj\u0119 dachu.<\/p>\n<\/div>\n                                                <\/div>\n        <\/div>\n    <\/div>\n        <div class=\"block-accordion-wrapper-inner\">\n                    <ul class=\"level-1\">\n                                    <li class=\"accordion-wrapper border-b\">\n                                                    <h3 class=\"c-title accordion-btn font-l\">Szybka i \u0142atwa instalacja<\/h3>\n                                                <div class=\"accordion-txt\">\n                            <p>Systemy s\u0105 zaprojektowane tak, aby umo\u017cliwi\u0107 efektywn\u0105 realizacj\u0119 na budowie i znacznie zredukowa\u0107 nak\u0142ad pracy zwi\u0105zanej z monta\u017cem.<\/p>\n                        <\/div>\n                    <\/li>\n                                    <li class=\"accordion-wrapper border-b\">\n                                                    <h3 class=\"c-title accordion-btn font-l\">Dopasowanie do r\u00f3\u017cnych typ\u00f3w dach\u00f3w<\/h3>\n                                                <div class=\"accordion-txt\">\n                            <p>Zgodne z konstrukcjami p\u0142atwiowymi oraz dachami z blachy trapezowej, systemy zapewniaj\u0105 du\u017c\u0105 elastyczno\u015b\u0107 w przypadku r\u00f3\u017cnych struktur budowlanych.<\/p>\n                        <\/div>\n                    <\/li>\n                                    <li class=\"accordion-wrapper border-b\">\n                                                    <h3 class=\"c-title accordion-btn font-l\">Niezawodno\u015b\u0107 i trwa\u0142o\u015b\u0107<\/h3>\n                                                <div class=\"accordion-txt\">\n                            <p>Systemy monta\u017cowe zapewniaj\u0105 wysok\u0105 wytrzyma\u0142o\u015b\u0107 mechaniczn\u0105 i trwa\u0142\u0105 integracj\u0119 instalacji fotowoltaicznej.<\/p>\n                        <\/div>\n                    <\/li>\n                            <\/ul>\n            <\/div>\n<\/div><\/div>\n\n\n\n<div class=\"wp-block-column is-vertically-aligned-center is-layout-flow wp-block-column-is-layout-flow\">\n<figure class=\"wp-block-image size-full is-resized\"><img loading=\"lazy\" decoding=\"async\" width=\"800\" height=\"600\" src=\"https:\/\/www.mounting-systems.com\/wp-content\/uploads\/800x600-site-web-5-1-1.png\" alt=\"\" class=\"wp-image-25723\" style=\"width:503px;height:auto\" srcset=\"https:\/\/www.mounting-systems.com\/wp-content\/uploads\/800x600-site-web-5-1-1.png 800w, https:\/\/www.mounting-systems.com\/wp-content\/uploads\/800x600-site-web-5-1-1-768x576.png 768w, https:\/\/www.mounting-systems.com\/wp-content\/uploads\/800x600-site-web-5-1-1-16x12.png 16w\" sizes=\"auto, (max-width: 800px) 100vw, 800px\" \/><\/figure>\n<\/div>\n<\/div>\n<\/div><\/div>\n<\/div><\/div>\n\n\n\n\n<div class=\"wp-block-group section-headline a-innerblock\" >\n    <div class=\"wp-block-group__inner-container\">\n                        <h2>Nasze produkty<\/h2>\n                <\/div>\n<\/div>\n\n\n<div id=\"speed\" class=\"wp-block-group section fullsize has-black-color has-very-light-gray-background-color has-text-color has-background has-link-color wp-elements-66febb8f5102159b65f38b67b512f136\"><div class=\"wp-block-group__inner-container is-layout-constrained wp-block-group-is-layout-constrained\">\n<div class=\"wp-block-group cols-2\"><div class=\"wp-block-group__inner-container is-layout-constrained wp-block-group-is-layout-constrained\">\n<div class=\"wp-block-columns is-layout-flex wp-container-core-columns-is-layout-9d6595d7 wp-block-columns-is-layout-flex\">\n<div class=\"wp-block-column is-layout-flow wp-block-column-is-layout-flow\">\n\n<div class=\"a-innerblock block-newsheader-wrapper green\">\n    <div class=\"block-newsheader-inner\">\n        <div class=\"text-wrapper\">\n                                <div class=\"section-title\">\n                        <span>Systemy monta\u017cowe z p\u0142ytami bazowymi<\/span>\n                    <\/div>\n                                                <h2>NPA+ G\u00f3ra<\/h2>\n                                    <\/div>\n    <\/div>\n<\/div>\n\n\n\n<div class=\"a-innerblock accordion-list accordion-reg-list block-accordion-wrapper\">\n    <div class=\"a-innerblock block-newsheader-wrapper\">\n        <div class=\"block-newsheader-inner\">\n            <div class=\"text-wrapper\">\n                                                                                                            <div class=\"teaser-text\"><p data-start=\"76\" data-end=\"175\"><strong data-start=\"76\" data-end=\"175\">Dalszy rozw\u00f3j NPA, z g\u00f3rnym mocowaniem specjalnie do suchych pokry\u0107 dachowych<\/strong><\/p>\n<p data-start=\"177\" data-end=\"463\" data-is-last-node=\"\" data-is-only-node=\"\">System monta\u017cowy fotowoltaiki NPA+ Top jest przeznaczony do instalacji paneli s\u0142onecznych na dachach nachylonych. Szczeg\u00f3lnie nadaje si\u0119 do budynk\u00f3w z suchymi pokryciami dachowymi (dachy z blachy trapezowej) oraz dach\u00f3w warstwowych (sandwich). Mocowanie odbywa si\u0119 w blasze na g\u00f3rnej stronie fal.<\/p>\n<p data-start=\"177\" data-end=\"463\" data-is-last-node=\"\" data-is-only-node=\"\"><!--StartFragment --><\/p>\n<p class=\"pf0\"><a href=\"https:\/\/dome-solar.com\/de\/befestigung-photovoltaikmodul\/npa-top\/\"><span class=\"cf0\">Odkryj produkt <\/span><\/a><\/p>\n<p data-start=\"177\" data-end=\"463\" data-is-last-node=\"\" data-is-only-node=\"\"><!--EndFragment --><\/p>\n<\/div>\n                                                <\/div>\n        <\/div>\n    <\/div>\n        <div class=\"block-accordion-wrapper-inner first-opened\">\n            <\/div>\n<\/div><\/div>\n\n\n\n<div class=\"wp-block-column is-layout-flow wp-block-column-is-layout-flow\">\n\n<div class=\"swiper-container-wrapper a-innerblock\">\n    <div class=\"swiper-container gallery-top\">\n        <div class=\"swiper-wrapper\">\n                                                <div class=\"swiper-slide\">\n                                                    <figure class=\"scale-img swiper-slide-img\">\n                                <img loading=\"lazy\" decoding=\"async\" class=\"slide-img\" src=\"https:\/\/www.mounting-systems.com\/wp-content\/uploads\/Design-sans-titre-54.png\" alt=\"\" width=\"635\" height=\"730\">\n                                <figcaption><\/figcaption>\n                            <\/figure>\n                                            <\/div>\n                    <\/div>\n    <\/div>\n    <div class=\"swiper-container gallery-thumbs\">\n        <div class=\"swiper-wrapper\">\n                                                    <figure class=\"swiper-slide-img swiper-slide swiper-thumb\">\n                            <img decoding=\"async\" class=\"slide-img\" src=\"https:\/\/www.mounting-systems.com\/wp-content\/uploads\/Design-sans-titre-54-150x150.png\" alt=\"\">\n                        <\/figure>\n                                        <\/div>\n    <\/div>\n<\/div><\/div>\n<\/div>\n<\/div><\/div>\n\n\n\n<p><\/p>\n<\/div><\/div>\n\n\n\n<div id=\"speed\" class=\"wp-block-group section fullsize has-black-color has-very-light-gray-background-color has-text-color has-background has-link-color wp-elements-b5cde5a5357f8b99cf2da1c9489e4ff4\"><div class=\"wp-block-group__inner-container is-layout-constrained wp-block-group-is-layout-constrained\">\n<div class=\"wp-block-group cols-2\"><div class=\"wp-block-group__inner-container is-layout-constrained wp-block-group-is-layout-constrained\">\n<div class=\"wp-block-columns is-layout-flex wp-container-core-columns-is-layout-9d6595d7 wp-block-columns-is-layout-flex\">\n<div class=\"wp-block-column is-layout-flow wp-block-column-is-layout-flow\">\n\n<div class=\"swiper-container-wrapper a-innerblock\">\n    <div class=\"swiper-container gallery-top\">\n        <div class=\"swiper-wrapper\">\n                                                <div class=\"swiper-slide\">\n                                                    <figure class=\"scale-img swiper-slide-img\">\n                                <img loading=\"lazy\" decoding=\"async\" class=\"slide-img\" src=\"https:\/\/www.mounting-systems.com\/wp-content\/uploads\/Design-sans-titre-55.png\" alt=\"\" width=\"635\" height=\"730\">\n                                <figcaption><\/figcaption>\n                            <\/figure>\n                                            <\/div>\n                    <\/div>\n    <\/div>\n    <div class=\"swiper-container gallery-thumbs\">\n        <div class=\"swiper-wrapper\">\n                                                    <figure class=\"swiper-slide-img swiper-slide swiper-thumb\">\n                            <img decoding=\"async\" class=\"slide-img\" src=\"https:\/\/www.mounting-systems.com\/wp-content\/uploads\/Design-sans-titre-55-150x150.png\" alt=\"\">\n                        <\/figure>\n                                        <\/div>\n    <\/div>\n<\/div><\/div>\n\n\n\n<div class=\"wp-block-column is-layout-flow wp-block-column-is-layout-flow\">\n\n<div class=\"a-innerblock block-newsheader-wrapper green\">\n    <div class=\"block-newsheader-inner\">\n        <div class=\"text-wrapper\">\n                                <div class=\"section-title\">\n                        <span>Systemy monta\u017cowe z p\u0142ytami bazowymi<\/span>\n                    <\/div>\n                                                <h2>NPA+ Bok<\/h2>\n                                    <\/div>\n    <\/div>\n<\/div>\n\n\n\n<div class=\"a-innerblock accordion-list accordion-reg-list block-accordion-wrapper\">\n    <div class=\"a-innerblock block-newsheader-wrapper\">\n        <div class=\"block-newsheader-inner\">\n            <div class=\"text-wrapper\">\n                                                                                                            <div class=\"teaser-text\"><p>NPA+ Side to system monta\u017cowy do fotowoltaiki, kt\u00f3ry zosta\u0142 specjalnie zaprojektowany do du\u017cych powierzchni dach\u00f3w pochy\u0142ych. Jest szczeg\u00f3lnie odpowiedni dla budynk\u00f3w z suchymi pokryciami dachowymi (dachy z blachy trapezowej) oraz dach\u00f3w warstwowych (sandwich).<\/p>\n<p><!--StartFragment --><\/p>\n<p class=\"pf0\"><a href=\"https:\/\/dome-solar.com\/de\/befestigung-photovoltaikmodul\/npa-side\/\"><span class=\"cf0\">Odkryj produkt <\/span><\/a><\/p>\n<\/div>\n                                                <\/div>\n        <\/div>\n    <\/div>\n        <div class=\"block-accordion-wrapper-inner first-opened\">\n            <\/div>\n<\/div><\/div>\n<\/div>\n<\/div><\/div>\n<\/div><\/div>\n\n\n\n<div class=\"wp-block-group cols-2\"><div class=\"wp-block-group__inner-container is-layout-constrained wp-block-group-is-layout-constrained\">\n<div class=\"wp-block-columns is-layout-flex wp-container-core-columns-is-layout-9d6595d7 wp-block-columns-is-layout-flex\">\n<div class=\"wp-block-column is-layout-flow wp-block-column-is-layout-flow\">\n\n<div class=\"a-innerblock block-newsheader-wrapper green\">\n    <div class=\"block-newsheader-inner\">\n        <div class=\"text-wrapper\">\n                                <div class=\"section-title\">\n                        <span>Systemy monta\u017cowe z p\u0142ytami bazowymi<\/span>\n                    <\/div>\n                                                <h2>NPO +<\/h2>\n                                    <\/div>\n    <\/div>\n<\/div>\n\n\n\n<div class=\"a-innerblock accordion-list accordion-reg-list block-accordion-wrapper\">\n    <div class=\"a-innerblock block-newsheader-wrapper\">\n        <div class=\"block-newsheader-inner\">\n            <div class=\"text-wrapper\">\n                                                                                                            <div class=\"teaser-text\"><p data-start=\"76\" data-end=\"175\">NPO+ to system monta\u017cowy fotowoltaiki, zaprojektowany specjalnie do instalacji w pionie na suchych pokryciach dachowych (dachach z blachy trapezowej). Dzi\u0119ki uniwersalnemu systemowi zatrzaskowemu umo\u017cliwia szybki monta\u017c, u\u0142atwia konserwacj\u0119 i zapewnia wysok\u0105 odporno\u015b\u0107 na obci\u0105\u017cenia klimatyczne. Jest kompatybilny z r\u00f3\u017cnymi geometrami blach i nadaje si\u0119 do szerokiego zakresu zastosowa\u0144.<\/p>\n<p data-start=\"76\" data-end=\"175\"><!--StartFragment --><\/p>\n<p data-start=\"76\" data-end=\"175\"><!--EndFragment --><\/p>\n<\/div>\n                                                <\/div>\n        <\/div>\n    <\/div>\n        <div class=\"block-accordion-wrapper-inner first-opened\">\n            <\/div>\n<\/div><\/div>\n\n\n\n<div class=\"wp-block-column is-layout-flow wp-block-column-is-layout-flow\">\n\n<div class=\"swiper-container-wrapper a-innerblock\">\n    <div class=\"swiper-container gallery-top\">\n        <div class=\"swiper-wrapper\">\n                                                <div class=\"swiper-slide\">\n                                                    <figure class=\"scale-img swiper-slide-img\">\n                                <img loading=\"lazy\" decoding=\"async\" class=\"slide-img\" src=\"https:\/\/www.mounting-systems.com\/wp-content\/uploads\/Design-sans-titre-56.png\" alt=\"\" width=\"635\" height=\"730\">\n                                <figcaption><\/figcaption>\n                            <\/figure>\n                                            <\/div>\n                    <\/div>\n    <\/div>\n    <div class=\"swiper-container gallery-thumbs\">\n        <div class=\"swiper-wrapper\">\n                                                    <figure class=\"swiper-slide-img swiper-slide swiper-thumb\">\n                            <img decoding=\"async\" class=\"slide-img\" src=\"https:\/\/www.mounting-systems.com\/wp-content\/uploads\/Design-sans-titre-56-150x150.png\" alt=\"\">\n                        <\/figure>\n                                        <\/div>\n    <\/div>\n<\/div><\/div>\n<\/div>\n<\/div><\/div>\n\n\n\n<div class=\"wp-block-group cols-2\"><div class=\"wp-block-group__inner-container is-layout-constrained wp-block-group-is-layout-constrained\">\n<div class=\"wp-block-columns is-layout-flex wp-container-core-columns-is-layout-9d6595d7 wp-block-columns-is-layout-flex\">\n<div class=\"wp-block-column is-layout-flow wp-block-column-is-layout-flow\">\n\n<div class=\"swiper-container-wrapper a-innerblock\">\n    <div class=\"swiper-container gallery-top\">\n        <div class=\"swiper-wrapper\">\n                                                <div class=\"swiper-slide\">\n                                                    <figure class=\"scale-img swiper-slide-img\">\n                                <img loading=\"lazy\" decoding=\"async\" class=\"slide-img\" src=\"https:\/\/www.mounting-systems.com\/wp-content\/uploads\/b\u00b2-1.png\" alt=\"\" width=\"635\" height=\"730\">\n                                <figcaption><\/figcaption>\n                            <\/figure>\n                                            <\/div>\n                    <\/div>\n    <\/div>\n    <div class=\"swiper-container gallery-thumbs\">\n        <div class=\"swiper-wrapper\">\n                                                    <figure class=\"swiper-slide-img swiper-slide swiper-thumb\">\n                            <img decoding=\"async\" class=\"slide-img\" src=\"https:\/\/www.mounting-systems.com\/wp-content\/uploads\/b\u00b2-1-150x150.png\" alt=\"\">\n                        <\/figure>\n                                        <\/div>\n    <\/div>\n<\/div><\/div>\n\n\n\n<div class=\"wp-block-column is-layout-flow wp-block-column-is-layout-flow\">\n\n<div class=\"a-innerblock block-newsheader-wrapper green\">\n    <div class=\"block-newsheader-inner\">\n        <div class=\"text-wrapper\">\n                                <div class=\"section-title\">\n                        <span>Mocowanie w p\u0142atwi<\/span>\n                    <\/div>\n                                                <h2>Ital-Solar<\/h2>\n                                    <\/div>\n    <\/div>\n<\/div>\n\n\n\n<div class=\"a-innerblock accordion-list accordion-reg-list block-accordion-wrapper\">\n    <div class=\"a-innerblock block-newsheader-wrapper\">\n        <div class=\"block-newsheader-inner\">\n            <div class=\"text-wrapper\">\n                                                                                                            <div class=\"teaser-text\"><p>Ital-Solar to fotowoltaiczny system mocowania do dach\u00f3w sko\u015bnych. Nadaje si\u0119 zar\u00f3wno do pokry\u0107 z blachy stalowej trapezowej, jak i do paneli warstwowych, umo\u017cliwiaj\u0105c niezawodny i bezpieczny monta\u017c modu\u0142\u00f3w w formacie poziomym.<\/p>\n<p><!--StartFragment --><\/p>\n<p class=\"pf0\"><a href=\"https:\/\/dome-solar.com\/de\/befestigung-photovoltaikmodul\/ital-solar\/\"><span class=\"cf0\">Odkryj produkt <\/span><\/a><\/p>\n<p><!--EndFragment --><\/p>\n<\/div>\n                                                <\/div>\n        <\/div>\n    <\/div>\n        <div class=\"block-accordion-wrapper-inner first-opened\">\n            <\/div>\n<\/div><\/div>\n<\/div>\n<\/div><\/div>\n\n\n\n<div class=\"wp-block-group cols-2\"><div class=\"wp-block-group__inner-container is-layout-constrained wp-block-group-is-layout-constrained\">\n<div class=\"wp-block-columns is-layout-flex wp-container-core-columns-is-layout-9d6595d7 wp-block-columns-is-layout-flex\">\n<div class=\"wp-block-column is-layout-flow wp-block-column-is-layout-flow\">\n\n<div class=\"a-innerblock block-newsheader-wrapper green\">\n    <div class=\"block-newsheader-inner\">\n        <div class=\"text-wrapper\">\n                                <div class=\"section-title\">\n                        <span>Mocowanie w p\u0142atwi<\/span>\n                    <\/div>\n                                                <h2>Helios B\u00b2<\/h2>\n                                    <\/div>\n    <\/div>\n<\/div>\n\n\n\n<div class=\"a-innerblock accordion-list accordion-reg-list block-accordion-wrapper\">\n    <div class=\"a-innerblock block-newsheader-wrapper\">\n        <div class=\"block-newsheader-inner\">\n            <div class=\"text-wrapper\">\n                                                                                                            <div class=\"teaser-text\"><p data-start=\"76\" data-end=\"175\">Jest to certyfikowany przez ATec system mocowania fotowoltaicznego, przeznaczony do dach\u00f3w spadzistych z trapezowej blachy stalowej. Wszechstronny, nadaje si\u0119 r\u00f3wnie\u017c do paneli warstwowych i umo\u017cliwia niezawodn\u0105 integracj\u0119 paneli s\u0142onecznych w orientacji poziomej. Dost\u0119pna jest r\u00f3wnie\u017c wersja systemu wykonana ze stali niskoemisyjnej, \u0142\u0105cz\u0105ca wydajno\u015b\u0107 ze zredukowanym \u015bladem ekologicznym.<\/p>\n<p data-start=\"76\" data-end=\"175\"><!--StartFragment --><\/p>\n<p class=\"pf0\"><a href=\"https:\/\/dome-solar.com\/de\/befestigung-photovoltaikmodul\/helios-b%c2%b2\/\"><span class=\"cf0\">Odkryj produkt <\/span><\/a><\/p>\n<p data-start=\"76\" data-end=\"175\"><!--EndFragment --><\/p>\n<\/div>\n                                                <\/div>\n        <\/div>\n    <\/div>\n        <div class=\"block-accordion-wrapper-inner first-opened\">\n            <\/div>\n<\/div><\/div>\n\n\n\n<div class=\"wp-block-column is-layout-flow wp-block-column-is-layout-flow\">\n\n<div class=\"swiper-container-wrapper a-innerblock\">\n    <div class=\"swiper-container gallery-top\">\n        <div class=\"swiper-wrapper\">\n                                                <div class=\"swiper-slide\">\n                                                    <figure class=\"scale-img swiper-slide-img\">\n                                <img loading=\"lazy\" decoding=\"async\" class=\"slide-img\" src=\"https:\/\/www.mounting-systems.com\/wp-content\/uploads\/b\u00b2-2.png\" alt=\"\" width=\"635\" height=\"730\">\n                                <figcaption><\/figcaption>\n                            <\/figure>\n                                            <\/div>\n                    <\/div>\n    <\/div>\n    <div class=\"swiper-container gallery-thumbs\">\n        <div class=\"swiper-wrapper\">\n                                                    <figure class=\"swiper-slide-img swiper-slide swiper-thumb\">\n                            <img decoding=\"async\" class=\"slide-img\" src=\"https:\/\/www.mounting-systems.com\/wp-content\/uploads\/b\u00b2-2-150x150.png\" alt=\"\">\n                        <\/figure>\n                                        <\/div>\n    <\/div>\n<\/div><\/div>\n<\/div>\n<\/div><\/div>\n\n\n\n<div class=\"wp-block-group cols-2\"><div class=\"wp-block-group__inner-container is-layout-constrained wp-block-group-is-layout-constrained\">\n<div class=\"wp-block-columns is-layout-flex wp-container-core-columns-is-layout-9d6595d7 wp-block-columns-is-layout-flex\">\n<div class=\"wp-block-column is-layout-flow wp-block-column-is-layout-flow\">\n\n<div class=\"swiper-container-wrapper a-innerblock\">\n    <div class=\"swiper-container gallery-top\">\n        <div class=\"swiper-wrapper\">\n                                                <div class=\"swiper-slide\">\n                                                    <figure class=\"scale-img swiper-slide-img\">\n                                <img loading=\"lazy\" decoding=\"async\" class=\"slide-img\" src=\"https:\/\/www.mounting-systems.com\/wp-content\/uploads\/Design-sans-titre-57.png\" alt=\"\" width=\"635\" height=\"730\">\n                                <figcaption><\/figcaption>\n                            <\/figure>\n                                            <\/div>\n                    <\/div>\n    <\/div>\n    <div class=\"swiper-container gallery-thumbs\">\n        <div class=\"swiper-wrapper\">\n                                                    <figure class=\"swiper-slide-img swiper-slide swiper-thumb\">\n                            <img decoding=\"async\" class=\"slide-img\" src=\"https:\/\/www.mounting-systems.com\/wp-content\/uploads\/Design-sans-titre-57-150x150.png\" alt=\"\">\n                        <\/figure>\n                                        <\/div>\n    <\/div>\n<\/div><\/div>\n\n\n\n<div class=\"wp-block-column is-layout-flow wp-block-column-is-layout-flow\">\n\n<div class=\"a-innerblock block-newsheader-wrapper green\">\n    <div class=\"block-newsheader-inner\">\n        <div class=\"text-wrapper\">\n                                <div class=\"section-title\">\n                        <span>Systemy monta\u017cowe z p\u0142ytami bazowymi<\/span>\n                    <\/div>\n                                                <h2>RB Nachylenie S\u0142oneczne<\/h2>\n                                    <\/div>\n    <\/div>\n<\/div>\n\n\n\n<div class=\"a-innerblock accordion-list accordion-reg-list block-accordion-wrapper\">\n    <div class=\"a-innerblock block-newsheader-wrapper\">\n        <div class=\"block-newsheader-inner\">\n            <div class=\"text-wrapper\">\n                                                                                                            <div class=\"teaser-text\"><p data-start=\"77\" data-end=\"157\"><strong data-start=\"77\" data-end=\"157\">Pochy\u0142y system monta\u017cu fotowoltaicznego dla dach\u00f3w z blachy trapezowej o p\u0142askim nachyleniu<\/strong><\/p>\n<p data-start=\"159\" data-end=\"433\">System RB Solar Tilt zosta\u0142 opracowany w odpowiedzi na rosn\u0105c\u0105 realno\u015b\u0107 na placu budowy: instalatorzy pracuj\u0105 na dachach z blachy trapezowej o bardzo ma\u0142ym nachyleniu (bliskim 0\u00b0), gdzie tradycyjne systemy monta\u017cowe r\u00f3wnoleg\u0142e do dachu ograniczaj\u0105 uzysk energii.<\/p>\n<p data-start=\"435\" data-end=\"652\">Konstrukcyjnie dachy te s\u0105 nachylone, jednak w praktyce zachowuj\u0105 si\u0119 niemal jak dachy p\u0142askie. Odprowadzanie wody jest zapewnione, ale nachylenie nie jest wystarczaj\u0105ce do optymalizacji produkcji energii fotowoltaicznej.<\/p>\n<p data-start=\"654\" data-end=\"699\">RB Solar Tilt wype\u0142nia t\u0119 luk\u0119 w nast\u0119puj\u0105cy spos\u00f3b:<\/p>\n<ul data-start=\"701\" data-end=\"849\">\n<li data-section-id=\"1j76w2e\" data-start=\"701\" data-end=\"776\">sprawdzona technologia mocowania RB Solar do dach\u00f3w z blachy trapezowej<\/li>\n<li data-section-id=\"1p43m69\" data-start=\"777\" data-end=\"849\">z zintegrowanym rozwi\u0105zaniem do podparcia dla optymalizacji wydajno\u015bci<\/li>\n<\/ul>\n<p data-start=\"851\" data-end=\"862\">kombinowany.<\/p>\n<p data-start=\"864\" data-end=\"1012\" data-is-last-node=\"\" data-is-only-node=\"\">Rezultatem jest prosty i szybki w instalacji system, kt\u00f3ry przekszta\u0142ca p\u0142askie, pochylone dachy przemys\u0142owe w wydajne powierzchnie fotowoltaiczne.<\/p>\n<\/div>\n                                                <\/div>\n        <\/div>\n    <\/div>\n        <div class=\"block-accordion-wrapper-inner first-opened\">\n            <\/div>\n<\/div><\/div>\n<\/div>\n<\/div><\/div>\n\n\n\n<div class=\"wp-block-group cols-2\"><div class=\"wp-block-group__inner-container is-layout-constrained wp-block-group-is-layout-constrained\">\n<div class=\"wp-block-columns is-layout-flex wp-container-core-columns-is-layout-9d6595d7 wp-block-columns-is-layout-flex\">\n<div class=\"wp-block-column is-layout-flow wp-block-column-is-layout-flow\">\n\n<div class=\"a-innerblock block-newsheader-wrapper green\">\n    <div class=\"block-newsheader-inner\">\n        <div class=\"text-wrapper\">\n                                <div class=\"section-title\">\n                        <span>Mocowanie w p\u0142atwi<\/span>\n                    <\/div>\n                                                <h2>Fibro-Solar<\/h2>\n                                    <\/div>\n    <\/div>\n<\/div>\n\n\n\n<div class=\"a-innerblock accordion-list accordion-reg-list block-accordion-wrapper\">\n    <div class=\"a-innerblock block-newsheader-wrapper\">\n        <div class=\"block-newsheader-inner\">\n            <div class=\"text-wrapper\">\n                                                                                                            <div class=\"teaser-text\"><p>Fibro-Solar to system mocowa\u0144 fotowoltaicznych przeznaczony specjalnie do dach\u00f3w sko\u015bnych pokrytych falist\u0105 p\u0142yt\u0105 cementowo-w\u0142\u00f3know\u0105. Jest on oceniany w ramach ETN i umo\u017cliwia niezawodny monta\u017c w orientacji poziomej, dopasowany do tego typu pokrycia dachowego.<\/p>\n<p><!--StartFragment --><\/p>\n<p class=\"pf0\"><a href=\"https:\/\/dome-solar.com\/de\/befestigung-photovoltaikmodul\/fibro-solar\/\"><span class=\"cf0\">Odkryj produkt <\/span><\/a><\/p>\n<p><!--EndFragment --><\/p>\n<\/div>\n                                                <\/div>\n        <\/div>\n    <\/div>\n        <div class=\"block-accordion-wrapper-inner first-opened\">\n            <\/div>\n<\/div><\/div>\n\n\n\n<div class=\"wp-block-column is-layout-flow wp-block-column-is-layout-flow\">\n\n<div class=\"swiper-container-wrapper a-innerblock\">\n    <div class=\"swiper-container gallery-top\">\n        <div class=\"swiper-wrapper\">\n                                                <div class=\"swiper-slide\">\n                                                    <figure class=\"scale-img swiper-slide-img\">\n                                <img loading=\"lazy\" decoding=\"async\" class=\"slide-img\" src=\"https:\/\/www.mounting-systems.com\/wp-content\/uploads\/b\u00b2-3.png\" alt=\"\" width=\"635\" height=\"730\">\n                                <figcaption><\/figcaption>\n                            <\/figure>\n                                            <\/div>\n                    <\/div>\n    <\/div>\n    <div class=\"swiper-container gallery-thumbs\">\n        <div class=\"swiper-wrapper\">\n                                                    <figure class=\"swiper-slide-img swiper-slide swiper-thumb\">\n                            <img decoding=\"async\" class=\"slide-img\" src=\"https:\/\/www.mounting-systems.com\/wp-content\/uploads\/b\u00b2-3-150x150.png\" alt=\"\">\n                        <\/figure>\n                                        <\/div>\n    <\/div>\n<\/div><\/div>\n<\/div>\n<\/div><\/div>\n\n\n\n<div class=\"wp-block-group\"><div class=\"wp-block-group__inner-container is-layout-constrained wp-block-group-is-layout-constrained\">\n<div class=\"wp-block-columns is-style-col-3-9 is-layout-flex wp-container-core-columns-is-layout-9d6595d7 wp-block-columns-is-layout-flex\">\n<div class=\"wp-block-column is-layout-flow wp-block-column-is-layout-flow\" style=\"flex-basis:40%\">\n\n<div class=\"a-innerblock block-newsheader-wrapper green\">\n    <div class=\"block-newsheader-inner\">\n        <div class=\"text-wrapper\">\n                                <div class=\"section-title\">\n                        <span>Najcz\u0119\u015bciej zadawane pytania<\/span>\n                    <\/div>\n                                                <h2>Pytania dotycz\u0105ce przej\u0119cia<\/h2>\n                                    <\/div>\n    <\/div>\n<\/div><\/div>\n\n\n\n<div class=\"wp-block-column is-layout-flow wp-block-column-is-layout-flow\" style=\"flex-basis:66.66%\">\n\n<div class=\"a-innerblock accordion-list accordion-reg-list block-accordion-wrapper\">\n    <div class=\"a-innerblock block-newsheader-wrapper\">\n        <div class=\"block-newsheader-inner\">\n            <div class=\"text-wrapper\">\n                                                                            <\/div>\n        <\/div>\n    <\/div>\n        <div class=\"block-accordion-wrapper-inner\">\n                    <ul class=\"level-1\">\n                                    <li class=\"accordion-wrapper border-b\">\n                                                    <h4 class=\"c-title accordion-btn font-l\">Czy LightX i FD3 nadal b\u0119d\u0105 dost\u0119pne?<\/h4>\n                                                <div class=\"accordion-txt\">\n                            <p>Ci\u0105g\u0142o\u015b\u0107 produktu ma najwy\u017cszy priorytet. LightX i FD3 pozostaj\u0105 w pe\u0142ni dost\u0119pne \u2014 teraz wspierane przez mo\u017cliwo\u015bci przemys\u0142owe i \u0142a\u0144cuch dostaw Dome Solar, aby zapewni\u0107 niezawodn\u0105 dost\u0119pno\u015b\u0107 produkt\u00f3w w ka\u017cdej skali.<\/p>\n                        <\/div>\n                    <\/li>\n                                    <li class=\"accordion-wrapper border-b\">\n                                                    <h4 class=\"c-title accordion-btn font-l\">Gilt &#8222;Made in Germany&#8220; weiterhin?<\/h4>\n                                                <div class=\"accordion-txt\">\n                            <p>Tak. Dotychczasowi niemieccy dostawcy pozostaj\u0105. Standardy in\u017cynieryjne, wymagania dotycz\u0105ce oblicze\u0144 statycznych i kontroli jako\u015bci pozostaj\u0105 bez zmian. Niemiecka tradycja produkcyjna jest kluczowym elementem to\u017csamo\u015bci marki Mounting Systems.<\/p>\n                        <\/div>\n                    <\/li>\n                                    <li class=\"accordion-wrapper border-b\">\n                                                    <h4 class=\"c-title accordion-btn font-l\">Do kogo mog\u0119 si\u0119 zwr\u00f3ci\u0107 w sprawie pomocy technicznej?<\/h4>\n                                                <div class=\"accordion-txt\">\n                            <p>Pa\u0144stwa obecni partnerzy kontaktowi pozostaj\u0105 bez zmian. Dome Solar wzmocni lokalne zespo\u0142y techniczne na kluczowych rynkach \u2013 w Hiszpanii, Polsce, Niemczech, Maroku i nie tylko \u2013 aby zapewni\u0107 silne wsparcie dla EPC i instalator\u00f3w w okresie przej\u015bciowym i po nim.<\/p>\n                        <\/div>\n                    <\/li>\n                                    <li class=\"accordion-wrapper border-b\">\n                                                    <h4 class=\"c-title accordion-btn font-l\">Jakie nowe produkty s\u0105 teraz dost\u0119pne?<\/h4>\n                                                <div class=\"accordion-txt\">\n                            <p>Dzi\u0119ki Dome Solar masz teraz dost\u0119p do rozszerzonego portfolio, kt\u00f3re obejmuje systemy na dachy pochy\u0142e (NPA, TOP, SIDE, Helios B2, Ital Solar, Fibro), rozwi\u0105zania wiatowe dla gara\u017cy (RC3) oraz systemy naziemne.<\/p>\n                        <\/div>\n                    <\/li>\n                            <\/ul>\n            <\/div>\n<\/div><\/div>\n<\/div>\n<\/div><\/div>\n\n\n\n<div class=\"wp-block-cover\" style=\"min-height:400px;aspect-ratio:unset;\"><span aria-hidden=\"true\" class=\"wp-block-cover__background has-green-background-color has-background-dim-100 has-background-dim\"><\/span><div class=\"wp-block-cover__inner-container is-layout-constrained wp-block-cover-is-layout-constrained\">\n<div class=\"wp-block-group is-horizontal is-content-justification-space-between is-nowrap is-layout-flex wp-container-core-group-is-layout-34e62f51 wp-block-group-is-layout-flex\">\n<p class=\"has-text-align-left has-large-font-size\">Gotowy, aby rozpocz\u0105\u0107 sw\u00f3j kolejny<br><mark style=\"background-color:rgba(0, 0, 0, 0)\" class=\"has-inline-color has-white-color\"><strong>projekt p\u0142askiego dachu?<\/strong><\/mark><\/p>\n\n\n\n<div class=\"wp-block-group\"><div class=\"wp-block-group__inner-container is-layout-constrained wp-block-group-is-layout-constrained\">\n<p class=\"has-text-align-right\"><a href=\"https:\/\/dome-solar.com\/en\/contact\/\">Poprosi\u0107 o wycen\u0119<\/a><\/p>\n\n\n\n<p class=\"has-text-align-right\"><a href=\"https:\/\/dome-solar.com\/wp-content\/uploads\/dome-solar-catalogue-fr.pdf\" target=\"_blank\" rel=\"noreferrer noopener\">Pobierz Katalog Paneli S\u0142onecznych Dome<\/a><\/p>\n<\/div><\/div>\n<\/div>\n<\/div><\/div>","protected":false},"excerpt":{"rendered":"","protected":false},"author":20,"featured_media":0,"parent":9568,"menu_order":0,"comment_status":"closed","ping_status":"closed","template":"","meta":{"_acf_changed":false,"footnotes":""},"categories":[18],"tags":[],"class_list":["post-25861","page","type-page","status-publish","hentry","category-dach-gewerbe"],"acf":[],"yoast_head":"<!-- This site is optimized with the Yoast SEO plugin v27.5 - https:\/\/yoast.com\/product\/yoast-seo-wordpress\/ -->\n<title>Schr\u00e4gdach-Serie - Mounting Systems<\/title>\n<meta name=\"robots\" content=\"index, follow, max-snippet:-1, max-image-preview:large, max-video-preview:-1\" \/>\n<link rel=\"canonical\" href=\"https:\/\/www.mounting-systems.com\/pl\/handel-dachami\/systemy-fotowoltaiczne\/dach-skosny-seria\/\" \/>\n<meta property=\"og:locale\" content=\"pl_PL\" \/>\n<meta property=\"og:type\" content=\"article\" \/>\n<meta property=\"og:title\" content=\"Schr\u00e4gdach-Serie - Mounting Systems\" \/>\n<meta property=\"og:url\" content=\"https:\/\/www.mounting-systems.com\/pl\/handel-dachami\/systemy-fotowoltaiczne\/dach-skosny-seria\/\" \/>\n<meta property=\"og:site_name\" content=\"Mounting Systems\" \/>\n<meta property=\"article:modified_time\" content=\"2026-04-24T13:42:55+00:00\" \/>\n<meta property=\"og:image\" content=\"https:\/\/www.mounting-systems.com\/wp-content\/uploads\/800x600-site-web-5-1-1.png\" \/>\n<meta name=\"twitter:card\" content=\"summary_large_image\" \/>\n<meta name=\"twitter:label1\" content=\"Szacowany czas czytania\" \/>\n\t<meta name=\"twitter:data1\" content=\"1 minuta\" \/>\n<script type=\"application\/ld+json\" class=\"yoast-schema-graph\">{\"@context\":\"https:\\\/\\\/schema.org\",\"@graph\":[{\"@type\":\"WebPage\",\"@id\":\"https:\\\/\\\/www.mounting-systems.com\\\/dach-gewerbe\\\/pv-systeme\\\/schraegdach-serie\\\/\",\"url\":\"https:\\\/\\\/www.mounting-systems.com\\\/dach-gewerbe\\\/pv-systeme\\\/schraegdach-serie\\\/\",\"name\":\"Schr\u00e4gdach-Serie - Mounting Systems\",\"isPartOf\":{\"@id\":\"https:\\\/\\\/www.mounting-systems.com\\\/de\\\/#website\"},\"primaryImageOfPage\":{\"@id\":\"https:\\\/\\\/www.mounting-systems.com\\\/dach-gewerbe\\\/pv-systeme\\\/schraegdach-serie\\\/#primaryimage\"},\"image\":{\"@id\":\"https:\\\/\\\/www.mounting-systems.com\\\/dach-gewerbe\\\/pv-systeme\\\/schraegdach-serie\\\/#primaryimage\"},\"thumbnailUrl\":\"https:\\\/\\\/www.mounting-systems.com\\\/wp-content\\\/uploads\\\/800x600-site-web-5-1-1.png\",\"datePublished\":\"2026-04-23T12:24:12+00:00\",\"dateModified\":\"2026-04-24T13:42:55+00:00\",\"breadcrumb\":{\"@id\":\"https:\\\/\\\/www.mounting-systems.com\\\/dach-gewerbe\\\/pv-systeme\\\/schraegdach-serie\\\/#breadcrumb\"},\"inLanguage\":\"pl-PL\",\"potentialAction\":[{\"@type\":\"ReadAction\",\"target\":[\"https:\\\/\\\/www.mounting-systems.com\\\/dach-gewerbe\\\/pv-systeme\\\/schraegdach-serie\\\/\"]}]},{\"@type\":\"ImageObject\",\"inLanguage\":\"pl-PL\",\"@id\":\"https:\\\/\\\/www.mounting-systems.com\\\/dach-gewerbe\\\/pv-systeme\\\/schraegdach-serie\\\/#primaryimage\",\"url\":\"https:\\\/\\\/www.mounting-systems.com\\\/wp-content\\\/uploads\\\/800x600-site-web-5-1-1.png\",\"contentUrl\":\"https:\\\/\\\/www.mounting-systems.com\\\/wp-content\\\/uploads\\\/800x600-site-web-5-1-1.png\"},{\"@type\":\"BreadcrumbList\",\"@id\":\"https:\\\/\\\/www.mounting-systems.com\\\/dach-gewerbe\\\/pv-systeme\\\/schraegdach-serie\\\/#breadcrumb\",\"itemListElement\":[{\"@type\":\"ListItem\",\"position\":1,\"name\":\"Startseite\",\"item\":\"https:\\\/\\\/www.mounting-systems.com\\\/\"},{\"@type\":\"ListItem\",\"position\":2,\"name\":\"Dach &#038; Gewerbe\",\"item\":\"https:\\\/\\\/www.mounting-systems.com\\\/dach-gewerbe\\\/\"},{\"@type\":\"ListItem\",\"position\":3,\"name\":\"PV-Systeme\",\"item\":\"https:\\\/\\\/www.mounting-systems.com\\\/dach-gewerbe\\\/pv-systeme\\\/\"},{\"@type\":\"ListItem\",\"position\":4,\"name\":\"Schr\u00e4gdach-Serie\"}]},{\"@type\":\"WebSite\",\"@id\":\"https:\\\/\\\/www.mounting-systems.com\\\/de\\\/#website\",\"url\":\"https:\\\/\\\/www.mounting-systems.com\\\/de\\\/\",\"name\":\"Mounting Systems\",\"description\":\"\",\"publisher\":{\"@id\":\"https:\\\/\\\/www.mounting-systems.com\\\/de\\\/#organization\"},\"potentialAction\":[{\"@type\":\"SearchAction\",\"target\":{\"@type\":\"EntryPoint\",\"urlTemplate\":\"https:\\\/\\\/www.mounting-systems.com\\\/de\\\/?s={search_term_string}\"},\"query-input\":{\"@type\":\"PropertyValueSpecification\",\"valueRequired\":true,\"valueName\":\"search_term_string\"}}],\"inLanguage\":\"pl-PL\"},{\"@type\":\"Organization\",\"@id\":\"https:\\\/\\\/www.mounting-systems.com\\\/de\\\/#organization\",\"name\":\"Mounting Systems\",\"url\":\"https:\\\/\\\/www.mounting-systems.com\\\/de\\\/\",\"logo\":{\"@type\":\"ImageObject\",\"inLanguage\":\"pl-PL\",\"@id\":\"https:\\\/\\\/www.mounting-systems.com\\\/de\\\/#\\\/schema\\\/logo\\\/image\\\/\",\"url\":\"https:\\\/\\\/www.mounting-systems.com\\\/wp-content\\\/uploads\\\/2021\\\/01\\\/MSG-Signet-white.png\",\"contentUrl\":\"https:\\\/\\\/www.mounting-systems.com\\\/wp-content\\\/uploads\\\/2021\\\/01\\\/MSG-Signet-white.png\",\"width\":432,\"height\":552,\"caption\":\"Mounting Systems\"},\"image\":{\"@id\":\"https:\\\/\\\/www.mounting-systems.com\\\/de\\\/#\\\/schema\\\/logo\\\/image\\\/\"}}]}<\/script>\n<!-- \/ Yoast SEO plugin. -->","yoast_head_json":{"title":"Seria dach\u00f3w sko\u015bnych - Systemy monta\u017cowe","robots":{"index":"index","follow":"follow","max-snippet":"max-snippet:-1","max-image-preview":"max-image-preview:large","max-video-preview":"max-video-preview:-1"},"canonical":"https:\/\/www.mounting-systems.com\/pl\/handel-dachami\/systemy-fotowoltaiczne\/dach-skosny-seria\/","og_locale":"pl_PL","og_type":"article","og_title":"Schr\u00e4gdach-Serie - Mounting Systems","og_url":"https:\/\/www.mounting-systems.com\/pl\/handel-dachami\/systemy-fotowoltaiczne\/dach-skosny-seria\/","og_site_name":"Mounting Systems","article_modified_time":"2026-04-24T13:42:55+00:00","og_image":[{"url":"https:\/\/www.mounting-systems.com\/wp-content\/uploads\/800x600-site-web-5-1-1.png","type":"","width":"","height":""}],"twitter_card":"summary_large_image","twitter_misc":{"Szacowany czas czytania":"1 minuta"},"schema":{"@context":"https:\/\/schema.org","@graph":[{"@type":"WebPage","@id":"https:\/\/www.mounting-systems.com\/dach-gewerbe\/pv-systeme\/schraegdach-serie\/","url":"https:\/\/www.mounting-systems.com\/dach-gewerbe\/pv-systeme\/schraegdach-serie\/","name":"Seria dach\u00f3w sko\u015bnych - Systemy monta\u017cowe","isPartOf":{"@id":"https:\/\/www.mounting-systems.com\/de\/#website"},"primaryImageOfPage":{"@id":"https:\/\/www.mounting-systems.com\/dach-gewerbe\/pv-systeme\/schraegdach-serie\/#primaryimage"},"image":{"@id":"https:\/\/www.mounting-systems.com\/dach-gewerbe\/pv-systeme\/schraegdach-serie\/#primaryimage"},"thumbnailUrl":"https:\/\/www.mounting-systems.com\/wp-content\/uploads\/800x600-site-web-5-1-1.png","datePublished":"2026-04-23T12:24:12+00:00","dateModified":"2026-04-24T13:42:55+00:00","breadcrumb":{"@id":"https:\/\/www.mounting-systems.com\/dach-gewerbe\/pv-systeme\/schraegdach-serie\/#breadcrumb"},"inLanguage":"pl-PL","potentialAction":[{"@type":"ReadAction","target":["https:\/\/www.mounting-systems.com\/dach-gewerbe\/pv-systeme\/schraegdach-serie\/"]}]},{"@type":"ImageObject","inLanguage":"pl-PL","@id":"https:\/\/www.mounting-systems.com\/dach-gewerbe\/pv-systeme\/schraegdach-serie\/#primaryimage","url":"https:\/\/www.mounting-systems.com\/wp-content\/uploads\/800x600-site-web-5-1-1.png","contentUrl":"https:\/\/www.mounting-systems.com\/wp-content\/uploads\/800x600-site-web-5-1-1.png"},{"@type":"BreadcrumbList","@id":"https:\/\/www.mounting-systems.com\/dach-gewerbe\/pv-systeme\/schraegdach-serie\/#breadcrumb","itemListElement":[{"@type":"ListItem","position":1,"name":"Startseite","item":"https:\/\/www.mounting-systems.com\/"},{"@type":"ListItem","position":2,"name":"Dach &#038; Gewerbe","item":"https:\/\/www.mounting-systems.com\/dach-gewerbe\/"},{"@type":"ListItem","position":3,"name":"PV-Systeme","item":"https:\/\/www.mounting-systems.com\/dach-gewerbe\/pv-systeme\/"},{"@type":"ListItem","position":4,"name":"Schr\u00e4gdach-Serie"}]},{"@type":"WebSite","@id":"https:\/\/www.mounting-systems.com\/de\/#website","url":"https:\/\/www.mounting-systems.com\/de\/","name":"Systemy monta\u017cowe","description":"","publisher":{"@id":"https:\/\/www.mounting-systems.com\/de\/#organization"},"potentialAction":[{"@type":"SearchAction","target":{"@type":"EntryPoint","urlTemplate":"https:\/\/www.mounting-systems.com\/de\/?s={search_term_string}"},"query-input":{"@type":"PropertyValueSpecification","valueRequired":true,"valueName":"search_term_string"}}],"inLanguage":"pl-PL"},{"@type":"Organization","@id":"https:\/\/www.mounting-systems.com\/de\/#organization","name":"Systemy monta\u017cowe","url":"https:\/\/www.mounting-systems.com\/de\/","logo":{"@type":"ImageObject","inLanguage":"pl-PL","@id":"https:\/\/www.mounting-systems.com\/de\/#\/schema\/logo\/image\/","url":"https:\/\/www.mounting-systems.com\/wp-content\/uploads\/2021\/01\/MSG-Signet-white.png","contentUrl":"https:\/\/www.mounting-systems.com\/wp-content\/uploads\/2021\/01\/MSG-Signet-white.png","width":432,"height":552,"caption":"Mounting Systems"},"image":{"@id":"https:\/\/www.mounting-systems.com\/de\/#\/schema\/logo\/image\/"}}]}},"_links":{"self":[{"href":"https:\/\/www.mounting-systems.com\/pl\/wp-json\/wp\/v2\/pages\/25861","targetHints":{"allow":["GET"]}}],"collection":[{"href":"https:\/\/www.mounting-systems.com\/pl\/wp-json\/wp\/v2\/pages"}],"about":[{"href":"https:\/\/www.mounting-systems.com\/pl\/wp-json\/wp\/v2\/types\/page"}],"author":[{"embeddable":true,"href":"https:\/\/www.mounting-systems.com\/pl\/wp-json\/wp\/v2\/users\/20"}],"replies":[{"embeddable":true,"href":"https:\/\/www.mounting-systems.com\/pl\/wp-json\/wp\/v2\/comments?post=25861"}],"version-history":[{"count":33,"href":"https:\/\/www.mounting-systems.com\/pl\/wp-json\/wp\/v2\/pages\/25861\/revisions"}],"predecessor-version":[{"id":26095,"href":"https:\/\/www.mounting-systems.com\/pl\/wp-json\/wp\/v2\/pages\/25861\/revisions\/26095"}],"up":[{"embeddable":true,"href":"https:\/\/www.mounting-systems.com\/pl\/wp-json\/wp\/v2\/pages\/9568"}],"wp:attachment":[{"href":"https:\/\/www.mounting-systems.com\/pl\/wp-json\/wp\/v2\/media?parent=25861"}],"wp:term":[{"taxonomy":"category","embeddable":true,"href":"https:\/\/www.mounting-systems.com\/pl\/wp-json\/wp\/v2\/categories?post=25861"},{"taxonomy":"post_tag","embeddable":true,"href":"https:\/\/www.mounting-systems.com\/pl\/wp-json\/wp\/v2\/tags?post=25861"}],"curies":[{"name":"wp","href":"https:\/\/api.w.org\/{rel}","templated":true}]}}