{"id":25750,"date":"2026-04-23T14:26:26","date_gmt":"2026-04-23T12:26:26","guid":{"rendered":"https:\/\/www.mounting-systems.com\/?page_id=25750"},"modified":"2026-04-24T10:29:16","modified_gmt":"2026-04-24T08:29:16","slug":"o-nas","status":"publish","type":"page","link":"https:\/\/www.mounting-systems.com\/pl\/ueber-uns\/","title":{"rendered":"O nas"},"content":{"rendered":"<div class=\"wp-block-cover has-custom-content-position is-position-bottom-center a-innerblock\">\n    <img loading=\"lazy\" decoding=\"async\" width=\"1920\" height=\"1278\" src=\"https:\/\/www.mounting-systems.com\/wp-content\/uploads\/2021\/10\/Pitched-Roof-Mounting-Systems.jpg\" class=\"hero-image-bg\" alt=\"Obraz produktu, renderowanie 3D\" style=\"filter: brightness(1)\" srcset=\"https:\/\/www.mounting-systems.com\/wp-content\/uploads\/2021\/10\/Pitched-Roof-Mounting-Systems.jpg 1920w, https:\/\/www.mounting-systems.com\/wp-content\/uploads\/2021\/10\/Pitched-Roof-Mounting-Systems-800x533.jpg 800w, https:\/\/www.mounting-systems.com\/wp-content\/uploads\/2021\/10\/Pitched-Roof-Mounting-Systems-1623x1080.jpg 1623w, https:\/\/www.mounting-systems.com\/wp-content\/uploads\/2021\/10\/Pitched-Roof-Mounting-Systems-768x511.jpg 768w, https:\/\/www.mounting-systems.com\/wp-content\/uploads\/2021\/10\/Pitched-Roof-Mounting-Systems-1536x1022.jpg 1536w, https:\/\/www.mounting-systems.com\/wp-content\/uploads\/2021\/10\/Pitched-Roof-Mounting-Systems-18x12.jpg 18w\" sizes=\"auto, (max-width: 1920px) 100vw, 1920px\" \/>    <div class=\"wp-block-cover__inner-container\">\n                   <h1 class=\"has-text-align-center arrow-animation\" style=\"color: #FFFFFF;\">Systemy monta\u017cowe, <br \/>\r\nteraz marka Dome Solar<\/h1>\n                <div class=\"arrow-down hero-arrow\"><img decoding=\"async\" src=\"https:\/\/www.mounting-systems.com\/wp-content\/themes\/mosys\/images\/hero-arrow.svg\" alt=\"Ikona przewijania w d\u00f3\u0142\"><\/div>\n    <\/div>\n<\/div>\n<div class=\"print-only p-hero-image\">\n    <img loading=\"lazy\" decoding=\"async\" width=\"1920\" height=\"1278\" src=\"https:\/\/www.mounting-systems.com\/wp-content\/uploads\/2021\/10\/Pitched-Roof-Mounting-Systems.jpg\" class=\"attachment-full size-full\" alt=\"Obraz produktu, renderowanie 3D\" style=\"filter: brightness(1)\" srcset=\"https:\/\/www.mounting-systems.com\/wp-content\/uploads\/2021\/10\/Pitched-Roof-Mounting-Systems.jpg 1920w, https:\/\/www.mounting-systems.com\/wp-content\/uploads\/2021\/10\/Pitched-Roof-Mounting-Systems-800x533.jpg 800w, https:\/\/www.mounting-systems.com\/wp-content\/uploads\/2021\/10\/Pitched-Roof-Mounting-Systems-1623x1080.jpg 1623w, https:\/\/www.mounting-systems.com\/wp-content\/uploads\/2021\/10\/Pitched-Roof-Mounting-Systems-768x511.jpg 768w, https:\/\/www.mounting-systems.com\/wp-content\/uploads\/2021\/10\/Pitched-Roof-Mounting-Systems-1536x1022.jpg 1536w, https:\/\/www.mounting-systems.com\/wp-content\/uploads\/2021\/10\/Pitched-Roof-Mounting-Systems-18x12.jpg 18w\" sizes=\"auto, (max-width: 1920px) 100vw, 1920px\" \/><\/div>\n\n\n<div class=\"wp-block-group\"><div class=\"wp-block-group__inner-container is-layout-constrained wp-block-group-is-layout-constrained\">\n<div class=\"wp-block-group is-content-justification-space-between is-nowrap is-layout-flex wp-container-core-group-is-layout-0dfbf163 wp-block-group-is-layout-flex\">\n<div class=\"wp-block-group is-vertical is-layout-flex wp-container-core-group-is-layout-8cf370e7 wp-block-group-is-layout-flex\">\n<p class=\"has-large-font-size\">1993<\/p>\n\n\n\n<p class=\"has-small-font-size\">Za\u0142o\u017cona w Niemczech<\/p>\n<\/div>\n\n\n\n<div class=\"wp-block-group is-vertical is-layout-flex wp-container-core-group-is-layout-8cf370e7 wp-block-group-is-layout-flex\">\n<p class=\"has-large-font-size\">8000+<\/p>\n\n\n\n<p class=\"has-small-font-size\">Zako\u0144czone projekty<\/p>\n<\/div>\n\n\n\n<div class=\"wp-block-group is-vertical is-layout-flex wp-container-core-group-is-layout-8cf370e7 wp-block-group-is-layout-flex\">\n<p class=\"has-large-font-size\">13 GW<\/p>\n\n\n\n<p class=\"has-small-font-size\">Moc zainstalowana<\/p>\n<\/div>\n\n\n\n<div class=\"wp-block-group is-vertical is-layout-flex wp-container-core-group-is-layout-8cf370e7 wp-block-group-is-layout-flex\">\n<p class=\"has-large-font-size\">70+<\/p>\n\n\n\n<p class=\"has-small-font-size\">Kraje<\/p>\n<\/div>\n<\/div>\n<\/div><\/div>\n\n\n\n<div id=\"pv-systeme\" class=\"wp-block-group cols-2\"><div class=\"wp-block-group__inner-container is-layout-flow wp-block-group-is-layout-flow\">\n<div class=\"wp-block-columns is-layout-flex wp-container-core-columns-is-layout-9d6595d7 wp-block-columns-is-layout-flex\">\n<div class=\"wp-block-column is-vertically-aligned-center is-layout-flow wp-block-column-is-layout-flow\">\n<figure class=\"wp-block-image size-full\"><img loading=\"lazy\" decoding=\"async\" width=\"832\" height=\"1056\" src=\"https:\/\/www.mounting-systems.com\/wp-content\/uploads\/2021\/04\/Rangsdorf-Kontakt-2.jpg\" alt=\"Fasada siedziby g\u0142\u00f3wnej z logo Mounting Systems, fot.\" class=\"wp-image-4170\" srcset=\"https:\/\/www.mounting-systems.com\/wp-content\/uploads\/2021\/04\/Rangsdorf-Kontakt-2.jpg 832w, https:\/\/www.mounting-systems.com\/wp-content\/uploads\/2021\/04\/Rangsdorf-Kontakt-2-630x800.jpg 630w, https:\/\/www.mounting-systems.com\/wp-content\/uploads\/2021\/04\/Rangsdorf-Kontakt-2-768x975.jpg 768w\" sizes=\"auto, (max-width: 832px) 100vw, 832px\" \/><\/figure>\n<\/div>\n\n\n\n<div class=\"wp-block-column is-layout-flow wp-block-column-is-layout-flow\">\n\n<div class=\"a-innerblock block-newsheader-wrapper green\">\n    <div class=\"block-newsheader-inner\">\n        <div class=\"text-wrapper\">\n                                <div class=\"section-title\">\n                        <span>Od 30 lat uznany aktor<\/span>\n                    <\/div>\n                                                <h2>Nad <br \/>\r\nSystemy monta\u017cowe<\/h2>\n                                    <\/div>\n    <\/div>\n<\/div>\n\n\n<p>Mounting Systems to niemiecka firma specjalizuj\u0105ca si\u0119 w rozwoju i produkcji system\u00f3w monta\u017cowych dla instalacji fotowoltaicznych.<\/p>\n\n\n\n<p>Jako uznany gracz w bran\u017cy, firma od prawie 30 lat rozwija rozwi\u0105zania dla r\u00f3\u017cnego rodzaju projekt\u00f3w fotowoltaicznych, w szczeg\u00f3lno\u015bci dla dach\u00f3w sko\u015bnych i p\u0142askich, instalacji naziemnych, wiat samochodowych oraz du\u017cych elektrowni fotowoltaicznych.<\/p>\n\n\n\n<p>Firma charakteryzuje si\u0119 szerok\u0105 ofert\u0105 integruj\u0105c\u0105 produkty, us\u0142ugi i logistyk\u0119, z wyra\u017anym naciskiem na jako\u015b\u0107, niezawodno\u015b\u0107 i \u0142atwo\u015b\u0107 monta\u017cu swoich system\u00f3w.<\/p>\n\n\n\n<p>Dzi\u0119ki temu Mounting Systems pozycjonuje si\u0119 jako wa\u017cny gracz w \u0142a\u0144cuchu warto\u015bci sektora solarnego, przyczyniaj\u0105c si\u0119 do optymalizacji wydajno\u015bci i trwa\u0142o\u015bci instalacji, jednocze\u015bnie wspieraj\u0105c transformacj\u0119 energetyczn\u0105.<\/p>\n\n\n\n<div style=\"height:30px\" aria-hidden=\"true\" class=\"wp-block-spacer\"><\/div>\n<\/div>\n<\/div>\n<\/div><\/div>\n\n\n\n<div id=\"pv-systeme\" class=\"wp-block-group cols-2\"><div class=\"wp-block-group__inner-container is-layout-flow wp-block-group-is-layout-flow\">\n<div class=\"wp-block-columns is-layout-flex wp-container-core-columns-is-layout-9d6595d7 wp-block-columns-is-layout-flex\">\n<div class=\"wp-block-column is-layout-flow wp-block-column-is-layout-flow\">\n\n<div class=\"a-innerblock block-newsheader-wrapper green\">\n    <div class=\"block-newsheader-inner\">\n        <div class=\"text-wrapper\">\n                                <div class=\"section-title\">\n                        <span>Przej\u0119cie \u00b7 Marzec 2026<\/span>\n                    <\/div>\n                                                <h2>Dome Solar przejmuje Mounting Systems<\/h2>\n                                    <\/div>\n    <\/div>\n<\/div>\n\n\n<p>Dome Solar, francuski lider w systemach monta\u017cu PV na du\u017cych dachach komercyjnych i przemys\u0142owych, og\u0142osi\u0142 w marcu 2026 roku przej\u0119cie wybranych aktyw\u00f3w strategicznych od Mounting Systems \u2014 w tym marki, kluczowych praw w\u0142asno\u015bci intelektualnej oraz technologii stoj\u0105cych za rozwi\u0105zaniami dla dach\u00f3w p\u0142askich, w szczeg\u00f3lno\u015bci <strong>LightX<\/strong> oraz <strong>FD3<\/strong>.<\/p>\n\n\n\n<p>Ta transakcja pozwala Dome Solar po\u0142\u0105czy\u0107 jedno z najbardziej wszechstronnych portfolio system\u00f3w monta\u017cowych na rynku francuskim ze sprawdzon\u0105 niemieck\u0105 in\u017cynieri\u0105 w dziedzinie system\u00f3w balastowych, dostarczaj\u0105c tym samym niezawodne, wydajne rozwi\u0105zania fotowoltaiczne dostosowane do rzeczywistych warunk\u00f3w eksploatacji.<\/p>\n\n\n\n<p>Celem jest jasny: wykorzysta\u0107 t\u0119 tradycj\u0119 in\u017cyniersk\u0105 i zintegrowa\u0107 j\u0105 z solidnym podej\u015bciem przemys\u0142owym, aby jeszcze lepiej obs\u0142ugiwa\u0107 rynki o silnym wzro\u015bcie w Europie, Afryce P\u00f3\u0142nocnej i poza ni\u0105.<\/p>\n\n\n\n<div style=\"height:30px\" aria-hidden=\"true\" class=\"wp-block-spacer\"><\/div>\n\n\n\n<div class=\"wp-block-columns is-layout-flex wp-container-core-columns-is-layout-9d6595d7 wp-block-columns-is-layout-flex\">\n<div class=\"wp-block-column is-layout-flow wp-block-column-is-layout-flow\" style=\"flex-basis:45%\">\n<p><strong>SYSTEMY MONTA\u017bOWE<\/strong><\/p>\n\n\n\n<p class=\"has-text-align-left has-light-gray-color has-text-color has-link-color wp-elements-1273a5ca310e2cd573aa5a6fa2abc2f6\">Za\u0142o\u017cona w 1993 roku \u00b7 Niemcy<\/p>\n<\/div>\n\n\n\n<div class=\"wp-block-column is-layout-flow wp-block-column-is-layout-flow\" style=\"flex-basis:10%\">\n<p class=\"has-text-align-left has-green-color has-text-color has-link-color has-medium-font-size wp-elements-40abdc14edd8a4e622e158cfe00d339d\"><strong>+<\/strong><\/p>\n<\/div>\n\n\n\n<div class=\"wp-block-column is-layout-flow wp-block-column-is-layout-flow\" style=\"flex-basis:45%\">\n<p><strong>KOSTKA SOLARENA<\/strong><\/p>\n\n\n\n<p class=\"has-text-align-left has-light-gray-color has-text-color has-link-color wp-elements-cd5b9eb0f8bd4f14aa65a4f11992ca42\">Za\u0142o\u017cony 2008 \u00b7 Francja \u00b7 Kingspan Group<\/p>\n<\/div>\n<\/div>\n<\/div>\n\n\n\n<div class=\"wp-block-column is-vertically-aligned-center has-black-background-color has-background is-layout-flow wp-block-column-is-layout-flow\">\n<div style=\"height:40px\" aria-hidden=\"true\" class=\"wp-block-spacer\"><\/div>\n\n\n\n<p class=\"has-white-color has-black-background-color has-text-color has-background has-link-color has-medium-font-size wp-elements-7ce1da0cdfe32549a3b74d6383695cea\"><strong>&#8222;<\/strong> \u201cTa integracja pozwala nam po\u0142\u0105czy\u0107 sprawdzone niemieckie in\u017cynierstwo z nasz\u0105 wiedz\u0105 przemys\u0142ow\u0105, aby oferowa\u0107 niezawodne i konkurencyjne rozwi\u0105zania dla projekt\u00f3w dach\u00f3w p\u0142askich w Europie i poza ni\u0105. Nasz priorytet jest prosty: pom\u00f3c instalatorom i EPC budowa\u0107 szybciej, redukowa\u0107 z\u0142o\u017cono\u015b\u0107 na miejscu i zabezpiecza\u0107 swoje projekty.\u201d<\/p>\n\n\n\n<p class=\"has-text-align-right has-white-color has-black-background-color has-text-color has-background has-link-color wp-elements-3bd861c6ce9ffff153aa103f37971a43\"><strong><mark style=\"background-color:rgba(0, 0, 0, 0);color:#f9c301\" class=\"has-inline-color\">Josselin Noire<\/mark><\/strong> <br>Dyrektor zarz\u0105dzaj\u0105cy, Dome Solar<\/p>\n\n\n\n<div style=\"height:40px\" aria-hidden=\"true\" class=\"wp-block-spacer\"><\/div>\n<\/div>\n<\/div>\n<\/div><\/div>\n\n\n\n<div id=\"speed\" class=\"wp-block-group section fullsize has-black-color has-very-light-gray-background-color has-text-color has-background has-link-color wp-elements-aca6ee88c59c992fda1105302b552e88\"><div class=\"wp-block-group__inner-container is-layout-constrained wp-block-group-is-layout-constrained\">\n<div class=\"wp-block-group cols-2\"><div class=\"wp-block-group__inner-container is-layout-constrained wp-block-group-is-layout-constrained\">\n\n<div class=\"a-innerblock block-newsheader-wrapper green\">\n    <div class=\"block-newsheader-inner\">\n        <div class=\"text-wrapper\">\n                                <div class=\"section-title\">\n                        <span>Przej\u015bcie<\/span>\n                    <\/div>\n                                                <h2>To, co pozostaje.<br \/>\r\nCo staje si\u0119 silniejsze.<\/h2>\n                                    <\/div>\n    <\/div>\n<\/div>\n\n\n<div class=\"wp-block-columns is-layout-flex wp-container-core-columns-is-layout-9d6595d7 wp-block-columns-is-layout-flex\">\n<div class=\"wp-block-column has-green-background-color has-background is-layout-flow wp-block-column-is-layout-flow\">\n<div class=\"wp-block-group\"><div class=\"wp-block-group__inner-container is-layout-constrained wp-block-group-is-layout-constrained\">\n<div style=\"height:60px\" aria-hidden=\"true\" class=\"wp-block-spacer\"><\/div>\n\n\n\n<p class=\"has-text-align-left has-white-color has-text-color has-link-color has-medium-font-size wp-elements-9becb5374b15d7f3371db8fa459f97ad\"><strong>CO POZOSTAJE TAKIE SAME<\/strong><\/p>\n\n\n\n<ul class=\"wp-block-list has-white-color has-text-color has-link-color wp-elements-7a35c944fa1fc3cb76559f8efd3059a9\">\n<li class=\"has-white-color has-text-color has-link-color wp-elements-deba75f2fc9334e6f40a89d83d9fb0c3\"><strong>Niemieckie normy in\u017cynierskie<\/strong><br>Rygorystyczne obliczenia statyczne i przetestowana trwa\u0142o\u015b\u0107<br><\/li>\n\n\n\n<li><strong>Niemieccy dostawcy pozostaj\u0105<\/strong><br>Dla LightX i FD3<br><\/li>\n\n\n\n<li><strong>Marka Mounting Systems<\/strong><br>Twoje istniej\u0105ce referencje w ponad 70 krajach<br><\/li>\n\n\n\n<li><strong>Wsparcie techniczne<\/strong><br>Dla instalator\u00f3w i firm EPC<br><\/li>\n\n\n\n<li><strong>Pe\u0142na ci\u0105g\u0142o\u015b\u0107 produktu<\/strong><br>LightX i FD3 pozostaj\u0105 dost\u0119pne<\/li>\n<\/ul>\n\n\n\n<div style=\"height:60px\" aria-hidden=\"true\" class=\"wp-block-spacer\"><\/div>\n<\/div><\/div>\n<\/div>\n\n\n\n<div class=\"wp-block-column has-white-color has-black-background-color has-text-color has-background has-link-color wp-elements-f265ef8a8b4254f4887f82ff58922ba5 is-layout-flow wp-block-column-is-layout-flow\">\n<div style=\"height:60px\" aria-hidden=\"true\" class=\"wp-block-spacer\"><\/div>\n\n\n\n<div class=\"wp-block-group\"><div class=\"wp-block-group__inner-container is-layout-constrained wp-block-group-is-layout-constrained\">\n<p class=\"has-text-align-left has-text-color has-link-color has-medium-font-size wp-elements-705b3a79d1f894f045d4ff0270129ad4\" style=\"color:#f9c301\"><strong>CO ROSNIE W SILE<\/strong><\/p>\n\n\n\n<ul class=\"wp-block-list\">\n<li><strong>Zdolno\u015bci produkcyjne <\/strong><br>3 zak\u0142ady produkcyjne Dome Solar zapewniaj\u0105 dostawy na du\u017c\u0105 skal\u0119<\/li>\n\n\n\n<li><strong>Mi\u0119dzynarodowy zasi\u0119g<\/strong><br>Strukturyzowana sprzeda\u017c w Hiszpanii, Polsce, Niemczech, Maroku i poza nimi<\/li>\n\n\n\n<li><strong>Rozszerzone portfolio produkt\u00f3w<\/strong><br>Systemy dach\u00f3w sko\u015bnych, wiat samochodowych i otwartych s\u0105 teraz dost\u0119pne<\/li>\n\n\n\n<li><strong>Zasoby B+R<\/strong><br>Soczewka s\u0142oneczna, praca i dedykowane stanowiska testowe<\/li>\n\n\n\n<li><strong>Lokalizacja<\/strong><br>Rozwi\u0105zania dostosowane do lokalnych norm i przepis\u00f3w<\/li>\n<\/ul>\n\n\n\n<div style=\"height:60px\" aria-hidden=\"true\" class=\"wp-block-spacer\"><\/div>\n<\/div><\/div>\n<\/div>\n<\/div>\n<\/div><\/div>\n<\/div><\/div>\n\n\n\n\n\n\n\n\n<div class=\"wp-block-group\"><div class=\"wp-block-group__inner-container is-layout-constrained wp-block-group-is-layout-constrained\">\n<div id=\"arbeitshilfen\" class=\"wp-block-group cols-2\"><div class=\"wp-block-group__inner-container is-layout-flow wp-block-group-is-layout-flow\">\n<div class=\"wp-block-columns is-style-default is-layout-flex wp-container-core-columns-is-layout-9d6595d7 wp-block-columns-is-layout-flex\">\n<div class=\"wp-block-column is-vertically-aligned-center is-layout-flow wp-block-column-is-layout-flow\"><div class=\"wp-block-image\">\n<figure class=\"aligncenter size-full\"><img loading=\"lazy\" decoding=\"async\" width=\"635\" height=\"730\" src=\"https:\/\/www.mounting-systems.com\/wp-content\/uploads\/dome-solar-reze.jpg\" alt=\"\" class=\"wp-image-25876\" srcset=\"https:\/\/www.mounting-systems.com\/wp-content\/uploads\/dome-solar-reze.jpg 635w, https:\/\/www.mounting-systems.com\/wp-content\/uploads\/dome-solar-reze-10x12.jpg 10w\" sizes=\"auto, (max-width: 635px) 100vw, 635px\" \/><\/figure>\n<\/div><\/div>\n\n\n\n<div class=\"wp-block-column is-layout-flow wp-block-column-is-layout-flow\">\n\n<div class=\"a-innerblock block-newsheader-wrapper green\">\n    <div class=\"block-newsheader-inner\">\n        <div class=\"text-wrapper\">\n                                <div class=\"section-title\">\n                        <span>Nasza nowa sp\u00f3\u0142ka matka<\/span>\n                    <\/div>\n                                                <h2>Dome Solar \u2013 francuski lider na rynku system\u00f3w monta\u017cowych PV<\/h2>\n                                    <\/div>\n    <\/div>\n<\/div>\n\n\n<p>Firma Dome Solar opracowuje, produkuje i dystrybuuje systemy monta\u017cowe dla instalacji fotowoltaicznych na du\u017cych dachach komercyjnych i przemys\u0142owych, wiatach samochodowych oraz projektach na terenach otwartych.<\/p>\n\n\n\n<p>Firma za\u0142o\u017cona w 2008 roku przez Jean-Philippe'a Leraya i b\u0119d\u0105ca dzi\u015b cz\u0119\u015bci\u0105 <strong>Grupa Kingspan<\/strong> ugruntowa\u0142a swoj\u0105 pozycj\u0119 wiod\u0105cego gracza i oferuje jedno z najbardziej wszechstronnych portfolio produkt\u00f3w w bran\u017cy - z wi\u0119cej ni\u017c <strong>5 GW zainstalowanych<\/strong> poprzez swoje rozwi\u0105zania w Europie i poza ni\u0105.<\/p>\n\n\n\n<p>Firma zatrudnia oko\u0142o <strong>100 pracownik\u00f3w<\/strong> w trzech zak\u0142adach przemys\u0142owych i posiada zintegrowane laboratorium badawczo-rozwojowe oraz w\u0142asne zaplecze testowe - baz\u0119 przemys\u0142ow\u0105, kt\u00f3ra obecnie obs\u0142uguje ca\u0142\u0105 gam\u0119 system\u00f3w monta\u017cowych.<\/p>\n\n\n\n<p><a href=\"https:\/\/dome-solar.com\/de\/\" type=\"link\" id=\"https:\/\/dome-solar.com\/de\/\" class=\"more-btn\">Odwied\u017a stron\u0119 dome-solar.com<\/a><\/p>\n<\/div>\n<\/div>\n<\/div><\/div>\n<\/div><\/div>\n\n\n\n<div class=\"wp-block-group section fullsize has-very-light-gray-background-color has-background\"><div class=\"wp-block-group__inner-container is-layout-constrained wp-block-group-is-layout-constrained\">\n<div class=\"wp-block-group cols-2\"><div class=\"wp-block-group__inner-container is-layout-constrained wp-block-group-is-layout-constrained\">\n<div class=\"wp-block-columns is-layout-flex wp-container-core-columns-is-layout-9d6595d7 wp-block-columns-is-layout-flex\">\n<div class=\"wp-block-column is-layout-flow wp-block-column-is-layout-flow\" style=\"flex-basis:45%\">\n\n<div class=\"a-innerblock block-newsheader-wrapper pv-system green\">\n    <div class=\"block-newsheader-inner\">\n        <div class=\"text-wrapper\">\n                                <div class=\"section-title\">\n                        <span>Nasza historia<\/span>\n                    <\/div>\n                                                <h2>Ponad 30 lat tradycji in\u017cynieryjnej, nowy rozdzia\u0142<br \/>\r\n<br \/>\r\n<\/h2>\n                                    <\/div>\n    <\/div>\n<\/div><\/div>\n\n\n\n<div class=\"wp-block-column is-layout-flow wp-block-column-is-layout-flow\" style=\"flex-basis:55%\">\n<div class=\"wp-block-cp-timeline-content-timeline-block Cool-Content-Timeline no-left-side\"><div class=\"cool-timeline-block-1e1ae766-231b-4834-afe3-9d56d06543c3\"><style>.cool-timeline-block-1e1ae766-231b-4834-afe3-9d56d06543c3 .cool-vertical-timeline-body{--ctlb-content-alignment: left;--ctlb-sub-head-font-family: Arial;--ctlb-line-color: #e5e5e5;--ctlb-icon-bg: #00b0a1;--ctlb-story-border-color: #00b0a1;--ctlb-icon-box-size: 20px;--ctlb-middle-line-size: 2px;}<\/style><div class=\"cool-vertical-timeline-body ctlb-wrapper one-sided left\"><div class=\"cool-timeline-block-list\">\n<div class=\"wp-block-cp-timeline-content-timeline-block-child swiper-slide\"><div class=\"timeline-content icon-false\"><div class=\"timeline-block-timeline ctl-row  position-right\"><div class=\"ctl-6 timeline-block-time\"><\/div><div class=\"timeline-block-icon\"><svg stroke=\"currentColor\" fill=\"currentColor\" stroke-width=\"0\" viewbox=\"0 0 512 512\" height=\"1em\" width=\"1em\" xmlns=\"http:\/\/www.w3.org\/2000\/svg\"><path d=\"M256 8C119 8 8 119 8 256s111 248 248 248 248-111 248-248S393 8 256 8z\"><\/path><\/svg><\/div><div class=\"ctl-6 timeline-block-detail\"><div class=\"story-details\"><div class=\"story-content\">\n<h3 class=\"wp-block-heading ctlb-block-title has-green-color has-text-color has-link-color wp-elements-9383cddae3ebe38acbd9010db1dce79f\" style=\"padding-top:0px;padding-right:0px;padding-bottom:0px;padding-left:0px\"><strong><mark style=\"background-color:rgba(0, 0, 0, 0)\" class=\"has-inline-color has-green-color\">1993<\/mark><\/strong><\/h3>\n\n\n\n<h3 class=\"wp-block-heading ctlb-block-title\" style=\"padding-top:0px;padding-right:0px;padding-bottom:0px;padding-left:0px\"><strong>Systemy monta\u017cowe za\u0142o\u017cone w Niemczech<\/strong><\/h3>\n\n\n\n<p class=\"ctlb-block-desc\" style=\"padding-top:0px;padding-right:0px;padding-bottom:0px;padding-left:0px\">In\u017cynierskie podej\u015bcie do system\u00f3w monta\u017cowych PV. Rygorystyczne obliczenia konstrukcyjne, sprawdzona trwa\u0142o\u015b\u0107 - reputacja budowana projekt po projekcie.<\/p>\n<\/div><\/div><\/div><\/div><\/div><\/div>\n\n\n\n<div class=\"wp-block-cp-timeline-content-timeline-block-child swiper-slide\"><div class=\"timeline-content icon-false\"><div class=\"timeline-block-timeline ctl-row  position-right\"><div class=\"ctl-6 timeline-block-time\"><\/div><div class=\"timeline-block-icon\"><svg stroke=\"currentColor\" fill=\"currentColor\" stroke-width=\"0\" viewbox=\"0 0 512 512\" height=\"1em\" width=\"1em\" xmlns=\"http:\/\/www.w3.org\/2000\/svg\"><path d=\"M256 8C119 8 8 119 8 256s111 248 248 248 248-111 248-248S393 8 256 8z\"><\/path><\/svg><\/div><div class=\"ctl-6 timeline-block-detail\"><div class=\"story-details\"><div class=\"story-content\">\n<h3 class=\"wp-block-heading ctlb-block-title has-green-color has-text-color has-link-color wp-elements-46432ede92991c1b472e0ce54eca1fc0\" style=\"padding-top:0px;padding-right:0px;padding-bottom:0px;padding-left:0px\"><strong><mark style=\"background-color:rgba(0, 0, 0, 0)\" class=\"has-inline-color has-green-color\">2000\u2019s<\/mark><\/strong><\/h3>\n\n\n\n<h3 class=\"wp-block-heading ctlb-block-title\" style=\"padding-top:0px;padding-right:0px;padding-bottom:0px;padding-left:0px\"><strong><strong>Ekspansja mi\u0119dzynarodowa<\/strong><\/strong><\/h3>\n\n\n\n<p class=\"ctlb-block-desc\" style=\"padding-top:0px;padding-right:0px;padding-bottom:0px;padding-left:0px\">w ponad 70 krajach. LightX i FD3 ugruntowuj\u0105 swoj\u0105 pozycj\u0119 jako wiod\u0105ce systemy balastowanych dach\u00f3w p\u0142askich.<\/p>\n<\/div><\/div><\/div><\/div><\/div><\/div>\n\n\n\n<div class=\"wp-block-cp-timeline-content-timeline-block-child swiper-slide\"><div class=\"timeline-content icon-false\"><div class=\"timeline-block-timeline ctl-row  position-right\"><div class=\"ctl-6 timeline-block-time\"><\/div><div class=\"timeline-block-icon\"><svg stroke=\"currentColor\" fill=\"currentColor\" stroke-width=\"0\" viewbox=\"0 0 512 512\" height=\"1em\" width=\"1em\" xmlns=\"http:\/\/www.w3.org\/2000\/svg\"><path d=\"M256 8C119 8 8 119 8 256s111 248 248 248 248-111 248-248S393 8 256 8z\"><\/path><\/svg><\/div><div class=\"ctl-6 timeline-block-detail\"><div class=\"story-details\"><div class=\"story-content\">\n<h3 class=\"wp-block-heading ctlb-block-title has-green-color has-text-color has-link-color wp-elements-c27f32d5132c14175912c9f7befb670b\" style=\"padding-top:0px;padding-right:0px;padding-bottom:0px;padding-left:0px\"><strong><mark style=\"background-color:rgba(0, 0, 0, 0)\" class=\"has-inline-color has-green-color\">2008<\/mark><\/strong><\/h3>\n\n\n\n<h3 class=\"wp-block-heading ctlb-block-title\" style=\"padding-top:0px;padding-right:0px;padding-bottom:0px;padding-left:0px\"><strong><strong><strong>Firma Dome Solar zosta\u0142a za\u0142o\u017cona w Nantes we Francji<\/strong><\/strong><\/strong><\/h3>\n\n\n\n<p class=\"ctlb-block-desc\" style=\"padding-top:0px;padding-right:0px;padding-bottom:0px;padding-left:0px\">Wsp\u00f3\u0142za\u0142o\u017cyciel firmy Jean-Philippe Leray. Dome Solar szybko staje si\u0119 liderem na francuskim rynku rozwi\u0105za\u0144 fotowoltaicznych na du\u017cych dachach komercyjnych i przemys\u0142owych.<\/p>\n<\/div><\/div><\/div><\/div><\/div><\/div>\n\n\n\n<div class=\"wp-block-cp-timeline-content-timeline-block-child swiper-slide\"><div class=\"timeline-content icon-false\"><div class=\"timeline-block-timeline ctl-row  position-right\"><div class=\"ctl-6 timeline-block-time\"><\/div><div class=\"timeline-block-icon\"><svg stroke=\"currentColor\" fill=\"currentColor\" stroke-width=\"0\" viewbox=\"0 0 512 512\" height=\"1em\" width=\"1em\" xmlns=\"http:\/\/www.w3.org\/2000\/svg\"><path d=\"M256 8C119 8 8 119 8 256s111 248 248 248 248-111 248-248S393 8 256 8z\"><\/path><\/svg><\/div><div class=\"ctl-6 timeline-block-detail\"><div class=\"story-details\"><div class=\"story-content\">\n<h3 class=\"wp-block-heading ctlb-block-title has-green-color has-text-color has-link-color wp-elements-ccae8faa5df44c2a6573e8844082acf3\" style=\"padding-top:0px;padding-right:0px;padding-bottom:0px;padding-left:0px\"><strong><mark style=\"background-color:rgba(0, 0, 0, 0)\" class=\"has-inline-color has-green-color\">2020<\/mark><\/strong><\/h3>\n\n\n\n<h3 class=\"wp-block-heading ctlb-block-title\" style=\"padding-top:0px;padding-right:0px;padding-bottom:0px;padding-left:0px\"><strong><strong><strong><strong>Dome Solar do\u0142\u0105cza do Kingspan Group<\/strong><\/strong><\/strong><\/strong><\/h3>\n\n\n\n<p class=\"ctlb-block-desc\" style=\"padding-top:0px;padding-right:0px;padding-bottom:0px;padding-left:0px\">Mi\u0119dzynarodowy wzrost przyspiesza. Moce produkcyjne s\u0105 rozbudowywane, aby wspiera\u0107 rynki europejskie i \u015bwiatowe.<\/p>\n<\/div><\/div><\/div><\/div><\/div><\/div>\n\n\n\n<div class=\"wp-block-cp-timeline-content-timeline-block-child swiper-slide\"><div class=\"timeline-content icon-false\"><div class=\"timeline-block-timeline ctl-row  position-right\"><div class=\"ctl-6 timeline-block-time\"><\/div><div class=\"timeline-block-icon\"><svg stroke=\"currentColor\" fill=\"currentColor\" stroke-width=\"0\" viewbox=\"0 0 512 512\" height=\"1em\" width=\"1em\" xmlns=\"http:\/\/www.w3.org\/2000\/svg\"><path d=\"M256 8C119 8 8 119 8 256s111 248 248 248 248-111 248-248S393 8 256 8z\"><\/path><\/svg><\/div><div class=\"ctl-6 timeline-block-detail\"><div class=\"story-details\"><div class=\"story-content\">\n<h3 class=\"wp-block-heading ctlb-block-title has-text-color has-link-color wp-elements-6408e6ceb56266e8bfe0968d9a31c6e4\" style=\"color:#f9c301;padding-top:0px;padding-right:0px;padding-bottom:0px;padding-left:0px\"><strong>Marzec 2026 r.<\/strong><\/h3>\n\n\n\n<h3 class=\"wp-block-heading ctlb-block-title\" style=\"padding-top:0px;padding-right:0px;padding-bottom:0px;padding-left:0px\"><strong>Dome Solar przejmuje Mounting Systems<\/strong><\/h3>\n\n\n\n<p class=\"ctlb-block-desc\" style=\"padding-top:0px;padding-right:0px;padding-bottom:0px;padding-left:0px\">Niemiecka tradycja in\u017cynieryjna spotyka si\u0119 z francusk\u0105 wiedz\u0105 przemys\u0142ow\u0105. Rozpoczyna si\u0119 nowy rozdzia\u0142 - dla obu firm i dla ekspert\u00f3w, kt\u00f3rzy im towarzysz\u0105.<\/p>\n<\/div><\/div><\/div><\/div><\/div><\/div>\n<\/div><\/div><\/div><\/div>\n<\/div>\n<\/div>\n<\/div><\/div>\n<\/div><\/div>\n\n\n\n<div class=\"wp-block-group\"><div class=\"wp-block-group__inner-container is-layout-constrained wp-block-group-is-layout-constrained\">\n<div class=\"wp-block-columns is-style-col-3-9 is-layout-flex wp-container-core-columns-is-layout-9d6595d7 wp-block-columns-is-layout-flex\">\n<div class=\"wp-block-column is-layout-flow wp-block-column-is-layout-flow\" style=\"flex-basis:40%\">\n\n<div class=\"a-innerblock block-newsheader-wrapper green\">\n    <div class=\"block-newsheader-inner\">\n        <div class=\"text-wrapper\">\n                                <div class=\"section-title\">\n                        <span>Najcz\u0119\u015bciej zadawane pytania<\/span>\n                    <\/div>\n                                                <h2>Pytania dotycz\u0105ce przej\u0119cia<br \/>\r\n<\/h2>\n                                    <\/div>\n    <\/div>\n<\/div><\/div>\n\n\n\n<div class=\"wp-block-column is-layout-flow wp-block-column-is-layout-flow\" style=\"flex-basis:66.66%\">\n\n<div class=\"a-innerblock accordion-list accordion-reg-list block-accordion-wrapper\">\n    <div class=\"a-innerblock block-newsheader-wrapper\">\n        <div class=\"block-newsheader-inner\">\n            <div class=\"text-wrapper\">\n                                                                            <\/div>\n        <\/div>\n    <\/div>\n        <div class=\"block-accordion-wrapper-inner\">\n                    <ul class=\"level-1\">\n                                    <li class=\"accordion-wrapper border-b\">\n                                                    <h4 class=\"c-title accordion-btn font-l\">Czy LightX i FD3 nadal b\u0119d\u0105 dost\u0119pne?<\/h4>\n                                                <div class=\"accordion-txt\">\n                            <p>Ci\u0105g\u0142o\u015b\u0107 produktu ma najwy\u017cszy priorytet. LightX i FD3 pozostaj\u0105 w pe\u0142ni dost\u0119pne \u2014 teraz wspierane przez mo\u017cliwo\u015bci przemys\u0142owe i \u0142a\u0144cuch dostaw Dome Solar, aby zapewni\u0107 niezawodn\u0105 dost\u0119pno\u015b\u0107 produkt\u00f3w w ka\u017cdej skali.<\/p>\n                        <\/div>\n                    <\/li>\n                                    <li class=\"accordion-wrapper border-b\">\n                                                    <h4 class=\"c-title accordion-btn font-l\">Czy szyld \u201eMade in Germany\u201c nadal ma znaczenie?<\/h4>\n                                                <div class=\"accordion-txt\">\n                            <p>Tak. Dotychczasowi niemieccy dostawcy pozostaj\u0105. Standardy in\u017cynieryjne, wymagania dotycz\u0105ce oblicze\u0144 statycznych i kontroli jako\u015bci pozostaj\u0105 bez zmian. Niemiecka tradycja produkcyjna jest kluczowym elementem to\u017csamo\u015bci marki Mounting Systems.<\/p>\n                        <\/div>\n                    <\/li>\n                                    <li class=\"accordion-wrapper border-b\">\n                                                    <h4 class=\"c-title accordion-btn font-l\">Do kogo mog\u0119 si\u0119 zwr\u00f3ci\u0107 w sprawie pomocy technicznej?<\/h4>\n                                                <div class=\"accordion-txt\">\n                            <p>Pa\u0144stwa obecni partnerzy kontaktowi pozostaj\u0105 bez zmian. Dome Solar wzmocni lokalne zespo\u0142y techniczne na kluczowych rynkach \u2013 w Hiszpanii, Polsce, Niemczech, Maroku i nie tylko \u2013 aby zapewni\u0107 silne wsparcie dla EPC i instalator\u00f3w w okresie przej\u015bciowym i po nim.<\/p>\n                        <\/div>\n                    <\/li>\n                                    <li class=\"accordion-wrapper border-b\">\n                                                    <h4 class=\"c-title accordion-btn font-l\">Jakie nowe produkty s\u0105 teraz dost\u0119pne?<\/h4>\n                                                <div class=\"accordion-txt\">\n                            <p>Dzi\u0119ki Dome Solar masz teraz dost\u0119p do rozszerzonego portfolio, kt\u00f3re obejmuje systemy na dachy pochy\u0142e (NPA, TOP, SIDE, Helios B2, Ital Solar, Fibro), rozwi\u0105zania wiatowe dla gara\u017cy (RC3) oraz systemy naziemne.<\/p>\n                        <\/div>\n                    <\/li>\n                            <\/ul>\n            <\/div>\n<\/div><\/div>\n<\/div>\n<\/div><\/div>\n\n\n\n<div class=\"wp-block-cover\" style=\"min-height:400px;aspect-ratio:unset;\"><span aria-hidden=\"true\" class=\"wp-block-cover__background has-green-background-color has-background-dim-100 has-background-dim\"><\/span><div class=\"wp-block-cover__inner-container is-layout-constrained wp-block-cover-is-layout-constrained\">\n<div class=\"wp-block-group is-horizontal is-content-justification-space-between is-nowrap is-layout-flex wp-container-core-group-is-layout-34e62f51 wp-block-group-is-layout-flex\">\n<p class=\"has-text-align-left has-large-font-size\">Gotowy, aby rozpocz\u0105\u0107 sw\u00f3j kolejny<br><mark style=\"background-color:rgba(0, 0, 0, 0)\" class=\"has-inline-color has-white-color\"><strong>projekt p\u0142askiego dachu?<\/strong><\/mark><\/p>\n\n\n\n<div class=\"wp-block-group\"><div class=\"wp-block-group__inner-container is-layout-constrained wp-block-group-is-layout-constrained\">\n<p class=\"has-text-align-right\"><a href=\"https:\/\/dome-solar.com\/de\/kontakt\/\">Poprosi\u0107 o wycen\u0119<\/a><\/p>\n\n\n\n<p class=\"has-text-align-right\"><a href=\"https:\/\/dome-solar.com\/wp-content\/uploads\/dome-solar-catalogue-fr.pdf\" target=\"_blank\" rel=\"noreferrer noopener\">Pobierz Katalog Paneli S\u0142onecznych Dome<\/a><\/p>\n<\/div><\/div>\n<\/div>\n<\/div><\/div>\n\n\n\n<p><\/p>","protected":false},"excerpt":{"rendered":"<p>1993 Gegr\u00fcndet in Deutschland 8000+ Abgeschlossene Projekte 13 GW Installierte Leistung 70+ L\u00e4nder Mounting Systems ist ein deutsches Unternehmen, das auf die Entwicklung und Herstellung von Montagesystemen f\u00fcr Photovoltaikanlagen spezialisiert ist. Als anerkannter Akteur der Branche entwickelt das Unternehmen seit fast 30 Jahren L\u00f6sungen f\u00fcr verschiedene Arten von Solarprojekten, insbesondere f\u00fcr Schr\u00e4g- und Flachd\u00e4cher, Freifl\u00e4chenanlagen, [&hellip;]<\/p>\n","protected":false},"author":20,"featured_media":0,"parent":0,"menu_order":10,"comment_status":"closed","ping_status":"closed","template":"","meta":{"_acf_changed":false,"footnotes":""},"categories":[18],"tags":[],"class_list":["post-25750","page","type-page","status-publish","hentry","category-dach-gewerbe"],"acf":[],"yoast_head":"<!-- This site is optimized with the Yoast SEO plugin v27.5 - https:\/\/yoast.com\/product\/yoast-seo-wordpress\/ -->\n<title>\u00dcber uns - Mounting Systems<\/title>\n<meta name=\"description\" content=\"Profitieren Sie von unserer hauseigenen Entwicklungsabteilung, die \u00fcber langj\u00e4hrige Engineering-Erfahrung verf\u00fcgt.\" \/>\n<meta name=\"robots\" content=\"index, follow, max-snippet:-1, max-image-preview:large, max-video-preview:-1\" \/>\n<link rel=\"canonical\" href=\"https:\/\/www.mounting-systems.com\/pl\/o-nas\/\" \/>\n<meta property=\"og:locale\" content=\"pl_PL\" \/>\n<meta property=\"og:type\" content=\"article\" \/>\n<meta property=\"og:title\" content=\"\u00dcber uns - Mounting Systems\" \/>\n<meta property=\"og:description\" content=\"Profitieren Sie von unserer hauseigenen Entwicklungsabteilung, die \u00fcber langj\u00e4hrige Engineering-Erfahrung verf\u00fcgt.\" \/>\n<meta property=\"og:url\" content=\"https:\/\/www.mounting-systems.com\/pl\/o-nas\/\" \/>\n<meta property=\"og:site_name\" content=\"Mounting Systems\" \/>\n<meta property=\"article:modified_time\" content=\"2026-04-24T08:29:16+00:00\" \/>\n<meta property=\"og:image\" content=\"https:\/\/www.mounting-systems.com\/wp-content\/uploads\/2021\/04\/Rangsdorf-Kontakt-2.jpg\" \/>\n<meta name=\"twitter:card\" content=\"summary_large_image\" \/>\n<meta name=\"twitter:label1\" content=\"Szacowany czas czytania\" \/>\n\t<meta name=\"twitter:data1\" content=\"4 minuty\" \/>\n<script type=\"application\/ld+json\" class=\"yoast-schema-graph\">{\"@context\":\"https:\\\/\\\/schema.org\",\"@graph\":[{\"@type\":\"WebPage\",\"@id\":\"https:\\\/\\\/www.mounting-systems.com\\\/ueber-uns\\\/\",\"url\":\"https:\\\/\\\/www.mounting-systems.com\\\/ueber-uns\\\/\",\"name\":\"\u00dcber uns - Mounting Systems\",\"isPartOf\":{\"@id\":\"https:\\\/\\\/www.mounting-systems.com\\\/de\\\/#website\"},\"primaryImageOfPage\":{\"@id\":\"https:\\\/\\\/www.mounting-systems.com\\\/ueber-uns\\\/#primaryimage\"},\"image\":{\"@id\":\"https:\\\/\\\/www.mounting-systems.com\\\/ueber-uns\\\/#primaryimage\"},\"thumbnailUrl\":\"https:\\\/\\\/www.mounting-systems.com\\\/wp-content\\\/uploads\\\/2021\\\/04\\\/Rangsdorf-Kontakt-2.jpg\",\"datePublished\":\"2026-04-23T12:26:26+00:00\",\"dateModified\":\"2026-04-24T08:29:16+00:00\",\"description\":\"Profitieren Sie von unserer hauseigenen Entwicklungsabteilung, die \u00fcber langj\u00e4hrige Engineering-Erfahrung verf\u00fcgt.\",\"breadcrumb\":{\"@id\":\"https:\\\/\\\/www.mounting-systems.com\\\/ueber-uns\\\/#breadcrumb\"},\"inLanguage\":\"pl-PL\",\"potentialAction\":[{\"@type\":\"ReadAction\",\"target\":[\"https:\\\/\\\/www.mounting-systems.com\\\/ueber-uns\\\/\"]}]},{\"@type\":\"ImageObject\",\"inLanguage\":\"pl-PL\",\"@id\":\"https:\\\/\\\/www.mounting-systems.com\\\/ueber-uns\\\/#primaryimage\",\"url\":\"https:\\\/\\\/www.mounting-systems.com\\\/wp-content\\\/uploads\\\/2021\\\/04\\\/Rangsdorf-Kontakt-2.jpg\",\"contentUrl\":\"https:\\\/\\\/www.mounting-systems.com\\\/wp-content\\\/uploads\\\/2021\\\/04\\\/Rangsdorf-Kontakt-2.jpg\"},{\"@type\":\"BreadcrumbList\",\"@id\":\"https:\\\/\\\/www.mounting-systems.com\\\/ueber-uns\\\/#breadcrumb\",\"itemListElement\":[{\"@type\":\"ListItem\",\"position\":1,\"name\":\"Startseite\",\"item\":\"https:\\\/\\\/www.mounting-systems.com\\\/\"},{\"@type\":\"ListItem\",\"position\":2,\"name\":\"\u00dcber uns\"}]},{\"@type\":\"WebSite\",\"@id\":\"https:\\\/\\\/www.mounting-systems.com\\\/de\\\/#website\",\"url\":\"https:\\\/\\\/www.mounting-systems.com\\\/de\\\/\",\"name\":\"Mounting Systems\",\"description\":\"\",\"publisher\":{\"@id\":\"https:\\\/\\\/www.mounting-systems.com\\\/de\\\/#organization\"},\"potentialAction\":[{\"@type\":\"SearchAction\",\"target\":{\"@type\":\"EntryPoint\",\"urlTemplate\":\"https:\\\/\\\/www.mounting-systems.com\\\/de\\\/?s={search_term_string}\"},\"query-input\":{\"@type\":\"PropertyValueSpecification\",\"valueRequired\":true,\"valueName\":\"search_term_string\"}}],\"inLanguage\":\"pl-PL\"},{\"@type\":\"Organization\",\"@id\":\"https:\\\/\\\/www.mounting-systems.com\\\/de\\\/#organization\",\"name\":\"Mounting Systems\",\"url\":\"https:\\\/\\\/www.mounting-systems.com\\\/de\\\/\",\"logo\":{\"@type\":\"ImageObject\",\"inLanguage\":\"pl-PL\",\"@id\":\"https:\\\/\\\/www.mounting-systems.com\\\/de\\\/#\\\/schema\\\/logo\\\/image\\\/\",\"url\":\"https:\\\/\\\/www.mounting-systems.com\\\/wp-content\\\/uploads\\\/2021\\\/01\\\/MSG-Signet-white.png\",\"contentUrl\":\"https:\\\/\\\/www.mounting-systems.com\\\/wp-content\\\/uploads\\\/2021\\\/01\\\/MSG-Signet-white.png\",\"width\":432,\"height\":552,\"caption\":\"Mounting Systems\"},\"image\":{\"@id\":\"https:\\\/\\\/www.mounting-systems.com\\\/de\\\/#\\\/schema\\\/logo\\\/image\\\/\"}}]}<\/script>\n<!-- \/ Yoast SEO plugin. -->","yoast_head_json":{"title":"O nas - Systemy monta\u017cowe","description":"Skorzystaj z naszego wewn\u0119trznego dzia\u0142u rozwoju, kt\u00f3ry ma wieloletnie do\u015bwiadczenie in\u017cynieryjne.","robots":{"index":"index","follow":"follow","max-snippet":"max-snippet:-1","max-image-preview":"max-image-preview:large","max-video-preview":"max-video-preview:-1"},"canonical":"https:\/\/www.mounting-systems.com\/pl\/o-nas\/","og_locale":"pl_PL","og_type":"article","og_title":"\u00dcber uns - Mounting Systems","og_description":"Profitieren Sie von unserer hauseigenen Entwicklungsabteilung, die \u00fcber langj\u00e4hrige Engineering-Erfahrung verf\u00fcgt.","og_url":"https:\/\/www.mounting-systems.com\/pl\/o-nas\/","og_site_name":"Mounting Systems","article_modified_time":"2026-04-24T08:29:16+00:00","og_image":[{"url":"https:\/\/www.mounting-systems.com\/wp-content\/uploads\/2021\/04\/Rangsdorf-Kontakt-2.jpg","type":"","width":"","height":""}],"twitter_card":"summary_large_image","twitter_misc":{"Szacowany czas czytania":"4 minuty"},"schema":{"@context":"https:\/\/schema.org","@graph":[{"@type":"WebPage","@id":"https:\/\/www.mounting-systems.com\/ueber-uns\/","url":"https:\/\/www.mounting-systems.com\/ueber-uns\/","name":"O nas - Systemy monta\u017cowe","isPartOf":{"@id":"https:\/\/www.mounting-systems.com\/de\/#website"},"primaryImageOfPage":{"@id":"https:\/\/www.mounting-systems.com\/ueber-uns\/#primaryimage"},"image":{"@id":"https:\/\/www.mounting-systems.com\/ueber-uns\/#primaryimage"},"thumbnailUrl":"https:\/\/www.mounting-systems.com\/wp-content\/uploads\/2021\/04\/Rangsdorf-Kontakt-2.jpg","datePublished":"2026-04-23T12:26:26+00:00","dateModified":"2026-04-24T08:29:16+00:00","description":"Skorzystaj z naszego wewn\u0119trznego dzia\u0142u rozwoju, kt\u00f3ry ma wieloletnie do\u015bwiadczenie in\u017cynieryjne.","breadcrumb":{"@id":"https:\/\/www.mounting-systems.com\/ueber-uns\/#breadcrumb"},"inLanguage":"pl-PL","potentialAction":[{"@type":"ReadAction","target":["https:\/\/www.mounting-systems.com\/ueber-uns\/"]}]},{"@type":"ImageObject","inLanguage":"pl-PL","@id":"https:\/\/www.mounting-systems.com\/ueber-uns\/#primaryimage","url":"https:\/\/www.mounting-systems.com\/wp-content\/uploads\/2021\/04\/Rangsdorf-Kontakt-2.jpg","contentUrl":"https:\/\/www.mounting-systems.com\/wp-content\/uploads\/2021\/04\/Rangsdorf-Kontakt-2.jpg"},{"@type":"BreadcrumbList","@id":"https:\/\/www.mounting-systems.com\/ueber-uns\/#breadcrumb","itemListElement":[{"@type":"ListItem","position":1,"name":"Startseite","item":"https:\/\/www.mounting-systems.com\/"},{"@type":"ListItem","position":2,"name":"\u00dcber uns"}]},{"@type":"WebSite","@id":"https:\/\/www.mounting-systems.com\/de\/#website","url":"https:\/\/www.mounting-systems.com\/de\/","name":"Systemy monta\u017cowe","description":"","publisher":{"@id":"https:\/\/www.mounting-systems.com\/de\/#organization"},"potentialAction":[{"@type":"SearchAction","target":{"@type":"EntryPoint","urlTemplate":"https:\/\/www.mounting-systems.com\/de\/?s={search_term_string}"},"query-input":{"@type":"PropertyValueSpecification","valueRequired":true,"valueName":"search_term_string"}}],"inLanguage":"pl-PL"},{"@type":"Organization","@id":"https:\/\/www.mounting-systems.com\/de\/#organization","name":"Systemy monta\u017cowe","url":"https:\/\/www.mounting-systems.com\/de\/","logo":{"@type":"ImageObject","inLanguage":"pl-PL","@id":"https:\/\/www.mounting-systems.com\/de\/#\/schema\/logo\/image\/","url":"https:\/\/www.mounting-systems.com\/wp-content\/uploads\/2021\/01\/MSG-Signet-white.png","contentUrl":"https:\/\/www.mounting-systems.com\/wp-content\/uploads\/2021\/01\/MSG-Signet-white.png","width":432,"height":552,"caption":"Mounting Systems"},"image":{"@id":"https:\/\/www.mounting-systems.com\/de\/#\/schema\/logo\/image\/"}}]}},"_links":{"self":[{"href":"https:\/\/www.mounting-systems.com\/pl\/wp-json\/wp\/v2\/pages\/25750","targetHints":{"allow":["GET"]}}],"collection":[{"href":"https:\/\/www.mounting-systems.com\/pl\/wp-json\/wp\/v2\/pages"}],"about":[{"href":"https:\/\/www.mounting-systems.com\/pl\/wp-json\/wp\/v2\/types\/page"}],"author":[{"embeddable":true,"href":"https:\/\/www.mounting-systems.com\/pl\/wp-json\/wp\/v2\/users\/20"}],"replies":[{"embeddable":true,"href":"https:\/\/www.mounting-systems.com\/pl\/wp-json\/wp\/v2\/comments?post=25750"}],"version-history":[{"count":106,"href":"https:\/\/www.mounting-systems.com\/pl\/wp-json\/wp\/v2\/pages\/25750\/revisions"}],"predecessor-version":[{"id":26059,"href":"https:\/\/www.mounting-systems.com\/pl\/wp-json\/wp\/v2\/pages\/25750\/revisions\/26059"}],"wp:attachment":[{"href":"https:\/\/www.mounting-systems.com\/pl\/wp-json\/wp\/v2\/media?parent=25750"}],"wp:term":[{"taxonomy":"category","embeddable":true,"href":"https:\/\/www.mounting-systems.com\/pl\/wp-json\/wp\/v2\/categories?post=25750"},{"taxonomy":"post_tag","embeddable":true,"href":"https:\/\/www.mounting-systems.com\/pl\/wp-json\/wp\/v2\/tags?post=25750"}],"curies":[{"name":"wp","href":"https:\/\/api.w.org\/{rel}","templated":true}]}}