{"id":25718,"date":"2026-04-23T14:23:40","date_gmt":"2026-04-23T12:23:40","guid":{"rendered":"https:\/\/www.mounting-systems.com\/?page_id=25718"},"modified":"2026-04-24T15:44:41","modified_gmt":"2026-04-24T13:44:41","slug":"system-dachow-plaskich","status":"publish","type":"page","link":"https:\/\/www.mounting-systems.com\/pl\/dach-gewerbe\/pv-systeme\/flachdachsysteme\/flachdachsystem\/","title":{"rendered":"System dachu p\u0142askiego"},"content":{"rendered":"<div class=\"wp-block-cover has-custom-content-position is-position-bottom-center a-innerblock\">\n    <img loading=\"lazy\" decoding=\"async\" width=\"1920\" height=\"1080\" src=\"https:\/\/www.mounting-systems.com\/wp-content\/uploads\/flat-roof-header-3.jpg\" class=\"hero-image-bg\" alt=\"\" style=\"filter: brightness(1)\" srcset=\"https:\/\/www.mounting-systems.com\/wp-content\/uploads\/flat-roof-header-3.jpg 1920w, https:\/\/www.mounting-systems.com\/wp-content\/uploads\/flat-roof-header-3-800x450.jpg 800w, https:\/\/www.mounting-systems.com\/wp-content\/uploads\/flat-roof-header-3-768x432.jpg 768w, https:\/\/www.mounting-systems.com\/wp-content\/uploads\/flat-roof-header-3-1536x864.jpg 1536w, https:\/\/www.mounting-systems.com\/wp-content\/uploads\/flat-roof-header-3-18x10.jpg 18w\" sizes=\"auto, (max-width: 1920px) 100vw, 1920px\" \/>    <div class=\"wp-block-cover__inner-container\">\n                   <h1 class=\"has-text-align-center arrow-animation\" style=\"color: #FFFFFF;\">System dachu p\u0142askiego<\/h1>\n                <div class=\"arrow-down hero-arrow\"><img decoding=\"async\" src=\"https:\/\/www.mounting-systems.com\/wp-content\/themes\/mosys\/images\/hero-arrow.svg\" alt=\"Ikona przewijania w d\u00f3\u0142\"><\/div>\n    <\/div>\n<\/div>\n<div class=\"print-only p-hero-image\">\n    <img loading=\"lazy\" decoding=\"async\" width=\"1920\" height=\"1080\" src=\"https:\/\/www.mounting-systems.com\/wp-content\/uploads\/flat-roof-header-3.jpg\" class=\"attachment-full size-full\" alt=\"\" style=\"filter: brightness(1)\" srcset=\"https:\/\/www.mounting-systems.com\/wp-content\/uploads\/flat-roof-header-3.jpg 1920w, https:\/\/www.mounting-systems.com\/wp-content\/uploads\/flat-roof-header-3-800x450.jpg 800w, https:\/\/www.mounting-systems.com\/wp-content\/uploads\/flat-roof-header-3-768x432.jpg 768w, https:\/\/www.mounting-systems.com\/wp-content\/uploads\/flat-roof-header-3-1536x864.jpg 1536w, https:\/\/www.mounting-systems.com\/wp-content\/uploads\/flat-roof-header-3-18x10.jpg 18w\" sizes=\"auto, (max-width: 1920px) 100vw, 1920px\" \/><\/div>\n\n\n<div class=\"wp-block-group section fullsize\"><div class=\"wp-block-group__inner-container is-layout-constrained wp-block-group-is-layout-constrained\">\n<div class=\"wp-block-group cols-2\"><div class=\"wp-block-group__inner-container is-layout-constrained wp-block-group-is-layout-constrained\">\n<div class=\"wp-block-columns is-layout-flex wp-container-core-columns-is-layout-9d6595d7 wp-block-columns-is-layout-flex\">\n<div class=\"wp-block-column is-layout-flow wp-block-column-is-layout-flow\">\n\n<div class=\"a-innerblock accordion-list accordion-reg-list block-accordion-wrapper\">\n    <div class=\"a-innerblock block-newsheader-wrapper\">\n        <div class=\"block-newsheader-inner\">\n            <div class=\"text-wrapper\">\n                                        <div class=\"section-title\">\n                            <span>Rozszerzona oferta system\u00f3w monta\u017cowych z rozwi\u0105zaniami Dome Solar<\/span>\n                        <\/div>\n                                                                                                            <h2>P\u0142askie systemy dachowe<\/h2>\n                                                                                                                                        <div class=\"teaser-text\"><p>Zainstaluj swoje panele fotowoltaiczne na p\u0142askich dachach szybko i niezawodnie dzi\u0119ki naszemu kompleksowemu asortymentowi system\u00f3w monta\u017cowych na tarasy dachowe.<\/p>\n<p>Specjalnie zaprojektowany do dach\u00f3w o nachyleniu do 10 %, niezale\u017cnie od tego, czy s\u0105 pokryte membranami BITUMICZNYMI, PVC, TPO czy EPDM.<\/p>\n<p>Dla dach\u00f3w EVALON nasze systemy mog\u0105 by\u0107 stosowane przy nachyleniu dachu do 37 %.<\/p>\n<\/div>\n                                                <\/div>\n        <\/div>\n    <\/div>\n        <div class=\"block-accordion-wrapper-inner\">\n                    <ul class=\"level-1\">\n                                    <li class=\"accordion-wrapper border-b\">\n                                                    <h3 class=\"c-title accordion-btn font-l\">Szybka i \u0142atwa instalacja<\/h3>\n                                                <div class=\"accordion-txt\">\n                            <p>Systemy mocowa\u0144 Dome Solar s\u0105 zaprojektowane z my\u015bl\u0105 o szybkiej, \u0142atwej i bezinwazyjnej instalacji, niewymagaj\u0105cej wiercenia. Ich inteligentna konstrukcja zapewnia wydajny monta\u017c bez naruszania szczelno\u015bci pokrycia dachowego.<\/p>\n                        <\/div>\n                    <\/li>\n                                    <li class=\"accordion-wrapper border-b\">\n                                                    <h3 class=\"c-title accordion-btn font-l\">Sprawdzone rozwi\u0105zania<\/h3>\n                                                <div class=\"accordion-txt\">\n                            <p>Ca\u0142y nasz asortyment jest sprawdzany w ramach Oceny Technicznej (ATec), Oceny Nowych Technik (ETN) lub Oceny Technicznej Eksperymentalnej (ATEx), co zapewnia solidno\u015b\u0107 i niezawodno\u015b\u0107 naszych system\u00f3w monta\u017cowych.<\/p>\n                        <\/div>\n                    <\/li>\n                                    <li class=\"accordion-wrapper border-b\">\n                                                    <h3 class=\"c-title accordion-btn font-l\">Wysokiej jako\u015bci mocowania metalowe<\/h3>\n                                                <div class=\"accordion-txt\">\n                            <p>Instaluj swoje panele fotowoltaiczne na dachach p\u0142askich szybko i niezawodnie dzi\u0119ki naszemu szerokiemu asortymentowi system\u00f3w monta\u017cowych do dach\u00f3w p\u0142askich.<\/p>\n<p>Specjalnie zaprojektowany do dach\u00f3w o nachyleniu do 10 %, niezale\u017cnie od tego, czy s\u0105 pokryte hydroizolacj\u0105 z papy, PVC, TPO czy EPDM.<\/p>\n<p>Dla dach\u00f3w EVALON nasze systemy mog\u0105 by\u0107 stosowane przy nachyleniu dachu do 37 %.<\/p>\n                        <\/div>\n                    <\/li>\n                            <\/ul>\n            <\/div>\n<\/div><\/div>\n\n\n\n<div class=\"wp-block-column is-vertically-aligned-center is-layout-flow wp-block-column-is-layout-flow\">\n<figure class=\"wp-block-image size-full is-resized\"><img loading=\"lazy\" decoding=\"async\" width=\"800\" height=\"600\" src=\"https:\/\/www.mounting-systems.com\/wp-content\/uploads\/800x600-site-web-5-1-1.png\" alt=\"\" class=\"wp-image-25723\" style=\"width:503px;height:auto\" srcset=\"https:\/\/www.mounting-systems.com\/wp-content\/uploads\/800x600-site-web-5-1-1.png 800w, https:\/\/www.mounting-systems.com\/wp-content\/uploads\/800x600-site-web-5-1-1-768x576.png 768w, https:\/\/www.mounting-systems.com\/wp-content\/uploads\/800x600-site-web-5-1-1-16x12.png 16w\" sizes=\"auto, (max-width: 800px) 100vw, 800px\" \/><\/figure>\n<\/div>\n<\/div>\n<\/div><\/div>\n<\/div><\/div>\n\n\n\n\n<div class=\"wp-block-group section-headline a-innerblock\" >\n    <div class=\"wp-block-group__inner-container\">\n                        <h2>Nasze produkty<\/h2>\n                <\/div>\n<\/div>\n\n\n<div id=\"speed\" class=\"wp-block-group section fullsize has-black-color has-very-light-gray-background-color has-text-color has-background has-link-color wp-elements-778ca9ae8f3cf6f9b568feffdb8ecbaf\"><div class=\"wp-block-group__inner-container is-layout-constrained wp-block-group-is-layout-constrained\">\n<div class=\"wp-block-group cols-2\"><div class=\"wp-block-group__inner-container is-layout-constrained wp-block-group-is-layout-constrained\">\n<div class=\"wp-block-columns is-layout-flex wp-container-core-columns-is-layout-9d6595d7 wp-block-columns-is-layout-flex\">\n<div class=\"wp-block-column is-layout-flow wp-block-column-is-layout-flow\">\n\n<div class=\"a-innerblock block-newsheader-wrapper green\">\n    <div class=\"block-newsheader-inner\">\n        <div class=\"text-wrapper\">\n                                <div class=\"section-title\">\n                        <span>Dachy p\u0142askie<\/span>\n                    <\/div>\n                                                <h2>Dach-S\u0142oneczny Bitum<\/h2>\n                                    <\/div>\n    <\/div>\n<\/div>\n\n\n\n<div class=\"a-innerblock accordion-list accordion-reg-list block-accordion-wrapper\">\n    <div class=\"a-innerblock block-newsheader-wrapper\">\n        <div class=\"block-newsheader-inner\">\n            <div class=\"text-wrapper\">\n                                                                                                            <div class=\"teaser-text\"><p><a href=\"https:\/\/dome-solar.com\/de\/befestigung-photovoltaikmodul\/roof-solar-bitumen\/\">Dach-S\u0142oneczny Bitum<\/a> Roof-Solar Bitumen to idealne rozwi\u0105zanie do monta\u017cu paneli fotowoltaicznych na papowych dachach p\u0142askich, bez balastowania i wiercenia. Dost\u0119pny r\u00f3wnie\u017c w wersji z nachyleniem 10\u00b0, \u0142\u0105czy wydajno\u015b\u0107 z zachowaniem hydroizolacji.<\/p>\n<\/div>\n                                                <\/div>\n        <\/div>\n    <\/div>\n        <div class=\"block-accordion-wrapper-inner\">\n                    <ul class=\"level-1\">\n                                    <li class=\"accordion-wrapper border-b\">\n                                                    <h4 class=\"c-title accordion-btn font-l\">Dach-Solar Bitumiczny spadzisty<\/h4>\n                                                <div class=\"accordion-txt\">\n                            <p><a href=\"https:\/\/dome-solar.com\/de\/befestigung-photovoltaikmodul\/roof-solar-bitumen-geneigt\/\">Dach-S\u0142oneczny Bitumiczne Sko\u015bny<\/a> Roof-Solar Bitumen Geneigt to fotowoltaiczny system mocowania przeznaczony do monta\u017cu paneli s\u0142onecznych na dachach p\u0142askich. Jest on zaprojektowany specjalnie dla budynk\u00f3w, kt\u00f3rych dach jest pokryty izolacj\u0105 bitumiczn\u0105. Dzi\u0119ki braku balastu lub przebicia membrany izolacyjnej monta\u017c paneli fotowoltaicznych jest \u0142atwiejszy.<\/p>\n<p>U\u017cycie 60 cm d\u0142ugich <a href=\"https:\/\/dome-solar.com\/de\/befestigung-photovoltaikmodul\/roof-solar-bitumen-geneigt\/\">Dach-S\u0142oneczny Bitumiczne Sko\u015bny<\/a>Szyny umo\u017cliwiaj\u0105 liniowe (a nie punktowe) roz\u0142o\u017cenie obci\u0105\u017cenia, co zmniejsza ryzyko przebi\u0107.<\/p>\n<p><a href=\"https:\/\/dome-solar.com\/de\/befestigung-photovoltaikmodul\/roof-solar-bitumen-geneigt\/\">Odkryj produkt<\/a><\/p>\n                        <\/div>\n                    <\/li>\n                                    <li class=\"accordion-wrapper border-b\">\n                                                    <h4 class=\"c-title accordion-btn font-l\">Dach-S\u0142oneczny Bitumiczny P\u0142aski<\/h4>\n                                                <div class=\"accordion-txt\">\n                            <p><a href=\"https:\/\/dome-solar.com\/de\/befestigung-photovoltaikmodul\/roof-solar-bitumen\/\">Dach-S\u0142oneczny Bitum<\/a> Roof-Solar Bitumen to system mocowania do instalacji paneli fotowoltaicznych na dachach p\u0142askich. Jest on przeznaczony specjalnie dla budynk\u00f3w, kt\u00f3rych dach jest pokryty pap\u0105 bitumiczn\u0105. Bez obci\u0105\u017cenia balastowego i bez konieczno\u015bci wiercenia w pokryciu dachowym, instalacja paneli fotowoltaicznych jest u\u0142atwiona, a integralno\u015b\u0107 budynku jest w pe\u0142ni zachowana.<\/p>\n<p>U\u017cycie 60 cm szyn fotowoltaicznych do papy dachowej zapewnia liniowe (a nie punktowe) roz\u0142o\u017cenie obci\u0105\u017cenia, zmniejszaj\u0105c ryzyko przebi\u0107.<\/p>\n<p><a tabindex=\"0\" href=\"https:\/\/dome-solar.com\/de\/befestigung-photovoltaikmodul\/roof-solar-bitumen\/\">Odkryj produkt<\/a><\/p>\n                        <\/div>\n                    <\/li>\n                            <\/ul>\n            <\/div>\n<\/div><\/div>\n\n\n\n<div class=\"wp-block-column is-layout-flow wp-block-column-is-layout-flow\">\n\n<div class=\"swiper-container-wrapper a-innerblock\">\n    <div class=\"swiper-container gallery-top\">\n        <div class=\"swiper-wrapper\">\n                                                <div class=\"swiper-slide\">\n                                                    <figure class=\"scale-img swiper-slide-img\">\n                                <img loading=\"lazy\" decoding=\"async\" class=\"slide-img\" src=\"https:\/\/www.mounting-systems.com\/wp-content\/uploads\/Domesolar-RSB600-BITUMEFIXATION-HAUTEFIXATION-BASSECOLLIERCTR-Assemblage-Visuel3D-1-fond-clair-670x800.png\" alt=\"Zdj\u0119cie produktu z panelami s\u0142onecznymi na dachu\" width=\"670\" height=\"800\">\n                                <figcaption>Dach fotowoltaiczny bitumiczny<\/figcaption>\n                            <\/figure>\n                                            <\/div>\n                    <\/div>\n    <\/div>\n    <div class=\"swiper-container gallery-thumbs\">\n        <div class=\"swiper-wrapper\">\n                                                    <figure class=\"swiper-slide-img swiper-slide swiper-thumb\">\n                            <img decoding=\"async\" class=\"slide-img\" src=\"https:\/\/www.mounting-systems.com\/wp-content\/uploads\/Domesolar-RSB600-BITUMEFIXATION-HAUTEFIXATION-BASSECOLLIERCTR-Assemblage-Visuel3D-1-fond-clair-150x150.png\" alt=\"Zdj\u0119cie produktu z panelami s\u0142onecznymi na dachu\">\n                        <\/figure>\n                                        <\/div>\n    <\/div>\n<\/div><\/div>\n<\/div>\n<\/div><\/div>\n<\/div><\/div>\n\n\n\n<div id=\"speed\" class=\"wp-block-group section fullsize has-black-color has-very-light-gray-background-color has-text-color has-background has-link-color wp-elements-e282cde3abb24afabd06cffbe18d4844\"><div class=\"wp-block-group__inner-container is-layout-constrained wp-block-group-is-layout-constrained\">\n<div class=\"wp-block-group cols-2\"><div class=\"wp-block-group__inner-container is-layout-constrained wp-block-group-is-layout-constrained\">\n<div class=\"wp-block-columns is-layout-flex wp-container-core-columns-is-layout-9d6595d7 wp-block-columns-is-layout-flex\">\n<div class=\"wp-block-column is-layout-flow wp-block-column-is-layout-flow\">\n\n<div class=\"swiper-container-wrapper a-innerblock\">\n    <div class=\"swiper-container gallery-top\">\n        <div class=\"swiper-wrapper\">\n                                                <div class=\"swiper-slide\">\n                                                    <figure class=\"scale-img swiper-slide-img\">\n                                <img loading=\"lazy\" decoding=\"async\" class=\"slide-img\" src=\"https:\/\/www.mounting-systems.com\/wp-content\/uploads\/roof-solar-pvc.jpg\" alt=\"\" width=\"635\" height=\"730\">\n                                <figcaption><\/figcaption>\n                            <\/figure>\n                                            <\/div>\n                    <\/div>\n    <\/div>\n    <div class=\"swiper-container gallery-thumbs\">\n        <div class=\"swiper-wrapper\">\n                                                    <figure class=\"swiper-slide-img swiper-slide swiper-thumb\">\n                            <img decoding=\"async\" class=\"slide-img\" src=\"https:\/\/www.mounting-systems.com\/wp-content\/uploads\/roof-solar-pvc-150x150.jpg\" alt=\"\">\n                        <\/figure>\n                                        <\/div>\n    <\/div>\n<\/div><\/div>\n\n\n\n<div class=\"wp-block-column is-layout-flow wp-block-column-is-layout-flow\">\n\n<div class=\"a-innerblock block-newsheader-wrapper green\">\n    <div class=\"block-newsheader-inner\">\n        <div class=\"text-wrapper\">\n                                <div class=\"section-title\">\n                        <span>Dachy p\u0142askie<\/span>\n                    <\/div>\n                                                <h2>Dach-S\u0142oneczny PVC<\/h2>\n                                    <\/div>\n    <\/div>\n<\/div>\n\n\n\n<div class=\"a-innerblock accordion-list accordion-reg-list block-accordion-wrapper\">\n    <div class=\"a-innerblock block-newsheader-wrapper\">\n        <div class=\"block-newsheader-inner\">\n            <div class=\"text-wrapper\">\n                                                                                                            <div class=\"teaser-text\"><p>Roof-Solar PVC to system monta\u017cowy fotowoltaiki przeznaczony do dach\u00f3w p\u0142askich z pap\u0105 PVC. Bez balastowania i przebi\u0107 u\u0142atwia monta\u017c i r\u00f3wnomiernie rozk\u0142ada obci\u0105\u017cenie, zmniejszaj\u0105c ryzyko przebi\u0107.<\/p>\n<\/div>\n                                                <\/div>\n        <\/div>\n    <\/div>\n        <div class=\"block-accordion-wrapper-inner first-opened\">\n                    <ul class=\"level-1\">\n                                    <li class=\"accordion-wrapper border-b\">\n                                                    <h4 class=\"c-title accordion-btn font-l\">Dach-Solar PVC sko\u015bny<\/h4>\n                                                <div class=\"accordion-txt\">\n                            <p><a href=\"https:\/\/dome-solar.com\/de\/befestigung-photovoltaikmodul\/roof-solar-pvc-geneigt\/\">Dach - Fotowoltaika PCV Sko\u015bny<\/a> Roof-Solar PVC Geneigt to system mocowa\u0144 fotowoltaicznych do instalacji paneli s\u0142onecznych na dachach p\u0142askich. Jest specjalnie zaprojektowany do budynk\u00f3w z syntetyczn\u0105 membran\u0105 uszczelniaj\u0105c\u0105 z PVC. Instalacja modu\u0142\u00f3w fotowoltaicznych jest u\u0142atwiona bez potrzeby balastowania lub przebijania membrany uszczelniaj\u0105cej.<\/p>\n<p>Zastosowanie szyn dachowych PVC o d\u0142ugo\u015bci 60 cm umo\u017cliwia liniowe (a nie punktowe) roz\u0142o\u017cenie obci\u0105\u017cenia, co redukuje ryzyko przebiwania.<\/p>\n<p><!--StartFragment --><\/p>\n<p class=\"pf0\"><a href=\"https:\/\/dome-solar.com\/de\/befestigung-photovoltaikmodul\/roof-solar-pvc-geneigt\/\"><span class=\"cf0\">Odkryj produkt <\/span><\/a><\/p>\n<p><!--EndFragment --><\/p>\n                        <\/div>\n                    <\/li>\n                                    <li class=\"accordion-wrapper border-b\">\n                                                    <h4 class=\"c-title accordion-btn font-l\">Dach-Solar PVC P\u0142aski<\/h4>\n                                                <div class=\"accordion-txt\">\n                            <p><a href=\"https:\/\/dome-solar.com\/de\/befestigung-photovoltaikmodul\/roof-solar-pvc\/\">Dach-S\u0142oneczny PVC<\/a> Roof-Solar PVC Geneigt to system mocowa\u0144 fotowoltaicznych do instalacji paneli s\u0142onecznych na dachach p\u0142askich. Jest specjalnie zaprojektowany do budynk\u00f3w z syntetyczn\u0105 membran\u0105 uszczelniaj\u0105c\u0105 z PVC. Instalacja modu\u0142\u00f3w fotowoltaicznych jest u\u0142atwiona bez potrzeby balastowania lub przebijania membrany uszczelniaj\u0105cej.<\/p>\n<p>Zastosowanie 60 cm d\u0142ugich szyn dachowych Roof-Solar PVC zapewnia liniowe (a nie punktowe) roz\u0142o\u017cenie obci\u0105\u017cenia, co zmniejsza ryzyko wgniece\u0144.<\/p>\n<p><!--StartFragment --><\/p>\n<p class=\"pf0\"><a href=\"https:\/\/dome-solar.com\/de\/befestigung-photovoltaikmodul\/roof-solar-pvc\/\"><span class=\"cf0\">Odkryj produkt <\/span><\/a><\/p>\n<p><!--EndFragment --><\/p>\n                        <\/div>\n                    <\/li>\n                            <\/ul>\n            <\/div>\n<\/div><\/div>\n<\/div>\n<\/div><\/div>\n<\/div><\/div>\n\n\n\n<div id=\"speed\" class=\"wp-block-group section fullsize has-black-color has-very-light-gray-background-color has-text-color has-background has-link-color wp-elements-57eb68a84783871296857a42c5f81ff2\"><div class=\"wp-block-group__inner-container is-layout-constrained wp-block-group-is-layout-constrained\">\n<div class=\"wp-block-group cols-2\"><div class=\"wp-block-group__inner-container is-layout-constrained wp-block-group-is-layout-constrained\">\n<div class=\"wp-block-columns is-layout-flex wp-container-core-columns-is-layout-9d6595d7 wp-block-columns-is-layout-flex\">\n<div class=\"wp-block-column is-layout-flow wp-block-column-is-layout-flow\">\n\n<div class=\"a-innerblock block-newsheader-wrapper green\">\n    <div class=\"block-newsheader-inner\">\n        <div class=\"text-wrapper\">\n                                <div class=\"section-title\">\n                        <span>Dachy p\u0142askie<\/span>\n                    <\/div>\n                                                <h2>Dach-Solar TPO<\/h2>\n                                    <\/div>\n    <\/div>\n<\/div>\n\n\n\n<div class=\"a-innerblock accordion-list accordion-reg-list block-accordion-wrapper\">\n    <div class=\"a-innerblock block-newsheader-wrapper\">\n        <div class=\"block-newsheader-inner\">\n            <div class=\"text-wrapper\">\n                                                                                                            <div class=\"teaser-text\"><p>Roof-Solar TPO to system mocowania fotowoltaiki przeznaczony do dach\u00f3w p\u0142askich z membranami uszczelniaj\u0105cymi TPO. Bez balastu i penetracji u\u0142atwia instalacj\u0119 paneli s\u0142onecznych, zachowuj\u0105c jednocze\u015bnie szczelno\u015b\u0107. Szyny o d\u0142ugo\u015bci 60 cm zapewniaj\u0105 liniowe roz\u0142o\u017cenie obci\u0105\u017cenia i zmniejszaj\u0105 ryzyko przebi\u0107.<\/p>\n<\/div>\n                                                <\/div>\n        <\/div>\n    <\/div>\n        <div class=\"block-accordion-wrapper-inner first-opened\">\n                    <ul class=\"level-1\">\n                                    <li class=\"accordion-wrapper border-b\">\n                                                    <h4 class=\"c-title accordion-btn font-l\">Dach-Solarny TPO sko\u015bny<\/h4>\n                                                <div class=\"accordion-txt\">\n                            <p><a href=\"https:\/\/dome-solar.com\/de\/befestigung-photovoltaikmodul\/roof-solar-tpo-geneigt\/\">Dachowe panele s\u0142oneczne TPO na dachu sko\u015bnym<\/a> Roof-Solar TPO Geneigt to fotowoltaiczny system mocowania do instalacji paneli s\u0142onecznych na syntetycznych dachach p\u0142askich. Jest on specjalnie zaprojektowany do zastosowania na budynkach, kt\u00f3rych dach jest pokryty membran\u0105 hydroizolacyjn\u0105 TPO. U\u0142atwia on instalacj\u0119 paneli fotowoltaicznych bez konieczno\u015bci obci\u0105\u017cania dachu balastem lub przebijania jego pokrycia.<\/p>\n<p>Zastosowanie nachylonych szyn dachowych Roof-Solar TPO o d\u0142ugo\u015bci 60 lub 120 cm umo\u017cliwia liniowe (a nie punktowe) roz\u0142o\u017cenie obci\u0105\u017cenia, co zmniejsza ryzyko przebi\u0107.<\/p>\n<p><!--StartFragment --><\/p>\n<p class=\"pf0\"><a href=\"https:\/\/dome-solar.com\/de\/befestigung-photovoltaikmodul\/roof-solar-tpo-geneigt\/\"><span class=\"cf0\">Odkryj produkt <\/span><\/a><\/p>\n<p><!--EndFragment --><\/p>\n                        <\/div>\n                    <\/li>\n                                    <li class=\"accordion-wrapper border-b\">\n                                                    <h4 class=\"c-title accordion-btn font-l\">Dach Solarny TPO P\u0142aski<\/h4>\n                                                <div class=\"accordion-txt\">\n                            <p><a href=\"https:\/\/dome-solar.com\/de\/befestigung-photovoltaikmodul\/roof-solar-tpo\/\">Dach-Solar TPO<\/a> Roof-Solar TPO Geneigt to fotowoltaiczny system mocowania do instalacji paneli s\u0142onecznych na syntetycznych dachach p\u0142askich. Jest on specjalnie zaprojektowany do zastosowania na budynkach, kt\u00f3rych dach jest pokryty membran\u0105 hydroizolacyjn\u0105 TPO. U\u0142atwia on instalacj\u0119 paneli fotowoltaicznych bez konieczno\u015bci obci\u0105\u017cania dachu balastem lub przebijania jego pokrycia.<\/p>\n<p>Stosowanie szyn dachowych Roof-Solar TPO o d\u0142ugo\u015bci 60 cm umo\u017cliwia liniowe (a nie punktowe) roz\u0142o\u017cenie obci\u0105\u017cenia, co zmniejsza ryzyko przebi\u0107.<\/p>\n<p><!--StartFragment --><\/p>\n<p class=\"pf0\"><a href=\"https:\/\/dome-solar.com\/de\/befestigung-photovoltaikmodul\/roof-solar-tpo\/\"><span class=\"cf0\">Odkryj produkt <\/span><\/a><\/p>\n<p><!--EndFragment --><\/p>\n                        <\/div>\n                    <\/li>\n                            <\/ul>\n            <\/div>\n<\/div><\/div>\n\n\n\n<div class=\"wp-block-column is-layout-flow wp-block-column-is-layout-flow\">\n\n<div class=\"swiper-container-wrapper a-innerblock\">\n    <div class=\"swiper-container gallery-top\">\n        <div class=\"swiper-wrapper\">\n                                                <div class=\"swiper-slide\">\n                                                    <figure class=\"scale-img swiper-slide-img\">\n                                <img loading=\"lazy\" decoding=\"async\" class=\"slide-img\" src=\"https:\/\/www.mounting-systems.com\/wp-content\/uploads\/roof-solar-TPO.jpg\" alt=\"\" width=\"635\" height=\"730\">\n                                <figcaption><\/figcaption>\n                            <\/figure>\n                                            <\/div>\n                    <\/div>\n    <\/div>\n    <div class=\"swiper-container gallery-thumbs\">\n        <div class=\"swiper-wrapper\">\n                                                    <figure class=\"swiper-slide-img swiper-slide swiper-thumb\">\n                            <img decoding=\"async\" class=\"slide-img\" src=\"https:\/\/www.mounting-systems.com\/wp-content\/uploads\/roof-solar-TPO-150x150.jpg\" alt=\"\">\n                        <\/figure>\n                                        <\/div>\n    <\/div>\n<\/div><\/div>\n<\/div>\n<\/div><\/div>\n<\/div><\/div>\n\n\n\n<div id=\"speed\" class=\"wp-block-group section fullsize has-black-color has-very-light-gray-background-color has-text-color has-background has-link-color wp-elements-5aa0b633e7b8c64e9b1b47a511d6e1cc\"><div class=\"wp-block-group__inner-container is-layout-constrained wp-block-group-is-layout-constrained\">\n<div class=\"wp-block-group cols-2\"><div class=\"wp-block-group__inner-container is-layout-constrained wp-block-group-is-layout-constrained\">\n<div class=\"wp-block-columns is-layout-flex wp-container-core-columns-is-layout-9d6595d7 wp-block-columns-is-layout-flex\">\n<div class=\"wp-block-column is-layout-flow wp-block-column-is-layout-flow\">\n\n<div class=\"swiper-container-wrapper a-innerblock\">\n    <div class=\"swiper-container gallery-top\">\n        <div class=\"swiper-wrapper\">\n                                                <div class=\"swiper-slide\">\n                                                    <figure class=\"scale-img swiper-slide-img\">\n                                <img loading=\"lazy\" decoding=\"async\" class=\"slide-img\" src=\"https:\/\/www.mounting-systems.com\/wp-content\/uploads\/roof-solar-pvc.jpg\" alt=\"\" width=\"635\" height=\"730\">\n                                <figcaption><\/figcaption>\n                            <\/figure>\n                                            <\/div>\n                    <\/div>\n    <\/div>\n    <div class=\"swiper-container gallery-thumbs\">\n        <div class=\"swiper-wrapper\">\n                                                    <figure class=\"swiper-slide-img swiper-slide swiper-thumb\">\n                            <img decoding=\"async\" class=\"slide-img\" src=\"https:\/\/www.mounting-systems.com\/wp-content\/uploads\/roof-solar-pvc-150x150.jpg\" alt=\"\">\n                        <\/figure>\n                                        <\/div>\n    <\/div>\n<\/div><\/div>\n\n\n\n<div class=\"wp-block-column is-layout-flow wp-block-column-is-layout-flow\">\n\n<div class=\"a-innerblock block-newsheader-wrapper green\">\n    <div class=\"block-newsheader-inner\">\n        <div class=\"text-wrapper\">\n                                <div class=\"section-title\">\n                        <span>Dachy p\u0142askie<\/span>\n                    <\/div>\n                                                <h2>Dach fotowoltaiczny Evalon\u00ae<\/h2>\n                                    <\/div>\n    <\/div>\n<\/div>\n\n\n\n<div class=\"a-innerblock accordion-list accordion-reg-list block-accordion-wrapper\">\n    <div class=\"a-innerblock block-newsheader-wrapper\">\n        <div class=\"block-newsheader-inner\">\n            <div class=\"text-wrapper\">\n                                                                                                            <div class=\"teaser-text\"><p>Roof-Solar EVALON to system mocowania fotowoltaiki do dach\u00f3w p\u0142askich z membranami uszczelniaj\u0105cymi EVALON. Bez balastu i penetracji umo\u017cliwia szybki i szczelny monta\u017c. Unikatowy w swojej kategorii, mo\u017ce by\u0107 instalowany na dachach o nachyleniu do 37 % i dzi\u0119ki szynom o d\u0142ugo\u015bci 60 cm zmniejsza ryzyko przebi\u0107.<\/p>\n<\/div>\n                                                <\/div>\n        <\/div>\n    <\/div>\n        <div class=\"block-accordion-wrapper-inner first-opened\">\n                    <ul class=\"level-1\">\n                                    <li class=\"accordion-wrapper border-b\">\n                                                    <h4 class=\"c-title accordion-btn font-l\">Dach solarny Evalon\u00ae pochy\u0142y<\/h4>\n                                                <div class=\"accordion-txt\">\n                            <p><a href=\"https:\/\/dome-solar.com\/de\/befestigung-photovoltaikmodul\/roof-solar-evalon-geneigt\/\">Dach-Solar EVALON Sko\u015bny<\/a> Roof-Solar EVALON Geneigt to system mocowania fotowoltaicznego do instalacji paneli s\u0142onecznych na dachach p\u0142askich. Jest on specjalnie zaprojektowany dla budynk\u00f3w, kt\u00f3rych dach jest wyposa\u017cony w syntetyczn\u0105 membran\u0119 uszczelniaj\u0105c\u0105 EVALON. Instalacja modu\u0142\u00f3w fotowoltaicznych jest u\u0142atwiona bez obci\u0105\u017cenia balastowego lub przebijania membrany uszczelniaj\u0105cej.<\/p>\n<p>Zastosowanie szyn Roof-Solar EVALON o d\u0142ugo\u015bci 60 cm umo\u017cliwia liniowe (a nie punktowe) roz\u0142o\u017cenie obci\u0105\u017cenia, co zmniejsza ryzyko przebi\u0107.<\/p>\n<p><!--StartFragment --><\/p>\n<p class=\"pf0\"><a href=\"https:\/\/dome-solar.com\/de\/befestigung-photovoltaikmodul\/roof-solar-evalon-geneigt\/\"><span class=\"cf0\">Odkryj produkt <\/span><\/a><\/p>\n                        <\/div>\n                    <\/li>\n                                    <li class=\"accordion-wrapper border-b\">\n                                                    <h4 class=\"c-title accordion-btn font-l\">Dach solarny Evalon\u00ae P\u0142aski<\/h4>\n                                                <div class=\"accordion-txt\">\n                            <p><a href=\"https:\/\/dome-solar.com\/de\/befestigung-photovoltaikmodul\/roof-solar-evalon\/\">Dach-Solarny EVALON<\/a> Roof-Solar EVALON to system mocowania do instalacji paneli fotowoltaicznych na dachach p\u0142askich. Zosta\u0142 zaprojektowany specjalnie dla budynk\u00f3w, kt\u00f3rych dach jest wyposa\u017cony w syntetyczn\u0105 membran\u0119 uszczelniaj\u0105c\u0105 EVALON. Bez balastu i bez naruszania membrany uszczelniaj\u0105cej, instalacja paneli fotowoltaicznych jest u\u0142atwiona i integralno\u015b\u0107 konstrukcji budynku jest w pe\u0142ni zachowana.<\/p>\n<p>Zastosowanie szyn Roof-Solar EVALON o d\u0142ugo\u015bci 60 cm umo\u017cliwia liniowe (a nie punktowe) roz\u0142o\u017cenie obci\u0105\u017cenia, co zmniejsza ryzyko przebi\u0107.<\/p>\n<p><!--StartFragment --><\/p>\n<p class=\"pf0\"><a href=\"https:\/\/dome-solar.com\/de\/befestigung-photovoltaikmodul\/roof-solar-evalon\/\"><span class=\"cf0\">Odkryj produkt <\/span><\/a><\/p>\n<p><!--EndFragment --><\/p>\n                        <\/div>\n                    <\/li>\n                            <\/ul>\n            <\/div>\n<\/div><\/div>\n<\/div>\n<\/div><\/div>\n<\/div><\/div>\n\n\n\n<div id=\"speed\" class=\"wp-block-group section fullsize has-black-color has-very-light-gray-background-color has-text-color has-background has-link-color wp-elements-81f902acce533f7406f90b1d3836b725\"><div class=\"wp-block-group__inner-container is-layout-constrained wp-block-group-is-layout-constrained\">\n<div class=\"wp-block-group cols-2\"><div class=\"wp-block-group__inner-container is-layout-constrained wp-block-group-is-layout-constrained\">\n<div class=\"wp-block-columns is-layout-flex wp-container-core-columns-is-layout-9d6595d7 wp-block-columns-is-layout-flex\">\n<div class=\"wp-block-column is-layout-flow wp-block-column-is-layout-flow\">\n\n<div class=\"a-innerblock block-newsheader-wrapper green\">\n    <div class=\"block-newsheader-inner\">\n        <div class=\"text-wrapper\">\n                                <div class=\"section-title\">\n                        <span>Dachy p\u0142askie<\/span>\n                    <\/div>\n                                                <h2>Dach fotowoltaiczny zielony PV\t\t\t\t\t\t\t<\/h2>\n                                    <\/div>\n    <\/div>\n<\/div>\n\n\n\n<div class=\"a-innerblock accordion-list accordion-reg-list block-accordion-wrapper\">\n    <div class=\"a-innerblock block-newsheader-wrapper\">\n        <div class=\"block-newsheader-inner\">\n            <div class=\"text-wrapper\">\n                                                                                                            <div class=\"teaser-text\"><p>GREEN PV ROOF to system mocowania fotowoltaiki do zielonych dach\u00f3w p\u0142askich. Jest on specjalnie zaprojektowany dla budynk\u00f3w, kt\u00f3rych dach wyposa\u017cony jest w pap\u0119 bitumiczn\u0105. Bez obci\u0105\u017cenia balastowego i bez naruszania warstwy hydroizolacyjnej, u\u0142atwia monta\u017c paneli fotowoltaicznych.<\/p>\n<p>Zastosowanie 60-centymetrowych szyn Roof-Solar BITUMEN pozwala na liniowe (a nie punktowe) roz\u0142o\u017cenie obci\u0105\u017cenia, redukuj\u0105c ryzyko przebi\u0107.<\/p>\n<\/div>\n                                                <\/div>\n        <\/div>\n    <\/div>\n        <div class=\"block-accordion-wrapper-inner first-opened\">\n            <\/div>\n<\/div><\/div>\n\n\n\n<div class=\"wp-block-column is-layout-flow wp-block-column-is-layout-flow\">\n\n<div class=\"swiper-container-wrapper a-innerblock\">\n    <div class=\"swiper-container gallery-top\">\n        <div class=\"swiper-wrapper\">\n                                                <div class=\"swiper-slide\">\n                                                    <figure class=\"scale-img swiper-slide-img\">\n                                <img loading=\"lazy\" decoding=\"async\" class=\"slide-img\" src=\"https:\/\/www.mounting-systems.com\/wp-content\/uploads\/Rectangle-4.jpg\" alt=\"\" width=\"635\" height=\"730\">\n                                <figcaption><\/figcaption>\n                            <\/figure>\n                                            <\/div>\n                    <\/div>\n    <\/div>\n    <div class=\"swiper-container gallery-thumbs\">\n        <div class=\"swiper-wrapper\">\n                                                    <figure class=\"swiper-slide-img swiper-slide swiper-thumb\">\n                            <img decoding=\"async\" class=\"slide-img\" src=\"https:\/\/www.mounting-systems.com\/wp-content\/uploads\/Rectangle-4-150x150.jpg\" alt=\"\">\n                        <\/figure>\n                                        <\/div>\n    <\/div>\n<\/div><\/div>\n<\/div>\n<\/div><\/div>\n<\/div><\/div>\n\n\n\n<div class=\"wp-block-group cols-2\"><div class=\"wp-block-group__inner-container is-layout-constrained wp-block-group-is-layout-constrained\">\n<div class=\"wp-block-columns is-layout-flex wp-container-core-columns-is-layout-9d6595d7 wp-block-columns-is-layout-flex\">\n<div class=\"wp-block-column is-layout-flow wp-block-column-is-layout-flow\">\n\n<div class=\"swiper-container-wrapper a-innerblock\">\n    <div class=\"swiper-container gallery-top\">\n        <div class=\"swiper-wrapper\">\n                                                <div class=\"swiper-slide\">\n                                                    <figure class=\"scale-img swiper-slide-img\">\n                                <img loading=\"lazy\" decoding=\"async\" class=\"slide-img\" src=\"https:\/\/www.mounting-systems.com\/wp-content\/uploads\/b\u00b2-6.png\" alt=\"\" width=\"635\" height=\"730\">\n                                <figcaption><\/figcaption>\n                            <\/figure>\n                                            <\/div>\n                    <\/div>\n    <\/div>\n    <div class=\"swiper-container gallery-thumbs\">\n        <div class=\"swiper-wrapper\">\n                                                    <figure class=\"swiper-slide-img swiper-slide swiper-thumb\">\n                            <img decoding=\"async\" class=\"slide-img\" src=\"https:\/\/www.mounting-systems.com\/wp-content\/uploads\/b\u00b2-2-150x150.png\" alt=\"\">\n                        <\/figure>\n                                        <\/div>\n    <\/div>\n<\/div><\/div>\n\n\n\n<div class=\"wp-block-column is-layout-flow wp-block-column-is-layout-flow\">\n\n<div class=\"a-innerblock block-newsheader-wrapper green\">\n    <div class=\"block-newsheader-inner\">\n        <div class=\"text-wrapper\">\n                                <div class=\"section-title\">\n                        <span>Dachy p\u0142askie<\/span>\n                    <\/div>\n                                                <h2>Dach-Solar M-Fix<\/h2>\n                                    <\/div>\n    <\/div>\n<\/div>\n\n\n\n<div class=\"a-innerblock accordion-list accordion-reg-list block-accordion-wrapper\">\n    <div class=\"a-innerblock block-newsheader-wrapper\">\n        <div class=\"block-newsheader-inner\">\n            <div class=\"text-wrapper\">\n                                                                                                            <div class=\"teaser-text\"><p>Roof-Solar M-Fix to kompleksowe rozwi\u0105zanie, kt\u00f3re \u0142\u0105czy mocowanie mechaniczne, wzmocnione uszczelnienie i kontrolowane przenoszenie obci\u0105\u017ce\u0144 w jednym, wydajnym systemie.<\/p>\n<p>Ka\u017cdy punkt mocowania jest bezpiecznie zakotwiczony w konstrukcji budynku i zabezpieczony dwuwarstwowym procesem uszczelniania, co zapewnia d\u0142ugoterminow\u0105 niezawodno\u015b\u0107. Dzi\u0119ki wielkopowierzchniowej p\u0142ycie podstawy obci\u0105\u017cenia s\u0105 efektywnie roz\u0142o\u017cone, co zmniejsza obci\u0105\u017cenie konstrukcji dachu i zwi\u0119ksza jego odporno\u015b\u0107 na czynniki atmosferyczne.<\/p>\n<p>System zosta\u0142 zaprojektowany tak, aby zachowa\u0107 integralno\u015b\u0107 hydroizolacji bitumicznej poprzez ustrukturyzowany, praktyczny proces, zapewniaj\u0105c tym samym trwa\u0142\u0105 szczelno\u015b\u0107, kontrolowane wykonanie przej\u015b\u0107 oraz mniejsze ryzyko przeciek\u00f3w \u2013 dla wi\u0119kszego bezpiecze\u0144stwa i d\u0142ugoterminowej wydajno\u015bci instalacji.<\/p>\n<\/div>\n                                                <\/div>\n        <\/div>\n    <\/div>\n        <div class=\"block-accordion-wrapper-inner first-opened\">\n            <\/div>\n<\/div><\/div>\n<\/div>\n<\/div><\/div>\n\n\n\n<div class=\"wp-block-group\"><div class=\"wp-block-group__inner-container is-layout-constrained wp-block-group-is-layout-constrained\">\n<div class=\"wp-block-columns is-style-col-3-9 is-layout-flex wp-container-core-columns-is-layout-9d6595d7 wp-block-columns-is-layout-flex\">\n<div class=\"wp-block-column is-layout-flow wp-block-column-is-layout-flow\" style=\"flex-basis:40%\">\n\n<div class=\"a-innerblock block-newsheader-wrapper green\">\n    <div class=\"block-newsheader-inner\">\n        <div class=\"text-wrapper\">\n                                <div class=\"section-title\">\n                        <span>Najcz\u0119\u015bciej zadawane pytania<\/span>\n                    <\/div>\n                                                <h2>Pytania dotycz\u0105ce przej\u0119cia<br \/>\r\n<\/h2>\n                                    <\/div>\n    <\/div>\n<\/div><\/div>\n\n\n\n<div class=\"wp-block-column is-layout-flow wp-block-column-is-layout-flow\" style=\"flex-basis:66.66%\">\n\n<div class=\"a-innerblock accordion-list accordion-reg-list block-accordion-wrapper\">\n    <div class=\"a-innerblock block-newsheader-wrapper\">\n        <div class=\"block-newsheader-inner\">\n            <div class=\"text-wrapper\">\n                                                                            <\/div>\n        <\/div>\n    <\/div>\n        <div class=\"block-accordion-wrapper-inner\">\n                    <ul class=\"level-1\">\n                                    <li class=\"accordion-wrapper border-b\">\n                                                    <h4 class=\"c-title accordion-btn font-l\">Czy LightX i FD3 nadal b\u0119d\u0105 dost\u0119pne?<\/h4>\n                                                <div class=\"accordion-txt\">\n                            <p>Ci\u0105g\u0142o\u015b\u0107 produktu ma najwy\u017cszy priorytet. LightX i FD3 pozostaj\u0105 w pe\u0142ni dost\u0119pne \u2014 teraz wspierane przez mo\u017cliwo\u015bci przemys\u0142owe i \u0142a\u0144cuch dostaw Dome Solar, aby zapewni\u0107 niezawodn\u0105 dost\u0119pno\u015b\u0107 produkt\u00f3w w ka\u017cdej skali.<\/p>\n                        <\/div>\n                    <\/li>\n                                    <li class=\"accordion-wrapper border-b\">\n                                                    <h4 class=\"c-title accordion-btn font-l\">Czy szyld \u201eMade in Germany\u201c nadal ma znaczenie?<\/h4>\n                                                <div class=\"accordion-txt\">\n                            <p>Tak. Dotychczasowi niemieccy dostawcy pozostaj\u0105. Standardy in\u017cynieryjne, wymagania dotycz\u0105ce oblicze\u0144 statycznych i kontroli jako\u015bci pozostaj\u0105 bez zmian. Niemiecka tradycja produkcyjna jest kluczowym elementem to\u017csamo\u015bci marki Mounting Systems.<\/p>\n                        <\/div>\n                    <\/li>\n                                    <li class=\"accordion-wrapper border-b\">\n                                                    <h4 class=\"c-title accordion-btn font-l\">Do kogo mog\u0119 si\u0119 zwr\u00f3ci\u0107 w sprawie pomocy technicznej?<\/h4>\n                                                <div class=\"accordion-txt\">\n                            <p>Pa\u0144stwa obecni partnerzy kontaktowi pozostaj\u0105 bez zmian. Dome Solar wzmocni lokalne zespo\u0142y techniczne na kluczowych rynkach \u2013 w Hiszpanii, Polsce, Niemczech, Maroku i nie tylko \u2013 aby zapewni\u0107 silne wsparcie dla EPC i instalator\u00f3w w okresie przej\u015bciowym i po nim.<\/p>\n                        <\/div>\n                    <\/li>\n                                    <li class=\"accordion-wrapper border-b\">\n                                                    <h4 class=\"c-title accordion-btn font-l\">Jakie nowe produkty s\u0105 teraz dost\u0119pne?<\/h4>\n                                                <div class=\"accordion-txt\">\n                            <p>Dzi\u0119ki Dome Solar masz teraz dost\u0119p do rozszerzonego portfolio, kt\u00f3re obejmuje systemy na dachy pochy\u0142e (NPA, TOP, SIDE, Helios B2, Ital Solar, Fibro), rozwi\u0105zania wiatowe dla gara\u017cy (RC3) oraz systemy naziemne.<\/p>\n                        <\/div>\n                    <\/li>\n                            <\/ul>\n            <\/div>\n<\/div><\/div>\n<\/div>\n<\/div><\/div>\n\n\n\n<div class=\"wp-block-cover\" style=\"min-height:400px;aspect-ratio:unset;\"><span aria-hidden=\"true\" class=\"wp-block-cover__background has-green-background-color has-background-dim-100 has-background-dim\"><\/span><div class=\"wp-block-cover__inner-container is-layout-constrained wp-block-cover-is-layout-constrained\">\n<div class=\"wp-block-group is-horizontal is-content-justification-space-between is-nowrap is-layout-flex wp-container-core-group-is-layout-34e62f51 wp-block-group-is-layout-flex\">\n<p class=\"has-text-align-left has-large-font-size\">Gotowy, aby rozpocz\u0105\u0107 sw\u00f3j kolejny<br><mark style=\"background-color:rgba(0, 0, 0, 0)\" class=\"has-inline-color has-white-color\"><strong>projekt p\u0142askiego dachu?<\/strong><\/mark><\/p>\n\n\n\n<div class=\"wp-block-group\"><div class=\"wp-block-group__inner-container is-layout-constrained wp-block-group-is-layout-constrained\">\n<p class=\"has-text-align-right\"><a href=\"https:\/\/dome-solar.com\/de\/kontakt\/\">Poprosi\u0107 o wycen\u0119<\/a><\/p>\n\n\n\n<p class=\"has-text-align-right\"><a href=\"https:\/\/dome-solar.com\/wp-content\/uploads\/dome-solar-catalogue-fr.pdf\" target=\"_blank\" rel=\"noreferrer noopener\">Pobierz Katalog Paneli S\u0142onecznych Dome<\/a><\/p>\n<\/div><\/div>\n<\/div>\n<\/div><\/div>","protected":false},"excerpt":{"rendered":"","protected":false},"author":20,"featured_media":0,"parent":605,"menu_order":0,"comment_status":"closed","ping_status":"closed","template":"","meta":{"_acf_changed":false,"footnotes":""},"categories":[18],"tags":[],"class_list":["post-25718","page","type-page","status-publish","hentry","category-dach-gewerbe"],"acf":[],"yoast_head":"<!-- This site is optimized with the Yoast SEO plugin v27.5 - https:\/\/yoast.com\/product\/yoast-seo-wordpress\/ -->\n<title>Flachdachsystem - Mounting Systems<\/title>\n<meta name=\"robots\" content=\"index, follow, max-snippet:-1, max-image-preview:large, max-video-preview:-1\" \/>\n<link rel=\"canonical\" href=\"https:\/\/www.mounting-systems.com\/pl\/handel-dachami\/systemy-fotowoltaiczne\/systemy-dachow-plaskich\/system-dachow-plaskich\/\" \/>\n<meta property=\"og:locale\" content=\"pl_PL\" \/>\n<meta property=\"og:type\" content=\"article\" \/>\n<meta property=\"og:title\" content=\"Flachdachsystem - Mounting Systems\" \/>\n<meta property=\"og:url\" content=\"https:\/\/www.mounting-systems.com\/pl\/handel-dachami\/systemy-fotowoltaiczne\/systemy-dachow-plaskich\/system-dachow-plaskich\/\" \/>\n<meta property=\"og:site_name\" content=\"Mounting Systems\" \/>\n<meta property=\"article:modified_time\" content=\"2026-04-24T13:44:41+00:00\" \/>\n<meta property=\"og:image\" content=\"https:\/\/www.mounting-systems.com\/wp-content\/uploads\/800x600-site-web-5-1-1.png\" \/>\n<meta name=\"twitter:card\" content=\"summary_large_image\" \/>\n<meta name=\"twitter:label1\" content=\"Szacowany czas czytania\" \/>\n\t<meta name=\"twitter:data1\" content=\"1 minuta\" \/>\n<script type=\"application\/ld+json\" class=\"yoast-schema-graph\">{\"@context\":\"https:\\\/\\\/schema.org\",\"@graph\":[{\"@type\":\"WebPage\",\"@id\":\"https:\\\/\\\/www.mounting-systems.com\\\/dach-gewerbe\\\/pv-systeme\\\/flachdachsysteme\\\/flachdachsystem\\\/\",\"url\":\"https:\\\/\\\/www.mounting-systems.com\\\/dach-gewerbe\\\/pv-systeme\\\/flachdachsysteme\\\/flachdachsystem\\\/\",\"name\":\"Flachdachsystem - Mounting Systems\",\"isPartOf\":{\"@id\":\"https:\\\/\\\/www.mounting-systems.com\\\/de\\\/#website\"},\"primaryImageOfPage\":{\"@id\":\"https:\\\/\\\/www.mounting-systems.com\\\/dach-gewerbe\\\/pv-systeme\\\/flachdachsysteme\\\/flachdachsystem\\\/#primaryimage\"},\"image\":{\"@id\":\"https:\\\/\\\/www.mounting-systems.com\\\/dach-gewerbe\\\/pv-systeme\\\/flachdachsysteme\\\/flachdachsystem\\\/#primaryimage\"},\"thumbnailUrl\":\"https:\\\/\\\/www.mounting-systems.com\\\/wp-content\\\/uploads\\\/800x600-site-web-5-1-1.png\",\"datePublished\":\"2026-04-23T12:23:40+00:00\",\"dateModified\":\"2026-04-24T13:44:41+00:00\",\"breadcrumb\":{\"@id\":\"https:\\\/\\\/www.mounting-systems.com\\\/dach-gewerbe\\\/pv-systeme\\\/flachdachsysteme\\\/flachdachsystem\\\/#breadcrumb\"},\"inLanguage\":\"pl-PL\",\"potentialAction\":[{\"@type\":\"ReadAction\",\"target\":[\"https:\\\/\\\/www.mounting-systems.com\\\/dach-gewerbe\\\/pv-systeme\\\/flachdachsysteme\\\/flachdachsystem\\\/\"]}]},{\"@type\":\"ImageObject\",\"inLanguage\":\"pl-PL\",\"@id\":\"https:\\\/\\\/www.mounting-systems.com\\\/dach-gewerbe\\\/pv-systeme\\\/flachdachsysteme\\\/flachdachsystem\\\/#primaryimage\",\"url\":\"https:\\\/\\\/www.mounting-systems.com\\\/wp-content\\\/uploads\\\/800x600-site-web-5-1-1.png\",\"contentUrl\":\"https:\\\/\\\/www.mounting-systems.com\\\/wp-content\\\/uploads\\\/800x600-site-web-5-1-1.png\"},{\"@type\":\"BreadcrumbList\",\"@id\":\"https:\\\/\\\/www.mounting-systems.com\\\/dach-gewerbe\\\/pv-systeme\\\/flachdachsysteme\\\/flachdachsystem\\\/#breadcrumb\",\"itemListElement\":[{\"@type\":\"ListItem\",\"position\":1,\"name\":\"Startseite\",\"item\":\"https:\\\/\\\/www.mounting-systems.com\\\/\"},{\"@type\":\"ListItem\",\"position\":2,\"name\":\"Dach &#038; Gewerbe\",\"item\":\"https:\\\/\\\/www.mounting-systems.com\\\/dach-gewerbe\\\/\"},{\"@type\":\"ListItem\",\"position\":3,\"name\":\"PV-Systeme\",\"item\":\"https:\\\/\\\/www.mounting-systems.com\\\/dach-gewerbe\\\/pv-systeme\\\/\"},{\"@type\":\"ListItem\",\"position\":4,\"name\":\"Flachdach\",\"item\":\"https:\\\/\\\/www.mounting-systems.com\\\/dach-gewerbe\\\/pv-systeme\\\/flachdachsysteme\\\/\"},{\"@type\":\"ListItem\",\"position\":5,\"name\":\"Flachdachsystem\"}]},{\"@type\":\"WebSite\",\"@id\":\"https:\\\/\\\/www.mounting-systems.com\\\/de\\\/#website\",\"url\":\"https:\\\/\\\/www.mounting-systems.com\\\/de\\\/\",\"name\":\"Mounting Systems\",\"description\":\"\",\"publisher\":{\"@id\":\"https:\\\/\\\/www.mounting-systems.com\\\/de\\\/#organization\"},\"potentialAction\":[{\"@type\":\"SearchAction\",\"target\":{\"@type\":\"EntryPoint\",\"urlTemplate\":\"https:\\\/\\\/www.mounting-systems.com\\\/de\\\/?s={search_term_string}\"},\"query-input\":{\"@type\":\"PropertyValueSpecification\",\"valueRequired\":true,\"valueName\":\"search_term_string\"}}],\"inLanguage\":\"pl-PL\"},{\"@type\":\"Organization\",\"@id\":\"https:\\\/\\\/www.mounting-systems.com\\\/de\\\/#organization\",\"name\":\"Mounting Systems\",\"url\":\"https:\\\/\\\/www.mounting-systems.com\\\/de\\\/\",\"logo\":{\"@type\":\"ImageObject\",\"inLanguage\":\"pl-PL\",\"@id\":\"https:\\\/\\\/www.mounting-systems.com\\\/de\\\/#\\\/schema\\\/logo\\\/image\\\/\",\"url\":\"https:\\\/\\\/www.mounting-systems.com\\\/wp-content\\\/uploads\\\/2021\\\/01\\\/MSG-Signet-white.png\",\"contentUrl\":\"https:\\\/\\\/www.mounting-systems.com\\\/wp-content\\\/uploads\\\/2021\\\/01\\\/MSG-Signet-white.png\",\"width\":432,\"height\":552,\"caption\":\"Mounting Systems\"},\"image\":{\"@id\":\"https:\\\/\\\/www.mounting-systems.com\\\/de\\\/#\\\/schema\\\/logo\\\/image\\\/\"}}]}<\/script>\n<!-- \/ Yoast SEO plugin. -->","yoast_head_json":{"title":"Systemy monta\u017cowe na dachu p\u0142askim","robots":{"index":"index","follow":"follow","max-snippet":"max-snippet:-1","max-image-preview":"max-image-preview:large","max-video-preview":"max-video-preview:-1"},"canonical":"https:\/\/www.mounting-systems.com\/pl\/handel-dachami\/systemy-fotowoltaiczne\/systemy-dachow-plaskich\/system-dachow-plaskich\/","og_locale":"pl_PL","og_type":"article","og_title":"Flachdachsystem - Mounting Systems","og_url":"https:\/\/www.mounting-systems.com\/pl\/handel-dachami\/systemy-fotowoltaiczne\/systemy-dachow-plaskich\/system-dachow-plaskich\/","og_site_name":"Mounting Systems","article_modified_time":"2026-04-24T13:44:41+00:00","og_image":[{"url":"https:\/\/www.mounting-systems.com\/wp-content\/uploads\/800x600-site-web-5-1-1.png","type":"","width":"","height":""}],"twitter_card":"summary_large_image","twitter_misc":{"Szacowany czas czytania":"1 minuta"},"schema":{"@context":"https:\/\/schema.org","@graph":[{"@type":"WebPage","@id":"https:\/\/www.mounting-systems.com\/dach-gewerbe\/pv-systeme\/flachdachsysteme\/flachdachsystem\/","url":"https:\/\/www.mounting-systems.com\/dach-gewerbe\/pv-systeme\/flachdachsysteme\/flachdachsystem\/","name":"Systemy monta\u017cowe na dachu p\u0142askim","isPartOf":{"@id":"https:\/\/www.mounting-systems.com\/de\/#website"},"primaryImageOfPage":{"@id":"https:\/\/www.mounting-systems.com\/dach-gewerbe\/pv-systeme\/flachdachsysteme\/flachdachsystem\/#primaryimage"},"image":{"@id":"https:\/\/www.mounting-systems.com\/dach-gewerbe\/pv-systeme\/flachdachsysteme\/flachdachsystem\/#primaryimage"},"thumbnailUrl":"https:\/\/www.mounting-systems.com\/wp-content\/uploads\/800x600-site-web-5-1-1.png","datePublished":"2026-04-23T12:23:40+00:00","dateModified":"2026-04-24T13:44:41+00:00","breadcrumb":{"@id":"https:\/\/www.mounting-systems.com\/dach-gewerbe\/pv-systeme\/flachdachsysteme\/flachdachsystem\/#breadcrumb"},"inLanguage":"pl-PL","potentialAction":[{"@type":"ReadAction","target":["https:\/\/www.mounting-systems.com\/dach-gewerbe\/pv-systeme\/flachdachsysteme\/flachdachsystem\/"]}]},{"@type":"ImageObject","inLanguage":"pl-PL","@id":"https:\/\/www.mounting-systems.com\/dach-gewerbe\/pv-systeme\/flachdachsysteme\/flachdachsystem\/#primaryimage","url":"https:\/\/www.mounting-systems.com\/wp-content\/uploads\/800x600-site-web-5-1-1.png","contentUrl":"https:\/\/www.mounting-systems.com\/wp-content\/uploads\/800x600-site-web-5-1-1.png"},{"@type":"BreadcrumbList","@id":"https:\/\/www.mounting-systems.com\/dach-gewerbe\/pv-systeme\/flachdachsysteme\/flachdachsystem\/#breadcrumb","itemListElement":[{"@type":"ListItem","position":1,"name":"Startseite","item":"https:\/\/www.mounting-systems.com\/"},{"@type":"ListItem","position":2,"name":"Dach &#038; Gewerbe","item":"https:\/\/www.mounting-systems.com\/dach-gewerbe\/"},{"@type":"ListItem","position":3,"name":"PV-Systeme","item":"https:\/\/www.mounting-systems.com\/dach-gewerbe\/pv-systeme\/"},{"@type":"ListItem","position":4,"name":"Flachdach","item":"https:\/\/www.mounting-systems.com\/dach-gewerbe\/pv-systeme\/flachdachsysteme\/"},{"@type":"ListItem","position":5,"name":"Flachdachsystem"}]},{"@type":"WebSite","@id":"https:\/\/www.mounting-systems.com\/de\/#website","url":"https:\/\/www.mounting-systems.com\/de\/","name":"Systemy monta\u017cowe","description":"","publisher":{"@id":"https:\/\/www.mounting-systems.com\/de\/#organization"},"potentialAction":[{"@type":"SearchAction","target":{"@type":"EntryPoint","urlTemplate":"https:\/\/www.mounting-systems.com\/de\/?s={search_term_string}"},"query-input":{"@type":"PropertyValueSpecification","valueRequired":true,"valueName":"search_term_string"}}],"inLanguage":"pl-PL"},{"@type":"Organization","@id":"https:\/\/www.mounting-systems.com\/de\/#organization","name":"Systemy monta\u017cowe","url":"https:\/\/www.mounting-systems.com\/de\/","logo":{"@type":"ImageObject","inLanguage":"pl-PL","@id":"https:\/\/www.mounting-systems.com\/de\/#\/schema\/logo\/image\/","url":"https:\/\/www.mounting-systems.com\/wp-content\/uploads\/2021\/01\/MSG-Signet-white.png","contentUrl":"https:\/\/www.mounting-systems.com\/wp-content\/uploads\/2021\/01\/MSG-Signet-white.png","width":432,"height":552,"caption":"Mounting Systems"},"image":{"@id":"https:\/\/www.mounting-systems.com\/de\/#\/schema\/logo\/image\/"}}]}},"_links":{"self":[{"href":"https:\/\/www.mounting-systems.com\/pl\/wp-json\/wp\/v2\/pages\/25718","targetHints":{"allow":["GET"]}}],"collection":[{"href":"https:\/\/www.mounting-systems.com\/pl\/wp-json\/wp\/v2\/pages"}],"about":[{"href":"https:\/\/www.mounting-systems.com\/pl\/wp-json\/wp\/v2\/types\/page"}],"author":[{"embeddable":true,"href":"https:\/\/www.mounting-systems.com\/pl\/wp-json\/wp\/v2\/users\/20"}],"replies":[{"embeddable":true,"href":"https:\/\/www.mounting-systems.com\/pl\/wp-json\/wp\/v2\/comments?post=25718"}],"version-history":[{"count":52,"href":"https:\/\/www.mounting-systems.com\/pl\/wp-json\/wp\/v2\/pages\/25718\/revisions"}],"predecessor-version":[{"id":26097,"href":"https:\/\/www.mounting-systems.com\/pl\/wp-json\/wp\/v2\/pages\/25718\/revisions\/26097"}],"up":[{"embeddable":true,"href":"https:\/\/www.mounting-systems.com\/pl\/wp-json\/wp\/v2\/pages\/605"}],"wp:attachment":[{"href":"https:\/\/www.mounting-systems.com\/pl\/wp-json\/wp\/v2\/media?parent=25718"}],"wp:term":[{"taxonomy":"category","embeddable":true,"href":"https:\/\/www.mounting-systems.com\/pl\/wp-json\/wp\/v2\/categories?post=25718"},{"taxonomy":"post_tag","embeddable":true,"href":"https:\/\/www.mounting-systems.com\/pl\/wp-json\/wp\/v2\/tags?post=25718"}],"curies":[{"name":"wp","href":"https:\/\/api.w.org\/{rel}","templated":true}]}}