{"id":25863,"date":"2026-04-23T14:24:32","date_gmt":"2026-04-23T12:24:32","guid":{"rendered":"https:\/\/www.mounting-systems.com\/?page_id=25863"},"modified":"2026-04-29T09:35:04","modified_gmt":"2026-04-29T07:35:04","slug":"coperture-gamma","status":"publish","type":"page","link":"https:\/\/www.mounting-systems.com\/it\/dach-gewerbe\/pv-systeme\/canopies-range\/","title":{"rendered":"Coperture per esterni"},"content":{"rendered":"<div class=\"wp-block-cover has-custom-content-position is-position-bottom-center a-innerblock\">\n    <img loading=\"lazy\" decoding=\"async\" width=\"1920\" height=\"1080\" src=\"https:\/\/www.mounting-systems.com\/wp-content\/uploads\/canopies-range-1.jpg\" class=\"hero-image-bg\" alt=\"\" style=\"filter: brightness(1)\" srcset=\"https:\/\/www.mounting-systems.com\/wp-content\/uploads\/canopies-range-1.jpg 1920w, https:\/\/www.mounting-systems.com\/wp-content\/uploads\/canopies-range-1-800x450.jpg 800w, https:\/\/www.mounting-systems.com\/wp-content\/uploads\/canopies-range-1-768x432.jpg 768w, https:\/\/www.mounting-systems.com\/wp-content\/uploads\/canopies-range-1-1536x864.jpg 1536w, https:\/\/www.mounting-systems.com\/wp-content\/uploads\/canopies-range-1-18x10.jpg 18w\" sizes=\"auto, (max-width: 1920px) 100vw, 1920px\" \/>    <div class=\"wp-block-cover__inner-container\">\n                   <h1 class=\"has-text-align-center arrow-animation\" style=\"color: #FFFFFF;\">Coperture per esterni<\/h1>\n                <div class=\"arrow-down hero-arrow\"><img decoding=\"async\" src=\"https:\/\/www.mounting-systems.com\/wp-content\/themes\/mosys\/images\/hero-arrow.svg\" alt=\"Icona di scorrimento verso il basso\"><\/div>\n    <\/div>\n<\/div>\n<div class=\"print-only p-hero-image\">\n    <img loading=\"lazy\" decoding=\"async\" width=\"1920\" height=\"1080\" src=\"https:\/\/www.mounting-systems.com\/wp-content\/uploads\/canopies-range-1.jpg\" class=\"attachment-full size-full\" alt=\"\" style=\"filter: brightness(1)\" srcset=\"https:\/\/www.mounting-systems.com\/wp-content\/uploads\/canopies-range-1.jpg 1920w, https:\/\/www.mounting-systems.com\/wp-content\/uploads\/canopies-range-1-800x450.jpg 800w, https:\/\/www.mounting-systems.com\/wp-content\/uploads\/canopies-range-1-768x432.jpg 768w, https:\/\/www.mounting-systems.com\/wp-content\/uploads\/canopies-range-1-1536x864.jpg 1536w, https:\/\/www.mounting-systems.com\/wp-content\/uploads\/canopies-range-1-18x10.jpg 18w\" sizes=\"auto, (max-width: 1920px) 100vw, 1920px\" \/><\/div>\n\n\n<div class=\"wp-block-group section fullsize\"><div class=\"wp-block-group__inner-container is-layout-constrained wp-block-group-is-layout-constrained\">\n<div class=\"wp-block-group cols-2\"><div class=\"wp-block-group__inner-container is-layout-constrained wp-block-group-is-layout-constrained\">\n<div class=\"wp-block-columns is-layout-flex wp-container-core-columns-is-layout-9d6595d7 wp-block-columns-is-layout-flex\">\n<div class=\"wp-block-column is-layout-flow wp-block-column-is-layout-flow\">\n\n<div class=\"a-innerblock accordion-list accordion-reg-list block-accordion-wrapper\">\n    <div class=\"a-innerblock block-newsheader-wrapper\">\n        <div class=\"block-newsheader-inner\">\n            <div class=\"text-wrapper\">\n                                                                                                        <h2>Serie Carport<\/h2>\n                                                                                                                                        <div class=\"teaser-text\"><p>Sfrutta il potenziale solare dei tuoi parcheggi, progetti di accumulo o impianti agrovoltaici con pensiline fotovoltaiche.<br \/>\nSiete la soluzione ideale per valorizzare le vostre aree \u2013 che si tratti di parcheggi, siti produttivi o terreni agricoli \u2013 offrendo al contempo una migliore esperienza utente e contribuendo attivamente alla transizione energetica.<\/p>\n<p>Dome Solar accompagna i professionisti nello sviluppo di soluzioni affidabili e durature, progettate per un'installazione facile e veloce di pannelli fotovoltaici su ogni tipo di pensilina per auto.<\/p>\n<\/div>\n                                                <\/div>\n        <\/div>\n    <\/div>\n        <div class=\"block-accordion-wrapper-inner\">\n                    <ul class=\"level-1\">\n                                    <li class=\"accordion-wrapper border-b\">\n                                                    <h3 class=\"c-title accordion-btn font-l\">Migliorare l'esperienza dei visitatori<\/h3>\n                                                <div class=\"accordion-txt\">\n                            <p>I carport fotovoltaici offrono un ambiente confortevole ai visitatori proteggendo i loro veicoli dagli agenti atmosferici e dalla luce solare. Inoltre, gli impianti possono essere combinati con stazioni di ricarica per veicoli elettrici per attrarre e fidelizzare gli utenti.<\/p>\n<p data-start=\"310\" data-end=\"469\" data-is-last-node=\"\" data-is-only-node=\"\">Inoltre, rappresentano un'alternativa pi\u00f9 economica ai parcheggi chiusi e sotterranei, anch'essi apprezzati dai visitatori.<\/p>\n                        <\/div>\n                    <\/li>\n                                    <li class=\"accordion-wrapper border-b\">\n                                                    <h3 class=\"c-title accordion-btn font-l\">Migliorare e rafforzare l'immagine del marchio<\/h3>\n                                                <div class=\"accordion-txt\">\n                            <p>I carport fotovoltaici sono un mezzo efficace per aumentare l'immagine e la notorietzza presso la clientela. La sostenibilit\u00e0 \u00e8 oggi pi\u00f9 che mai al centro dell'attenzione. Attraverso azioni concrete nell'ambito dello sviluppo sostenibile, le aziende dimostrano il proprio impegno nella transizione energetica e rafforzano il proprio marchio basandosi su valori forti.<\/p>\n                        <\/div>\n                    <\/li>\n                                    <li class=\"accordion-wrapper border-b\">\n                                                    <h3 class=\"c-title accordion-btn font-l\">Ridurre i costi dell'elettricit\u00e0 e generare entrate aggiuntive<\/h3>\n                                                <div class=\"accordion-txt\">\n                            <p>Grazie al principio dell'autoconsumo, le aziende possono sfruttare la propria energia per ridurre i costi dell'elettricit\u00e0 e la loro impronta di carbonio. Secondo Enedis, un posto auto coperto pu\u00f2 coprire tra il 10 % e il 40 % del fabbisogno energetico di un supermercato, a seconda della potenza installata. Inoltre, \u00e8 possibile vendere l'elettricit\u00e0 prodotta, generando cos\u00ec entrate aggiuntive che possono essere reinvestite nell'azienda.<\/p>\n                        <\/div>\n                    <\/li>\n                            <\/ul>\n            <\/div>\n<\/div><\/div>\n\n\n\n<div class=\"wp-block-column is-vertically-aligned-center is-layout-flow wp-block-column-is-layout-flow\">\n<figure class=\"wp-block-image size-full is-resized is-style-default\"><img loading=\"lazy\" decoding=\"async\" width=\"2560\" height=\"1918\" src=\"https:\/\/www.mounting-systems.com\/wp-content\/uploads\/RC3-CA-EVREUX-TERRE-SOLAIRE-21-scaled.jpg\" alt=\"\" class=\"wp-image-25962\" style=\"width:503px;height:auto\" srcset=\"https:\/\/www.mounting-systems.com\/wp-content\/uploads\/RC3-CA-EVREUX-TERRE-SOLAIRE-21-scaled.jpg 2560w, https:\/\/www.mounting-systems.com\/wp-content\/uploads\/RC3-CA-EVREUX-TERRE-SOLAIRE-21-800x599.jpg 800w, https:\/\/www.mounting-systems.com\/wp-content\/uploads\/RC3-CA-EVREUX-TERRE-SOLAIRE-21-1441x1080.jpg 1441w, https:\/\/www.mounting-systems.com\/wp-content\/uploads\/RC3-CA-EVREUX-TERRE-SOLAIRE-21-768x575.jpg 768w, https:\/\/www.mounting-systems.com\/wp-content\/uploads\/RC3-CA-EVREUX-TERRE-SOLAIRE-21-1536x1151.jpg 1536w, https:\/\/www.mounting-systems.com\/wp-content\/uploads\/RC3-CA-EVREUX-TERRE-SOLAIRE-21-2048x1534.jpg 2048w, https:\/\/www.mounting-systems.com\/wp-content\/uploads\/RC3-CA-EVREUX-TERRE-SOLAIRE-21-16x12.jpg 16w\" sizes=\"auto, (max-width: 2560px) 100vw, 2560px\" \/><figcaption class=\"wp-element-caption\">predefinito<\/figcaption><\/figure>\n<\/div>\n<\/div>\n<\/div><\/div>\n<\/div><\/div>\n\n\n\n\n<div class=\"wp-block-group section-headline a-innerblock\" >\n    <div class=\"wp-block-group__inner-container\">\n                        <h2>Il sistema di integrazione per pensiline fotovoltaiche<\/h2>\n                <\/div>\n<\/div>\n\n\n<div id=\"speed\" class=\"wp-block-group section fullsize has-black-color has-very-light-gray-background-color has-text-color has-background has-link-color wp-elements-ef153ad76eb9a04840c2bd1917468e6f\"><div class=\"wp-block-group__inner-container is-layout-constrained wp-block-group-is-layout-constrained\">\n<div class=\"wp-block-group cols-2\"><div class=\"wp-block-group__inner-container is-layout-constrained wp-block-group-is-layout-constrained\">\n<div class=\"wp-block-columns is-layout-flex wp-container-core-columns-is-layout-9d6595d7 wp-block-columns-is-layout-flex\">\n<div class=\"wp-block-column is-layout-flow wp-block-column-is-layout-flow\">\n\n<div class=\"a-innerblock block-newsheader-wrapper green\">\n    <div class=\"block-newsheader-inner\">\n        <div class=\"text-wrapper\">\n                                <div class=\"section-title\">\n                        <span>Coperture per auto<\/span>\n                    <\/div>\n                                                <h2>H\u00e9lios RC3<\/h2>\n                                    <\/div>\n    <\/div>\n<\/div>\n\n\n\n<div class=\"a-innerblock accordion-list accordion-reg-list block-accordion-wrapper\">\n    <div class=\"a-innerblock block-newsheader-wrapper\">\n        <div class=\"block-newsheader-inner\">\n            <div class=\"text-wrapper\">\n                                                                                                            <div class=\"teaser-text\"><p>H\u00e9lios RC3 \u00e8 un sistema di fissaggio fotovoltaico robusto e adattabile, specificamente progettato per le pensiline per auto dei parcheggi. \u00c8 compatibile con strutture in metallo o legno, consentendo l'installazione dei moduli sia in formato verticale che orizzontale. Il suo sistema di integrazione in acciaio\/alluminio garantisce un'eccellente stabilit\u00e0 meccanica, oltre a un'estetica pulita grazie alle finiture di bordo e ai binari di serraggio in alluminio.<\/p>\n<p>Per semplificare l'installazione, \u00e8 dotato di messa a terra a clip, una morsettiera accessibile al 100% % sotto il profilo della guida e una canalina universale per moduli intermedi. Le guide personalizzate, estensibili fino a 40 m, consentono di adattarsi a grandi campate.<\/p>\n<p>Prodotto in Francia, \u00e8 disponibile anche in versione a basse emissioni di carbonio, combinando prestazioni tecniche e impegno ecologico.<\/p>\n<p><!--StartFragment --><\/p>\n<p class=\"pf0\"><a href=\"https:\/\/dome-solar.com\/de\/befestigung-photovoltaikmodul\/helios-rc3\/\"><span class=\"cf0\">Scopri il prodotto <\/span><\/a><\/p>\n<\/div>\n                                                <\/div>\n        <\/div>\n    <\/div>\n        <div class=\"block-accordion-wrapper-inner first-opened\">\n            <\/div>\n<\/div><\/div>\n\n\n\n<div class=\"wp-block-column is-layout-flow wp-block-column-is-layout-flow\">\n\n<div class=\"swiper-container-wrapper a-innerblock\">\n    <div class=\"swiper-container gallery-top\">\n        <div class=\"swiper-wrapper\">\n                                                <div class=\"swiper-slide\">\n                                                    <figure class=\"scale-img swiper-slide-img\">\n                                <img loading=\"lazy\" decoding=\"async\" class=\"slide-img\" src=\"https:\/\/www.mounting-systems.com\/wp-content\/uploads\/b\u00b2-5.png\" alt=\"\" width=\"635\" height=\"730\">\n                                <figcaption><\/figcaption>\n                            <\/figure>\n                                            <\/div>\n                    <\/div>\n    <\/div>\n    <div class=\"swiper-container gallery-thumbs\">\n        <div class=\"swiper-wrapper\">\n                                                    <figure class=\"swiper-slide-img swiper-slide swiper-thumb\">\n                            <img decoding=\"async\" class=\"slide-img\" src=\"https:\/\/www.mounting-systems.com\/wp-content\/uploads\/b\u00b2-2-150x150.png\" alt=\"\">\n                        <\/figure>\n                                        <\/div>\n    <\/div>\n<\/div><\/div>\n<\/div>\n<\/div><\/div>\n<\/div><\/div>\n\n\n\n<div id=\"speed\" class=\"wp-block-group section fullsize has-black-color has-very-light-gray-background-color has-text-color has-background has-link-color wp-elements-186fe2163334cc06708b305fde6321ad\"><div class=\"wp-block-group__inner-container is-layout-constrained wp-block-group-is-layout-constrained\"><\/div><\/div>\n\n\n\n<div class=\"wp-block-group\"><div class=\"wp-block-group__inner-container is-layout-constrained wp-block-group-is-layout-constrained\">\n<div class=\"wp-block-columns is-style-col-3-9 is-layout-flex wp-container-core-columns-is-layout-9d6595d7 wp-block-columns-is-layout-flex\">\n<div class=\"wp-block-column is-layout-flow wp-block-column-is-layout-flow\" style=\"flex-basis:40%\">\n\n<div class=\"a-innerblock block-newsheader-wrapper green\">\n    <div class=\"block-newsheader-inner\">\n        <div class=\"text-wrapper\">\n                                <div class=\"section-title\">\n                        <span>Domande frequenti<\/span>\n                    <\/div>\n                                                <h2>Le vostre domande sull'acquisizione<\/h2>\n                                    <\/div>\n    <\/div>\n<\/div><\/div>\n\n\n\n<div class=\"wp-block-column is-layout-flow wp-block-column-is-layout-flow\" style=\"flex-basis:66.66%\">\n\n<div class=\"a-innerblock accordion-list accordion-reg-list block-accordion-wrapper\">\n    <div class=\"a-innerblock block-newsheader-wrapper\">\n        <div class=\"block-newsheader-inner\">\n            <div class=\"text-wrapper\">\n                                                                            <\/div>\n        <\/div>\n    <\/div>\n        <div class=\"block-accordion-wrapper-inner\">\n                    <ul class=\"level-1\">\n                                    <li class=\"accordion-wrapper border-b\">\n                                                    <h4 class=\"c-title accordion-btn font-l\">LightX e FD3 continueranno ad essere disponibili?<\/h4>\n                                                <div class=\"accordion-txt\">\n                            <p>La continuit\u00e0 del prodotto \u00e8 la massima priorit\u00e0. LightX e FD3 rimangono pienamente disponibili, ora supportati dalla capacit\u00e0 industriale e dalla catena di approvvigionamento di Dome Solar per garantire una disponibilit\u00e0 affidabile del prodotto su qualsiasi scala.<\/p>\n                        <\/div>\n                    <\/li>\n                                    <li class=\"accordion-wrapper border-b\">\n                                                    <h4 class=\"c-title accordion-btn font-l\">Does &#8222;Made in Germany&#8220; still apply?<\/h4>\n                                                <div class=\"accordion-txt\">\n                            <p>Ja. I fornitori tedeschi originali rimangono invariati. Gli standard di ingegneria, i requisiti per i calcoli statici e i controlli di qualit\u00e0 rimangono invariati. La tradizione manifatturiera tedesca \u00e8 una parte centrale dell'identit\u00e0 del marchio di Mounting Systems.<\/p>\n                        <\/div>\n                    <\/li>\n                                    <li class=\"accordion-wrapper border-b\">\n                                                    <h4 class=\"c-title accordion-btn font-l\">A chi posso rivolgermi per il supporto tecnico?<\/h4>\n                                                <div class=\"accordion-txt\">\n                            <p>I vostri contatti esistenti rimangono invariati. Dome Solar rafforza i team tecnici locali nei mercati chiave \u2014 Spagna, Polonia, Germania, Marocco e oltre \u2014 per garantire un forte supporto agli EPC e agli installatori durante la fase di transizione e oltre.<\/p>\n                        <\/div>\n                    <\/li>\n                                    <li class=\"accordion-wrapper border-b\">\n                                                    <h4 class=\"c-title accordion-btn font-l\">Quali nuovi prodotti sono ora disponibili?<\/h4>\n                                                <div class=\"accordion-txt\">\n                            <p>Con Dome Solar hai ora accesso a un portafoglio ampliato, che comprende sistemi per tetti spioventi (NPA, TOP, SIDE, Helios B2, Ital Solar, Fibro), soluzioni per pensiline RC3 e sistemi per aree libere.<\/p>\n                        <\/div>\n                    <\/li>\n                            <\/ul>\n            <\/div>\n<\/div><\/div>\n<\/div>\n<\/div><\/div>\n\n\n\n<div class=\"wp-block-cover\" style=\"min-height:400px;aspect-ratio:unset;\"><span aria-hidden=\"true\" class=\"wp-block-cover__background has-green-background-color has-background-dim-100 has-background-dim\"><\/span><div class=\"wp-block-cover__inner-container is-layout-constrained wp-block-cover-is-layout-constrained\">\n<div class=\"wp-block-group is-horizontal is-content-justification-space-between is-nowrap is-layout-flex wp-container-core-group-is-layout-34e62f51 wp-block-group-is-layout-flex\">\n<p class=\"has-text-align-left has-large-font-size\">Pronto per iniziare il tuo prossimo<br><mark style=\"background-color:rgba(0, 0, 0, 0)\" class=\"has-inline-color has-white-color\"><strong>progetto tetto piano?<\/strong><\/mark><\/p>\n\n\n\n<div class=\"wp-block-group\"><div class=\"wp-block-group__inner-container is-layout-constrained wp-block-group-is-layout-constrained\">\n<p class=\"has-text-align-right\"><a href=\"https:\/\/dome-solar.com\/de\/kontakt\/\">Richiedi un preventivo<\/a><\/p>\n\n\n\n<p class=\"has-text-align-right\"><a href=\"https:\/\/dome-solar.com\/wp-content\/uploads\/dome-solar-catalogue-fr.pdf\" target=\"_blank\" rel=\"noreferrer noopener\">Scarica Catalogo Dome Solar<\/a><\/p>\n<\/div><\/div>\n<\/div>\n<\/div><\/div>","protected":false},"excerpt":{"rendered":"","protected":false},"author":20,"featured_media":0,"parent":9568,"menu_order":0,"comment_status":"closed","ping_status":"closed","template":"","meta":{"_acf_changed":false,"footnotes":""},"categories":[18],"tags":[],"class_list":["post-25863","page","type-page","status-publish","hentry","category-dach-gewerbe"],"acf":[],"yoast_head":"<!-- This site is optimized with the Yoast SEO plugin v27.5 - https:\/\/yoast.com\/product\/yoast-seo-wordpress\/ -->\n<title>Canopies range - Mounting Systems<\/title>\n<meta name=\"robots\" content=\"index, follow, max-snippet:-1, max-image-preview:large, max-video-preview:-1\" \/>\n<link rel=\"canonical\" href=\"https:\/\/www.mounting-systems.com\/it\/commercio-di-tetti\/sistemi-fotovoltaici\/coperture-gamma\/\" \/>\n<meta property=\"og:locale\" content=\"it_IT\" \/>\n<meta property=\"og:type\" content=\"article\" \/>\n<meta property=\"og:title\" content=\"Canopies range - Mounting Systems\" \/>\n<meta property=\"og:url\" content=\"https:\/\/www.mounting-systems.com\/it\/commercio-di-tetti\/sistemi-fotovoltaici\/coperture-gamma\/\" \/>\n<meta property=\"og:site_name\" content=\"Mounting Systems\" \/>\n<meta property=\"article:modified_time\" content=\"2026-04-29T07:35:04+00:00\" \/>\n<meta property=\"og:image\" content=\"https:\/\/www.mounting-systems.com\/wp-content\/uploads\/RC3-CA-EVREUX-TERRE-SOLAIRE-21-scaled.jpg\" \/>\n<meta name=\"twitter:card\" content=\"summary_large_image\" \/>\n<meta name=\"twitter:label1\" content=\"Tempo di lettura stimato\" \/>\n\t<meta name=\"twitter:data1\" content=\"1 minuto\" \/>\n<script type=\"application\/ld+json\" class=\"yoast-schema-graph\">{\"@context\":\"https:\\\/\\\/schema.org\",\"@graph\":[{\"@type\":\"WebPage\",\"@id\":\"https:\\\/\\\/www.mounting-systems.com\\\/dach-gewerbe\\\/pv-systeme\\\/canopies-range\\\/\",\"url\":\"https:\\\/\\\/www.mounting-systems.com\\\/dach-gewerbe\\\/pv-systeme\\\/canopies-range\\\/\",\"name\":\"Canopies range - Mounting Systems\",\"isPartOf\":{\"@id\":\"https:\\\/\\\/www.mounting-systems.com\\\/de\\\/#website\"},\"primaryImageOfPage\":{\"@id\":\"https:\\\/\\\/www.mounting-systems.com\\\/dach-gewerbe\\\/pv-systeme\\\/canopies-range\\\/#primaryimage\"},\"image\":{\"@id\":\"https:\\\/\\\/www.mounting-systems.com\\\/dach-gewerbe\\\/pv-systeme\\\/canopies-range\\\/#primaryimage\"},\"thumbnailUrl\":\"https:\\\/\\\/www.mounting-systems.com\\\/wp-content\\\/uploads\\\/RC3-CA-EVREUX-TERRE-SOLAIRE-21-scaled.jpg\",\"datePublished\":\"2026-04-23T12:24:32+00:00\",\"dateModified\":\"2026-04-29T07:35:04+00:00\",\"breadcrumb\":{\"@id\":\"https:\\\/\\\/www.mounting-systems.com\\\/dach-gewerbe\\\/pv-systeme\\\/canopies-range\\\/#breadcrumb\"},\"inLanguage\":\"it-IT\",\"potentialAction\":[{\"@type\":\"ReadAction\",\"target\":[\"https:\\\/\\\/www.mounting-systems.com\\\/dach-gewerbe\\\/pv-systeme\\\/canopies-range\\\/\"]}]},{\"@type\":\"ImageObject\",\"inLanguage\":\"it-IT\",\"@id\":\"https:\\\/\\\/www.mounting-systems.com\\\/dach-gewerbe\\\/pv-systeme\\\/canopies-range\\\/#primaryimage\",\"url\":\"https:\\\/\\\/www.mounting-systems.com\\\/wp-content\\\/uploads\\\/RC3-CA-EVREUX-TERRE-SOLAIRE-21-scaled.jpg\",\"contentUrl\":\"https:\\\/\\\/www.mounting-systems.com\\\/wp-content\\\/uploads\\\/RC3-CA-EVREUX-TERRE-SOLAIRE-21-scaled.jpg\"},{\"@type\":\"BreadcrumbList\",\"@id\":\"https:\\\/\\\/www.mounting-systems.com\\\/dach-gewerbe\\\/pv-systeme\\\/canopies-range\\\/#breadcrumb\",\"itemListElement\":[{\"@type\":\"ListItem\",\"position\":1,\"name\":\"Startseite\",\"item\":\"https:\\\/\\\/www.mounting-systems.com\\\/\"},{\"@type\":\"ListItem\",\"position\":2,\"name\":\"Dach &#038; Gewerbe\",\"item\":\"https:\\\/\\\/www.mounting-systems.com\\\/dach-gewerbe\\\/\"},{\"@type\":\"ListItem\",\"position\":3,\"name\":\"PV-Systeme\",\"item\":\"https:\\\/\\\/www.mounting-systems.com\\\/dach-gewerbe\\\/pv-systeme\\\/\"},{\"@type\":\"ListItem\",\"position\":4,\"name\":\"Canopies range\"}]},{\"@type\":\"WebSite\",\"@id\":\"https:\\\/\\\/www.mounting-systems.com\\\/de\\\/#website\",\"url\":\"https:\\\/\\\/www.mounting-systems.com\\\/de\\\/\",\"name\":\"Mounting Systems\",\"description\":\"\",\"publisher\":{\"@id\":\"https:\\\/\\\/www.mounting-systems.com\\\/de\\\/#organization\"},\"potentialAction\":[{\"@type\":\"SearchAction\",\"target\":{\"@type\":\"EntryPoint\",\"urlTemplate\":\"https:\\\/\\\/www.mounting-systems.com\\\/de\\\/?s={search_term_string}\"},\"query-input\":{\"@type\":\"PropertyValueSpecification\",\"valueRequired\":true,\"valueName\":\"search_term_string\"}}],\"inLanguage\":\"it-IT\"},{\"@type\":\"Organization\",\"@id\":\"https:\\\/\\\/www.mounting-systems.com\\\/de\\\/#organization\",\"name\":\"Mounting Systems\",\"url\":\"https:\\\/\\\/www.mounting-systems.com\\\/de\\\/\",\"logo\":{\"@type\":\"ImageObject\",\"inLanguage\":\"it-IT\",\"@id\":\"https:\\\/\\\/www.mounting-systems.com\\\/de\\\/#\\\/schema\\\/logo\\\/image\\\/\",\"url\":\"https:\\\/\\\/www.mounting-systems.com\\\/wp-content\\\/uploads\\\/2021\\\/01\\\/MSG-Signet-white.png\",\"contentUrl\":\"https:\\\/\\\/www.mounting-systems.com\\\/wp-content\\\/uploads\\\/2021\\\/01\\\/MSG-Signet-white.png\",\"width\":432,\"height\":552,\"caption\":\"Mounting Systems\"},\"image\":{\"@id\":\"https:\\\/\\\/www.mounting-systems.com\\\/de\\\/#\\\/schema\\\/logo\\\/image\\\/\"}}]}<\/script>\n<!-- \/ Yoast SEO plugin. -->","yoast_head_json":{"title":"Gamma delle tende da sole - Sistemi di montaggio","robots":{"index":"index","follow":"follow","max-snippet":"max-snippet:-1","max-image-preview":"max-image-preview:large","max-video-preview":"max-video-preview:-1"},"canonical":"https:\/\/www.mounting-systems.com\/it\/commercio-di-tetti\/sistemi-fotovoltaici\/coperture-gamma\/","og_locale":"it_IT","og_type":"article","og_title":"Canopies range - Mounting Systems","og_url":"https:\/\/www.mounting-systems.com\/it\/commercio-di-tetti\/sistemi-fotovoltaici\/coperture-gamma\/","og_site_name":"Mounting Systems","article_modified_time":"2026-04-29T07:35:04+00:00","og_image":[{"url":"https:\/\/www.mounting-systems.com\/wp-content\/uploads\/RC3-CA-EVREUX-TERRE-SOLAIRE-21-scaled.jpg","type":"","width":"","height":""}],"twitter_card":"summary_large_image","twitter_misc":{"Tempo di lettura stimato":"1 minuto"},"schema":{"@context":"https:\/\/schema.org","@graph":[{"@type":"WebPage","@id":"https:\/\/www.mounting-systems.com\/dach-gewerbe\/pv-systeme\/canopies-range\/","url":"https:\/\/www.mounting-systems.com\/dach-gewerbe\/pv-systeme\/canopies-range\/","name":"Gamma delle tende da sole - Sistemi di montaggio","isPartOf":{"@id":"https:\/\/www.mounting-systems.com\/de\/#website"},"primaryImageOfPage":{"@id":"https:\/\/www.mounting-systems.com\/dach-gewerbe\/pv-systeme\/canopies-range\/#primaryimage"},"image":{"@id":"https:\/\/www.mounting-systems.com\/dach-gewerbe\/pv-systeme\/canopies-range\/#primaryimage"},"thumbnailUrl":"https:\/\/www.mounting-systems.com\/wp-content\/uploads\/RC3-CA-EVREUX-TERRE-SOLAIRE-21-scaled.jpg","datePublished":"2026-04-23T12:24:32+00:00","dateModified":"2026-04-29T07:35:04+00:00","breadcrumb":{"@id":"https:\/\/www.mounting-systems.com\/dach-gewerbe\/pv-systeme\/canopies-range\/#breadcrumb"},"inLanguage":"it-IT","potentialAction":[{"@type":"ReadAction","target":["https:\/\/www.mounting-systems.com\/dach-gewerbe\/pv-systeme\/canopies-range\/"]}]},{"@type":"ImageObject","inLanguage":"it-IT","@id":"https:\/\/www.mounting-systems.com\/dach-gewerbe\/pv-systeme\/canopies-range\/#primaryimage","url":"https:\/\/www.mounting-systems.com\/wp-content\/uploads\/RC3-CA-EVREUX-TERRE-SOLAIRE-21-scaled.jpg","contentUrl":"https:\/\/www.mounting-systems.com\/wp-content\/uploads\/RC3-CA-EVREUX-TERRE-SOLAIRE-21-scaled.jpg"},{"@type":"BreadcrumbList","@id":"https:\/\/www.mounting-systems.com\/dach-gewerbe\/pv-systeme\/canopies-range\/#breadcrumb","itemListElement":[{"@type":"ListItem","position":1,"name":"Startseite","item":"https:\/\/www.mounting-systems.com\/"},{"@type":"ListItem","position":2,"name":"Dach &#038; Gewerbe","item":"https:\/\/www.mounting-systems.com\/dach-gewerbe\/"},{"@type":"ListItem","position":3,"name":"PV-Systeme","item":"https:\/\/www.mounting-systems.com\/dach-gewerbe\/pv-systeme\/"},{"@type":"ListItem","position":4,"name":"Canopies range"}]},{"@type":"WebSite","@id":"https:\/\/www.mounting-systems.com\/de\/#website","url":"https:\/\/www.mounting-systems.com\/de\/","name":"Sistemi di montaggio","description":"","publisher":{"@id":"https:\/\/www.mounting-systems.com\/de\/#organization"},"potentialAction":[{"@type":"SearchAction","target":{"@type":"EntryPoint","urlTemplate":"https:\/\/www.mounting-systems.com\/de\/?s={search_term_string}"},"query-input":{"@type":"PropertyValueSpecification","valueRequired":true,"valueName":"search_term_string"}}],"inLanguage":"it-IT"},{"@type":"Organization","@id":"https:\/\/www.mounting-systems.com\/de\/#organization","name":"Sistemi di montaggio","url":"https:\/\/www.mounting-systems.com\/de\/","logo":{"@type":"ImageObject","inLanguage":"it-IT","@id":"https:\/\/www.mounting-systems.com\/de\/#\/schema\/logo\/image\/","url":"https:\/\/www.mounting-systems.com\/wp-content\/uploads\/2021\/01\/MSG-Signet-white.png","contentUrl":"https:\/\/www.mounting-systems.com\/wp-content\/uploads\/2021\/01\/MSG-Signet-white.png","width":432,"height":552,"caption":"Mounting Systems"},"image":{"@id":"https:\/\/www.mounting-systems.com\/de\/#\/schema\/logo\/image\/"}}]}},"_links":{"self":[{"href":"https:\/\/www.mounting-systems.com\/it\/wp-json\/wp\/v2\/pages\/25863","targetHints":{"allow":["GET"]}}],"collection":[{"href":"https:\/\/www.mounting-systems.com\/it\/wp-json\/wp\/v2\/pages"}],"about":[{"href":"https:\/\/www.mounting-systems.com\/it\/wp-json\/wp\/v2\/types\/page"}],"author":[{"embeddable":true,"href":"https:\/\/www.mounting-systems.com\/it\/wp-json\/wp\/v2\/users\/20"}],"replies":[{"embeddable":true,"href":"https:\/\/www.mounting-systems.com\/it\/wp-json\/wp\/v2\/comments?post=25863"}],"version-history":[{"count":12,"href":"https:\/\/www.mounting-systems.com\/it\/wp-json\/wp\/v2\/pages\/25863\/revisions"}],"predecessor-version":[{"id":26110,"href":"https:\/\/www.mounting-systems.com\/it\/wp-json\/wp\/v2\/pages\/25863\/revisions\/26110"}],"up":[{"embeddable":true,"href":"https:\/\/www.mounting-systems.com\/it\/wp-json\/wp\/v2\/pages\/9568"}],"wp:attachment":[{"href":"https:\/\/www.mounting-systems.com\/it\/wp-json\/wp\/v2\/media?parent=25863"}],"wp:term":[{"taxonomy":"category","embeddable":true,"href":"https:\/\/www.mounting-systems.com\/it\/wp-json\/wp\/v2\/categories?post=25863"},{"taxonomy":"post_tag","embeddable":true,"href":"https:\/\/www.mounting-systems.com\/it\/wp-json\/wp\/v2\/tags?post=25863"}],"curies":[{"name":"wp","href":"https:\/\/api.w.org\/{rel}","templated":true}]}}