{"id":25750,"date":"2026-04-23T14:26:26","date_gmt":"2026-04-23T12:26:26","guid":{"rendered":"https:\/\/www.mounting-systems.com\/?page_id=25750"},"modified":"2026-04-24T10:29:16","modified_gmt":"2026-04-24T08:29:16","slug":"su-di-noi","status":"publish","type":"page","link":"https:\/\/www.mounting-systems.com\/it\/ueber-uns\/","title":{"rendered":"Chi siamo"},"content":{"rendered":"<div class=\"wp-block-cover has-custom-content-position is-position-bottom-center a-innerblock\">\n    <img loading=\"lazy\" decoding=\"async\" width=\"1920\" height=\"1278\" src=\"https:\/\/www.mounting-systems.com\/wp-content\/uploads\/2021\/10\/Pitched-Roof-Mounting-Systems.jpg\" class=\"hero-image-bg\" alt=\"Immagine del prodotto, rendering 3D\" style=\"filter: brightness(1)\" srcset=\"https:\/\/www.mounting-systems.com\/wp-content\/uploads\/2021\/10\/Pitched-Roof-Mounting-Systems.jpg 1920w, https:\/\/www.mounting-systems.com\/wp-content\/uploads\/2021\/10\/Pitched-Roof-Mounting-Systems-800x533.jpg 800w, https:\/\/www.mounting-systems.com\/wp-content\/uploads\/2021\/10\/Pitched-Roof-Mounting-Systems-1623x1080.jpg 1623w, https:\/\/www.mounting-systems.com\/wp-content\/uploads\/2021\/10\/Pitched-Roof-Mounting-Systems-768x511.jpg 768w, https:\/\/www.mounting-systems.com\/wp-content\/uploads\/2021\/10\/Pitched-Roof-Mounting-Systems-1536x1022.jpg 1536w, https:\/\/www.mounting-systems.com\/wp-content\/uploads\/2021\/10\/Pitched-Roof-Mounting-Systems-18x12.jpg 18w\" sizes=\"auto, (max-width: 1920px) 100vw, 1920px\" \/>    <div class=\"wp-block-cover__inner-container\">\n                   <h1 class=\"has-text-align-center arrow-animation\" style=\"color: #FFFFFF;\">Sistemi di montaggio, <br \/>\r\nOra un marchio Dome Solar<\/h1>\n                <div class=\"arrow-down hero-arrow\"><img decoding=\"async\" src=\"https:\/\/www.mounting-systems.com\/wp-content\/themes\/mosys\/images\/hero-arrow.svg\" alt=\"Icona di scorrimento verso il basso\"><\/div>\n    <\/div>\n<\/div>\n<div class=\"print-only p-hero-image\">\n    <img loading=\"lazy\" decoding=\"async\" width=\"1920\" height=\"1278\" src=\"https:\/\/www.mounting-systems.com\/wp-content\/uploads\/2021\/10\/Pitched-Roof-Mounting-Systems.jpg\" class=\"attachment-full size-full\" alt=\"Immagine del prodotto, rendering 3D\" style=\"filter: brightness(1)\" srcset=\"https:\/\/www.mounting-systems.com\/wp-content\/uploads\/2021\/10\/Pitched-Roof-Mounting-Systems.jpg 1920w, https:\/\/www.mounting-systems.com\/wp-content\/uploads\/2021\/10\/Pitched-Roof-Mounting-Systems-800x533.jpg 800w, https:\/\/www.mounting-systems.com\/wp-content\/uploads\/2021\/10\/Pitched-Roof-Mounting-Systems-1623x1080.jpg 1623w, https:\/\/www.mounting-systems.com\/wp-content\/uploads\/2021\/10\/Pitched-Roof-Mounting-Systems-768x511.jpg 768w, https:\/\/www.mounting-systems.com\/wp-content\/uploads\/2021\/10\/Pitched-Roof-Mounting-Systems-1536x1022.jpg 1536w, https:\/\/www.mounting-systems.com\/wp-content\/uploads\/2021\/10\/Pitched-Roof-Mounting-Systems-18x12.jpg 18w\" sizes=\"auto, (max-width: 1920px) 100vw, 1920px\" \/><\/div>\n\n\n<div class=\"wp-block-group\"><div class=\"wp-block-group__inner-container is-layout-constrained wp-block-group-is-layout-constrained\">\n<div class=\"wp-block-group is-content-justification-space-between is-nowrap is-layout-flex wp-container-core-group-is-layout-0dfbf163 wp-block-group-is-layout-flex\">\n<div class=\"wp-block-group is-vertical is-layout-flex wp-container-core-group-is-layout-8cf370e7 wp-block-group-is-layout-flex\">\n<p class=\"has-large-font-size\">1993<\/p>\n\n\n\n<p class=\"has-small-font-size\">Fondata in Germania<\/p>\n<\/div>\n\n\n\n<div class=\"wp-block-group is-vertical is-layout-flex wp-container-core-group-is-layout-8cf370e7 wp-block-group-is-layout-flex\">\n<p class=\"has-large-font-size\">8000+<\/p>\n\n\n\n<p class=\"has-small-font-size\">Progetti completati<\/p>\n<\/div>\n\n\n\n<div class=\"wp-block-group is-vertical is-layout-flex wp-container-core-group-is-layout-8cf370e7 wp-block-group-is-layout-flex\">\n<p class=\"has-large-font-size\">13 GW<\/p>\n\n\n\n<p class=\"has-small-font-size\">Potenza installata<\/p>\n<\/div>\n\n\n\n<div class=\"wp-block-group is-vertical is-layout-flex wp-container-core-group-is-layout-8cf370e7 wp-block-group-is-layout-flex\">\n<p class=\"has-large-font-size\">70+<\/p>\n\n\n\n<p class=\"has-small-font-size\">Paesi<\/p>\n<\/div>\n<\/div>\n<\/div><\/div>\n\n\n\n<div id=\"pv-systeme\" class=\"wp-block-group cols-2\"><div class=\"wp-block-group__inner-container is-layout-flow wp-block-group-is-layout-flow\">\n<div class=\"wp-block-columns is-layout-flex wp-container-core-columns-is-layout-9d6595d7 wp-block-columns-is-layout-flex\">\n<div class=\"wp-block-column is-vertically-aligned-center is-layout-flow wp-block-column-is-layout-flow\">\n<figure class=\"wp-block-image size-full\"><img loading=\"lazy\" decoding=\"async\" width=\"832\" height=\"1056\" src=\"https:\/\/www.mounting-systems.com\/wp-content\/uploads\/2021\/04\/Rangsdorf-Kontakt-2.jpg\" alt=\"Facciata della sede principale con il logo Mounting Systems, foto\" class=\"wp-image-4170\" srcset=\"https:\/\/www.mounting-systems.com\/wp-content\/uploads\/2021\/04\/Rangsdorf-Kontakt-2.jpg 832w, https:\/\/www.mounting-systems.com\/wp-content\/uploads\/2021\/04\/Rangsdorf-Kontakt-2-630x800.jpg 630w, https:\/\/www.mounting-systems.com\/wp-content\/uploads\/2021\/04\/Rangsdorf-Kontakt-2-768x975.jpg 768w\" sizes=\"auto, (max-width: 832px) 100vw, 832px\" \/><\/figure>\n<\/div>\n\n\n\n<div class=\"wp-block-column is-layout-flow wp-block-column-is-layout-flow\">\n\n<div class=\"a-innerblock block-newsheader-wrapper green\">\n    <div class=\"block-newsheader-inner\">\n        <div class=\"text-wrapper\">\n                                <div class=\"section-title\">\n                        <span>Attore riconosciuto da 30 anni<\/span>\n                    <\/div>\n                                                <h2>Su <br \/>\r\nSistemi di montaggio<\/h2>\n                                    <\/div>\n    <\/div>\n<\/div>\n\n\n<p>Mounting Systems \u00e8 un'azienda tedesca specializzata nello sviluppo e nella produzione di sistemi di montaggio per impianti fotovoltaici.<\/p>\n\n\n\n<p>In qualit\u00e0 di attore riconosciuto nel settore, l'azienda sviluppa soluzioni per diversi tipi di progetti solari da quasi 30 anni, in particolare per tetti spioventi e piani, impianti a terra, pensiline e grandi centrali fotovoltaiche.<\/p>\n\n\n\n<p>L'azienda si distingue per un'offerta completa che integra prodotti, servizi e logistica, con un chiaro focus su qualit\u00e0, affidabilit\u00e0 e facilit\u00e0 di installazione dei propri sistemi.<\/p>\n\n\n\n<p>Con ci\u00f2, Mounting Systems si posiziona come un attore importante nella catena del valore solare, contribuendo all'ottimizzazione delle prestazioni e della durata degli impianti e sostenendo al contempo la transizione energetica.<\/p>\n\n\n\n<div style=\"height:30px\" aria-hidden=\"true\" class=\"wp-block-spacer\"><\/div>\n<\/div>\n<\/div>\n<\/div><\/div>\n\n\n\n<div id=\"pv-systeme\" class=\"wp-block-group cols-2\"><div class=\"wp-block-group__inner-container is-layout-flow wp-block-group-is-layout-flow\">\n<div class=\"wp-block-columns is-layout-flex wp-container-core-columns-is-layout-9d6595d7 wp-block-columns-is-layout-flex\">\n<div class=\"wp-block-column is-layout-flow wp-block-column-is-layout-flow\">\n\n<div class=\"a-innerblock block-newsheader-wrapper green\">\n    <div class=\"block-newsheader-inner\">\n        <div class=\"text-wrapper\">\n                                <div class=\"section-title\">\n                        <span>La acquisizione \u00b7 Marzo 2026<\/span>\n                    <\/div>\n                                                <h2>Dome Solar rileva Mounting Systems<\/h2>\n                                    <\/div>\n    <\/div>\n<\/div>\n\n\n<p>Dome Solar, leader francese nei sistemi di montaggio fotovoltaico su grandi tetti commerciali e industriali, ha annunciato nel marzo 2026 l'acquisizione di determinati asset strategici da Mounting Systems, tra cui il marchio, i diritti di propriet\u00e0 intellettuale fondamentali e le tecnologie alla base delle soluzioni per tetti piani, in particolare <strong>LuceX<\/strong> e <strong>FD3<\/strong>.<\/p>\n\n\n\n<p>Questa transazione consente a Dome Solar di combinare uno dei portafogli di sistemi di montaggio pi\u00f9 completi sul mercato francese con comprovata ingegneria tedesca nel campo dei sistemi zavorrati, offrendo cos\u00ec soluzioni fotovoltaiche affidabili e ad alte prestazioni, adattate alle condizioni operative reali.<\/p>\n\n\n\n<p>L'obiettivo \u00e8 chiaro: sfruttare questa tradizione ingegneristica e integrarla in un approccio industriale robusto per servire meglio i mercati in rapida crescita in Europa, Nord Africa e oltre.<\/p>\n\n\n\n<div style=\"height:30px\" aria-hidden=\"true\" class=\"wp-block-spacer\"><\/div>\n\n\n\n<div class=\"wp-block-columns is-layout-flex wp-container-core-columns-is-layout-9d6595d7 wp-block-columns-is-layout-flex\">\n<div class=\"wp-block-column is-layout-flow wp-block-column-is-layout-flow\" style=\"flex-basis:45%\">\n<p><strong>SISTEMI DI MONTAGGIO<\/strong><\/p>\n\n\n\n<p class=\"has-text-align-left has-light-gray-color has-text-color has-link-color wp-elements-1273a5ca310e2cd573aa5a6fa2abc2f6\">Fondata nel 1993 \u00b7 Germania<\/p>\n<\/div>\n\n\n\n<div class=\"wp-block-column is-layout-flow wp-block-column-is-layout-flow\" style=\"flex-basis:10%\">\n<p class=\"has-text-align-left has-green-color has-text-color has-link-color has-medium-font-size wp-elements-40abdc14edd8a4e622e158cfe00d339d\"><strong>+<\/strong><\/p>\n<\/div>\n\n\n\n<div class=\"wp-block-column is-layout-flow wp-block-column-is-layout-flow\" style=\"flex-basis:45%\">\n<p><strong>DOMO SOLARE<\/strong><\/p>\n\n\n\n<p class=\"has-text-align-left has-light-gray-color has-text-color has-link-color wp-elements-cd5b9eb0f8bd4f14aa65a4f11992ca42\">Fondata nel 2008 \u00b7 Francia \u00b7 Kingspan Group<\/p>\n<\/div>\n<\/div>\n<\/div>\n\n\n\n<div class=\"wp-block-column is-vertically-aligned-center has-black-background-color has-background is-layout-flow wp-block-column-is-layout-flow\">\n<div style=\"height:40px\" aria-hidden=\"true\" class=\"wp-block-spacer\"><\/div>\n\n\n\n<p class=\"has-white-color has-black-background-color has-text-color has-background has-link-color has-medium-font-size wp-elements-7ce1da0cdfe32549a3b74d6383695cea\"><strong>&#8222;<\/strong> \u201cQuesta integrazione ci permette di combinare la comprovata ingegneria tedesca con la nostra competenza industriale per offrire soluzioni affidabili e competitive per progetti di tetti piani in Europa e oltre. La nostra priorit\u00e0 \u00e8 semplice: aiutare installatori e EPC a costruire pi\u00f9 velocemente, ridurre la complessit\u00e0 sul posto e mettere in sicurezza i loro progetti.\u201d<\/p>\n\n\n\n<p class=\"has-text-align-right has-white-color has-black-background-color has-text-color has-background has-link-color wp-elements-3bd861c6ce9ffff153aa103f37971a43\"><strong><mark style=\"background-color:rgba(0, 0, 0, 0);color:#f9c301\" class=\"has-inline-color\">Josselin Noire<\/mark><\/strong> <br>Amministratore Delegato, Dome Solar<\/p>\n\n\n\n<div style=\"height:40px\" aria-hidden=\"true\" class=\"wp-block-spacer\"><\/div>\n<\/div>\n<\/div>\n<\/div><\/div>\n\n\n\n<div id=\"speed\" class=\"wp-block-group section fullsize has-black-color has-very-light-gray-background-color has-text-color has-background has-link-color wp-elements-aca6ee88c59c992fda1105302b552e88\"><div class=\"wp-block-group__inner-container is-layout-constrained wp-block-group-is-layout-constrained\">\n<div class=\"wp-block-group cols-2\"><div class=\"wp-block-group__inner-container is-layout-constrained wp-block-group-is-layout-constrained\">\n\n<div class=\"a-innerblock block-newsheader-wrapper green\">\n    <div class=\"block-newsheader-inner\">\n        <div class=\"text-wrapper\">\n                                <div class=\"section-title\">\n                        <span>La transizione<\/span>\n                    <\/div>\n                                                <h2>Ci\u00f2 che resta.<br \/>\r\nCi\u00f2 che si rafforza.<\/h2>\n                                    <\/div>\n    <\/div>\n<\/div>\n\n\n<div class=\"wp-block-columns is-layout-flex wp-container-core-columns-is-layout-9d6595d7 wp-block-columns-is-layout-flex\">\n<div class=\"wp-block-column has-green-background-color has-background is-layout-flow wp-block-column-is-layout-flow\">\n<div class=\"wp-block-group\"><div class=\"wp-block-group__inner-container is-layout-constrained wp-block-group-is-layout-constrained\">\n<div style=\"height:60px\" aria-hidden=\"true\" class=\"wp-block-spacer\"><\/div>\n\n\n\n<p class=\"has-text-align-left has-white-color has-text-color has-link-color has-medium-font-size wp-elements-9becb5374b15d7f3371db8fa459f97ad\"><strong>COSA RIMANE UGUALE<\/strong><\/p>\n\n\n\n<ul class=\"wp-block-list has-white-color has-text-color has-link-color wp-elements-7a35c944fa1fc3cb76559f8efd3059a9\">\n<li class=\"has-white-color has-text-color has-link-color wp-elements-deba75f2fc9334e6f40a89d83d9fb0c3\"><strong>Standard di ingegneria tedeschi<\/strong><br>Stringenti calcoli statici e durabilit\u00e0 comprovata<br><\/li>\n\n\n\n<li><strong>I fornitori tedeschi originali rimangono invariati<\/strong><br>Per LightX e FD3<br><\/li>\n\n\n\n<li><strong>Il marchio Mounting Systems<\/strong><br>La vostra referenza esistente in oltre 70 paesi<br><\/li>\n\n\n\n<li><strong>Supporto tecnico<\/strong><br>Per installatori e aziende EPC<br><\/li>\n\n\n\n<li><strong>Piena continuit\u00e0 del prodotto<\/strong><br>LightX e FD3 rimangono disponibili<\/li>\n<\/ul>\n\n\n\n<div style=\"height:60px\" aria-hidden=\"true\" class=\"wp-block-spacer\"><\/div>\n<\/div><\/div>\n<\/div>\n\n\n\n<div class=\"wp-block-column has-white-color has-black-background-color has-text-color has-background has-link-color wp-elements-f265ef8a8b4254f4887f82ff58922ba5 is-layout-flow wp-block-column-is-layout-flow\">\n<div style=\"height:60px\" aria-hidden=\"true\" class=\"wp-block-spacer\"><\/div>\n\n\n\n<div class=\"wp-block-group\"><div class=\"wp-block-group__inner-container is-layout-constrained wp-block-group-is-layout-constrained\">\n<p class=\"has-text-align-left has-text-color has-link-color has-medium-font-size wp-elements-705b3a79d1f894f045d4ff0270129ad4\" style=\"color:#f9c301\"><strong>COSA DIVENTA PI\u00d9 FORTE<\/strong><\/p>\n\n\n\n<ul class=\"wp-block-list\">\n<li><strong>Capacit\u00e0 industriale <\/strong><br>Tre siti produttivi di Dome Solar garantiscono la fornitura su larga scala<\/li>\n\n\n\n<li><strong>Portata internazionale<\/strong><br>Vendite strutturate in Spagna, Polonia, Germania, Marocco e oltre<\/li>\n\n\n\n<li><strong>Portafoglio prodotti ampliato<\/strong><br>Sistemi per tetti spioventi, carport e aree aperte ora disponibili<\/li>\n\n\n\n<li><strong>Risorse R&amp;S<\/strong><br>Cupola Solare Labor e strutture di prova dedicate<\/li>\n\n\n\n<li><strong>Adattamento locale<\/strong><br>Soluzioni conformi alle norme e ai regolamenti locali<\/li>\n<\/ul>\n\n\n\n<div style=\"height:60px\" aria-hidden=\"true\" class=\"wp-block-spacer\"><\/div>\n<\/div><\/div>\n<\/div>\n<\/div>\n<\/div><\/div>\n<\/div><\/div>\n\n\n\n\n\n\n\n\n<div class=\"wp-block-group\"><div class=\"wp-block-group__inner-container is-layout-constrained wp-block-group-is-layout-constrained\">\n<div id=\"arbeitshilfen\" class=\"wp-block-group cols-2\"><div class=\"wp-block-group__inner-container is-layout-flow wp-block-group-is-layout-flow\">\n<div class=\"wp-block-columns is-style-default is-layout-flex wp-container-core-columns-is-layout-9d6595d7 wp-block-columns-is-layout-flex\">\n<div class=\"wp-block-column is-vertically-aligned-center is-layout-flow wp-block-column-is-layout-flow\"><div class=\"wp-block-image\">\n<figure class=\"aligncenter size-full\"><img loading=\"lazy\" decoding=\"async\" width=\"635\" height=\"730\" src=\"https:\/\/www.mounting-systems.com\/wp-content\/uploads\/dome-solar-reze.jpg\" alt=\"\" class=\"wp-image-25876\" srcset=\"https:\/\/www.mounting-systems.com\/wp-content\/uploads\/dome-solar-reze.jpg 635w, https:\/\/www.mounting-systems.com\/wp-content\/uploads\/dome-solar-reze-10x12.jpg 10w\" sizes=\"auto, (max-width: 635px) 100vw, 635px\" \/><\/figure>\n<\/div><\/div>\n\n\n\n<div class=\"wp-block-column is-layout-flow wp-block-column-is-layout-flow\">\n\n<div class=\"a-innerblock block-newsheader-wrapper green\">\n    <div class=\"block-newsheader-inner\">\n        <div class=\"text-wrapper\">\n                                <div class=\"section-title\">\n                        <span>Il nostro nuovo gruppo madre<\/span>\n                    <\/div>\n                                                <h2>Dome Solar \u2014 leader francese nei sistemi di montaggio fotovoltaico<\/h2>\n                                    <\/div>\n    <\/div>\n<\/div>\n\n\n<p>Dome Solar sviluppa, produce e commercializza sistemi di montaggio per impianti fotovoltaici su tetti commerciali e industriali di grandi dimensioni, pensiline e progetti a terra.<\/p>\n\n\n\n<p>L'azienda fondata nel 2008 da Jean-Philippe Leray e oggi parte della <strong>Kingspan Group<\/strong> si \u00e8 affermata come attore leader, offrendo uno dei portafogli di prodotti pi\u00f9 completi del settore, con oltre <strong>5 GW installati<\/strong> attraverso le sue soluzioni in Europa e oltre.<\/p>\n\n\n\n<p>L'azienda impiega circa <strong>100 dipendenti<\/strong> su tre siti industriali e dispone di un laboratorio di ricerca e sviluppo integrato e di strutture di prova proprietarie \u2014 la base industriale che ora supporta l'intera gamma di Mounting Systems.<\/p>\n\n\n\n<p><a href=\"https:\/\/dome-solar.com\/de\/\" type=\"link\" id=\"https:\/\/dome-solar.com\/de\/\" class=\"more-btn\">Visita dome-solar.com<\/a><\/p>\n<\/div>\n<\/div>\n<\/div><\/div>\n<\/div><\/div>\n\n\n\n<div class=\"wp-block-group section fullsize has-very-light-gray-background-color has-background\"><div class=\"wp-block-group__inner-container is-layout-constrained wp-block-group-is-layout-constrained\">\n<div class=\"wp-block-group cols-2\"><div class=\"wp-block-group__inner-container is-layout-constrained wp-block-group-is-layout-constrained\">\n<div class=\"wp-block-columns is-layout-flex wp-container-core-columns-is-layout-9d6595d7 wp-block-columns-is-layout-flex\">\n<div class=\"wp-block-column is-layout-flow wp-block-column-is-layout-flow\" style=\"flex-basis:45%\">\n\n<div class=\"a-innerblock block-newsheader-wrapper pv-system green\">\n    <div class=\"block-newsheader-inner\">\n        <div class=\"text-wrapper\">\n                                <div class=\"section-title\">\n                        <span>La nostra storia<\/span>\n                    <\/div>\n                                                <h2>Oltre 30 anni di tradizione ingegneristica, un nuovo capitolo<br \/>\r\n<br \/>\r\n<\/h2>\n                                    <\/div>\n    <\/div>\n<\/div><\/div>\n\n\n\n<div class=\"wp-block-column is-layout-flow wp-block-column-is-layout-flow\" style=\"flex-basis:55%\">\n<div class=\"wp-block-cp-timeline-content-timeline-block Cool-Content-Timeline no-left-side\"><div class=\"cool-timeline-block-1e1ae766-231b-4834-afe3-9d56d06543c3\"><style>.cool-timeline-block-1e1ae766-231b-4834-afe3-9d56d06543c3 .cool-vertical-timeline-body{--ctlb-content-alignment: left;--ctlb-sub-head-font-family: Arial;--ctlb-line-color: #e5e5e5;--ctlb-icon-bg: #00b0a1;--ctlb-story-border-color: #00b0a1;--ctlb-icon-box-size: 20px;--ctlb-middle-line-size: 2px;}<\/style><div class=\"cool-vertical-timeline-body ctlb-wrapper one-sided left\"><div class=\"cool-timeline-block-list\">\n<div class=\"wp-block-cp-timeline-content-timeline-block-child swiper-slide\"><div class=\"timeline-content icon-false\"><div class=\"timeline-block-timeline ctl-row  position-right\"><div class=\"ctl-6 timeline-block-time\"><\/div><div class=\"timeline-block-icon\"><svg stroke=\"currentColor\" fill=\"currentColor\" stroke-width=\"0\" viewbox=\"0 0 512 512\" height=\"1em\" width=\"1em\" xmlns=\"http:\/\/www.w3.org\/2000\/svg\"><path d=\"M256 8C119 8 8 119 8 256s111 248 248 248 248-111 248-248S393 8 256 8z\"><\/path><\/svg><\/div><div class=\"ctl-6 timeline-block-detail\"><div class=\"story-details\"><div class=\"story-content\">\n<h3 class=\"wp-block-heading ctlb-block-title has-green-color has-text-color has-link-color wp-elements-9383cddae3ebe38acbd9010db1dce79f\" style=\"padding-top:0px;padding-right:0px;padding-bottom:0px;padding-left:0px\"><strong><mark style=\"background-color:rgba(0, 0, 0, 0)\" class=\"has-inline-color has-green-color\">1993<\/mark><\/strong><\/h3>\n\n\n\n<h3 class=\"wp-block-heading ctlb-block-title\" style=\"padding-top:0px;padding-right:0px;padding-bottom:0px;padding-left:0px\"><strong>Sistemi di Montaggio fondati in Germania<\/strong><\/h3>\n\n\n\n<p class=\"ctlb-block-desc\" style=\"padding-top:0px;padding-right:0px;padding-bottom:0px;padding-left:0px\">Un approccio guidato dall'ingegneria per i sistemi di montaggio fotovoltaico. Calcoli statici rigorosi, durata comprovata \u2014 una reputazione costruita progetto dopo progetto.<\/p>\n<\/div><\/div><\/div><\/div><\/div><\/div>\n\n\n\n<div class=\"wp-block-cp-timeline-content-timeline-block-child swiper-slide\"><div class=\"timeline-content icon-false\"><div class=\"timeline-block-timeline ctl-row  position-right\"><div class=\"ctl-6 timeline-block-time\"><\/div><div class=\"timeline-block-icon\"><svg stroke=\"currentColor\" fill=\"currentColor\" stroke-width=\"0\" viewbox=\"0 0 512 512\" height=\"1em\" width=\"1em\" xmlns=\"http:\/\/www.w3.org\/2000\/svg\"><path d=\"M256 8C119 8 8 119 8 256s111 248 248 248 248-111 248-248S393 8 256 8z\"><\/path><\/svg><\/div><div class=\"ctl-6 timeline-block-detail\"><div class=\"story-details\"><div class=\"story-content\">\n<h3 class=\"wp-block-heading ctlb-block-title has-green-color has-text-color has-link-color wp-elements-46432ede92991c1b472e0ce54eca1fc0\" style=\"padding-top:0px;padding-right:0px;padding-bottom:0px;padding-left:0px\"><strong><mark style=\"background-color:rgba(0, 0, 0, 0)\" class=\"has-inline-color has-green-color\">Anni 2000<\/mark><\/strong><\/h3>\n\n\n\n<h3 class=\"wp-block-heading ctlb-block-title\" style=\"padding-top:0px;padding-right:0px;padding-bottom:0px;padding-left:0px\"><strong><strong>Espansione internazionale<\/strong><\/strong><\/h3>\n\n\n\n<p class=\"ctlb-block-desc\" style=\"padding-top:0px;padding-right:0px;padding-bottom:0px;padding-left:0px\">Soluzioni utilizzate in oltre 70 paesi. LightX e FD3 si affermano come sistemi leader per tetti piani zavorrati.<\/p>\n<\/div><\/div><\/div><\/div><\/div><\/div>\n\n\n\n<div class=\"wp-block-cp-timeline-content-timeline-block-child swiper-slide\"><div class=\"timeline-content icon-false\"><div class=\"timeline-block-timeline ctl-row  position-right\"><div class=\"ctl-6 timeline-block-time\"><\/div><div class=\"timeline-block-icon\"><svg stroke=\"currentColor\" fill=\"currentColor\" stroke-width=\"0\" viewbox=\"0 0 512 512\" height=\"1em\" width=\"1em\" xmlns=\"http:\/\/www.w3.org\/2000\/svg\"><path d=\"M256 8C119 8 8 119 8 256s111 248 248 248 248-111 248-248S393 8 256 8z\"><\/path><\/svg><\/div><div class=\"ctl-6 timeline-block-detail\"><div class=\"story-details\"><div class=\"story-content\">\n<h3 class=\"wp-block-heading ctlb-block-title has-green-color has-text-color has-link-color wp-elements-c27f32d5132c14175912c9f7befb670b\" style=\"padding-top:0px;padding-right:0px;padding-bottom:0px;padding-left:0px\"><strong><mark style=\"background-color:rgba(0, 0, 0, 0)\" class=\"has-inline-color has-green-color\">2008<\/mark><\/strong><\/h3>\n\n\n\n<h3 class=\"wp-block-heading ctlb-block-title\" style=\"padding-top:0px;padding-right:0px;padding-bottom:0px;padding-left:0px\"><strong><strong><strong>Dome Solar fondata a Nantes, Francia<\/strong><\/strong><\/strong><\/h3>\n\n\n\n<p class=\"ctlb-block-desc\" style=\"padding-top:0px;padding-right:0px;padding-bottom:0px;padding-left:0px\">Cofondata da Jean-Philippe Leray. Dome Solar diventa rapidamente leader del mercato francese per le soluzioni fotovoltaiche su grandi tetti commerciali e industriali.<\/p>\n<\/div><\/div><\/div><\/div><\/div><\/div>\n\n\n\n<div class=\"wp-block-cp-timeline-content-timeline-block-child swiper-slide\"><div class=\"timeline-content icon-false\"><div class=\"timeline-block-timeline ctl-row  position-right\"><div class=\"ctl-6 timeline-block-time\"><\/div><div class=\"timeline-block-icon\"><svg stroke=\"currentColor\" fill=\"currentColor\" stroke-width=\"0\" viewbox=\"0 0 512 512\" height=\"1em\" width=\"1em\" xmlns=\"http:\/\/www.w3.org\/2000\/svg\"><path d=\"M256 8C119 8 8 119 8 256s111 248 248 248 248-111 248-248S393 8 256 8z\"><\/path><\/svg><\/div><div class=\"ctl-6 timeline-block-detail\"><div class=\"story-details\"><div class=\"story-content\">\n<h3 class=\"wp-block-heading ctlb-block-title has-green-color has-text-color has-link-color wp-elements-ccae8faa5df44c2a6573e8844082acf3\" style=\"padding-top:0px;padding-right:0px;padding-bottom:0px;padding-left:0px\"><strong><mark style=\"background-color:rgba(0, 0, 0, 0)\" class=\"has-inline-color has-green-color\">2020<\/mark><\/strong><\/h3>\n\n\n\n<h3 class=\"wp-block-heading ctlb-block-title\" style=\"padding-top:0px;padding-right:0px;padding-bottom:0px;padding-left:0px\"><strong><strong><strong><strong>Dome Solar entra nel gruppo Kingspan<\/strong><\/strong><\/strong><\/strong><\/h3>\n\n\n\n<p class=\"ctlb-block-desc\" style=\"padding-top:0px;padding-right:0px;padding-bottom:0px;padding-left:0px\">La crescita internazionale sta accelerando. La capacit\u00e0 industriale viene ampliata per sostenere i mercati europei e globali.<\/p>\n<\/div><\/div><\/div><\/div><\/div><\/div>\n\n\n\n<div class=\"wp-block-cp-timeline-content-timeline-block-child swiper-slide\"><div class=\"timeline-content icon-false\"><div class=\"timeline-block-timeline ctl-row  position-right\"><div class=\"ctl-6 timeline-block-time\"><\/div><div class=\"timeline-block-icon\"><svg stroke=\"currentColor\" fill=\"currentColor\" stroke-width=\"0\" viewbox=\"0 0 512 512\" height=\"1em\" width=\"1em\" xmlns=\"http:\/\/www.w3.org\/2000\/svg\"><path d=\"M256 8C119 8 8 119 8 256s111 248 248 248 248-111 248-248S393 8 256 8z\"><\/path><\/svg><\/div><div class=\"ctl-6 timeline-block-detail\"><div class=\"story-details\"><div class=\"story-content\">\n<h3 class=\"wp-block-heading ctlb-block-title has-text-color has-link-color wp-elements-6408e6ceb56266e8bfe0968d9a31c6e4\" style=\"color:#f9c301;padding-top:0px;padding-right:0px;padding-bottom:0px;padding-left:0px\"><strong>Marzo 2026<\/strong><\/h3>\n\n\n\n<h3 class=\"wp-block-heading ctlb-block-title\" style=\"padding-top:0px;padding-right:0px;padding-bottom:0px;padding-left:0px\"><strong>Dome Solar rileva Mounting Systems<\/strong><\/h3>\n\n\n\n<p class=\"ctlb-block-desc\" style=\"padding-top:0px;padding-right:0px;padding-bottom:0px;padding-left:0px\">La tradizione ingegneristica tedesca incontra la competenza industriale francese. Inizia un nuovo capitolo \u2014 per entrambe le aziende e per i professionisti che le accompagnano.<\/p>\n<\/div><\/div><\/div><\/div><\/div><\/div>\n<\/div><\/div><\/div><\/div>\n<\/div>\n<\/div>\n<\/div><\/div>\n<\/div><\/div>\n\n\n\n<div class=\"wp-block-group\"><div class=\"wp-block-group__inner-container is-layout-constrained wp-block-group-is-layout-constrained\">\n<div class=\"wp-block-columns is-style-col-3-9 is-layout-flex wp-container-core-columns-is-layout-9d6595d7 wp-block-columns-is-layout-flex\">\n<div class=\"wp-block-column is-layout-flow wp-block-column-is-layout-flow\" style=\"flex-basis:40%\">\n\n<div class=\"a-innerblock block-newsheader-wrapper green\">\n    <div class=\"block-newsheader-inner\">\n        <div class=\"text-wrapper\">\n                                <div class=\"section-title\">\n                        <span>Domande frequenti<\/span>\n                    <\/div>\n                                                <h2>Le vostre domande sull'acquisizione<br \/>\r\n<\/h2>\n                                    <\/div>\n    <\/div>\n<\/div><\/div>\n\n\n\n<div class=\"wp-block-column is-layout-flow wp-block-column-is-layout-flow\" style=\"flex-basis:66.66%\">\n\n<div class=\"a-innerblock accordion-list accordion-reg-list block-accordion-wrapper\">\n    <div class=\"a-innerblock block-newsheader-wrapper\">\n        <div class=\"block-newsheader-inner\">\n            <div class=\"text-wrapper\">\n                                                                            <\/div>\n        <\/div>\n    <\/div>\n        <div class=\"block-accordion-wrapper-inner\">\n                    <ul class=\"level-1\">\n                                    <li class=\"accordion-wrapper border-b\">\n                                                    <h4 class=\"c-title accordion-btn font-l\">LightX e FD3 continueranno ad essere disponibili?<\/h4>\n                                                <div class=\"accordion-txt\">\n                            <p>La continuit\u00e0 del prodotto \u00e8 la massima priorit\u00e0. LightX e FD3 rimangono pienamente disponibili, ora supportati dalla capacit\u00e0 industriale e dalla catena di approvvigionamento di Dome Solar per garantire una disponibilit\u00e0 affidabile del prodotto su qualsiasi scala.<\/p>\n                        <\/div>\n                    <\/li>\n                                    <li class=\"accordion-wrapper border-b\">\n                                                    <h4 class=\"c-title accordion-btn font-l\">Il \u201eMade in Germany\u201c vale ancora?<\/h4>\n                                                <div class=\"accordion-txt\">\n                            <p>Ja. I fornitori tedeschi originali rimangono invariati. Gli standard di ingegneria, i requisiti per i calcoli statici e i controlli di qualit\u00e0 rimangono invariati. La tradizione manifatturiera tedesca \u00e8 una parte centrale dell'identit\u00e0 del marchio di Mounting Systems.<\/p>\n                        <\/div>\n                    <\/li>\n                                    <li class=\"accordion-wrapper border-b\">\n                                                    <h4 class=\"c-title accordion-btn font-l\">A chi posso rivolgermi per il supporto tecnico?<\/h4>\n                                                <div class=\"accordion-txt\">\n                            <p>I vostri contatti esistenti rimangono invariati. Dome Solar rafforza i team tecnici locali nei mercati chiave \u2014 Spagna, Polonia, Germania, Marocco e oltre \u2014 per garantire un forte supporto agli EPC e agli installatori durante la fase di transizione e oltre.<\/p>\n                        <\/div>\n                    <\/li>\n                                    <li class=\"accordion-wrapper border-b\">\n                                                    <h4 class=\"c-title accordion-btn font-l\">Quali nuovi prodotti sono ora disponibili?<\/h4>\n                                                <div class=\"accordion-txt\">\n                            <p>Con Dome Solar hai ora accesso a un portafoglio ampliato, che comprende sistemi per tetti spioventi (NPA, TOP, SIDE, Helios B2, Ital Solar, Fibro), soluzioni per pensiline RC3 e sistemi per aree libere.<\/p>\n                        <\/div>\n                    <\/li>\n                            <\/ul>\n            <\/div>\n<\/div><\/div>\n<\/div>\n<\/div><\/div>\n\n\n\n<div class=\"wp-block-cover\" style=\"min-height:400px;aspect-ratio:unset;\"><span aria-hidden=\"true\" class=\"wp-block-cover__background has-green-background-color has-background-dim-100 has-background-dim\"><\/span><div class=\"wp-block-cover__inner-container is-layout-constrained wp-block-cover-is-layout-constrained\">\n<div class=\"wp-block-group is-horizontal is-content-justification-space-between is-nowrap is-layout-flex wp-container-core-group-is-layout-34e62f51 wp-block-group-is-layout-flex\">\n<p class=\"has-text-align-left has-large-font-size\">Pronto per iniziare il tuo prossimo<br><mark style=\"background-color:rgba(0, 0, 0, 0)\" class=\"has-inline-color has-white-color\"><strong>progetto tetto piano?<\/strong><\/mark><\/p>\n\n\n\n<div class=\"wp-block-group\"><div class=\"wp-block-group__inner-container is-layout-constrained wp-block-group-is-layout-constrained\">\n<p class=\"has-text-align-right\"><a href=\"https:\/\/dome-solar.com\/de\/kontakt\/\">Richiedi un preventivo<\/a><\/p>\n\n\n\n<p class=\"has-text-align-right\"><a href=\"https:\/\/dome-solar.com\/wp-content\/uploads\/dome-solar-catalogue-fr.pdf\" target=\"_blank\" rel=\"noreferrer noopener\">Scarica Catalogo Dome Solar<\/a><\/p>\n<\/div><\/div>\n<\/div>\n<\/div><\/div>\n\n\n\n<p><\/p>","protected":false},"excerpt":{"rendered":"<p>1993 Gegr\u00fcndet in Deutschland 8000+ Abgeschlossene Projekte 13 GW Installierte Leistung 70+ L\u00e4nder Mounting Systems ist ein deutsches Unternehmen, das auf die Entwicklung und Herstellung von Montagesystemen f\u00fcr Photovoltaikanlagen spezialisiert ist. Als anerkannter Akteur der Branche entwickelt das Unternehmen seit fast 30 Jahren L\u00f6sungen f\u00fcr verschiedene Arten von Solarprojekten, insbesondere f\u00fcr Schr\u00e4g- und Flachd\u00e4cher, Freifl\u00e4chenanlagen, [&hellip;]<\/p>\n","protected":false},"author":20,"featured_media":0,"parent":0,"menu_order":10,"comment_status":"closed","ping_status":"closed","template":"","meta":{"_acf_changed":false,"footnotes":""},"categories":[18],"tags":[],"class_list":["post-25750","page","type-page","status-publish","hentry","category-dach-gewerbe"],"acf":[],"yoast_head":"<!-- This site is optimized with the Yoast SEO plugin v27.5 - https:\/\/yoast.com\/product\/yoast-seo-wordpress\/ -->\n<title>\u00dcber uns - Mounting Systems<\/title>\n<meta name=\"description\" content=\"Profitieren Sie von unserer hauseigenen Entwicklungsabteilung, die \u00fcber langj\u00e4hrige Engineering-Erfahrung verf\u00fcgt.\" \/>\n<meta name=\"robots\" content=\"index, follow, max-snippet:-1, max-image-preview:large, max-video-preview:-1\" \/>\n<link rel=\"canonical\" href=\"https:\/\/www.mounting-systems.com\/it\/su-di-noi\/\" \/>\n<meta property=\"og:locale\" content=\"it_IT\" \/>\n<meta property=\"og:type\" content=\"article\" \/>\n<meta property=\"og:title\" content=\"\u00dcber uns - Mounting Systems\" \/>\n<meta property=\"og:description\" content=\"Profitieren Sie von unserer hauseigenen Entwicklungsabteilung, die \u00fcber langj\u00e4hrige Engineering-Erfahrung verf\u00fcgt.\" \/>\n<meta property=\"og:url\" content=\"https:\/\/www.mounting-systems.com\/it\/su-di-noi\/\" \/>\n<meta property=\"og:site_name\" content=\"Mounting Systems\" \/>\n<meta property=\"article:modified_time\" content=\"2026-04-24T08:29:16+00:00\" \/>\n<meta property=\"og:image\" content=\"https:\/\/www.mounting-systems.com\/wp-content\/uploads\/2021\/04\/Rangsdorf-Kontakt-2.jpg\" \/>\n<meta name=\"twitter:card\" content=\"summary_large_image\" \/>\n<meta name=\"twitter:label1\" content=\"Tempo di lettura stimato\" \/>\n\t<meta name=\"twitter:data1\" content=\"4 minuti\" \/>\n<script type=\"application\/ld+json\" class=\"yoast-schema-graph\">{\"@context\":\"https:\\\/\\\/schema.org\",\"@graph\":[{\"@type\":\"WebPage\",\"@id\":\"https:\\\/\\\/www.mounting-systems.com\\\/ueber-uns\\\/\",\"url\":\"https:\\\/\\\/www.mounting-systems.com\\\/ueber-uns\\\/\",\"name\":\"\u00dcber uns - Mounting Systems\",\"isPartOf\":{\"@id\":\"https:\\\/\\\/www.mounting-systems.com\\\/de\\\/#website\"},\"primaryImageOfPage\":{\"@id\":\"https:\\\/\\\/www.mounting-systems.com\\\/ueber-uns\\\/#primaryimage\"},\"image\":{\"@id\":\"https:\\\/\\\/www.mounting-systems.com\\\/ueber-uns\\\/#primaryimage\"},\"thumbnailUrl\":\"https:\\\/\\\/www.mounting-systems.com\\\/wp-content\\\/uploads\\\/2021\\\/04\\\/Rangsdorf-Kontakt-2.jpg\",\"datePublished\":\"2026-04-23T12:26:26+00:00\",\"dateModified\":\"2026-04-24T08:29:16+00:00\",\"description\":\"Profitieren Sie von unserer hauseigenen Entwicklungsabteilung, die \u00fcber langj\u00e4hrige Engineering-Erfahrung verf\u00fcgt.\",\"breadcrumb\":{\"@id\":\"https:\\\/\\\/www.mounting-systems.com\\\/ueber-uns\\\/#breadcrumb\"},\"inLanguage\":\"it-IT\",\"potentialAction\":[{\"@type\":\"ReadAction\",\"target\":[\"https:\\\/\\\/www.mounting-systems.com\\\/ueber-uns\\\/\"]}]},{\"@type\":\"ImageObject\",\"inLanguage\":\"it-IT\",\"@id\":\"https:\\\/\\\/www.mounting-systems.com\\\/ueber-uns\\\/#primaryimage\",\"url\":\"https:\\\/\\\/www.mounting-systems.com\\\/wp-content\\\/uploads\\\/2021\\\/04\\\/Rangsdorf-Kontakt-2.jpg\",\"contentUrl\":\"https:\\\/\\\/www.mounting-systems.com\\\/wp-content\\\/uploads\\\/2021\\\/04\\\/Rangsdorf-Kontakt-2.jpg\"},{\"@type\":\"BreadcrumbList\",\"@id\":\"https:\\\/\\\/www.mounting-systems.com\\\/ueber-uns\\\/#breadcrumb\",\"itemListElement\":[{\"@type\":\"ListItem\",\"position\":1,\"name\":\"Startseite\",\"item\":\"https:\\\/\\\/www.mounting-systems.com\\\/\"},{\"@type\":\"ListItem\",\"position\":2,\"name\":\"\u00dcber uns\"}]},{\"@type\":\"WebSite\",\"@id\":\"https:\\\/\\\/www.mounting-systems.com\\\/de\\\/#website\",\"url\":\"https:\\\/\\\/www.mounting-systems.com\\\/de\\\/\",\"name\":\"Mounting Systems\",\"description\":\"\",\"publisher\":{\"@id\":\"https:\\\/\\\/www.mounting-systems.com\\\/de\\\/#organization\"},\"potentialAction\":[{\"@type\":\"SearchAction\",\"target\":{\"@type\":\"EntryPoint\",\"urlTemplate\":\"https:\\\/\\\/www.mounting-systems.com\\\/de\\\/?s={search_term_string}\"},\"query-input\":{\"@type\":\"PropertyValueSpecification\",\"valueRequired\":true,\"valueName\":\"search_term_string\"}}],\"inLanguage\":\"it-IT\"},{\"@type\":\"Organization\",\"@id\":\"https:\\\/\\\/www.mounting-systems.com\\\/de\\\/#organization\",\"name\":\"Mounting Systems\",\"url\":\"https:\\\/\\\/www.mounting-systems.com\\\/de\\\/\",\"logo\":{\"@type\":\"ImageObject\",\"inLanguage\":\"it-IT\",\"@id\":\"https:\\\/\\\/www.mounting-systems.com\\\/de\\\/#\\\/schema\\\/logo\\\/image\\\/\",\"url\":\"https:\\\/\\\/www.mounting-systems.com\\\/wp-content\\\/uploads\\\/2021\\\/01\\\/MSG-Signet-white.png\",\"contentUrl\":\"https:\\\/\\\/www.mounting-systems.com\\\/wp-content\\\/uploads\\\/2021\\\/01\\\/MSG-Signet-white.png\",\"width\":432,\"height\":552,\"caption\":\"Mounting Systems\"},\"image\":{\"@id\":\"https:\\\/\\\/www.mounting-systems.com\\\/de\\\/#\\\/schema\\\/logo\\\/image\\\/\"}}]}<\/script>\n<!-- \/ Yoast SEO plugin. -->","yoast_head_json":{"title":"Chi siamo - Sistemi di montaggio","description":"Approfittate del nostro reparto di sviluppo interno, che vanta molti anni di esperienza ingegneristica.","robots":{"index":"index","follow":"follow","max-snippet":"max-snippet:-1","max-image-preview":"max-image-preview:large","max-video-preview":"max-video-preview:-1"},"canonical":"https:\/\/www.mounting-systems.com\/it\/su-di-noi\/","og_locale":"it_IT","og_type":"article","og_title":"\u00dcber uns - Mounting Systems","og_description":"Profitieren Sie von unserer hauseigenen Entwicklungsabteilung, die \u00fcber langj\u00e4hrige Engineering-Erfahrung verf\u00fcgt.","og_url":"https:\/\/www.mounting-systems.com\/it\/su-di-noi\/","og_site_name":"Mounting Systems","article_modified_time":"2026-04-24T08:29:16+00:00","og_image":[{"url":"https:\/\/www.mounting-systems.com\/wp-content\/uploads\/2021\/04\/Rangsdorf-Kontakt-2.jpg","type":"","width":"","height":""}],"twitter_card":"summary_large_image","twitter_misc":{"Tempo di lettura stimato":"4 minuti"},"schema":{"@context":"https:\/\/schema.org","@graph":[{"@type":"WebPage","@id":"https:\/\/www.mounting-systems.com\/ueber-uns\/","url":"https:\/\/www.mounting-systems.com\/ueber-uns\/","name":"Chi siamo - Sistemi di montaggio","isPartOf":{"@id":"https:\/\/www.mounting-systems.com\/de\/#website"},"primaryImageOfPage":{"@id":"https:\/\/www.mounting-systems.com\/ueber-uns\/#primaryimage"},"image":{"@id":"https:\/\/www.mounting-systems.com\/ueber-uns\/#primaryimage"},"thumbnailUrl":"https:\/\/www.mounting-systems.com\/wp-content\/uploads\/2021\/04\/Rangsdorf-Kontakt-2.jpg","datePublished":"2026-04-23T12:26:26+00:00","dateModified":"2026-04-24T08:29:16+00:00","description":"Approfittate del nostro reparto di sviluppo interno, che vanta molti anni di esperienza ingegneristica.","breadcrumb":{"@id":"https:\/\/www.mounting-systems.com\/ueber-uns\/#breadcrumb"},"inLanguage":"it-IT","potentialAction":[{"@type":"ReadAction","target":["https:\/\/www.mounting-systems.com\/ueber-uns\/"]}]},{"@type":"ImageObject","inLanguage":"it-IT","@id":"https:\/\/www.mounting-systems.com\/ueber-uns\/#primaryimage","url":"https:\/\/www.mounting-systems.com\/wp-content\/uploads\/2021\/04\/Rangsdorf-Kontakt-2.jpg","contentUrl":"https:\/\/www.mounting-systems.com\/wp-content\/uploads\/2021\/04\/Rangsdorf-Kontakt-2.jpg"},{"@type":"BreadcrumbList","@id":"https:\/\/www.mounting-systems.com\/ueber-uns\/#breadcrumb","itemListElement":[{"@type":"ListItem","position":1,"name":"Startseite","item":"https:\/\/www.mounting-systems.com\/"},{"@type":"ListItem","position":2,"name":"\u00dcber uns"}]},{"@type":"WebSite","@id":"https:\/\/www.mounting-systems.com\/de\/#website","url":"https:\/\/www.mounting-systems.com\/de\/","name":"Sistemi di montaggio","description":"","publisher":{"@id":"https:\/\/www.mounting-systems.com\/de\/#organization"},"potentialAction":[{"@type":"SearchAction","target":{"@type":"EntryPoint","urlTemplate":"https:\/\/www.mounting-systems.com\/de\/?s={search_term_string}"},"query-input":{"@type":"PropertyValueSpecification","valueRequired":true,"valueName":"search_term_string"}}],"inLanguage":"it-IT"},{"@type":"Organization","@id":"https:\/\/www.mounting-systems.com\/de\/#organization","name":"Sistemi di montaggio","url":"https:\/\/www.mounting-systems.com\/de\/","logo":{"@type":"ImageObject","inLanguage":"it-IT","@id":"https:\/\/www.mounting-systems.com\/de\/#\/schema\/logo\/image\/","url":"https:\/\/www.mounting-systems.com\/wp-content\/uploads\/2021\/01\/MSG-Signet-white.png","contentUrl":"https:\/\/www.mounting-systems.com\/wp-content\/uploads\/2021\/01\/MSG-Signet-white.png","width":432,"height":552,"caption":"Mounting Systems"},"image":{"@id":"https:\/\/www.mounting-systems.com\/de\/#\/schema\/logo\/image\/"}}]}},"_links":{"self":[{"href":"https:\/\/www.mounting-systems.com\/it\/wp-json\/wp\/v2\/pages\/25750","targetHints":{"allow":["GET"]}}],"collection":[{"href":"https:\/\/www.mounting-systems.com\/it\/wp-json\/wp\/v2\/pages"}],"about":[{"href":"https:\/\/www.mounting-systems.com\/it\/wp-json\/wp\/v2\/types\/page"}],"author":[{"embeddable":true,"href":"https:\/\/www.mounting-systems.com\/it\/wp-json\/wp\/v2\/users\/20"}],"replies":[{"embeddable":true,"href":"https:\/\/www.mounting-systems.com\/it\/wp-json\/wp\/v2\/comments?post=25750"}],"version-history":[{"count":106,"href":"https:\/\/www.mounting-systems.com\/it\/wp-json\/wp\/v2\/pages\/25750\/revisions"}],"predecessor-version":[{"id":26059,"href":"https:\/\/www.mounting-systems.com\/it\/wp-json\/wp\/v2\/pages\/25750\/revisions\/26059"}],"wp:attachment":[{"href":"https:\/\/www.mounting-systems.com\/it\/wp-json\/wp\/v2\/media?parent=25750"}],"wp:term":[{"taxonomy":"category","embeddable":true,"href":"https:\/\/www.mounting-systems.com\/it\/wp-json\/wp\/v2\/categories?post=25750"},{"taxonomy":"post_tag","embeddable":true,"href":"https:\/\/www.mounting-systems.com\/it\/wp-json\/wp\/v2\/tags?post=25750"}],"curies":[{"name":"wp","href":"https:\/\/api.w.org\/{rel}","templated":true}]}}