{"id":25750,"date":"2026-04-23T14:26:26","date_gmt":"2026-04-23T12:26:26","guid":{"rendered":"https:\/\/www.mounting-systems.com\/?page_id=25750"},"modified":"2026-04-24T10:29:16","modified_gmt":"2026-04-24T08:29:16","slug":"sur-nous","status":"publish","type":"page","link":"https:\/\/www.mounting-systems.com\/fr\/ueber-uns\/","title":{"rendered":"\u00c0 propos de nous"},"content":{"rendered":"<div class=\"wp-block-cover has-custom-content-position is-position-bottom-center a-innerblock\">\n    <img loading=\"lazy\" decoding=\"async\" width=\"1920\" height=\"1278\" src=\"https:\/\/www.mounting-systems.com\/wp-content\/uploads\/2021\/10\/Pitched-Roof-Mounting-Systems.jpg\" class=\"hero-image-bg\" alt=\"Image de produit pitch\u00e9e, rendu 3D\" style=\"filter: brightness(1)\" srcset=\"https:\/\/www.mounting-systems.com\/wp-content\/uploads\/2021\/10\/Pitched-Roof-Mounting-Systems.jpg 1920w, https:\/\/www.mounting-systems.com\/wp-content\/uploads\/2021\/10\/Pitched-Roof-Mounting-Systems-800x533.jpg 800w, https:\/\/www.mounting-systems.com\/wp-content\/uploads\/2021\/10\/Pitched-Roof-Mounting-Systems-1623x1080.jpg 1623w, https:\/\/www.mounting-systems.com\/wp-content\/uploads\/2021\/10\/Pitched-Roof-Mounting-Systems-768x511.jpg 768w, https:\/\/www.mounting-systems.com\/wp-content\/uploads\/2021\/10\/Pitched-Roof-Mounting-Systems-1536x1022.jpg 1536w, https:\/\/www.mounting-systems.com\/wp-content\/uploads\/2021\/10\/Pitched-Roof-Mounting-Systems-18x12.jpg 18w\" sizes=\"auto, (max-width: 1920px) 100vw, 1920px\" \/>    <div class=\"wp-block-cover__inner-container\">\n                   <h1 class=\"has-text-align-center arrow-animation\" style=\"color: #FFFFFF;\">Syst\u00e8mes de montage, <br \/>\r\nMaintenant une marque Dome Solar<\/h1>\n                <div class=\"arrow-down hero-arrow\"><img decoding=\"async\" src=\"https:\/\/www.mounting-systems.com\/wp-content\/themes\/mosys\/images\/hero-arrow.svg\" alt=\"Ic\u00f4ne de d\u00e9filement vers le bas\"><\/div>\n    <\/div>\n<\/div>\n<div class=\"print-only p-hero-image\">\n    <img loading=\"lazy\" decoding=\"async\" width=\"1920\" height=\"1278\" src=\"https:\/\/www.mounting-systems.com\/wp-content\/uploads\/2021\/10\/Pitched-Roof-Mounting-Systems.jpg\" class=\"attachment-full size-full\" alt=\"Image de produit pitch\u00e9e, rendu 3D\" style=\"filter: brightness(1)\" srcset=\"https:\/\/www.mounting-systems.com\/wp-content\/uploads\/2021\/10\/Pitched-Roof-Mounting-Systems.jpg 1920w, https:\/\/www.mounting-systems.com\/wp-content\/uploads\/2021\/10\/Pitched-Roof-Mounting-Systems-800x533.jpg 800w, https:\/\/www.mounting-systems.com\/wp-content\/uploads\/2021\/10\/Pitched-Roof-Mounting-Systems-1623x1080.jpg 1623w, https:\/\/www.mounting-systems.com\/wp-content\/uploads\/2021\/10\/Pitched-Roof-Mounting-Systems-768x511.jpg 768w, https:\/\/www.mounting-systems.com\/wp-content\/uploads\/2021\/10\/Pitched-Roof-Mounting-Systems-1536x1022.jpg 1536w, https:\/\/www.mounting-systems.com\/wp-content\/uploads\/2021\/10\/Pitched-Roof-Mounting-Systems-18x12.jpg 18w\" sizes=\"auto, (max-width: 1920px) 100vw, 1920px\" \/><\/div>\n\n\n<div class=\"wp-block-group\"><div class=\"wp-block-group__inner-container is-layout-constrained wp-block-group-is-layout-constrained\">\n<div class=\"wp-block-group is-content-justification-space-between is-nowrap is-layout-flex wp-container-core-group-is-layout-0dfbf163 wp-block-group-is-layout-flex\">\n<div class=\"wp-block-group is-vertical is-layout-flex wp-container-core-group-is-layout-8cf370e7 wp-block-group-is-layout-flex\">\n<p class=\"has-large-font-size\">1993<\/p>\n\n\n\n<p class=\"has-small-font-size\">Fond\u00e9 en Allemagne<\/p>\n<\/div>\n\n\n\n<div class=\"wp-block-group is-vertical is-layout-flex wp-container-core-group-is-layout-8cf370e7 wp-block-group-is-layout-flex\">\n<p class=\"has-large-font-size\">8000+<\/p>\n\n\n\n<p class=\"has-small-font-size\">Projets termin\u00e9s<\/p>\n<\/div>\n\n\n\n<div class=\"wp-block-group is-vertical is-layout-flex wp-container-core-group-is-layout-8cf370e7 wp-block-group-is-layout-flex\">\n<p class=\"has-large-font-size\">13 GW<\/p>\n\n\n\n<p class=\"has-small-font-size\">Puissance install\u00e9e<\/p>\n<\/div>\n\n\n\n<div class=\"wp-block-group is-vertical is-layout-flex wp-container-core-group-is-layout-8cf370e7 wp-block-group-is-layout-flex\">\n<p class=\"has-large-font-size\">70+<\/p>\n\n\n\n<p class=\"has-small-font-size\">Pays<\/p>\n<\/div>\n<\/div>\n<\/div><\/div>\n\n\n\n<div id=\"pv-systeme\" class=\"wp-block-group cols-2\"><div class=\"wp-block-group__inner-container is-layout-flow wp-block-group-is-layout-flow\">\n<div class=\"wp-block-columns is-layout-flex wp-container-core-columns-is-layout-9d6595d7 wp-block-columns-is-layout-flex\">\n<div class=\"wp-block-column is-vertically-aligned-center is-layout-flow wp-block-column-is-layout-flow\">\n<figure class=\"wp-block-image size-full\"><img loading=\"lazy\" decoding=\"async\" width=\"832\" height=\"1056\" src=\"https:\/\/www.mounting-systems.com\/wp-content\/uploads\/2021\/04\/Rangsdorf-Kontakt-2.jpg\" alt=\"Fa\u00e7ade du si\u00e8ge social avec le logo Mounting Systems, photo\" class=\"wp-image-4170\" srcset=\"https:\/\/www.mounting-systems.com\/wp-content\/uploads\/2021\/04\/Rangsdorf-Kontakt-2.jpg 832w, https:\/\/www.mounting-systems.com\/wp-content\/uploads\/2021\/04\/Rangsdorf-Kontakt-2-630x800.jpg 630w, https:\/\/www.mounting-systems.com\/wp-content\/uploads\/2021\/04\/Rangsdorf-Kontakt-2-768x975.jpg 768w\" sizes=\"auto, (max-width: 832px) 100vw, 832px\" \/><\/figure>\n<\/div>\n\n\n\n<div class=\"wp-block-column is-layout-flow wp-block-column-is-layout-flow\">\n\n<div class=\"a-innerblock block-newsheader-wrapper green\">\n    <div class=\"block-newsheader-inner\">\n        <div class=\"text-wrapper\">\n                                <div class=\"section-title\">\n                        <span>Un acteur reconnu depuis 30 ans<\/span>\n                    <\/div>\n                                                <h2>Sur <br \/>\r\nSyst\u00e8mes de montage<\/h2>\n                                    <\/div>\n    <\/div>\n<\/div>\n\n\n<p>Mounting Systems est une entreprise allemande sp\u00e9cialis\u00e9e dans le d\u00e9veloppement et la fabrication de syst\u00e8mes de montage pour les installations photovolta\u00efques.<\/p>\n\n\n\n<p>En tant qu'acteur reconnu de l'industrie, l'entreprise d\u00e9veloppe depuis pr\u00e8s de 30 ans des solutions pour diff\u00e9rents types de projets solaires, notamment pour les toitures en pente et plates, les centrales au sol, les abris de voiture ainsi que les grandes centrales photovolta\u00efques.<\/p>\n\n\n\n<p>L'entreprise se distingue par une offre compl\u00e8te int\u00e9grant produits, services et logistique, avec un accent clair sur la qualit\u00e9, la fiabilit\u00e9 et la facilit\u00e9 d'installation de ses syst\u00e8mes.<\/p>\n\n\n\n<p>Avec cela, Mounting Systems se positionne comme un acteur important dans la cha\u00eene de valeur solaire, en contribuant \u00e0 l'optimisation de la performance et de la long\u00e9vit\u00e9 des installations tout en soutenant la transition \u00e9nerg\u00e9tique.<\/p>\n\n\n\n<div style=\"height:30px\" aria-hidden=\"true\" class=\"wp-block-spacer\"><\/div>\n<\/div>\n<\/div>\n<\/div><\/div>\n\n\n\n<div id=\"pv-systeme\" class=\"wp-block-group cols-2\"><div class=\"wp-block-group__inner-container is-layout-flow wp-block-group-is-layout-flow\">\n<div class=\"wp-block-columns is-layout-flex wp-container-core-columns-is-layout-9d6595d7 wp-block-columns-is-layout-flex\">\n<div class=\"wp-block-column is-layout-flow wp-block-column-is-layout-flow\">\n\n<div class=\"a-innerblock block-newsheader-wrapper green\">\n    <div class=\"block-newsheader-inner\">\n        <div class=\"text-wrapper\">\n                                <div class=\"section-title\">\n                        <span>La prise de contr\u00f4le \u00b7 Mars 2026<\/span>\n                    <\/div>\n                                                <h2>Dome Solar rach\u00e8te Mounting Systems<\/h2>\n                                    <\/div>\n    <\/div>\n<\/div>\n\n\n<p>Dome Solar, le leader du march\u00e9 fran\u00e7ais des syst\u00e8mes de montage PV sur les toits commerciaux et industriels de grande taille, a annonc\u00e9 en mars 2026 l'acquisition d'actifs strat\u00e9giques s\u00e9lectionn\u00e9s de Mounting Systems, notamment la marque, les droits de propri\u00e9t\u00e9 intellectuelle cl\u00e9s, ainsi que les technologies derri\u00e8re les solutions de toiture plate, en particulier <strong>LightX<\/strong> et <strong>FD3<\/strong>.<\/p>\n\n\n\n<p>Cette transaction permet \u00e0 Dome Solar de combiner l'un des portefeuilles de syst\u00e8mes de montage les plus \u00e9tendus du march\u00e9 fran\u00e7ais avec une ing\u00e9nierie allemande \u00e9prouv\u00e9e dans le domaine des syst\u00e8mes lest\u00e9s, offrant ainsi des solutions photovolta\u00efques fiables et performantes, adapt\u00e9es aux conditions r\u00e9elles d'utilisation.<\/p>\n\n\n\n<p>L'objectif est clair : s'appuyer sur cette tradition d'ing\u00e9nierie et l'int\u00e9grer dans une approche industrielle robuste afin de mieux servir les march\u00e9s \u00e0 forte croissance en Europe, en Afrique du Nord et au-del\u00e0.<\/p>\n\n\n\n<div style=\"height:30px\" aria-hidden=\"true\" class=\"wp-block-spacer\"><\/div>\n\n\n\n<div class=\"wp-block-columns is-layout-flex wp-container-core-columns-is-layout-9d6595d7 wp-block-columns-is-layout-flex\">\n<div class=\"wp-block-column is-layout-flow wp-block-column-is-layout-flow\" style=\"flex-basis:45%\">\n<p><strong>SYST\u00c8MES DE MONTAGE<\/strong><\/p>\n\n\n\n<p class=\"has-text-align-left has-light-gray-color has-text-color has-link-color wp-elements-1273a5ca310e2cd573aa5a6fa2abc2f6\">Fond\u00e9 en 1993 \u00b7 Allemagne<\/p>\n<\/div>\n\n\n\n<div class=\"wp-block-column is-layout-flow wp-block-column-is-layout-flow\" style=\"flex-basis:10%\">\n<p class=\"has-text-align-left has-green-color has-text-color has-link-color has-medium-font-size wp-elements-40abdc14edd8a4e622e158cfe00d339d\"><strong>+<\/strong><\/p>\n<\/div>\n\n\n\n<div class=\"wp-block-column is-layout-flow wp-block-column-is-layout-flow\" style=\"flex-basis:45%\">\n<p><strong>D\u00f4me solaire<\/strong><\/p>\n\n\n\n<p class=\"has-text-align-left has-light-gray-color has-text-color has-link-color wp-elements-cd5b9eb0f8bd4f14aa65a4f11992ca42\">Fond\u00e9e en 2008 \u00b7 France \u00b7 Kingspan Group<\/p>\n<\/div>\n<\/div>\n<\/div>\n\n\n\n<div class=\"wp-block-column is-vertically-aligned-center has-black-background-color has-background is-layout-flow wp-block-column-is-layout-flow\">\n<div style=\"height:40px\" aria-hidden=\"true\" class=\"wp-block-spacer\"><\/div>\n\n\n\n<p class=\"has-white-color has-black-background-color has-text-color has-background has-link-color has-medium-font-size wp-elements-7ce1da0cdfe32549a3b74d6383695cea\"><strong>&#8222;<\/strong> \u201cCette int\u00e9gration nous permet de combiner le savoir-faire allemand avec notre expertise industrielle afin d'offrir des solutions fiables et comp\u00e9titives pour les projets de toitures plates en Europe et au-del\u00e0. Notre priorit\u00e9 est simple : aider les installateurs et les EPC \u00e0 construire plus rapidement, \u00e0 r\u00e9duire la complexit\u00e9 sur site et \u00e0 s\u00e9curiser leurs projets.\u201d<\/p>\n\n\n\n<p class=\"has-text-align-right has-white-color has-black-background-color has-text-color has-background has-link-color wp-elements-3bd861c6ce9ffff153aa103f37971a43\"><strong><mark style=\"background-color:rgba(0, 0, 0, 0);color:#f9c301\" class=\"has-inline-color\">Josselin Noire<\/mark><\/strong> <br>Directeur g\u00e9n\u00e9ral, Dome Solar<\/p>\n\n\n\n<div style=\"height:40px\" aria-hidden=\"true\" class=\"wp-block-spacer\"><\/div>\n<\/div>\n<\/div>\n<\/div><\/div>\n\n\n\n<div id=\"speed\" class=\"wp-block-group section fullsize has-black-color has-very-light-gray-background-color has-text-color has-background has-link-color wp-elements-aca6ee88c59c992fda1105302b552e88\"><div class=\"wp-block-group__inner-container is-layout-constrained wp-block-group-is-layout-constrained\">\n<div class=\"wp-block-group cols-2\"><div class=\"wp-block-group__inner-container is-layout-constrained wp-block-group-is-layout-constrained\">\n\n<div class=\"a-innerblock block-newsheader-wrapper green\">\n    <div class=\"block-newsheader-inner\">\n        <div class=\"text-wrapper\">\n                                <div class=\"section-title\">\n                        <span>La transition<\/span>\n                    <\/div>\n                                                <h2>Ce qui reste.<br \/>\r\nCe qui devient plus fort.<\/h2>\n                                    <\/div>\n    <\/div>\n<\/div>\n\n\n<div class=\"wp-block-columns is-layout-flex wp-container-core-columns-is-layout-9d6595d7 wp-block-columns-is-layout-flex\">\n<div class=\"wp-block-column has-green-background-color has-background is-layout-flow wp-block-column-is-layout-flow\">\n<div class=\"wp-block-group\"><div class=\"wp-block-group__inner-container is-layout-constrained wp-block-group-is-layout-constrained\">\n<div style=\"height:60px\" aria-hidden=\"true\" class=\"wp-block-spacer\"><\/div>\n\n\n\n<p class=\"has-text-align-left has-white-color has-text-color has-link-color has-medium-font-size wp-elements-9becb5374b15d7f3371db8fa459f97ad\"><strong>CE QUI RESTE PAREIL<\/strong><\/p>\n\n\n\n<ul class=\"wp-block-list has-white-color has-text-color has-link-color wp-elements-7a35c944fa1fc3cb76559f8efd3059a9\">\n<li class=\"has-white-color has-text-color has-link-color wp-elements-deba75f2fc9334e6f40a89d83d9fb0c3\"><strong>Normes d'ing\u00e9nierie allemandes<\/strong><br>Calculs statiques rigoureux et durabilit\u00e9 \u00e9prouv\u00e9e<br><\/li>\n\n\n\n<li><strong>Les fournisseurs allemands d'origine restent.<\/strong><br>Pour LightX et FD3<br><\/li>\n\n\n\n<li><strong>La marque Mounting Systems<\/strong><br>Votre r\u00e9f\u00e9rence existante dans plus de 70 pays<br><\/li>\n\n\n\n<li><strong>Support technique<\/strong><br>Pour les installateurs et les entreprises d'EPC<br><\/li>\n\n\n\n<li><strong>Pleine continuit\u00e9 du produit<\/strong><br>LightX et FD3 restent disponibles<\/li>\n<\/ul>\n\n\n\n<div style=\"height:60px\" aria-hidden=\"true\" class=\"wp-block-spacer\"><\/div>\n<\/div><\/div>\n<\/div>\n\n\n\n<div class=\"wp-block-column has-white-color has-black-background-color has-text-color has-background has-link-color wp-elements-f265ef8a8b4254f4887f82ff58922ba5 is-layout-flow wp-block-column-is-layout-flow\">\n<div style=\"height:60px\" aria-hidden=\"true\" class=\"wp-block-spacer\"><\/div>\n\n\n\n<div class=\"wp-block-group\"><div class=\"wp-block-group__inner-container is-layout-constrained wp-block-group-is-layout-constrained\">\n<p class=\"has-text-align-left has-text-color has-link-color has-medium-font-size wp-elements-705b3a79d1f894f045d4ff0270129ad4\" style=\"color:#f9c301\"><strong>CE QUI DEVIENT PLUS FORT<\/strong><\/p>\n\n\n\n<ul class=\"wp-block-list\">\n<li><strong>Capacit\u00e9 industrielle <\/strong><br>3 sites de production de Dome Solar assurent un approvisionnement \u00e0 grande \u00e9chelle<\/li>\n\n\n\n<li><strong>Port\u00e9e internationale<\/strong><br>Vente structur\u00e9e en Espagne, Pologne, Allemagne, Maroc et au-del\u00e0<\/li>\n\n\n\n<li><strong>Portefeuille de produits \u00e9largi<\/strong><br>Syst\u00e8mes de toiture inclin\u00e9e, de carport et de surfaces planes d\u00e9sormais disponibles<\/li>\n\n\n\n<li><strong>Ressources F&amp;E<\/strong><br>Domaines solaires et installations d'essai d\u00e9di\u00e9es<\/li>\n\n\n\n<li><strong>Localisation<\/strong><br>Solutions adapt\u00e9es aux normes et r\u00e9glementations locales<\/li>\n<\/ul>\n\n\n\n<div style=\"height:60px\" aria-hidden=\"true\" class=\"wp-block-spacer\"><\/div>\n<\/div><\/div>\n<\/div>\n<\/div>\n<\/div><\/div>\n<\/div><\/div>\n\n\n\n\n\n\n\n\n<div class=\"wp-block-group\"><div class=\"wp-block-group__inner-container is-layout-constrained wp-block-group-is-layout-constrained\">\n<div id=\"arbeitshilfen\" class=\"wp-block-group cols-2\"><div class=\"wp-block-group__inner-container is-layout-flow wp-block-group-is-layout-flow\">\n<div class=\"wp-block-columns is-style-default is-layout-flex wp-container-core-columns-is-layout-9d6595d7 wp-block-columns-is-layout-flex\">\n<div class=\"wp-block-column is-vertically-aligned-center is-layout-flow wp-block-column-is-layout-flow\"><div class=\"wp-block-image\">\n<figure class=\"aligncenter size-full\"><img loading=\"lazy\" decoding=\"async\" width=\"635\" height=\"730\" src=\"https:\/\/www.mounting-systems.com\/wp-content\/uploads\/dome-solar-reze.jpg\" alt=\"\" class=\"wp-image-25876\" srcset=\"https:\/\/www.mounting-systems.com\/wp-content\/uploads\/dome-solar-reze.jpg 635w, https:\/\/www.mounting-systems.com\/wp-content\/uploads\/dome-solar-reze-10x12.jpg 10w\" sizes=\"auto, (max-width: 635px) 100vw, 635px\" \/><\/figure>\n<\/div><\/div>\n\n\n\n<div class=\"wp-block-column is-layout-flow wp-block-column-is-layout-flow\">\n\n<div class=\"a-innerblock block-newsheader-wrapper green\">\n    <div class=\"block-newsheader-inner\">\n        <div class=\"text-wrapper\">\n                                <div class=\"section-title\">\n                        <span>Notre nouvelle soci\u00e9t\u00e9 m\u00e8re<\/span>\n                    <\/div>\n                                                <h2>Dome Solar \u2014 leader du march\u00e9 fran\u00e7ais des syst\u00e8mes de montage PV<\/h2>\n                                    <\/div>\n    <\/div>\n<\/div>\n\n\n<p>Dome Solar d\u00e9velope, produit et distribue des syst\u00e8mes de montage pour les installations photovolta\u00efques sur les toits industriels et commerciaux de grande taille, les abris de voiture et les projets au sol.<\/p>\n\n\n\n<p>L'entreprise, cofond\u00e9e en 2008 par Jean-Philippe Leray et faisant aujourd'hui partie de <strong>Kingspan Group<\/strong> s'est impos\u00e9 comme un acteur majeur, offrant l'un des portefeuilles de produits les plus complets de l'industrie \u2014 avec plus de <strong>5 GW install\u00e9s<\/strong> par ses solutions en Europe et au-del\u00e0.<\/p>\n\n\n\n<p>L'entreprise emploie environ <strong>100 employ\u00e9s<\/strong> sur trois sites industriels et poss\u00e8de un laboratoire de R&amp;D int\u00e9gr\u00e9 ainsi que ses propres installations de test \u2014 la base industrielle qui soutient d\u00e9sormais la gamme compl\u00e8te de Mounting Systems.<\/p>\n\n\n\n<p><a href=\"https:\/\/dome-solar.com\/de\/\" type=\"link\" id=\"https:\/\/dome-solar.com\/de\/\" class=\"more-btn\">Visitez dome-solar.com<\/a><\/p>\n<\/div>\n<\/div>\n<\/div><\/div>\n<\/div><\/div>\n\n\n\n<div class=\"wp-block-group section fullsize has-very-light-gray-background-color has-background\"><div class=\"wp-block-group__inner-container is-layout-constrained wp-block-group-is-layout-constrained\">\n<div class=\"wp-block-group cols-2\"><div class=\"wp-block-group__inner-container is-layout-constrained wp-block-group-is-layout-constrained\">\n<div class=\"wp-block-columns is-layout-flex wp-container-core-columns-is-layout-9d6595d7 wp-block-columns-is-layout-flex\">\n<div class=\"wp-block-column is-layout-flow wp-block-column-is-layout-flow\" style=\"flex-basis:45%\">\n\n<div class=\"a-innerblock block-newsheader-wrapper pv-system green\">\n    <div class=\"block-newsheader-inner\">\n        <div class=\"text-wrapper\">\n                                <div class=\"section-title\">\n                        <span>Notre histoire<\/span>\n                    <\/div>\n                                                <h2>Plus de 30 ans de tradition d'ing\u00e9nierie, un nouveau chapitre<br \/>\r\n<br \/>\r\n<\/h2>\n                                    <\/div>\n    <\/div>\n<\/div><\/div>\n\n\n\n<div class=\"wp-block-column is-layout-flow wp-block-column-is-layout-flow\" style=\"flex-basis:55%\">\n<div class=\"wp-block-cp-timeline-content-timeline-block Cool-Content-Timeline no-left-side\"><div class=\"cool-timeline-block-1e1ae766-231b-4834-afe3-9d56d06543c3\"><style>.cool-timeline-block-1e1ae766-231b-4834-afe3-9d56d06543c3 .cool-vertical-timeline-body{--ctlb-content-alignment: left;--ctlb-sub-head-font-family: Arial;--ctlb-line-color: #e5e5e5;--ctlb-icon-bg: #00b0a1;--ctlb-story-border-color: #00b0a1;--ctlb-icon-box-size: 20px;--ctlb-middle-line-size: 2px;}<\/style><div class=\"cool-vertical-timeline-body ctlb-wrapper one-sided left\"><div class=\"cool-timeline-block-list\">\n<div class=\"wp-block-cp-timeline-content-timeline-block-child swiper-slide\"><div class=\"timeline-content icon-false\"><div class=\"timeline-block-timeline ctl-row  position-right\"><div class=\"ctl-6 timeline-block-time\"><\/div><div class=\"timeline-block-icon\"><svg stroke=\"currentColor\" fill=\"currentColor\" stroke-width=\"0\" viewbox=\"0 0 512 512\" height=\"1em\" width=\"1em\" xmlns=\"http:\/\/www.w3.org\/2000\/svg\"><path d=\"M256 8C119 8 8 119 8 256s111 248 248 248 248-111 248-248S393 8 256 8z\"><\/path><\/svg><\/div><div class=\"ctl-6 timeline-block-detail\"><div class=\"story-details\"><div class=\"story-content\">\n<h3 class=\"wp-block-heading ctlb-block-title has-green-color has-text-color has-link-color wp-elements-9383cddae3ebe38acbd9010db1dce79f\" style=\"padding-top:0px;padding-right:0px;padding-bottom:0px;padding-left:0px\"><strong><mark style=\"background-color:rgba(0, 0, 0, 0)\" class=\"has-inline-color has-green-color\">1993<\/mark><\/strong><\/h3>\n\n\n\n<h3 class=\"wp-block-heading ctlb-block-title\" style=\"padding-top:0px;padding-right:0px;padding-bottom:0px;padding-left:0px\"><strong>Syst\u00e8mes de montage fond\u00e9s en Allemagne<\/strong><\/h3>\n\n\n\n<p class=\"ctlb-block-desc\" style=\"padding-top:0px;padding-right:0px;padding-bottom:0px;padding-left:0px\">Une approche ax\u00e9e sur l'ing\u00e9nierie pour les syst\u00e8mes de montage PV. Calculs statiques rigoureux, durabilit\u00e9 \u00e9prouv\u00e9e \u2014 une r\u00e9putation b\u00e2tie projet apr\u00e8s projet.<\/p>\n<\/div><\/div><\/div><\/div><\/div><\/div>\n\n\n\n<div class=\"wp-block-cp-timeline-content-timeline-block-child swiper-slide\"><div class=\"timeline-content icon-false\"><div class=\"timeline-block-timeline ctl-row  position-right\"><div class=\"ctl-6 timeline-block-time\"><\/div><div class=\"timeline-block-icon\"><svg stroke=\"currentColor\" fill=\"currentColor\" stroke-width=\"0\" viewbox=\"0 0 512 512\" height=\"1em\" width=\"1em\" xmlns=\"http:\/\/www.w3.org\/2000\/svg\"><path d=\"M256 8C119 8 8 119 8 256s111 248 248 248 248-111 248-248S393 8 256 8z\"><\/path><\/svg><\/div><div class=\"ctl-6 timeline-block-detail\"><div class=\"story-details\"><div class=\"story-content\">\n<h3 class=\"wp-block-heading ctlb-block-title has-green-color has-text-color has-link-color wp-elements-46432ede92991c1b472e0ce54eca1fc0\" style=\"padding-top:0px;padding-right:0px;padding-bottom:0px;padding-left:0px\"><strong><mark style=\"background-color:rgba(0, 0, 0, 0)\" class=\"has-inline-color has-green-color\">Ann\u00e9es 2000<\/mark><\/strong><\/h3>\n\n\n\n<h3 class=\"wp-block-heading ctlb-block-title\" style=\"padding-top:0px;padding-right:0px;padding-bottom:0px;padding-left:0px\"><strong><strong>Expansion Internationale<\/strong><\/strong><\/h3>\n\n\n\n<p class=\"ctlb-block-desc\" style=\"padding-top:0px;padding-right:0px;padding-bottom:0px;padding-left:0px\">Solutions utilis\u00e9es dans plus de 70 pays. LightX et FD3 s'imposent comme des syst\u00e8mes de toiture plate lest\u00e9e leaders.<\/p>\n<\/div><\/div><\/div><\/div><\/div><\/div>\n\n\n\n<div class=\"wp-block-cp-timeline-content-timeline-block-child swiper-slide\"><div class=\"timeline-content icon-false\"><div class=\"timeline-block-timeline ctl-row  position-right\"><div class=\"ctl-6 timeline-block-time\"><\/div><div class=\"timeline-block-icon\"><svg stroke=\"currentColor\" fill=\"currentColor\" stroke-width=\"0\" viewbox=\"0 0 512 512\" height=\"1em\" width=\"1em\" xmlns=\"http:\/\/www.w3.org\/2000\/svg\"><path d=\"M256 8C119 8 8 119 8 256s111 248 248 248 248-111 248-248S393 8 256 8z\"><\/path><\/svg><\/div><div class=\"ctl-6 timeline-block-detail\"><div class=\"story-details\"><div class=\"story-content\">\n<h3 class=\"wp-block-heading ctlb-block-title has-green-color has-text-color has-link-color wp-elements-c27f32d5132c14175912c9f7befb670b\" style=\"padding-top:0px;padding-right:0px;padding-bottom:0px;padding-left:0px\"><strong><mark style=\"background-color:rgba(0, 0, 0, 0)\" class=\"has-inline-color has-green-color\">2008<\/mark><\/strong><\/h3>\n\n\n\n<h3 class=\"wp-block-heading ctlb-block-title\" style=\"padding-top:0px;padding-right:0px;padding-bottom:0px;padding-left:0px\"><strong><strong><strong>Dome Solar fond\u00e9e \u00e0 Nantes, France<\/strong><\/strong><\/strong><\/h3>\n\n\n\n<p class=\"ctlb-block-desc\" style=\"padding-top:0px;padding-right:0px;padding-bottom:0px;padding-left:0px\">Co-fond\u00e9e par Jean-Philippe Leray. Dome Solar devient rapidement le leader du march\u00e9 fran\u00e7ais des solutions photovolta\u00efques sur les grands toits commerciaux et industriels.<\/p>\n<\/div><\/div><\/div><\/div><\/div><\/div>\n\n\n\n<div class=\"wp-block-cp-timeline-content-timeline-block-child swiper-slide\"><div class=\"timeline-content icon-false\"><div class=\"timeline-block-timeline ctl-row  position-right\"><div class=\"ctl-6 timeline-block-time\"><\/div><div class=\"timeline-block-icon\"><svg stroke=\"currentColor\" fill=\"currentColor\" stroke-width=\"0\" viewbox=\"0 0 512 512\" height=\"1em\" width=\"1em\" xmlns=\"http:\/\/www.w3.org\/2000\/svg\"><path d=\"M256 8C119 8 8 119 8 256s111 248 248 248 248-111 248-248S393 8 256 8z\"><\/path><\/svg><\/div><div class=\"ctl-6 timeline-block-detail\"><div class=\"story-details\"><div class=\"story-content\">\n<h3 class=\"wp-block-heading ctlb-block-title has-green-color has-text-color has-link-color wp-elements-ccae8faa5df44c2a6573e8844082acf3\" style=\"padding-top:0px;padding-right:0px;padding-bottom:0px;padding-left:0px\"><strong><mark style=\"background-color:rgba(0, 0, 0, 0)\" class=\"has-inline-color has-green-color\">2020<\/mark><\/strong><\/h3>\n\n\n\n<h3 class=\"wp-block-heading ctlb-block-title\" style=\"padding-top:0px;padding-right:0px;padding-bottom:0px;padding-left:0px\"><strong><strong><strong><strong>Dome Solar rejoint le groupe Kingspan<\/strong><\/strong><\/strong><\/strong><\/h3>\n\n\n\n<p class=\"ctlb-block-desc\" style=\"padding-top:0px;padding-right:0px;padding-bottom:0px;padding-left:0px\">La croissance internationale s'acc\u00e9l\u00e8re. La capacit\u00e9 industrielle est d\u00e9velopp\u00e9e pour soutenir les march\u00e9s europ\u00e9ens et mondiaux.<\/p>\n<\/div><\/div><\/div><\/div><\/div><\/div>\n\n\n\n<div class=\"wp-block-cp-timeline-content-timeline-block-child swiper-slide\"><div class=\"timeline-content icon-false\"><div class=\"timeline-block-timeline ctl-row  position-right\"><div class=\"ctl-6 timeline-block-time\"><\/div><div class=\"timeline-block-icon\"><svg stroke=\"currentColor\" fill=\"currentColor\" stroke-width=\"0\" viewbox=\"0 0 512 512\" height=\"1em\" width=\"1em\" xmlns=\"http:\/\/www.w3.org\/2000\/svg\"><path d=\"M256 8C119 8 8 119 8 256s111 248 248 248 248-111 248-248S393 8 256 8z\"><\/path><\/svg><\/div><div class=\"ctl-6 timeline-block-detail\"><div class=\"story-details\"><div class=\"story-content\">\n<h3 class=\"wp-block-heading ctlb-block-title has-text-color has-link-color wp-elements-6408e6ceb56266e8bfe0968d9a31c6e4\" style=\"color:#f9c301;padding-top:0px;padding-right:0px;padding-bottom:0px;padding-left:0px\"><strong>Mars 2026<\/strong><\/h3>\n\n\n\n<h3 class=\"wp-block-heading ctlb-block-title\" style=\"padding-top:0px;padding-right:0px;padding-bottom:0px;padding-left:0px\"><strong>Dome Solar rach\u00e8te Mounting Systems<\/strong><\/h3>\n\n\n\n<p class=\"ctlb-block-desc\" style=\"padding-top:0px;padding-right:0px;padding-bottom:0px;padding-left:0px\">La tradition d'ing\u00e9nierie allemande rencontre la comp\u00e9tence industrielle fran\u00e7aise. Un nouveau chapitre s'ouvre \u2014 pour les deux entreprises et pour les professionnels qui les accompagnent.<\/p>\n<\/div><\/div><\/div><\/div><\/div><\/div>\n<\/div><\/div><\/div><\/div>\n<\/div>\n<\/div>\n<\/div><\/div>\n<\/div><\/div>\n\n\n\n<div class=\"wp-block-group\"><div class=\"wp-block-group__inner-container is-layout-constrained wp-block-group-is-layout-constrained\">\n<div class=\"wp-block-columns is-style-col-3-9 is-layout-flex wp-container-core-columns-is-layout-9d6595d7 wp-block-columns-is-layout-flex\">\n<div class=\"wp-block-column is-layout-flow wp-block-column-is-layout-flow\" style=\"flex-basis:40%\">\n\n<div class=\"a-innerblock block-newsheader-wrapper green\">\n    <div class=\"block-newsheader-inner\">\n        <div class=\"text-wrapper\">\n                                <div class=\"section-title\">\n                        <span>FAQ<\/span>\n                    <\/div>\n                                                <h2>Vos questions sur le rachat<br \/>\r\n<\/h2>\n                                    <\/div>\n    <\/div>\n<\/div><\/div>\n\n\n\n<div class=\"wp-block-column is-layout-flow wp-block-column-is-layout-flow\" style=\"flex-basis:66.66%\">\n\n<div class=\"a-innerblock accordion-list accordion-reg-list block-accordion-wrapper\">\n    <div class=\"a-innerblock block-newsheader-wrapper\">\n        <div class=\"block-newsheader-inner\">\n            <div class=\"text-wrapper\">\n                                                                            <\/div>\n        <\/div>\n    <\/div>\n        <div class=\"block-accordion-wrapper-inner\">\n                    <ul class=\"level-1\">\n                                    <li class=\"accordion-wrapper border-b\">\n                                                    <h4 class=\"c-title accordion-btn font-l\">LightX et FD3 seront-ils toujours disponibles ?<\/h4>\n                                                <div class=\"accordion-txt\">\n                            <p>La continuit\u00e9 des produits est notre priorit\u00e9 absolue. LightX et FD3 resteront enti\u00e8rement disponibles, d\u00e9sormais soutenus par la capacit\u00e9 industrielle et la cha\u00eene d'approvisionnement de Dome Solar, afin de garantir une disponibilit\u00e9 fiable des produits \u00e0 toutes les \u00e9chelles.<\/p>\n                        <\/div>\n                    <\/li>\n                                    <li class=\"accordion-wrapper border-b\">\n                                                    <h4 class=\"c-title accordion-btn font-l\">\u201eMade in Germany\u201c est-il toujours une r\u00e9f\u00e9rence ?<\/h4>\n                                                <div class=\"accordion-txt\">\n                            <p>Oui. Les fournisseurs allemands d'origine restent en place. Les normes d'ing\u00e9nierie, les exigences en mati\u00e8re de calculs statiques et les contr\u00f4les de qualit\u00e9 restent inchang\u00e9s. La tradition de fabrication allemande est un \u00e9l\u00e9ment central de l'identit\u00e9 de marque de Mounting Systems.<\/p>\n                        <\/div>\n                    <\/li>\n                                    <li class=\"accordion-wrapper border-b\">\n                                                    <h4 class=\"c-title accordion-btn font-l\">\u00c0 qui puis-je m'adresser pour obtenir une assistance technique ?<\/h4>\n                                                <div class=\"accordion-txt\">\n                            <p>Vos interlocuteurs actuels restent inchang\u00e9s. Dome Solar renforce ses \u00e9quipes techniques locales sur les march\u00e9s cl\u00e9s - Espagne, Pologne, Allemagne, Maroc et au-del\u00e0 - afin d'assurer un soutien solide aux CPE et aux installateurs pendant la phase de transition et au-del\u00e0.<\/p>\n                        <\/div>\n                    <\/li>\n                                    <li class=\"accordion-wrapper border-b\">\n                                                    <h4 class=\"c-title accordion-btn font-l\">Quels nouveaux produits sont maintenant disponibles ?<\/h4>\n                                                <div class=\"accordion-txt\">\n                            <p>Gr\u00e2ce \u00e0 Dome Solar, vous avez d\u00e9sormais acc\u00e8s \u00e0 un portefeuille \u00e9largi, comprenant des syst\u00e8mes pour toits en pente (NPA, TOP, SIDE, Helios B2, Ital Solar, Fibro), des solutions de carport RC3 et des syst\u00e8mes pour terrains d\u00e9couverts.<\/p>\n                        <\/div>\n                    <\/li>\n                            <\/ul>\n            <\/div>\n<\/div><\/div>\n<\/div>\n<\/div><\/div>\n\n\n\n<div class=\"wp-block-cover\" style=\"min-height:400px;aspect-ratio:unset;\"><span aria-hidden=\"true\" class=\"wp-block-cover__background has-green-background-color has-background-dim-100 has-background-dim\"><\/span><div class=\"wp-block-cover__inner-container is-layout-constrained wp-block-cover-is-layout-constrained\">\n<div class=\"wp-block-group is-horizontal is-content-justification-space-between is-nowrap is-layout-flex wp-container-core-group-is-layout-34e62f51 wp-block-group-is-layout-flex\">\n<p class=\"has-text-align-left has-large-font-size\">Pr\u00eat \u00e0 commencer votre prochaine<br><mark style=\"background-color:rgba(0, 0, 0, 0)\" class=\"has-inline-color has-white-color\"><strong>Projet de toiture plate ?<\/strong><\/mark><\/p>\n\n\n\n<div class=\"wp-block-group\"><div class=\"wp-block-group__inner-container is-layout-constrained wp-block-group-is-layout-constrained\">\n<p class=\"has-text-align-right\"><a href=\"https:\/\/dome-solar.com\/fr\/contact\/\">Demande de devis<\/a><\/p>\n\n\n\n<p class=\"has-text-align-right\"><a href=\"https:\/\/dome-solar.com\/wp-content\/uploads\/dome-solar-catalogue-fr.pdf\" target=\"_blank\" rel=\"noreferrer noopener\">T\u00e9l\u00e9charger le Catalogue Dome Solar<\/a><\/p>\n<\/div><\/div>\n<\/div>\n<\/div><\/div>\n\n\n\n<p><\/p>","protected":false},"excerpt":{"rendered":"<p>1993 Gegr\u00fcndet in Deutschland 8000+ Abgeschlossene Projekte 13 GW Installierte Leistung 70+ L\u00e4nder Mounting Systems ist ein deutsches Unternehmen, das auf die Entwicklung und Herstellung von Montagesystemen f\u00fcr Photovoltaikanlagen spezialisiert ist. Als anerkannter Akteur der Branche entwickelt das Unternehmen seit fast 30 Jahren L\u00f6sungen f\u00fcr verschiedene Arten von Solarprojekten, insbesondere f\u00fcr Schr\u00e4g- und Flachd\u00e4cher, Freifl\u00e4chenanlagen, [&hellip;]<\/p>\n","protected":false},"author":20,"featured_media":0,"parent":0,"menu_order":10,"comment_status":"closed","ping_status":"closed","template":"","meta":{"_acf_changed":false,"footnotes":""},"categories":[18],"tags":[],"class_list":["post-25750","page","type-page","status-publish","hentry","category-dach-gewerbe"],"acf":[],"yoast_head":"<!-- This site is optimized with the Yoast SEO plugin v27.5 - https:\/\/yoast.com\/product\/yoast-seo-wordpress\/ -->\n<title>\u00dcber uns - Mounting Systems<\/title>\n<meta name=\"description\" content=\"Profitieren Sie von unserer hauseigenen Entwicklungsabteilung, die \u00fcber langj\u00e4hrige Engineering-Erfahrung verf\u00fcgt.\" \/>\n<meta name=\"robots\" content=\"index, follow, max-snippet:-1, max-image-preview:large, max-video-preview:-1\" \/>\n<link rel=\"canonical\" href=\"https:\/\/www.mounting-systems.com\/fr\/sur-nous\/\" \/>\n<meta property=\"og:locale\" content=\"fr_FR\" \/>\n<meta property=\"og:type\" content=\"article\" \/>\n<meta property=\"og:title\" content=\"\u00dcber uns - Mounting Systems\" \/>\n<meta property=\"og:description\" content=\"Profitieren Sie von unserer hauseigenen Entwicklungsabteilung, die \u00fcber langj\u00e4hrige Engineering-Erfahrung verf\u00fcgt.\" \/>\n<meta property=\"og:url\" content=\"https:\/\/www.mounting-systems.com\/fr\/sur-nous\/\" \/>\n<meta property=\"og:site_name\" content=\"Mounting Systems\" \/>\n<meta property=\"article:modified_time\" content=\"2026-04-24T08:29:16+00:00\" \/>\n<meta property=\"og:image\" content=\"https:\/\/www.mounting-systems.com\/wp-content\/uploads\/2021\/04\/Rangsdorf-Kontakt-2.jpg\" \/>\n<meta name=\"twitter:card\" content=\"summary_large_image\" \/>\n<meta name=\"twitter:label1\" content=\"Dur\u00e9e de lecture estim\u00e9e\" \/>\n\t<meta name=\"twitter:data1\" content=\"4 minutes\" \/>\n<script type=\"application\/ld+json\" class=\"yoast-schema-graph\">{\"@context\":\"https:\\\/\\\/schema.org\",\"@graph\":[{\"@type\":\"WebPage\",\"@id\":\"https:\\\/\\\/www.mounting-systems.com\\\/ueber-uns\\\/\",\"url\":\"https:\\\/\\\/www.mounting-systems.com\\\/ueber-uns\\\/\",\"name\":\"\u00dcber uns - Mounting Systems\",\"isPartOf\":{\"@id\":\"https:\\\/\\\/www.mounting-systems.com\\\/de\\\/#website\"},\"primaryImageOfPage\":{\"@id\":\"https:\\\/\\\/www.mounting-systems.com\\\/ueber-uns\\\/#primaryimage\"},\"image\":{\"@id\":\"https:\\\/\\\/www.mounting-systems.com\\\/ueber-uns\\\/#primaryimage\"},\"thumbnailUrl\":\"https:\\\/\\\/www.mounting-systems.com\\\/wp-content\\\/uploads\\\/2021\\\/04\\\/Rangsdorf-Kontakt-2.jpg\",\"datePublished\":\"2026-04-23T12:26:26+00:00\",\"dateModified\":\"2026-04-24T08:29:16+00:00\",\"description\":\"Profitieren Sie von unserer hauseigenen Entwicklungsabteilung, die \u00fcber langj\u00e4hrige Engineering-Erfahrung verf\u00fcgt.\",\"breadcrumb\":{\"@id\":\"https:\\\/\\\/www.mounting-systems.com\\\/ueber-uns\\\/#breadcrumb\"},\"inLanguage\":\"fr-FR\",\"potentialAction\":[{\"@type\":\"ReadAction\",\"target\":[\"https:\\\/\\\/www.mounting-systems.com\\\/ueber-uns\\\/\"]}]},{\"@type\":\"ImageObject\",\"inLanguage\":\"fr-FR\",\"@id\":\"https:\\\/\\\/www.mounting-systems.com\\\/ueber-uns\\\/#primaryimage\",\"url\":\"https:\\\/\\\/www.mounting-systems.com\\\/wp-content\\\/uploads\\\/2021\\\/04\\\/Rangsdorf-Kontakt-2.jpg\",\"contentUrl\":\"https:\\\/\\\/www.mounting-systems.com\\\/wp-content\\\/uploads\\\/2021\\\/04\\\/Rangsdorf-Kontakt-2.jpg\"},{\"@type\":\"BreadcrumbList\",\"@id\":\"https:\\\/\\\/www.mounting-systems.com\\\/ueber-uns\\\/#breadcrumb\",\"itemListElement\":[{\"@type\":\"ListItem\",\"position\":1,\"name\":\"Startseite\",\"item\":\"https:\\\/\\\/www.mounting-systems.com\\\/\"},{\"@type\":\"ListItem\",\"position\":2,\"name\":\"\u00dcber uns\"}]},{\"@type\":\"WebSite\",\"@id\":\"https:\\\/\\\/www.mounting-systems.com\\\/de\\\/#website\",\"url\":\"https:\\\/\\\/www.mounting-systems.com\\\/de\\\/\",\"name\":\"Mounting Systems\",\"description\":\"\",\"publisher\":{\"@id\":\"https:\\\/\\\/www.mounting-systems.com\\\/de\\\/#organization\"},\"potentialAction\":[{\"@type\":\"SearchAction\",\"target\":{\"@type\":\"EntryPoint\",\"urlTemplate\":\"https:\\\/\\\/www.mounting-systems.com\\\/de\\\/?s={search_term_string}\"},\"query-input\":{\"@type\":\"PropertyValueSpecification\",\"valueRequired\":true,\"valueName\":\"search_term_string\"}}],\"inLanguage\":\"fr-FR\"},{\"@type\":\"Organization\",\"@id\":\"https:\\\/\\\/www.mounting-systems.com\\\/de\\\/#organization\",\"name\":\"Mounting Systems\",\"url\":\"https:\\\/\\\/www.mounting-systems.com\\\/de\\\/\",\"logo\":{\"@type\":\"ImageObject\",\"inLanguage\":\"fr-FR\",\"@id\":\"https:\\\/\\\/www.mounting-systems.com\\\/de\\\/#\\\/schema\\\/logo\\\/image\\\/\",\"url\":\"https:\\\/\\\/www.mounting-systems.com\\\/wp-content\\\/uploads\\\/2021\\\/01\\\/MSG-Signet-white.png\",\"contentUrl\":\"https:\\\/\\\/www.mounting-systems.com\\\/wp-content\\\/uploads\\\/2021\\\/01\\\/MSG-Signet-white.png\",\"width\":432,\"height\":552,\"caption\":\"Mounting Systems\"},\"image\":{\"@id\":\"https:\\\/\\\/www.mounting-systems.com\\\/de\\\/#\\\/schema\\\/logo\\\/image\\\/\"}}]}<\/script>\n<!-- \/ Yoast SEO plugin. -->","yoast_head_json":{"title":"\u00c0 propos de nous - Mounting Systems","description":"Profitez de notre service de d\u00e9veloppement interne, qui dispose d'une longue exp\u00e9rience en ing\u00e9nierie.","robots":{"index":"index","follow":"follow","max-snippet":"max-snippet:-1","max-image-preview":"max-image-preview:large","max-video-preview":"max-video-preview:-1"},"canonical":"https:\/\/www.mounting-systems.com\/fr\/sur-nous\/","og_locale":"fr_FR","og_type":"article","og_title":"\u00dcber uns - Mounting Systems","og_description":"Profitieren Sie von unserer hauseigenen Entwicklungsabteilung, die \u00fcber langj\u00e4hrige Engineering-Erfahrung verf\u00fcgt.","og_url":"https:\/\/www.mounting-systems.com\/fr\/sur-nous\/","og_site_name":"Mounting Systems","article_modified_time":"2026-04-24T08:29:16+00:00","og_image":[{"url":"https:\/\/www.mounting-systems.com\/wp-content\/uploads\/2021\/04\/Rangsdorf-Kontakt-2.jpg","type":"","width":"","height":""}],"twitter_card":"summary_large_image","twitter_misc":{"Dur\u00e9e de lecture estim\u00e9e":"4 minutes"},"schema":{"@context":"https:\/\/schema.org","@graph":[{"@type":"WebPage","@id":"https:\/\/www.mounting-systems.com\/ueber-uns\/","url":"https:\/\/www.mounting-systems.com\/ueber-uns\/","name":"\u00c0 propos de nous - Mounting Systems","isPartOf":{"@id":"https:\/\/www.mounting-systems.com\/de\/#website"},"primaryImageOfPage":{"@id":"https:\/\/www.mounting-systems.com\/ueber-uns\/#primaryimage"},"image":{"@id":"https:\/\/www.mounting-systems.com\/ueber-uns\/#primaryimage"},"thumbnailUrl":"https:\/\/www.mounting-systems.com\/wp-content\/uploads\/2021\/04\/Rangsdorf-Kontakt-2.jpg","datePublished":"2026-04-23T12:26:26+00:00","dateModified":"2026-04-24T08:29:16+00:00","description":"Profitez de notre service de d\u00e9veloppement interne, qui dispose d'une longue exp\u00e9rience en ing\u00e9nierie.","breadcrumb":{"@id":"https:\/\/www.mounting-systems.com\/ueber-uns\/#breadcrumb"},"inLanguage":"fr-FR","potentialAction":[{"@type":"ReadAction","target":["https:\/\/www.mounting-systems.com\/ueber-uns\/"]}]},{"@type":"ImageObject","inLanguage":"fr-FR","@id":"https:\/\/www.mounting-systems.com\/ueber-uns\/#primaryimage","url":"https:\/\/www.mounting-systems.com\/wp-content\/uploads\/2021\/04\/Rangsdorf-Kontakt-2.jpg","contentUrl":"https:\/\/www.mounting-systems.com\/wp-content\/uploads\/2021\/04\/Rangsdorf-Kontakt-2.jpg"},{"@type":"BreadcrumbList","@id":"https:\/\/www.mounting-systems.com\/ueber-uns\/#breadcrumb","itemListElement":[{"@type":"ListItem","position":1,"name":"Startseite","item":"https:\/\/www.mounting-systems.com\/"},{"@type":"ListItem","position":2,"name":"\u00dcber uns"}]},{"@type":"WebSite","@id":"https:\/\/www.mounting-systems.com\/de\/#website","url":"https:\/\/www.mounting-systems.com\/de\/","name":"Syst\u00e8mes de montage","description":"","publisher":{"@id":"https:\/\/www.mounting-systems.com\/de\/#organization"},"potentialAction":[{"@type":"SearchAction","target":{"@type":"EntryPoint","urlTemplate":"https:\/\/www.mounting-systems.com\/de\/?s={search_term_string}"},"query-input":{"@type":"PropertyValueSpecification","valueRequired":true,"valueName":"search_term_string"}}],"inLanguage":"fr-FR"},{"@type":"Organization","@id":"https:\/\/www.mounting-systems.com\/de\/#organization","name":"Syst\u00e8mes de montage","url":"https:\/\/www.mounting-systems.com\/de\/","logo":{"@type":"ImageObject","inLanguage":"fr-FR","@id":"https:\/\/www.mounting-systems.com\/de\/#\/schema\/logo\/image\/","url":"https:\/\/www.mounting-systems.com\/wp-content\/uploads\/2021\/01\/MSG-Signet-white.png","contentUrl":"https:\/\/www.mounting-systems.com\/wp-content\/uploads\/2021\/01\/MSG-Signet-white.png","width":432,"height":552,"caption":"Mounting Systems"},"image":{"@id":"https:\/\/www.mounting-systems.com\/de\/#\/schema\/logo\/image\/"}}]}},"_links":{"self":[{"href":"https:\/\/www.mounting-systems.com\/fr\/wp-json\/wp\/v2\/pages\/25750","targetHints":{"allow":["GET"]}}],"collection":[{"href":"https:\/\/www.mounting-systems.com\/fr\/wp-json\/wp\/v2\/pages"}],"about":[{"href":"https:\/\/www.mounting-systems.com\/fr\/wp-json\/wp\/v2\/types\/page"}],"author":[{"embeddable":true,"href":"https:\/\/www.mounting-systems.com\/fr\/wp-json\/wp\/v2\/users\/20"}],"replies":[{"embeddable":true,"href":"https:\/\/www.mounting-systems.com\/fr\/wp-json\/wp\/v2\/comments?post=25750"}],"version-history":[{"count":106,"href":"https:\/\/www.mounting-systems.com\/fr\/wp-json\/wp\/v2\/pages\/25750\/revisions"}],"predecessor-version":[{"id":26059,"href":"https:\/\/www.mounting-systems.com\/fr\/wp-json\/wp\/v2\/pages\/25750\/revisions\/26059"}],"wp:attachment":[{"href":"https:\/\/www.mounting-systems.com\/fr\/wp-json\/wp\/v2\/media?parent=25750"}],"wp:term":[{"taxonomy":"category","embeddable":true,"href":"https:\/\/www.mounting-systems.com\/fr\/wp-json\/wp\/v2\/categories?post=25750"},{"taxonomy":"post_tag","embeddable":true,"href":"https:\/\/www.mounting-systems.com\/fr\/wp-json\/wp\/v2\/tags?post=25750"}],"curies":[{"name":"wp","href":"https:\/\/api.w.org\/{rel}","templated":true}]}}